{"id":1097,"date":"2024-04-12T17:14:08","date_gmt":"2024-04-12T17:14:08","guid":{"rendered":"https:\/\/wdc2024.org\/es\/?page_id=1097"},"modified":"2024-06-13T18:55:17","modified_gmt":"2024-06-13T18:55:17","slug":"world-design-festival","status":"publish","type":"page","link":"https:\/\/wdc2024.org\/es\/world-design-festival\/","title":{"rendered":"World Design Festival Por TJDW"},"content":{"rendered":"\t\t<div data-elementor-type=\"wp-page\" data-elementor-id=\"1097\" class=\"elementor elementor-1097\" data-elementor-post-type=\"page\">\n\t\t\t\t<div class=\"elementor-element elementor-element-de3b7f7 e-con-full e-flex e-con e-parent\" data-id=\"de3b7f7\" data-element_type=\"container\">\n\t\t\t\t<div class=\"elementor-element elementor-element-adfb888 elementor-widget elementor-widget-image\" data-id=\"adfb888\" data-element_type=\"widget\" data-widget_type=\"image.default\">\n\t\t\t\t<div class=\"elementor-widget-container\">\n\t\t\t<style>\/*! elementor - v3.21.0 - 18-04-2024 *\/\n.elementor-widget-image{text-align:center}.elementor-widget-image a{display:inline-block}.elementor-widget-image a img[src$=\".svg\"]{width:48px}.elementor-widget-image img{vertical-align:middle;display:inline-block}<\/style>\t\t\t\t\t\t\t\t\t\t<img fetchpriority=\"high\" decoding=\"async\" width=\"2560\" height=\"1440\" src=\"https:\/\/wdc2024.org\/es\/wp-content\/uploads\/sites\/2\/2024\/04\/WDC24-WDF-Hero-Image-Horizontal-scaled-1.jpg\" class=\"attachment-full size-full wp-image-1013\" alt=\"\" srcset=\"https:\/\/wdc2024.org\/es\/wp-content\/uploads\/sites\/2\/2024\/04\/WDC24-WDF-Hero-Image-Horizontal-scaled-1.jpg 2560w, https:\/\/wdc2024.org\/es\/wp-content\/uploads\/sites\/2\/2024\/04\/WDC24-WDF-Hero-Image-Horizontal-scaled-1-250x141.jpg 250w, https:\/\/wdc2024.org\/es\/wp-content\/uploads\/sites\/2\/2024\/04\/WDC24-WDF-Hero-Image-Horizontal-scaled-1-700x394.jpg 700w, https:\/\/wdc2024.org\/es\/wp-content\/uploads\/sites\/2\/2024\/04\/WDC24-WDF-Hero-Image-Horizontal-scaled-1-768x432.jpg 768w, https:\/\/wdc2024.org\/es\/wp-content\/uploads\/sites\/2\/2024\/04\/WDC24-WDF-Hero-Image-Horizontal-scaled-1-1536x864.jpg 1536w, https:\/\/wdc2024.org\/es\/wp-content\/uploads\/sites\/2\/2024\/04\/WDC24-WDF-Hero-Image-Horizontal-scaled-1-2048x1152.jpg 2048w, https:\/\/wdc2024.org\/es\/wp-content\/uploads\/sites\/2\/2024\/04\/WDC24-WDF-Hero-Image-Horizontal-scaled-1-120x68.jpg 120w\" sizes=\"(max-width: 2560px) 100vw, 2560px\" \/>\t\t\t\t\t\t\t\t\t\t\t\t\t<\/div>\n\t\t\t\t<\/div>\n\t\t\t\t<\/div>\n\t\t<div class=\"elementor-element elementor-element-301aefa e-flex e-con-boxed e-con e-parent\" data-id=\"301aefa\" data-element_type=\"container\" data-settings=\"{&quot;sticky&quot;:&quot;top&quot;,&quot;sticky_on&quot;:[&quot;desktop&quot;,&quot;tablet&quot;,&quot;mobile&quot;],&quot;sticky_offset&quot;:0,&quot;sticky_effects_offset&quot;:0}\">\n\t\t\t\t\t<div class=\"e-con-inner\">\n\t\t\t\t<div class=\"elementor-element elementor-element-38ea705 elementor-hidden-desktop elementor-widget elementor-widget-html\" data-id=\"38ea705\" data-element_type=\"widget\" data-widget_type=\"html.default\">\n\t\t\t\t<div class=\"elementor-widget-container\">\n\t\t\t<div class=\"items\">    \r\n    <div class=\"custom-tabs\">\r\n        <a class=\"tab item1\" href=\"#get-started\">World Design Festival<\/a>\r\n        <a class=\"tab item2\" href=\"#program\">Programa<\/a>\r\n        <a class=\"tab item3\" href=\"#speakers\">Ponentes<\/a>\r\n        <a class=\"tab item4\" href=\"#agenda\">Agenda<\/a>\r\n        <a class=\"tab item5\" href=\"#eventapp\">App<\/a>\r\n        <a class=\"tab item6\" href=\"#tjdw\">TJDW<\/a>\r\n        <a class=\"tab item7\" href=\"#travel\">Viajes<\/a>\r\n        <a class=\"tab item8\" href=\"#faq\">FAQ<\/a>\r\n    <a class=\"tab item9\" href=\"#sponsors\">Patrocinadores<\/a>\r\n        <a class=\"tab item10\" href=\"https:\/\/whova.com\/portal\/registration\/world1_202407\/\" target=\"_blank\" style=\"background-color: #ff914d;color: #fff;padding: 4px 8px;border-radius: 8px\">Registro<\/a>\r\n    <\/div>\r\n<\/div>\t\t<\/div>\n\t\t\t\t<\/div>\n\t\t\t\t<div class=\"elementor-element elementor-element-637c197 elementor-hidden-tablet elementor-hidden-mobile elementor-widget elementor-widget-html\" data-id=\"637c197\" data-element_type=\"widget\" data-widget_type=\"html.default\">\n\t\t\t\t<div class=\"elementor-widget-container\">\n\t\t\t<div class=\"custom-tabs desktop\">\r\n    <a class=\"tab\" href=\"#get-started\">World Design Festival<\/a>\r\n    <a class=\"tab\" href=\"#program\">Programa<\/a>\r\n    <a class=\"tab\" href=\"#speakers\">Ponentes<\/a>\r\n    <a class=\"tab\" href=\"#agenda\">Agenda<\/a>\r\n    <a class=\"tab\" href=\"#eventapp\">App<\/a>\r\n    <a class=\"tab\" href=\"#tjdw\">TJDW<\/a>\r\n    <a class=\"tab\" href=\"#travel\">Viajes<\/a>\r\n    <a class=\"tab\" href=\"#faq\">FAQ<\/a>\r\n    <a class=\"tab\" href=\"#sponsors\">Patrocinadores<\/a>\r\n    <a class=\"tab\" href=\"https:\/\/whova.com\/portal\/registration\/world1_202407\/\" target=\"_blank\" style=\"background-color: #ff914d;color: #fff;padding: 4px 8px;border-radius: 8px\">Registro<\/a>\r\n  <\/div>\t\t<\/div>\n\t\t\t\t<\/div>\n\t\t\t\t\t<\/div>\n\t\t\t\t<\/div>\n\t\t<div class=\"elementor-element elementor-element-ba12ac0 e-flex e-con-boxed e-con e-parent\" data-id=\"ba12ac0\" data-element_type=\"container\" id=\"get-started\">\n\t\t\t\t\t<div class=\"e-con-inner\">\n\t\t<div class=\"elementor-element elementor-element-9856540 e-con-full e-flex e-con e-child\" data-id=\"9856540\" data-element_type=\"container\">\n\t\t\t\t<div class=\"elementor-element elementor-element-dad7c5e theme-heading elementor-widget elementor-widget-heading\" data-id=\"dad7c5e\" data-element_type=\"widget\" data-widget_type=\"heading.default\">\n\t\t\t\t<div class=\"elementor-widget-container\">\n\t\t\t<style>\/*! elementor - v3.21.0 - 18-04-2024 *\/\n.elementor-heading-title{padding:0;margin:0;line-height:1}.elementor-widget-heading .elementor-heading-title[class*=elementor-size-]>a{color:inherit;font-size:inherit;line-height:inherit}.elementor-widget-heading .elementor-heading-title.elementor-size-small{font-size:15px}.elementor-widget-heading .elementor-heading-title.elementor-size-medium{font-size:19px}.elementor-widget-heading .elementor-heading-title.elementor-size-large{font-size:29px}.elementor-widget-heading .elementor-heading-title.elementor-size-xl{font-size:39px}.elementor-widget-heading .elementor-heading-title.elementor-size-xxl{font-size:59px}<\/style><h2 class=\"elementor-heading-title elementor-size-default\">300+ Dise\u00f1adores<br>\n100+ Eventos<br>\n40+ Ubicaciones<br>\n5 D\u00edas<\/h2>\t\t<\/div>\n\t\t\t\t<\/div>\n\t\t\t\t<\/div>\n\t\t<div class=\"elementor-element elementor-element-41e51c4 e-con-full e-flex e-con e-child\" data-id=\"41e51c4\" data-element_type=\"container\">\n\t\t\t\t<div class=\"elementor-element elementor-element-7cff258 elementor-widget elementor-widget-heading\" data-id=\"7cff258\" data-element_type=\"widget\" data-widget_type=\"heading.default\">\n\t\t\t\t<div class=\"elementor-widget-container\">\n\t\t\t<h4 class=\"elementor-heading-title elementor-size-default\">ENTRELAZANDO EL PASADO, PRESENTE Y FUTURO A TRAV\u00c9S DEL DISE\u00d1O<\/h4>\t\t<\/div>\n\t\t\t\t<\/div>\n\t\t\t\t<div class=\"elementor-element elementor-element-5a85410 elementor-widget elementor-widget-text-editor\" data-id=\"5a85410\" data-element_type=\"widget\" data-widget_type=\"text-editor.default\">\n\t\t\t\t<div class=\"elementor-widget-container\">\n\t\t\t<style>\/*! elementor - v3.21.0 - 18-04-2024 *\/\n.elementor-widget-text-editor.elementor-drop-cap-view-stacked .elementor-drop-cap{background-color:#69727d;color:#fff}.elementor-widget-text-editor.elementor-drop-cap-view-framed .elementor-drop-cap{color:#69727d;border:3px solid;background-color:transparent}.elementor-widget-text-editor:not(.elementor-drop-cap-view-default) .elementor-drop-cap{margin-top:8px}.elementor-widget-text-editor:not(.elementor-drop-cap-view-default) .elementor-drop-cap-letter{width:1em;height:1em}.elementor-widget-text-editor .elementor-drop-cap{float:left;text-align:center;line-height:1;font-size:50px}.elementor-widget-text-editor .elementor-drop-cap-letter{display:inline-block}<\/style>\t\t\t\t<p>El <strong>Festival Mundial de Dise\u00f1o<\/strong>, impulsado por la <strong>Tijuana Design Week 2024<\/strong>, te invita a sumarte a un programa din\u00e1mico que explora temas emergentes de manera creativa e innovadora.<br \/><br \/><\/p><p>Durante 5 d\u00edas, sum\u00e9rgete en el universo creativo de m\u00e1s de 300 dise\u00f1adores, participa en talleres e instalaciones interactivas y eventos que invitan a la reflexi\u00f3n. Es una oportunidad \u00fanica para reflexionar sobre el pasado, presente y futuro de nuestra ciudad y mega regi\u00f3n a trav\u00e9s del dise\u00f1o.<\/p>\t\t\t\t\t\t<\/div>\n\t\t\t\t<\/div>\n\t\t\t\t<div class=\"elementor-element elementor-element-a569248 elementor-align-left elementor-widget elementor-widget-button\" data-id=\"a569248\" data-element_type=\"widget\" data-widget_type=\"button.default\">\n\t\t\t\t<div class=\"elementor-widget-container\">\n\t\t\t\t\t<div class=\"elementor-button-wrapper\">\n\t\t\t<a class=\"elementor-button elementor-button-link elementor-size-sm\" href=\"#recap\" target=\"_blank\">\n\t\t\t\t\t\t<span class=\"elementor-button-content-wrapper\">\n\t\t\t\t\t\t\t\t\t<span class=\"elementor-button-text\">Ver el resumen<\/span>\n\t\t\t\t\t<\/span>\n\t\t\t\t\t<\/a>\n\t\t<\/div>\n\t\t\t\t<\/div>\n\t\t\t\t<\/div>\n\t\t\t\t<\/div>\n\t\t\t\t\t<\/div>\n\t\t\t\t<\/div>\n\t\t<div class=\"elementor-element elementor-element-401ccec e-flex e-con-boxed e-con e-parent\" data-id=\"401ccec\" data-element_type=\"container\">\n\t\t\t\t\t<div class=\"e-con-inner\">\n\t\t\t\t<div class=\"elementor-element elementor-element-245e4b3 elementor-widget elementor-widget-heading\" data-id=\"245e4b3\" data-element_type=\"widget\" data-widget_type=\"heading.default\">\n\t\t\t\t<div class=\"elementor-widget-container\">\n\t\t\t<h4 class=\"elementor-heading-title elementor-size-default\">Agradecemos a nuestros aliados<\/h4>\t\t<\/div>\n\t\t\t\t<\/div>\n\t\t\t\t<div class=\"elementor-element elementor-element-8704a12 elementor-arrows-position-outside elementor-hidden-desktop elementor-hidden-tablet elementor-hidden-mobile elementor-widget elementor-widget-image-carousel\" data-id=\"8704a12\" data-element_type=\"widget\" data-settings=\"{&quot;slides_to_show&quot;:&quot;5&quot;,&quot;slides_to_show_tablet&quot;:&quot;3&quot;,&quot;slides_to_show_mobile&quot;:&quot;2&quot;,&quot;slides_to_scroll&quot;:&quot;1&quot;,&quot;navigation&quot;:&quot;arrows&quot;,&quot;image_spacing_custom&quot;:{&quot;unit&quot;:&quot;px&quot;,&quot;size&quot;:&quot;50&quot;,&quot;sizes&quot;:[]},&quot;image_spacing_custom_tablet&quot;:{&quot;unit&quot;:&quot;px&quot;,&quot;size&quot;:&quot;40&quot;,&quot;sizes&quot;:[]},&quot;image_spacing_custom_mobile&quot;:{&quot;unit&quot;:&quot;px&quot;,&quot;size&quot;:&quot;20&quot;,&quot;sizes&quot;:[]},&quot;autoplay&quot;:&quot;yes&quot;,&quot;pause_on_hover&quot;:&quot;yes&quot;,&quot;pause_on_interaction&quot;:&quot;yes&quot;,&quot;autoplay_speed&quot;:5000,&quot;infinite&quot;:&quot;yes&quot;,&quot;speed&quot;:500}\" data-widget_type=\"image-carousel.default\">\n\t\t\t\t<div class=\"elementor-widget-container\">\n\t\t\t<style>\/*! elementor - v3.21.0 - 18-04-2024 *\/\n.elementor-widget-image-carousel .swiper,.elementor-widget-image-carousel .swiper-container{position:static}.elementor-widget-image-carousel .swiper-container .swiper-slide figure,.elementor-widget-image-carousel .swiper .swiper-slide figure{line-height:inherit}.elementor-widget-image-carousel .swiper-slide{text-align:center}.elementor-image-carousel-wrapper:not(.swiper-container-initialized):not(.swiper-initialized) .swiper-slide{max-width:calc(100% \/ var(--e-image-carousel-slides-to-show, 3))}<\/style>\t\t<div class=\"elementor-image-carousel-wrapper swiper\" dir=\"ltr\">\n\t\t\t<div class=\"elementor-image-carousel swiper-wrapper\" aria-live=\"off\">\n\t\t\t\t\t\t\t\t<div class=\"swiper-slide\" role=\"group\" aria-roledescription=\"slide\" aria-label=\"1 de 6\"><figure class=\"swiper-slide-inner\"><img decoding=\"async\" class=\"swiper-slide-image\" src=\"https:\/\/wdc2024.org\/es\/wp-content\/uploads\/sites\/2\/2024\/04\/SDCity-250x58.png\" alt=\"SDCity.png\" \/><\/figure><\/div><div class=\"swiper-slide\" role=\"group\" aria-roledescription=\"slide\" aria-label=\"2 de 6\"><figure class=\"swiper-slide-inner\"><img decoding=\"async\" class=\"swiper-slide-image\" src=\"https:\/\/wdc2024.org\/es\/wp-content\/uploads\/sites\/2\/2024\/04\/aytoColor-250x97.png\" alt=\"aytoColor\" \/><\/figure><\/div><div class=\"swiper-slide\" role=\"group\" aria-roledescription=\"slide\" aria-label=\"3 de 6\"><figure class=\"swiper-slide-inner\"><img decoding=\"async\" class=\"swiper-slide-image\" src=\"https:\/\/wdc2024.org\/es\/wp-content\/uploads\/sites\/2\/2024\/04\/design-lab-logo-new-250x73.png\" alt=\"design-lab-logo-new.png\" \/><\/figure><\/div><div class=\"swiper-slide\" role=\"group\" aria-roledescription=\"slide\" aria-label=\"4 de 6\"><figure class=\"swiper-slide-inner\"><img decoding=\"async\" class=\"swiper-slide-image\" src=\"https:\/\/wdc2024.org\/es\/wp-content\/uploads\/sites\/2\/2024\/04\/dfa_logo_black-250x50.png\" alt=\"dfa_logo_black.png\" \/><\/figure><\/div><div class=\"swiper-slide\" role=\"group\" aria-roledescription=\"slide\" aria-label=\"5 de 6\"><figure class=\"swiper-slide-inner\"><img decoding=\"async\" class=\"swiper-slide-image\" src=\"https:\/\/wdc2024.org\/es\/wp-content\/uploads\/sites\/2\/2024\/04\/Burnham--250x129.png\" alt=\"Burnham-.png\" \/><\/figure><\/div><div class=\"swiper-slide\" role=\"group\" aria-roledescription=\"slide\" aria-label=\"6 de 6\"><figure class=\"swiper-slide-inner\"><img decoding=\"async\" class=\"swiper-slide-image\" src=\"https:\/\/wdc2024.org\/es\/wp-content\/uploads\/sites\/2\/2024\/04\/World-Design-Organization-250x94.png\" alt=\"World Design Organization\" \/><\/figure><\/div>\t\t\t<\/div>\n\t\t\t\t\t\t\t\t\t\t\t\t<div class=\"elementor-swiper-button elementor-swiper-button-prev\" role=\"button\" tabindex=\"0\">\n\t\t\t\t\t\t<svg aria-hidden=\"true\" class=\"e-font-icon-svg e-eicon-chevron-left\" viewBox=\"0 0 1000 1000\" xmlns=\"http:\/\/www.w3.org\/2000\/svg\"><path d=\"M646 125C629 125 613 133 604 142L308 442C296 454 292 471 292 487 292 504 296 521 308 533L604 854C617 867 629 875 646 875 663 875 679 871 692 858 704 846 713 829 713 812 713 796 708 779 692 767L438 487 692 225C700 217 708 204 708 187 708 171 704 154 692 142 675 129 663 125 646 125Z\"><\/path><\/svg>\t\t\t\t\t<\/div>\n\t\t\t\t\t<div class=\"elementor-swiper-button elementor-swiper-button-next\" role=\"button\" tabindex=\"0\">\n\t\t\t\t\t\t<svg aria-hidden=\"true\" class=\"e-font-icon-svg e-eicon-chevron-right\" viewBox=\"0 0 1000 1000\" xmlns=\"http:\/\/www.w3.org\/2000\/svg\"><path d=\"M696 533C708 521 713 504 713 487 713 471 708 454 696 446L400 146C388 133 375 125 354 125 338 125 325 129 313 142 300 154 292 171 292 187 292 204 296 221 308 233L563 492 304 771C292 783 288 800 288 817 288 833 296 850 308 863 321 871 338 875 354 875 371 875 388 867 400 854L696 533Z\"><\/path><\/svg>\t\t\t\t\t<\/div>\n\t\t\t\t\n\t\t\t\t\t\t\t\t\t<\/div>\n\t\t\t\t<\/div>\n\t\t\t\t<\/div>\n\t\t<div class=\"elementor-element elementor-element-7c6a70c e-flex e-con-boxed e-con e-child\" data-id=\"7c6a70c\" data-element_type=\"container\">\n\t\t\t\t\t<div class=\"e-con-inner\">\n\t\t\t\t<div class=\"elementor-element elementor-element-48bf02e elementor-widget__width-initial elementor-widget elementor-widget-image\" data-id=\"48bf02e\" data-element_type=\"widget\" data-widget_type=\"image.default\">\n\t\t\t\t<div class=\"elementor-widget-container\">\n\t\t\t\t\t\t\t\t\t\t\t\t\t\t<a href=\"https:\/\/www.sandiego.gov\/\" target=\"_blank\">\n\t\t\t\t\t\t\t<img decoding=\"async\" src=\"https:\/\/wdc2024.org\/es\/wp-content\/uploads\/sites\/2\/elementor\/thumbs\/SDCity-r82a0yezyw5vnq9f6igwiu6rv7s6yqk5tjcxt275z4.png\" title=\"SDCity.png\" alt=\"SDCity.png\" loading=\"lazy\" \/>\t\t\t\t\t\t\t\t<\/a>\n\t\t\t\t\t\t\t\t\t\t\t\t\t<\/div>\n\t\t\t\t<\/div>\n\t\t\t\t<div class=\"elementor-element elementor-element-334f83c elementor-widget__width-initial elementor-widget elementor-widget-image\" data-id=\"334f83c\" data-element_type=\"widget\" data-widget_type=\"image.default\">\n\t\t\t\t<div class=\"elementor-widget-container\">\n\t\t\t\t\t\t\t\t\t\t\t\t\t\t<a href=\"https:\/\/www.tijuana.gob.mx\/ciudad\/\" target=\"_blank\">\n\t\t\t\t\t\t\t<img decoding=\"async\" src=\"https:\/\/wdc2024.org\/es\/wp-content\/uploads\/sites\/2\/2024\/04\/City-of-Tijuana.png\" title=\"City of Tijuana\" alt=\"City of Tijuana\" loading=\"lazy\" \/>\t\t\t\t\t\t\t\t<\/a>\n\t\t\t\t\t\t\t\t\t\t\t\t\t<\/div>\n\t\t\t\t<\/div>\n\t\t\t\t<div class=\"elementor-element elementor-element-6619c9a elementor-widget__width-initial elementor-widget elementor-widget-image\" data-id=\"6619c9a\" data-element_type=\"widget\" data-widget_type=\"image.default\">\n\t\t\t\t<div class=\"elementor-widget-container\">\n\t\t\t\t\t\t\t\t\t\t\t\t\t\t<a href=\"https:\/\/designlab.ucsd.edu\/\" target=\"_blank\">\n\t\t\t\t\t\t\t<img decoding=\"async\" src=\"https:\/\/wdc2024.org\/es\/wp-content\/uploads\/sites\/2\/elementor\/thumbs\/design-lab-logo-new-r82a126cq8b0y63ykk3est8m8r9ntiz361yvq61la8.png\" title=\"design-lab-logo-new.png\" alt=\"design-lab-logo-new.png\" loading=\"lazy\" \/>\t\t\t\t\t\t\t\t<\/a>\n\t\t\t\t\t\t\t\t\t\t\t\t\t<\/div>\n\t\t\t\t<\/div>\n\t\t\t\t<div class=\"elementor-element elementor-element-571f827 elementor-widget__width-initial elementor-widget elementor-widget-image\" data-id=\"571f827\" data-element_type=\"widget\" data-widget_type=\"image.default\">\n\t\t\t\t<div class=\"elementor-widget-container\">\n\t\t\t\t\t\t\t\t\t\t\t\t\t\t<a href=\"https:\/\/www.designforwardsd.com\/\" target=\"_blank\">\n\t\t\t\t\t\t\t<img decoding=\"async\" src=\"https:\/\/wdc2024.org\/es\/wp-content\/uploads\/sites\/2\/elementor\/thumbs\/dfa_logo_black-r82a126cq8b0y63ykk3est8m8r9ntiz361yvq61la8.png\" title=\"dfa_logo_black.png\" alt=\"dfa_logo_black.png\" loading=\"lazy\" \/>\t\t\t\t\t\t\t\t<\/a>\n\t\t\t\t\t\t\t\t\t\t\t\t\t<\/div>\n\t\t\t\t<\/div>\n\t\t\t\t<div class=\"elementor-element elementor-element-ca7e6e4 elementor-widget__width-initial elementor-widget elementor-widget-image\" data-id=\"ca7e6e4\" data-element_type=\"widget\" data-widget_type=\"image.default\">\n\t\t\t\t<div class=\"elementor-widget-container\">\n\t\t\t\t\t\t\t\t\t\t\t\t\t\t<a href=\"https:\/\/www.burnhamcenter.org\/\" target=\"_blank\">\n\t\t\t\t\t\t\t<img decoding=\"async\" src=\"https:\/\/wdc2024.org\/es\/wp-content\/uploads\/sites\/2\/elementor\/thumbs\/Burnham--r82a0unn7k0g4zqqmfi5zb7xar2mh05n6a02vh39j4.png\" title=\"Burnham-.png\" alt=\"Burnham-.png\" loading=\"lazy\" \/>\t\t\t\t\t\t\t\t<\/a>\n\t\t\t\t\t\t\t\t\t\t\t\t\t<\/div>\n\t\t\t\t<\/div>\n\t\t\t\t<div class=\"elementor-element elementor-element-e0b90c0 elementor-widget__width-initial elementor-widget elementor-widget-image\" data-id=\"e0b90c0\" data-element_type=\"widget\" data-widget_type=\"image.default\">\n\t\t\t\t<div class=\"elementor-widget-container\">\n\t\t\t\t\t\t\t\t\t\t\t\t\t\t<a href=\"https:\/\/wdo.org\/\" target=\"_blank\">\n\t\t\t\t\t\t\t<img decoding=\"async\" src=\"https:\/\/wdc2024.org\/es\/wp-content\/uploads\/sites\/2\/elementor\/thumbs\/World-Design-Organization-r82a118ije9qmk5bq1os8bh5ndealtvctxbe8w2zgg.png\" title=\"World Design Organization\" alt=\"World Design Organization\" loading=\"lazy\" \/>\t\t\t\t\t\t\t\t<\/a>\n\t\t\t\t\t\t\t\t\t\t\t\t\t<\/div>\n\t\t\t\t<\/div>\n\t\t\t\t\t<\/div>\n\t\t\t\t<\/div>\n\t\t\t\t\t<\/div>\n\t\t\t\t<\/div>\n\t\t<div class=\"elementor-element elementor-element-04b8d46 e-flex e-con-boxed e-con e-parent\" data-id=\"04b8d46\" data-element_type=\"container\" id=\"program\">\n\t\t\t\t\t<div class=\"e-con-inner\">\n\t\t\t\t<div class=\"elementor-element elementor-element-1485927 elementor-widget elementor-widget-heading\" data-id=\"1485927\" data-element_type=\"widget\" data-widget_type=\"heading.default\">\n\t\t\t\t<div class=\"elementor-widget-container\">\n\t\t\t<h2 class=\"elementor-heading-title elementor-size-default\">Programa<\/h2>\t\t<\/div>\n\t\t\t\t<\/div>\n\t\t<div class=\"elementor-element elementor-element-d873c1d e-grid e-con-boxed e-con e-child\" data-id=\"d873c1d\" data-element_type=\"container\">\n\t\t\t\t\t<div class=\"e-con-inner\">\n\t\t<div class=\"elementor-element elementor-element-0a832a5 e-flex e-con-boxed e-con e-child\" data-id=\"0a832a5\" data-element_type=\"container\" data-settings=\"{&quot;background_background&quot;:&quot;classic&quot;}\">\n\t\t\t\t\t<div class=\"e-con-inner\">\n\t\t\t\t<div class=\"elementor-element elementor-element-42e20ae elementor-widget elementor-widget-image\" data-id=\"42e20ae\" data-element_type=\"widget\" data-widget_type=\"image.default\">\n\t\t\t\t<div class=\"elementor-widget-container\">\n\t\t\t\t\t\t\t\t\t\t\t\t\t<img decoding=\"async\" src=\"https:\/\/wdc2024.org\/es\/wp-content\/uploads\/sites\/2\/elementor\/thumbs\/WDF_LandingPage-01-1-r82a118ijea4jfxu9rznmr1kb6qr2mtczw94fax5hc.png\" title=\"WDF_LandingPage-01-1.png\" alt=\"WDF_LandingPage-01-1.png\" loading=\"lazy\" \/>\t\t\t\t\t\t\t\t\t\t\t\t\t<\/div>\n\t\t\t\t<\/div>\n\t\t\t\t<div class=\"elementor-element elementor-element-88ce956 elementor-widget elementor-widget-heading\" data-id=\"88ce956\" data-element_type=\"widget\" data-widget_type=\"heading.default\">\n\t\t\t\t<div class=\"elementor-widget-container\">\n\t\t\t<h4 class=\"elementor-heading-title elementor-size-default\">Exploraci\u00f3n Creativa<\/h4>\t\t<\/div>\n\t\t\t\t<\/div>\n\t\t\t\t<div class=\"elementor-element elementor-element-c3a578f elementor-widget elementor-widget-text-editor\" data-id=\"c3a578f\" data-element_type=\"widget\" data-widget_type=\"text-editor.default\">\n\t\t\t\t<div class=\"elementor-widget-container\">\n\t\t\t\t\t\t\t<p class>Celebrando la diversidad creativa y brindando oportunidades para experimentar y explorar nuevas ideas visuales y conceptuales, demostrando c\u00f3mo el dise\u00f1o puede innovar, sorprender y superar las barreras convencionales.<\/p>\n<p class>Invitados especiales:<\/p>\n<ul>\n \t<li>Alejandro Magallanes: Dise\u00f1ador e Ilustrador.<\/li>\n \t<li>Jorge R. Guti\u00e9rrez: Animador y Director.<\/li>\n \t<li>Lila Avil\u00e9s: Directora de Cine.<\/li>\n<\/ul>\t\t\t\t\t\t<\/div>\n\t\t\t\t<\/div>\n\t\t\t\t\t<\/div>\n\t\t\t\t<\/div>\n\t\t<div class=\"elementor-element elementor-element-fff3657 e-flex e-con-boxed e-con e-child\" data-id=\"fff3657\" data-element_type=\"container\" data-settings=\"{&quot;background_background&quot;:&quot;classic&quot;}\">\n\t\t\t\t\t<div class=\"e-con-inner\">\n\t\t\t\t<div class=\"elementor-element elementor-element-bcca96c elementor-widget elementor-widget-image\" data-id=\"bcca96c\" data-element_type=\"widget\" data-widget_type=\"image.default\">\n\t\t\t\t<div class=\"elementor-widget-container\">\n\t\t\t\t\t\t\t\t\t\t\t\t\t<img decoding=\"async\" src=\"https:\/\/wdc2024.org\/es\/wp-content\/uploads\/sites\/2\/elementor\/thumbs\/WDF_LandingPage-02-r82a126cq8bev1wh4aea78t0wkm4abx3c0wlwkvrb4.png\" title=\"WDF_LandingPage-02.png\" alt=\"WDF_LandingPage-02.png\" loading=\"lazy\" \/>\t\t\t\t\t\t\t\t\t\t\t\t\t<\/div>\n\t\t\t\t<\/div>\n\t\t\t\t<div class=\"elementor-element elementor-element-851a0c6 elementor-widget elementor-widget-heading\" data-id=\"851a0c6\" data-element_type=\"widget\" data-widget_type=\"heading.default\">\n\t\t\t\t<div class=\"elementor-widget-container\">\n\t\t\t<h4 class=\"elementor-heading-title elementor-size-default\">Perspectiva Global<\/h4>\t\t<\/div>\n\t\t\t\t<\/div>\n\t\t\t\t<div class=\"elementor-element elementor-element-4b29f68 elementor-widget elementor-widget-text-editor\" data-id=\"4b29f68\" data-element_type=\"widget\" data-widget_type=\"text-editor.default\">\n\t\t\t\t<div class=\"elementor-widget-container\">\n\t\t\t\t\t\t\t<p class=\"cvGsUA direction-ltr align-start para-style-body\"><span class=\"OYPEnA text-decoration-none text-strikethrough-none\">Explorando temas de dise\u00f1o transfronterizo, interculturalidad y la manera en la que el dise\u00f1o impacta y es influenciado por diferentes contextos sociales, econ\u00f3micos y culturales.<\/span><\/p><p class=\"cvGsUA direction-ltr align-start para-style-body\"><span class=\"OYPEnA text-decoration-none text-strikethrough-none\">Invitados especiales:<\/span><\/p><ul><li><span class=\"OYPEnA text-decoration-none text-strikethrough-none\">Carlos S\u00e1nchez: Dise\u00f1ador de autom\u00f3viles<\/span><\/li><li><span class=\"OYPEnA text-decoration-none text-strikethrough-none\">Jorge Gracia: Arquitecto, Educador y Promotor.<\/span><\/li><li>Mariana Eidler: dise\u00f1ador de alimentos.<\/li><\/ul>\t\t\t\t\t\t<\/div>\n\t\t\t\t<\/div>\n\t\t\t\t\t<\/div>\n\t\t\t\t<\/div>\n\t\t<div class=\"elementor-element elementor-element-0b4e423 e-flex e-con-boxed e-con e-child\" data-id=\"0b4e423\" data-element_type=\"container\" data-settings=\"{&quot;background_background&quot;:&quot;classic&quot;}\">\n\t\t\t\t\t<div class=\"e-con-inner\">\n\t\t\t\t<div class=\"elementor-element elementor-element-7ede381 elementor-widget elementor-widget-image\" data-id=\"7ede381\" data-element_type=\"widget\" data-widget_type=\"image.default\">\n\t\t\t\t<div class=\"elementor-widget-container\">\n\t\t\t\t\t\t\t\t\t\t\t\t\t<img decoding=\"async\" src=\"https:\/\/wdc2024.org\/es\/wp-content\/uploads\/sites\/2\/elementor\/thumbs\/WDF_LandingPage-03-r82a126cq8bev1wh4aea78t0wkm4abx3c0wlwkvrb4.png\" title=\"WDF_LandingPage-03.png\" alt=\"WDF_LandingPage-03.png\" loading=\"lazy\" \/>\t\t\t\t\t\t\t\t\t\t\t\t\t<\/div>\n\t\t\t\t<\/div>\n\t\t\t\t<div class=\"elementor-element elementor-element-525244b elementor-widget elementor-widget-heading\" data-id=\"525244b\" data-element_type=\"widget\" data-widget_type=\"heading.default\">\n\t\t\t\t<div class=\"elementor-widget-container\">\n\t\t\t<h4 class=\"elementor-heading-title elementor-size-default\">Innovaci\u00f3n: Redefiniendo L\u00edmites<\/h4>\t\t<\/div>\n\t\t\t\t<\/div>\n\t\t\t\t<div class=\"elementor-element elementor-element-1e8576d elementor-widget elementor-widget-text-editor\" data-id=\"1e8576d\" data-element_type=\"widget\" data-widget_type=\"text-editor.default\">\n\t\t\t\t<div class=\"elementor-widget-container\">\n\t\t\t\t\t\t\t<p class=\"cvGsUA direction-ltr align-start para-style-body\"><span class=\"OYPEnA text-decoration-none text-strikethrough-none\">Celebrando la fusi\u00f3n del conocimiento, la habilidad creativa para concebir realidades alternativas y transformarlas en realidad, abriendo camino hacia un futuro compartido y sustentable.<\/span><\/p>\n<p class=\"cvGsUA direction-ltr align-start para-style-body\"><span class=\"OYPEnA text-decoration-none text-strikethrough-none\">Invitados especiales:<\/span><\/p>\n\n<ul>\n \t<li><span class=\"OYPEnA text-decoration-none text-strikethrough-none\">Christopher Hawthorne: Director de Dise\u00f1o.<\/span><\/li>\n \t<li><span class=\"OYPEnA text-decoration-none text-strikethrough-none\">Don Norman: Investigador, Acad\u00e9mico y Autor.<\/span><\/li>\n<\/ul>\t\t\t\t\t\t<\/div>\n\t\t\t\t<\/div>\n\t\t\t\t\t<\/div>\n\t\t\t\t<\/div>\n\t\t<div class=\"elementor-element elementor-element-28e6a56 e-flex e-con-boxed e-con e-child\" data-id=\"28e6a56\" data-element_type=\"container\" data-settings=\"{&quot;background_background&quot;:&quot;classic&quot;}\">\n\t\t\t\t\t<div class=\"e-con-inner\">\n\t\t\t\t<div class=\"elementor-element elementor-element-c38445b elementor-widget elementor-widget-image\" data-id=\"c38445b\" data-element_type=\"widget\" data-widget_type=\"image.default\">\n\t\t\t\t<div class=\"elementor-widget-container\">\n\t\t\t\t\t\t\t\t\t\t\t\t\t<img decoding=\"async\" src=\"https:\/\/wdc2024.org\/es\/wp-content\/uploads\/sites\/2\/elementor\/thumbs\/WDF_LandingPage-04-r82a118ijea4jfxu9rznmr1kb6qr2mtczw94fax5hc.png\" title=\"WDF_LandingPage-04.png\" alt=\"WDF_LandingPage-04.png\" loading=\"lazy\" \/>\t\t\t\t\t\t\t\t\t\t\t\t\t<\/div>\n\t\t\t\t<\/div>\n\t\t\t\t<div class=\"elementor-element elementor-element-4b8923e elementor-widget elementor-widget-heading\" data-id=\"4b8923e\" data-element_type=\"widget\" data-widget_type=\"heading.default\">\n\t\t\t\t<div class=\"elementor-widget-container\">\n\t\t\t<h4 class=\"elementor-heading-title elementor-size-default\">Colaboraci\u00f3n Multidisciplinaria<\/h4>\t\t<\/div>\n\t\t\t\t<\/div>\n\t\t\t\t<div class=\"elementor-element elementor-element-264dfd8 elementor-widget elementor-widget-text-editor\" data-id=\"264dfd8\" data-element_type=\"widget\" data-widget_type=\"text-editor.default\">\n\t\t\t\t<div class=\"elementor-widget-container\">\n\t\t\t\t\t\t\t<p class=\"cvGsUA direction-ltr align-start para-style-body\"><span class=\"OYPEnA text-decoration-none text-strikethrough-none\">Destacando proyectos que promueven el trabajo en conjunto entre dise\u00f1adores de diversas disciplinas y la comunidad.<\/span><\/p>\n<p class=\"cvGsUA direction-ltr align-start para-style-body\"><span class=\"OYPEnA text-decoration-none text-strikethrough-none\">Invitados especiales:<\/span><\/p>\n\n<ul>\n \t<li>Alejandro Miranda: Artista de efectos visuales para Game of Thrones, Wanda Vision y Stranger Things.<\/li>\n \t<li>Diego Negrete: Dise\u00f1ador.<\/li>\n \t<li>Sean Kelley: Dise\u00f1ador.<\/li>\n<\/ul>\t\t\t\t\t\t<\/div>\n\t\t\t\t<\/div>\n\t\t\t\t\t<\/div>\n\t\t\t\t<\/div>\n\t\t<div class=\"elementor-element elementor-element-c980928 e-flex e-con-boxed e-con e-child\" data-id=\"c980928\" data-element_type=\"container\" data-settings=\"{&quot;background_background&quot;:&quot;classic&quot;}\">\n\t\t\t\t\t<div class=\"e-con-inner\">\n\t\t\t\t<div class=\"elementor-element elementor-element-5c8d002 elementor-widget elementor-widget-image\" data-id=\"5c8d002\" data-element_type=\"widget\" data-widget_type=\"image.default\">\n\t\t\t\t<div class=\"elementor-widget-container\">\n\t\t\t\t\t\t\t\t\t\t\t\t\t<img decoding=\"async\" src=\"https:\/\/wdc2024.org\/es\/wp-content\/uploads\/sites\/2\/elementor\/thumbs\/WDF_LandingPage-05-r82a126cq8bev1wh4aea78t0wkm4abx3c0wlwkvrb4.png\" title=\"WDF_LandingPage-05.png\" alt=\"WDF_LandingPage-05.png\" loading=\"lazy\" \/>\t\t\t\t\t\t\t\t\t\t\t\t\t<\/div>\n\t\t\t\t<\/div>\n\t\t\t\t<div class=\"elementor-element elementor-element-d524fe9 elementor-widget elementor-widget-heading\" data-id=\"d524fe9\" data-element_type=\"widget\" data-widget_type=\"heading.default\">\n\t\t\t\t<div class=\"elementor-widget-container\">\n\t\t\t<h4 class=\"elementor-heading-title elementor-size-default\">Educaci\u00f3n: Cultivando Horizontes<\/h4>\t\t<\/div>\n\t\t\t\t<\/div>\n\t\t\t\t<div class=\"elementor-element elementor-element-8c0d720 elementor-widget elementor-widget-text-editor\" data-id=\"8c0d720\" data-element_type=\"widget\" data-widget_type=\"text-editor.default\">\n\t\t\t\t<div class=\"elementor-widget-container\">\n\t\t\t\t\t\t\t<p class=\"cvGsUA direction-ltr align-start para-style-body\">Presentando eventos que fomentan el aprendizaje, la educaci\u00f3n en dise\u00f1o y c\u00f3mo este puede empoderar a las personas para generar un impacto positivo en su comunidad y entorno ambiental.<\/p>\n<p class=\"cvGsUA direction-ltr align-start para-style-body\">Invitada especial:<\/p>\n\n<ul>\n \t<li>Dra. Jimena De Gortari Ludlow: Coordinadora de Investigaci\u00f3n y Acad\u00e9mica de Arquitectura, Experta en Contaminaci\u00f3n<\/li>\n<li>Ac\u00fastica<\/li>\n<\/ul>\t\t\t\t\t\t<\/div>\n\t\t\t\t<\/div>\n\t\t\t\t\t<\/div>\n\t\t\t\t<\/div>\n\t\t<div class=\"elementor-element elementor-element-7e2f5e3 e-flex e-con-boxed e-con e-child\" data-id=\"7e2f5e3\" data-element_type=\"container\" data-settings=\"{&quot;background_background&quot;:&quot;classic&quot;}\">\n\t\t\t\t\t<div class=\"e-con-inner\">\n\t\t\t\t<div class=\"elementor-element elementor-element-ef94698 elementor-widget elementor-widget-image\" data-id=\"ef94698\" data-element_type=\"widget\" data-widget_type=\"image.default\">\n\t\t\t\t<div class=\"elementor-widget-container\">\n\t\t\t\t\t\t\t\t\t\t\t\t\t<img decoding=\"async\" src=\"https:\/\/wdc2024.org\/es\/wp-content\/uploads\/sites\/2\/elementor\/thumbs\/WDF_LandingPage-06-1-r82a118ijea4jfxu9rznmr1kb6qr2mtczw94fax5hc.png\" title=\"WDF_LandingPage-06-1.png\" alt=\"WDF_LandingPage-06-1.png\" loading=\"lazy\" \/>\t\t\t\t\t\t\t\t\t\t\t\t\t<\/div>\n\t\t\t\t<\/div>\n\t\t\t\t<div class=\"elementor-element elementor-element-14af6d8 elementor-widget elementor-widget-heading\" data-id=\"14af6d8\" data-element_type=\"widget\" data-widget_type=\"heading.default\">\n\t\t\t\t<div class=\"elementor-widget-container\">\n\t\t\t<h4 class=\"elementor-heading-title elementor-size-default\">Ciudad e Historia<\/h4>\t\t<\/div>\n\t\t\t\t<\/div>\n\t\t\t\t<div class=\"elementor-element elementor-element-e8cb052 elementor-widget elementor-widget-text-editor\" data-id=\"e8cb052\" data-element_type=\"widget\" data-widget_type=\"text-editor.default\">\n\t\t\t\t<div class=\"elementor-widget-container\">\n\t\t\t\t\t\t\t<p class=\"cvGsUA direction-ltr align-start para-style-body\">Resaltando actividades que examinan c\u00f3mo el dise\u00f1o influye en la ciudad y su evoluci\u00f3n hist\u00f3rica<\/p>\n<p class=\"cvGsUA direction-ltr align-start para-style-body\">Invitado especial:<\/p>\n\n<ul>\n \t<li>Giacomo Castagnola: Arquitecto, Experto en Experiencias Muse\u00edsticas.<\/li>\n<\/ul>\t\t\t\t\t\t<\/div>\n\t\t\t\t<\/div>\n\t\t\t\t\t<\/div>\n\t\t\t\t<\/div>\n\t\t\t\t\t<\/div>\n\t\t\t\t<\/div>\n\t\t\t\t\t<\/div>\n\t\t\t\t<\/div>\n\t\t<div class=\"elementor-element elementor-element-bf92fe7 e-flex e-con-boxed e-con e-parent\" data-id=\"bf92fe7\" data-element_type=\"container\" id=\"recap\">\n\t\t\t\t\t<div class=\"e-con-inner\">\n\t\t<div class=\"elementor-element elementor-element-809551b e-con-full e-flex e-con e-child\" data-id=\"809551b\" data-element_type=\"container\">\n\t\t\t\t<div class=\"elementor-element elementor-element-58abb0c h2-display elementor-widget elementor-widget-heading\" data-id=\"58abb0c\" data-element_type=\"widget\" data-widget_type=\"heading.default\">\n\t\t\t\t<div class=\"elementor-widget-container\">\n\t\t\t<h2 class=\"elementor-heading-title elementor-size-default\">ver el resumen<\/h2>\t\t<\/div>\n\t\t\t\t<\/div>\n\t\t\t\t<div class=\"elementor-element elementor-element-5f1d750 elementor-align-left elementor-widget elementor-widget-button\" data-id=\"5f1d750\" data-element_type=\"widget\" data-widget_type=\"button.default\">\n\t\t\t\t<div class=\"elementor-widget-container\">\n\t\t\t\t\t<div class=\"elementor-button-wrapper\">\n\t\t\t<a class=\"elementor-button elementor-button-link elementor-size-sm\" href=\"https:\/\/www.youtube.com\/@wdcsandiegotijuana2024\" target=\"_blank\">\n\t\t\t\t\t\t<span class=\"elementor-button-content-wrapper\">\n\t\t\t\t\t\t\t\t\t<span class=\"elementor-button-text\">Suscr\u00edbase<\/span>\n\t\t\t\t\t<\/span>\n\t\t\t\t\t<\/a>\n\t\t<\/div>\n\t\t\t\t<\/div>\n\t\t\t\t<\/div>\n\t\t\t\t<\/div>\n\t\t<div class=\"elementor-element elementor-element-8931d31 e-con-full e-flex e-con e-child\" data-id=\"8931d31\" data-element_type=\"container\">\n\t\t\t\t<div class=\"elementor-element elementor-element-2bd3d3f elementor-widget elementor-widget-video\" data-id=\"2bd3d3f\" data-element_type=\"widget\" data-settings=\"{&quot;video_type&quot;:&quot;vimeo&quot;}\" data-widget_type=\"video.default\">\n\t\t\t\t<div class=\"elementor-widget-container\">\n\t\t\t<style>\/*! elementor - v3.21.0 - 18-04-2024 *\/\n.elementor-widget-video .elementor-widget-container{overflow:hidden;transform:translateZ(0)}.elementor-widget-video .elementor-wrapper{aspect-ratio:var(--video-aspect-ratio)}.elementor-widget-video .elementor-wrapper iframe,.elementor-widget-video .elementor-wrapper video{height:100%;width:100%;display:flex;border:none;background-color:#000}@supports not (aspect-ratio:1\/1){.elementor-widget-video .elementor-wrapper{position:relative;overflow:hidden;height:0;padding-bottom:calc(100% \/ var(--video-aspect-ratio))}.elementor-widget-video .elementor-wrapper iframe,.elementor-widget-video .elementor-wrapper video{position:absolute;top:0;right:0;bottom:0;left:0}}.elementor-widget-video .elementor-open-inline .elementor-custom-embed-image-overlay{position:absolute;top:0;right:0;bottom:0;left:0;background-size:cover;background-position:50%}.elementor-widget-video .elementor-custom-embed-image-overlay{cursor:pointer;text-align:center}.elementor-widget-video .elementor-custom-embed-image-overlay:hover .elementor-custom-embed-play i{opacity:1}.elementor-widget-video .elementor-custom-embed-image-overlay img{display:block;width:100%;aspect-ratio:var(--video-aspect-ratio);-o-object-fit:cover;object-fit:cover;-o-object-position:center center;object-position:center center}@supports not (aspect-ratio:1\/1){.elementor-widget-video .elementor-custom-embed-image-overlay{position:relative;overflow:hidden;height:0;padding-bottom:calc(100% \/ var(--video-aspect-ratio))}.elementor-widget-video .elementor-custom-embed-image-overlay img{position:absolute;top:0;right:0;bottom:0;left:0}}.elementor-widget-video .e-hosted-video .elementor-video{-o-object-fit:cover;object-fit:cover}.e-con-inner>.elementor-widget-video,.e-con>.elementor-widget-video{width:var(--container-widget-width);--flex-grow:var(--container-widget-flex-grow)}<\/style>\t\t<div class=\"elementor-wrapper elementor-open-inline\">\n\t\t\t<iframe class=\"elementor-video-iframe\" allowfullscreen allow=\"clipboard-write\" title=\"Reproductor de video youtube\" src=\"https:\/\/www.youtube.com\/embed\/a5ZSxhvlWCo?feature=oembed&amp;color&amp;autopause=0&amp;loop=0&amp;muted=0&amp;title=1&amp;portrait=1&amp;byline=1\"><\/iframe>\t\t<\/div>\n\t\t\t\t<\/div>\n\t\t\t\t<\/div>\n\t\t\t\t<\/div>\n\t\t\t\t\t<\/div>\n\t\t\t\t<\/div>\n\t\t<div class=\"elementor-element elementor-element-16292e53 e-flex e-con-boxed e-con e-parent\" data-id=\"16292e53\" data-element_type=\"container\" id=\"speakers\">\n\t\t\t\t\t<div class=\"e-con-inner\">\n\t\t\t\t<div class=\"elementor-element elementor-element-2e2b929d elementor-widget elementor-widget-heading\" data-id=\"2e2b929d\" data-element_type=\"widget\" data-widget_type=\"heading.default\">\n\t\t\t\t<div class=\"elementor-widget-container\">\n\t\t\t<h2 class=\"elementor-heading-title elementor-size-default\">Ponentes del World Design Festival<\/h2>\t\t<\/div>\n\t\t\t\t<\/div>\n\t\t\t\t<div class=\"elementor-element elementor-element-37800111 elementor-widget elementor-widget-html\" data-id=\"37800111\" data-element_type=\"widget\" data-widget_type=\"html.default\">\n\t\t\t\t<div class=\"elementor-widget-container\">\n\t\t\t<div id=\"myModal\" class=\"modal\">\n\n  <div class=\"overlay\"><\/div>\n\n  <!-- Modal content -->\n  <div class=\"modal-content\">\n      <span class=\"close\">&times;<\/span>\n      <img decoding=\"async\" src=\"\" id=\"member-image\" alt=\"\">\n      <h3 id=\"member-name\"><\/h3>\n      <h5 id=\"member-position\"><\/h5>\n      <p id=\"member-description\"><\/p>\n      <div id=\"member-social\"><\/div>\n  <\/div>\n  \n<\/div>\n\t\t<\/div>\n\t\t\t\t<\/div>\n\t\t<div class=\"elementor-element elementor-element-525f8ce5 e-grid e-con-full e-con e-child\" data-id=\"525f8ce5\" data-element_type=\"container\">\n\t\t<div class=\"elementor-element elementor-element-3ff4b52f member e-flex e-con-boxed e-con e-child\" data-id=\"3ff4b52f\" data-element_type=\"container\">\n\t\t\t\t\t<div class=\"e-con-inner\">\n\t\t\t\t<div class=\"elementor-element elementor-element-24308531 elementor-widget elementor-widget-image\" data-id=\"24308531\" data-element_type=\"widget\" data-widget_type=\"image.default\">\n\t\t\t\t<div class=\"elementor-widget-container\">\n\t\t\t\t\t\t\t\t\t\t\t\t\t<img decoding=\"async\" src=\"https:\/\/wdc2024.org\/es\/wp-content\/uploads\/sites\/2\/elementor\/thumbs\/Carlos-Sanchez-e1714573086294-r82a0tpw2cxym3ian5x8fgnd3si89r3m8w2lr828n8.jpeg\" title=\"Carlos Sa\u0301nchez\" alt=\"Carlos Sa\u0301nchez\" loading=\"lazy\" \/>\t\t\t\t\t\t\t\t\t\t\t\t\t<\/div>\n\t\t\t\t<\/div>\n\t\t\t\t<div class=\"elementor-element elementor-element-11fccab5 elementor-widget elementor-widget-heading\" data-id=\"11fccab5\" data-element_type=\"widget\" data-widget_type=\"heading.default\">\n\t\t\t\t<div class=\"elementor-widget-container\">\n\t\t\t<h4 class=\"elementor-heading-title elementor-size-default\">Carlos Sa\u0301nchez<\/h4>\t\t<\/div>\n\t\t\t\t<\/div>\n\t\t\t\t<div class=\"elementor-element elementor-element-1a38f75 elementor-widget elementor-widget-text-editor\" data-id=\"1a38f75\" data-element_type=\"widget\" data-widget_type=\"text-editor.default\">\n\t\t\t\t<div class=\"elementor-widget-container\">\n\t\t\t\t\t\t\t<p class=\"detail-title\">Dmaise\u00f1ador<\/p><p class=\"detail-company\">Ferrari<\/p>\t\t\t\t\t\t<\/div>\n\t\t\t\t<\/div>\n\t\t\t\t\t<\/div>\n\t\t\t\t<\/div>\n\t\t<div class=\"elementor-element elementor-element-3afa23ba member e-flex e-con-boxed e-con e-child\" data-id=\"3afa23ba\" data-element_type=\"container\">\n\t\t\t\t\t<div class=\"e-con-inner\">\n\t\t\t\t<div class=\"elementor-element elementor-element-62a603dd elementor-widget elementor-widget-image\" data-id=\"62a603dd\" data-element_type=\"widget\" data-widget_type=\"image.default\">\n\t\t\t\t<div class=\"elementor-widget-container\">\n\t\t\t\t\t\t\t\t\t\t\t\t\t<img decoding=\"async\" width=\"250\" height=\"250\" src=\"https:\/\/wdc2024.org\/es\/wp-content\/uploads\/sites\/2\/2024\/04\/Sandra-Equihua-250x250.jpeg\" class=\"attachment-medium size-medium wp-image-1041\" alt=\"\" srcset=\"https:\/\/wdc2024.org\/es\/wp-content\/uploads\/sites\/2\/2024\/04\/Sandra-Equihua-250x250.jpeg 250w, https:\/\/wdc2024.org\/es\/wp-content\/uploads\/sites\/2\/2024\/04\/Sandra-Equihua-150x150.jpeg 150w, https:\/\/wdc2024.org\/es\/wp-content\/uploads\/sites\/2\/2024\/04\/Sandra-Equihua-120x120.jpeg 120w, https:\/\/wdc2024.org\/es\/wp-content\/uploads\/sites\/2\/2024\/04\/Sandra-Equihua.jpeg 256w\" sizes=\"(max-width: 250px) 100vw, 250px\" \/>\t\t\t\t\t\t\t\t\t\t\t\t\t<\/div>\n\t\t\t\t<\/div>\n\t\t\t\t<div class=\"elementor-element elementor-element-6830e103 elementor-widget elementor-widget-heading\" data-id=\"6830e103\" data-element_type=\"widget\" data-widget_type=\"heading.default\">\n\t\t\t\t<div class=\"elementor-widget-container\">\n\t\t\t<h4 class=\"elementor-heading-title elementor-size-default\">Sandra Equihua<\/h4>\t\t<\/div>\n\t\t\t\t<\/div>\n\t\t\t\t<div class=\"elementor-element elementor-element-4668640 elementor-widget elementor-widget-text-editor\" data-id=\"4668640\" data-element_type=\"widget\" data-widget_type=\"text-editor.default\">\n\t\t\t\t<div class=\"elementor-widget-container\">\n\t\t\t\t\t\t\t<p class=\"detail-title\">Dise\u00f1adora y actriz de doblaje ganadora de un Emmy<\/p>\t\t\t\t\t\t<\/div>\n\t\t\t\t<\/div>\n\t\t\t\t\t<\/div>\n\t\t\t\t<\/div>\n\t\t<div class=\"elementor-element elementor-element-5a6ce7 member e-flex e-con-boxed e-con e-child\" data-id=\"5a6ce7\" data-element_type=\"container\">\n\t\t\t\t\t<div class=\"e-con-inner\">\n\t\t\t\t<div class=\"elementor-element elementor-element-3dc6b5d1 elementor-widget elementor-widget-image\" data-id=\"3dc6b5d1\" data-element_type=\"widget\" data-widget_type=\"image.default\">\n\t\t\t\t<div class=\"elementor-widget-container\">\n\t\t\t\t\t\t\t\t\t\t\t\t\t<img decoding=\"async\" width=\"250\" height=\"250\" src=\"https:\/\/wdc2024.org\/es\/wp-content\/uploads\/sites\/2\/2024\/04\/Jorge-Gutierrez-250x250.jpg\" class=\"attachment-medium size-medium wp-image-1048\" alt=\"\" srcset=\"https:\/\/wdc2024.org\/es\/wp-content\/uploads\/sites\/2\/2024\/04\/Jorge-Gutierrez-250x250.jpg 250w, https:\/\/wdc2024.org\/es\/wp-content\/uploads\/sites\/2\/2024\/04\/Jorge-Gutierrez-150x150.jpg 150w, https:\/\/wdc2024.org\/es\/wp-content\/uploads\/sites\/2\/2024\/04\/Jorge-Gutierrez-120x120.jpg 120w, https:\/\/wdc2024.org\/es\/wp-content\/uploads\/sites\/2\/2024\/04\/Jorge-Gutierrez.jpg 256w\" sizes=\"(max-width: 250px) 100vw, 250px\" \/>\t\t\t\t\t\t\t\t\t\t\t\t\t<\/div>\n\t\t\t\t<\/div>\n\t\t\t\t<div class=\"elementor-element elementor-element-52f2cb7b elementor-widget elementor-widget-heading\" data-id=\"52f2cb7b\" data-element_type=\"widget\" data-widget_type=\"heading.default\">\n\t\t\t\t<div class=\"elementor-widget-container\">\n\t\t\t<h4 class=\"elementor-heading-title elementor-size-default\">Jorge Guti\u00e9rrez<\/h4>\t\t<\/div>\n\t\t\t\t<\/div>\n\t\t\t\t<div class=\"elementor-element elementor-element-3d090eb8 elementor-widget elementor-widget-text-editor\" data-id=\"3d090eb8\" data-element_type=\"widget\" data-widget_type=\"text-editor.default\">\n\t\t\t\t<div class=\"elementor-widget-container\">\n\t\t\t\t\t\t\t<p class=\"detail-title\">Director, guionista, actor<\/p>\t\t\t\t\t\t<\/div>\n\t\t\t\t<\/div>\n\t\t\t\t\t<\/div>\n\t\t\t\t<\/div>\n\t\t<div class=\"elementor-element elementor-element-6a5636a member e-flex e-con-boxed e-con e-child\" data-id=\"6a5636a\" data-element_type=\"container\">\n\t\t\t\t\t<div class=\"e-con-inner\">\n\t\t\t\t<div class=\"elementor-element elementor-element-85d072f elementor-widget elementor-widget-image\" data-id=\"85d072f\" data-element_type=\"widget\" data-widget_type=\"image.default\">\n\t\t\t\t<div class=\"elementor-widget-container\">\n\t\t\t\t\t\t\t\t\t\t\t\t\t<img loading=\"lazy\" decoding=\"async\" width=\"250\" height=\"250\" src=\"https:\/\/wdc2024.org\/es\/wp-content\/uploads\/sites\/2\/2024\/04\/Mariana-Eidler-250x250.jpg\" class=\"attachment-medium size-medium wp-image-1205\" alt=\"Mariana Eidler\" srcset=\"https:\/\/wdc2024.org\/es\/wp-content\/uploads\/sites\/2\/2024\/04\/Mariana-Eidler-250x250.jpg 250w, https:\/\/wdc2024.org\/es\/wp-content\/uploads\/sites\/2\/2024\/04\/Mariana-Eidler-700x700.jpg 700w, https:\/\/wdc2024.org\/es\/wp-content\/uploads\/sites\/2\/2024\/04\/Mariana-Eidler-150x150.jpg 150w, https:\/\/wdc2024.org\/es\/wp-content\/uploads\/sites\/2\/2024\/04\/Mariana-Eidler-768x768.jpg 768w, https:\/\/wdc2024.org\/es\/wp-content\/uploads\/sites\/2\/2024\/04\/Mariana-Eidler-120x120.jpg 120w, https:\/\/wdc2024.org\/es\/wp-content\/uploads\/sites\/2\/2024\/04\/Mariana-Eidler.jpg 1080w\" sizes=\"(max-width: 250px) 100vw, 250px\" \/>\t\t\t\t\t\t\t\t\t\t\t\t\t<\/div>\n\t\t\t\t<\/div>\n\t\t\t\t<div class=\"elementor-element elementor-element-5008ae5c elementor-widget elementor-widget-heading\" data-id=\"5008ae5c\" data-element_type=\"widget\" data-widget_type=\"heading.default\">\n\t\t\t\t<div class=\"elementor-widget-container\">\n\t\t\t<h4 class=\"elementor-heading-title elementor-size-default\">Mariana Eidler<\/h4>\t\t<\/div>\n\t\t\t\t<\/div>\n\t\t\t\t<div class=\"elementor-element elementor-element-3ab36759 elementor-widget elementor-widget-text-editor\" data-id=\"3ab36759\" data-element_type=\"widget\" data-widget_type=\"text-editor.default\">\n\t\t\t\t<div class=\"elementor-widget-container\">\n\t\t\t\t\t\t\t<p class=\"detail-title\">Directora de Dise\u00f1o Alimentario<\/p><p class=\"detail-company\">Elisava Barcelona School of Design and Engineering<\/p>\t\t\t\t\t\t<\/div>\n\t\t\t\t<\/div>\n\t\t\t\t\t<\/div>\n\t\t\t\t<\/div>\n\t\t<div class=\"elementor-element elementor-element-9445623 member e-flex e-con-boxed e-con e-child\" data-id=\"9445623\" data-element_type=\"container\">\n\t\t\t\t\t<div class=\"e-con-inner\">\n\t\t\t\t<div class=\"elementor-element elementor-element-ccf2eb2 elementor-widget elementor-widget-image\" data-id=\"ccf2eb2\" data-element_type=\"widget\" data-widget_type=\"image.default\">\n\t\t\t\t<div class=\"elementor-widget-container\">\n\t\t\t\t\t\t\t\t\t\t\t\t\t<img decoding=\"async\" src=\"https:\/\/wdc2024.org\/es\/wp-content\/uploads\/sites\/2\/elementor\/thumbs\/Don-Norman-Photo-by-Peter-Belanger-1-scaled-r82a0tpw2cxym3ian5x8fgnd3si89r3m8w2lr828n8.jpg\" title=\"Don-Norman Photo by Peter Belanger (1)\" alt=\"Don-Norman Photo by Peter Belanger\" loading=\"lazy\" \/>\t\t\t\t\t\t\t\t\t\t\t\t\t<\/div>\n\t\t\t\t<\/div>\n\t\t\t\t<div class=\"elementor-element elementor-element-c31bed3 elementor-widget elementor-widget-heading\" data-id=\"c31bed3\" data-element_type=\"widget\" data-widget_type=\"heading.default\">\n\t\t\t\t<div class=\"elementor-widget-container\">\n\t\t\t<h4 class=\"elementor-heading-title elementor-size-default\">Don Norman<\/h4>\t\t<\/div>\n\t\t\t\t<\/div>\n\t\t\t\t<div class=\"elementor-element elementor-element-f7990a0 elementor-widget elementor-widget-text-editor\" data-id=\"f7990a0\" data-element_type=\"widget\" data-widget_type=\"text-editor.default\">\n\t\t\t\t<div class=\"elementor-widget-container\">\n\t\t\t\t\t\t\t<p class=\"detail-title\">Director fundador<\/p><p>Universidad de California, Design Lab<\/p>\t\t\t\t\t\t<\/div>\n\t\t\t\t<\/div>\n\t\t\t\t\t<\/div>\n\t\t\t\t<\/div>\n\t\t<div class=\"elementor-element elementor-element-bf2385e member e-flex e-con-boxed e-con e-child\" data-id=\"bf2385e\" data-element_type=\"container\">\n\t\t\t\t\t<div class=\"e-con-inner\">\n\t\t\t\t<div class=\"elementor-element elementor-element-0622811 elementor-widget elementor-widget-image\" data-id=\"0622811\" data-element_type=\"widget\" data-widget_type=\"image.default\">\n\t\t\t\t<div class=\"elementor-widget-container\">\n\t\t\t\t\t\t\t\t\t\t\t\t\t<img loading=\"lazy\" decoding=\"async\" width=\"250\" height=\"250\" src=\"https:\/\/wdc2024.org\/es\/wp-content\/uploads\/sites\/2\/2024\/04\/Alejandro-Santander-Amaya-250x250.png\" class=\"attachment-medium size-medium wp-image-1026\" alt=\"\" srcset=\"https:\/\/wdc2024.org\/es\/wp-content\/uploads\/sites\/2\/2024\/04\/Alejandro-Santander-Amaya-250x250.png 250w, https:\/\/wdc2024.org\/es\/wp-content\/uploads\/sites\/2\/2024\/04\/Alejandro-Santander-Amaya-150x150.png 150w, https:\/\/wdc2024.org\/es\/wp-content\/uploads\/sites\/2\/2024\/04\/Alejandro-Santander-Amaya-120x120.png 120w, https:\/\/wdc2024.org\/es\/wp-content\/uploads\/sites\/2\/2024\/04\/Alejandro-Santander-Amaya.png 256w\" sizes=\"(max-width: 250px) 100vw, 250px\" \/>\t\t\t\t\t\t\t\t\t\t\t\t\t<\/div>\n\t\t\t\t<\/div>\n\t\t\t\t<div class=\"elementor-element elementor-element-0c3b716 elementor-widget elementor-widget-heading\" data-id=\"0c3b716\" data-element_type=\"widget\" data-widget_type=\"heading.default\">\n\t\t\t\t<div class=\"elementor-widget-container\">\n\t\t\t<h4 class=\"elementor-heading-title elementor-size-default\">Alejandro Santander Amaya<\/h4>\t\t<\/div>\n\t\t\t\t<\/div>\n\t\t\t\t\t<\/div>\n\t\t\t\t<\/div>\n\t\t<div class=\"elementor-element elementor-element-15205b8b member e-flex e-con-boxed e-con e-child\" data-id=\"15205b8b\" data-element_type=\"container\">\n\t\t\t\t\t<div class=\"e-con-inner\">\n\t\t\t\t<div class=\"elementor-element elementor-element-34b5e917 elementor-widget elementor-widget-image\" data-id=\"34b5e917\" data-element_type=\"widget\" data-widget_type=\"image.default\">\n\t\t\t\t<div class=\"elementor-widget-container\">\n\t\t\t\t\t\t\t\t\t\t\t\t\t<img loading=\"lazy\" decoding=\"async\" width=\"250\" height=\"250\" src=\"https:\/\/wdc2024.org\/es\/wp-content\/uploads\/sites\/2\/2024\/04\/Olivia-Arreguin-250x250.png\" class=\"attachment-medium size-medium wp-image-1027\" alt=\"\" srcset=\"https:\/\/wdc2024.org\/es\/wp-content\/uploads\/sites\/2\/2024\/04\/Olivia-Arreguin-250x250.png 250w, https:\/\/wdc2024.org\/es\/wp-content\/uploads\/sites\/2\/2024\/04\/Olivia-Arreguin-150x150.png 150w, https:\/\/wdc2024.org\/es\/wp-content\/uploads\/sites\/2\/2024\/04\/Olivia-Arreguin-120x120.png 120w, https:\/\/wdc2024.org\/es\/wp-content\/uploads\/sites\/2\/2024\/04\/Olivia-Arreguin.png 256w\" sizes=\"(max-width: 250px) 100vw, 250px\" \/>\t\t\t\t\t\t\t\t\t\t\t\t\t<\/div>\n\t\t\t\t<\/div>\n\t\t\t\t<div class=\"elementor-element elementor-element-4884a08c elementor-widget elementor-widget-heading\" data-id=\"4884a08c\" data-element_type=\"widget\" data-widget_type=\"heading.default\">\n\t\t\t\t<div class=\"elementor-widget-container\">\n\t\t\t<h4 class=\"elementor-heading-title elementor-size-default\">Olivia Arreguin<\/h4>\t\t<\/div>\n\t\t\t\t<\/div>\n\t\t\t\t<div class=\"elementor-element elementor-element-7e51264d elementor-widget elementor-widget-text-editor\" data-id=\"7e51264d\" data-element_type=\"widget\" data-widget_type=\"text-editor.default\">\n\t\t\t\t<div class=\"elementor-widget-container\">\n\t\t\t\t\t\t\t<p class=\"detail-title\">Fundador<\/p>\n<p class=\"detail-company\">Hola Vicu<\/p>\t\t\t\t\t\t<\/div>\n\t\t\t\t<\/div>\n\t\t\t\t\t<\/div>\n\t\t\t\t<\/div>\n\t\t<div class=\"elementor-element elementor-element-6f624a37 member e-flex e-con-boxed e-con e-child\" data-id=\"6f624a37\" data-element_type=\"container\">\n\t\t\t\t\t<div class=\"e-con-inner\">\n\t\t\t\t<div class=\"elementor-element elementor-element-40e5bcb8 elementor-widget elementor-widget-image\" data-id=\"40e5bcb8\" data-element_type=\"widget\" data-widget_type=\"image.default\">\n\t\t\t\t<div class=\"elementor-widget-container\">\n\t\t\t\t\t\t\t\t\t\t\t\t\t<img loading=\"lazy\" decoding=\"async\" width=\"250\" height=\"250\" src=\"https:\/\/wdc2024.org\/es\/wp-content\/uploads\/sites\/2\/2024\/04\/Bianca-Arvizu-250x250.jpeg\" class=\"attachment-medium size-medium wp-image-1028\" alt=\"\" srcset=\"https:\/\/wdc2024.org\/es\/wp-content\/uploads\/sites\/2\/2024\/04\/Bianca-Arvizu-250x250.jpeg 250w, https:\/\/wdc2024.org\/es\/wp-content\/uploads\/sites\/2\/2024\/04\/Bianca-Arvizu-150x150.jpeg 150w, https:\/\/wdc2024.org\/es\/wp-content\/uploads\/sites\/2\/2024\/04\/Bianca-Arvizu-120x120.jpeg 120w, https:\/\/wdc2024.org\/es\/wp-content\/uploads\/sites\/2\/2024\/04\/Bianca-Arvizu.jpeg 256w\" sizes=\"(max-width: 250px) 100vw, 250px\" \/>\t\t\t\t\t\t\t\t\t\t\t\t\t<\/div>\n\t\t\t\t<\/div>\n\t\t\t\t<div class=\"elementor-element elementor-element-378e2199 elementor-widget elementor-widget-heading\" data-id=\"378e2199\" data-element_type=\"widget\" data-widget_type=\"heading.default\">\n\t\t\t\t<div class=\"elementor-widget-container\">\n\t\t\t<h4 class=\"elementor-heading-title elementor-size-default\">Bianca Arvizu<\/h4>\t\t<\/div>\n\t\t\t\t<\/div>\n\t\t\t\t\t<\/div>\n\t\t\t\t<\/div>\n\t\t<div class=\"elementor-element elementor-element-153e27ca member e-flex e-con-boxed e-con e-child\" data-id=\"153e27ca\" data-element_type=\"container\">\n\t\t\t\t\t<div class=\"e-con-inner\">\n\t\t\t\t<div class=\"elementor-element elementor-element-45e88f39 elementor-widget elementor-widget-image\" data-id=\"45e88f39\" data-element_type=\"widget\" data-widget_type=\"image.default\">\n\t\t\t\t<div class=\"elementor-widget-container\">\n\t\t\t\t\t\t\t\t\t\t\t\t\t<img loading=\"lazy\" decoding=\"async\" width=\"250\" height=\"250\" src=\"https:\/\/wdc2024.org\/es\/wp-content\/uploads\/sites\/2\/2024\/04\/Andrea-Carrillo-250x250.png\" class=\"attachment-medium size-medium wp-image-1029\" alt=\"\" srcset=\"https:\/\/wdc2024.org\/es\/wp-content\/uploads\/sites\/2\/2024\/04\/Andrea-Carrillo-250x250.png 250w, https:\/\/wdc2024.org\/es\/wp-content\/uploads\/sites\/2\/2024\/04\/Andrea-Carrillo-150x150.png 150w, https:\/\/wdc2024.org\/es\/wp-content\/uploads\/sites\/2\/2024\/04\/Andrea-Carrillo-120x120.png 120w, https:\/\/wdc2024.org\/es\/wp-content\/uploads\/sites\/2\/2024\/04\/Andrea-Carrillo.png 256w\" sizes=\"(max-width: 250px) 100vw, 250px\" \/>\t\t\t\t\t\t\t\t\t\t\t\t\t<\/div>\n\t\t\t\t<\/div>\n\t\t\t\t<div class=\"elementor-element elementor-element-3c1e38c3 elementor-widget elementor-widget-heading\" data-id=\"3c1e38c3\" data-element_type=\"widget\" data-widget_type=\"heading.default\">\n\t\t\t\t<div class=\"elementor-widget-container\">\n\t\t\t<h4 class=\"elementor-heading-title elementor-size-default\">Andrea Carrillo<\/h4>\t\t<\/div>\n\t\t\t\t<\/div>\n\t\t\t\t<div class=\"elementor-element elementor-element-470fed2a elementor-widget elementor-widget-text-editor\" data-id=\"470fed2a\" data-element_type=\"widget\" data-widget_type=\"text-editor.default\">\n\t\t\t\t<div class=\"elementor-widget-container\">\n\t\t\t\t\t\t\t<p class=\"detail-title\">Artista y dise\u00f1ador gr\u00e1fico<\/p>\t\t\t\t\t\t<\/div>\n\t\t\t\t<\/div>\n\t\t\t\t<div class=\"elementor-element elementor-element-bc0f97 elementor-hidden-desktop elementor-hidden-tablet elementor-hidden-mobile elementor-widget elementor-widget-html\" data-id=\"bc0f97\" data-element_type=\"widget\" data-widget_type=\"html.default\">\n\t\t\t\t<div class=\"elementor-widget-container\">\n\t\t\t&lt;input type=&quot;hidden&quot; value=&quot;Andrea Carrillo Iglesias es una artista y dise\u00f1adora gr\u00e1fica que actualmente vive entre Tijuana y Ciudad de M\u00e9xico.<br><br>Es miembro de coopia y codirige el estudio Vish &amp; Lava.\"&gt;\t\t<\/div>\n\t\t\t\t<\/div>\n\t\t\t\t\t<\/div>\n\t\t\t\t<\/div>\n\t\t<div class=\"elementor-element elementor-element-26886dbe member e-flex e-con-boxed e-con e-child\" data-id=\"26886dbe\" data-element_type=\"container\">\n\t\t\t\t\t<div class=\"e-con-inner\">\n\t\t\t\t<div class=\"elementor-element elementor-element-4e5ee176 elementor-widget elementor-widget-image\" data-id=\"4e5ee176\" data-element_type=\"widget\" data-widget_type=\"image.default\">\n\t\t\t\t<div class=\"elementor-widget-container\">\n\t\t\t\t\t\t\t\t\t\t\t\t\t<img loading=\"lazy\" decoding=\"async\" width=\"250\" height=\"250\" src=\"https:\/\/wdc2024.org\/es\/wp-content\/uploads\/sites\/2\/2024\/04\/Giacomo-Castagnola-250x250.png\" class=\"attachment-medium size-medium wp-image-1030\" alt=\"\" srcset=\"https:\/\/wdc2024.org\/es\/wp-content\/uploads\/sites\/2\/2024\/04\/Giacomo-Castagnola-250x250.png 250w, https:\/\/wdc2024.org\/es\/wp-content\/uploads\/sites\/2\/2024\/04\/Giacomo-Castagnola-150x150.png 150w, https:\/\/wdc2024.org\/es\/wp-content\/uploads\/sites\/2\/2024\/04\/Giacomo-Castagnola-120x120.png 120w, https:\/\/wdc2024.org\/es\/wp-content\/uploads\/sites\/2\/2024\/04\/Giacomo-Castagnola.png 256w\" sizes=\"(max-width: 250px) 100vw, 250px\" \/>\t\t\t\t\t\t\t\t\t\t\t\t\t<\/div>\n\t\t\t\t<\/div>\n\t\t\t\t<div class=\"elementor-element elementor-element-62f10ffe elementor-widget elementor-widget-heading\" data-id=\"62f10ffe\" data-element_type=\"widget\" data-widget_type=\"heading.default\">\n\t\t\t\t<div class=\"elementor-widget-container\">\n\t\t\t<h4 class=\"elementor-heading-title elementor-size-default\">Giacomo Castagnola<\/h4>\t\t<\/div>\n\t\t\t\t<\/div>\n\t\t\t\t<div class=\"elementor-element elementor-element-742bb2c elementor-widget elementor-widget-text-editor\" data-id=\"742bb2c\" data-element_type=\"widget\" data-widget_type=\"text-editor.default\">\n\t\t\t\t<div class=\"elementor-widget-container\">\n\t\t\t\t\t\t\t<p class=\"detail-title\">Arquitecto<\/p><p>\u00a0<\/p>\t\t\t\t\t\t<\/div>\n\t\t\t\t<\/div>\n\t\t\t\t<div class=\"elementor-element elementor-element-72294883 elementor-hidden-desktop elementor-hidden-tablet elementor-hidden-mobile elementor-widget elementor-widget-html\" data-id=\"72294883\" data-element_type=\"widget\" data-widget_type=\"html.default\">\n\t\t\t\t<div class=\"elementor-widget-container\">\n\t\t\t&lt;input type=&quot;hidden&quot; value=&quot;Originario de Per\u00fa, Giacomo Castagnola vivi\u00f3 y trabaj\u00f3 durante muchos a\u00f1os en la regi\u00f3n fronteriza entre Tijuana y San Diego, donde fund\u00f3 el Estudio Germen, un estudio de arquitectura y dise\u00f1o que investiga la ciudad \u201dinformal\u201d y autoorganizada. En la actualidad trabaja entre Ciudad de M\u00e9xico y San Francisco, y gran parte de su obra explora las interrelaciones y superposiciones de documento, cuerpo, mobiliario y arquitectura en un intento de crear diferentes estructuras y sistemas de exposici\u00f3n para que las galer\u00edas y los museos funcionen m\u00e1s como espacios p\u00fablicos. <br><br>\nSu familia de dise\u00f1os y piezas de mobiliario, en constante evoluci\u00f3n, comienza con objetos que reaccionan a la interacci\u00f3n con el cuerpo del usuario; sigue con bancos callejeros para merodear que intervienen en zonas sobrantes del espacio p\u00fablico; con contenedores corporales fabricados mediante la acumulaci\u00f3n repetida de una sola unidad del mismo material; y, por \u00faltimo, con mesas interconectadas que se convierten en plataformas de exposici\u00f3n de arte. Mediante la acumulaci\u00f3n y la expansi\u00f3n, sus dise\u00f1os pretenden transformar el espacio y extender el cuerpo..\"&gt;\t\t<\/div>\n\t\t\t\t<\/div>\n\t\t\t\t\t<\/div>\n\t\t\t\t<\/div>\n\t\t<div class=\"elementor-element elementor-element-2737a086 member e-flex e-con-boxed e-con e-child\" data-id=\"2737a086\" data-element_type=\"container\">\n\t\t\t\t\t<div class=\"e-con-inner\">\n\t\t\t\t<div class=\"elementor-element elementor-element-2e726de9 elementor-widget elementor-widget-image\" data-id=\"2e726de9\" data-element_type=\"widget\" data-widget_type=\"image.default\">\n\t\t\t\t<div class=\"elementor-widget-container\">\n\t\t\t\t\t\t\t\t\t\t\t\t\t<img loading=\"lazy\" decoding=\"async\" width=\"250\" height=\"250\" src=\"https:\/\/wdc2024.org\/es\/wp-content\/uploads\/sites\/2\/2024\/04\/Hugo-Abel-Castro-250x250.png\" class=\"attachment-medium size-medium wp-image-1031\" alt=\"\" srcset=\"https:\/\/wdc2024.org\/es\/wp-content\/uploads\/sites\/2\/2024\/04\/Hugo-Abel-Castro-250x250.png 250w, https:\/\/wdc2024.org\/es\/wp-content\/uploads\/sites\/2\/2024\/04\/Hugo-Abel-Castro-150x150.png 150w, https:\/\/wdc2024.org\/es\/wp-content\/uploads\/sites\/2\/2024\/04\/Hugo-Abel-Castro-120x120.png 120w, https:\/\/wdc2024.org\/es\/wp-content\/uploads\/sites\/2\/2024\/04\/Hugo-Abel-Castro.png 256w\" sizes=\"(max-width: 250px) 100vw, 250px\" \/>\t\t\t\t\t\t\t\t\t\t\t\t\t<\/div>\n\t\t\t\t<\/div>\n\t\t\t\t<div class=\"elementor-element elementor-element-53d2a685 elementor-widget elementor-widget-heading\" data-id=\"53d2a685\" data-element_type=\"widget\" data-widget_type=\"heading.default\">\n\t\t\t\t<div class=\"elementor-widget-container\">\n\t\t\t<h4 class=\"elementor-heading-title elementor-size-default\">Hugo Abel Castro<\/h4>\t\t<\/div>\n\t\t\t\t<\/div>\n\t\t\t\t<div class=\"elementor-element elementor-element-5b7622ad elementor-widget elementor-widget-text-editor\" data-id=\"5b7622ad\" data-element_type=\"widget\" data-widget_type=\"text-editor.default\">\n\t\t\t\t<div class=\"elementor-widget-container\">\n\t\t\t\t\t\t\t<p class=\"detail-title\">Creador y Director<\/p>\n<p class=\"detail-company\">Gamacon<\/p>\t\t\t\t\t\t<\/div>\n\t\t\t\t<\/div>\n\t\t\t\t<div class=\"elementor-element elementor-element-6c2daa5d elementor-hidden-desktop elementor-hidden-tablet elementor-hidden-mobile elementor-widget elementor-widget-html\" data-id=\"6c2daa5d\" data-element_type=\"widget\" data-widget_type=\"html.default\">\n\t\t\t\t<div class=\"elementor-widget-container\">\n\t\t\t&lt;input type=&quot;hidden&quot; value=&quot;Since 2008 Hugo has been one of the main drivers of the Mexican game development industry. By forming the non-profit organization Gamacon (www.gamacon.mx), he created one of the most important conferences in Mexico, fostering educational and commercial opportunities for Mexican and American game developers. He has worked with several educational institutions, advising and complementing their academic programs, and works tirelessly to promote Mexican culture and art in games.<br><br>\nHugo was also part of the board of directors of the Mexican Association of Video Game Developers (VGMX) from 2017 to 2019, and was part of the Mexican Government in the ProM\u00e9xico office in Los Angeles from 2015 to 2018, in charge of the software development industry, video games, animations and creative media. In addition, he has been a speaker at the San Diego Comic Con on several occasions.<br><br>Since 2008 Hugo has been one of the main drivers of the Mexican game development industry. By forming the non-profit organization Gamacon (www.gamacon.mx), he created one of the most important conferences in Mexico, fostering educational and commercial opportunities for Mexican and American game developers. He has worked with several educational institutions, advising and complementing their academic programs and works tirelessly to promote Mexican culture and art in games.<br><br>Hugo tambi\u00e9n form\u00f3 parte del consejo directivo de la Asociaci\u00f3n Mexicana de Desarrolladores de Videojuegos (VGMX) de 2017 a 2019, y fue parte del Gobierno de M\u00e9xico en la oficina de ProM\u00e9xico en Los \u00c1ngeles de 2015 a 2018, a cargo de la industria de desarrollo de software, videojuegos, animaciones y medios creativos. Adem\u00e1s, ha sido ponente en la Comic Con de San Diego en varias ocasiones.\"&gt;\t\t<\/div>\n\t\t\t\t<\/div>\n\t\t\t\t\t<\/div>\n\t\t\t\t<\/div>\n\t\t<div class=\"elementor-element elementor-element-299532ef member e-flex e-con-boxed e-con e-child\" data-id=\"299532ef\" data-element_type=\"container\">\n\t\t\t\t\t<div class=\"e-con-inner\">\n\t\t\t\t<div class=\"elementor-element elementor-element-39292929 elementor-widget elementor-widget-image\" data-id=\"39292929\" data-element_type=\"widget\" data-widget_type=\"image.default\">\n\t\t\t\t<div class=\"elementor-widget-container\">\n\t\t\t\t\t\t\t\t\t\t\t\t\t<img loading=\"lazy\" decoding=\"async\" width=\"250\" height=\"250\" src=\"https:\/\/wdc2024.org\/es\/wp-content\/uploads\/sites\/2\/2024\/04\/Marco-Celis-250x250.jpeg\" class=\"attachment-medium size-medium wp-image-1032\" alt=\"\" srcset=\"https:\/\/wdc2024.org\/es\/wp-content\/uploads\/sites\/2\/2024\/04\/Marco-Celis-250x250.jpeg 250w, https:\/\/wdc2024.org\/es\/wp-content\/uploads\/sites\/2\/2024\/04\/Marco-Celis-150x150.jpeg 150w, https:\/\/wdc2024.org\/es\/wp-content\/uploads\/sites\/2\/2024\/04\/Marco-Celis-120x120.jpeg 120w, https:\/\/wdc2024.org\/es\/wp-content\/uploads\/sites\/2\/2024\/04\/Marco-Celis.jpeg 256w\" sizes=\"(max-width: 250px) 100vw, 250px\" \/>\t\t\t\t\t\t\t\t\t\t\t\t\t<\/div>\n\t\t\t\t<\/div>\n\t\t\t\t<div class=\"elementor-element elementor-element-55cb9458 elementor-widget elementor-widget-heading\" data-id=\"55cb9458\" data-element_type=\"widget\" data-widget_type=\"heading.default\">\n\t\t\t\t<div class=\"elementor-widget-container\">\n\t\t\t<h4 class=\"elementor-heading-title elementor-size-default\">Marco Celis<\/h4>\t\t<\/div>\n\t\t\t\t<\/div>\n\t\t\t\t<div class=\"elementor-element elementor-element-31d84055 elementor-widget elementor-widget-text-editor\" data-id=\"31d84055\" data-element_type=\"widget\" data-widget_type=\"text-editor.default\">\n\t\t\t\t<div class=\"elementor-widget-container\">\n\t\t\t\t\t\t\t<p class=\"detail-title\">Direcci\u00f3n, Fotograf\u00eda, Gui\u00f3n<\/p>\t\t\t\t\t\t<\/div>\n\t\t\t\t<\/div>\n\t\t\t\t<div class=\"elementor-element elementor-element-41a0da18 elementor-hidden-desktop elementor-hidden-tablet elementor-hidden-mobile elementor-widget elementor-widget-html\" data-id=\"41a0da18\" data-element_type=\"widget\" data-widget_type=\"html.default\">\n\t\t\t\t<div class=\"elementor-widget-container\">\n\t\t\t&lt;input type=&quot;hidden&quot; value=&quot;Marco Aurelio Celis, de 28 a\u00f1os de edad, vive en Tijuana, Baja California, M\u00e9xico. Gan\u00f3 el segundo lugar en el Concurso Internacional Nespresso Talents 2019 con el cortometraje Ruffo, que dirigi\u00f3 y que fue presentado durante el Festival de Cannes 2019 y el Festival Internacional de Cine de Morelia del mismo a\u00f1o. <br><br>Ha trabajado como director de fotograf\u00eda y director en videos musicales, cortometrajes y largometrajes locales. Fue director y director de fotograf\u00eda de los cortometrajes Luz de Luna (2018) y La Tierra que Habitamos (2019), cortometraje ganador en el Festival de Cine y Derechos Humanos de Barcelona en la categor\u00eda de Mejor Cortometraje Documental.<br><br>Particip\u00f3 como codirector en el 48 Hour Film Project 2019 con el cortometraje Los de all\u00e1, el cual fue reconocido con el segundo lugar nacional. Tambi\u00e9n fungi\u00f3 como guionista con El cielo no nos pertenece, cortometraje ganador en la edici\u00f3n 2021 del mismo certamen. Tambi\u00e9n fue director de fotograf\u00eda de Los Fundadores, \u00f3pera prima ganadora del Puma de Plata en el FICUNAM, dirigida por Diego Hern\u00e1ndez.\"&gt;\t\t<\/div>\n\t\t\t\t<\/div>\n\t\t\t\t\t<\/div>\n\t\t\t\t<\/div>\n\t\t<div class=\"elementor-element elementor-element-6a4ffe1e member e-flex e-con-boxed e-con e-child\" data-id=\"6a4ffe1e\" data-element_type=\"container\">\n\t\t\t\t\t<div class=\"e-con-inner\">\n\t\t\t\t<div class=\"elementor-element elementor-element-38dc22fb elementor-widget elementor-widget-image\" data-id=\"38dc22fb\" data-element_type=\"widget\" data-widget_type=\"image.default\">\n\t\t\t\t<div class=\"elementor-widget-container\">\n\t\t\t\t\t\t\t\t\t\t\t\t\t<img loading=\"lazy\" decoding=\"async\" width=\"250\" height=\"250\" src=\"https:\/\/wdc2024.org\/es\/wp-content\/uploads\/sites\/2\/2024\/04\/Dimitri-Chamblas-250x250.jpeg\" class=\"attachment-medium size-medium wp-image-1033\" alt=\"\" srcset=\"https:\/\/wdc2024.org\/es\/wp-content\/uploads\/sites\/2\/2024\/04\/Dimitri-Chamblas-250x250.jpeg 250w, https:\/\/wdc2024.org\/es\/wp-content\/uploads\/sites\/2\/2024\/04\/Dimitri-Chamblas-150x150.jpeg 150w, https:\/\/wdc2024.org\/es\/wp-content\/uploads\/sites\/2\/2024\/04\/Dimitri-Chamblas-120x120.jpeg 120w, https:\/\/wdc2024.org\/es\/wp-content\/uploads\/sites\/2\/2024\/04\/Dimitri-Chamblas.jpeg 256w\" sizes=\"(max-width: 250px) 100vw, 250px\" \/>\t\t\t\t\t\t\t\t\t\t\t\t\t<\/div>\n\t\t\t\t<\/div>\n\t\t\t\t<div class=\"elementor-element elementor-element-7fabf084 elementor-widget elementor-widget-heading\" data-id=\"7fabf084\" data-element_type=\"widget\" data-widget_type=\"heading.default\">\n\t\t\t\t<div class=\"elementor-widget-container\">\n\t\t\t<h4 class=\"elementor-heading-title elementor-size-default\">Dimitri Chamblas<\/h4>\t\t<\/div>\n\t\t\t\t<\/div>\n\t\t\t\t<div class=\"elementor-element elementor-element-eaf8f79 elementor-widget elementor-widget-text-editor\" data-id=\"eaf8f79\" data-element_type=\"widget\" data-widget_type=\"text-editor.default\">\n\t\t\t\t<div class=\"elementor-widget-container\">\n\t\t\t\t\t\t\t<p class=\"detail-title\">Artista y core\u00f3grafa<\/p>\t\t\t\t\t\t<\/div>\n\t\t\t\t<\/div>\n\t\t\t\t<div class=\"elementor-element elementor-element-3abe6c0e elementor-hidden-desktop elementor-hidden-tablet elementor-hidden-mobile elementor-widget elementor-widget-html\" data-id=\"3abe6c0e\" data-element_type=\"widget\" data-widget_type=\"html.default\">\n\t\t\t\t<div class=\"elementor-widget-container\">\n\t\t\t&lt;input type=&quot;hidden&quot; value=&quot;Dimitri Chamblas (nacido en 1974) es un bailar\u00edn franc\u00e9s y core\u00f3grafo de danza contempor\u00e1nea, adem\u00e1s de director art\u00edstico y productor cinematogr\u00e1fico. <br><br>Su obra se ha exhibido en la Tate Modern, el Centro Pompidou de Par\u00eds, el Geffen Contemporary (MOCA), la \u00d3pera Nacional de Par\u00eds y el Skirball Center for the Performing Arts. <br><br>A lo largo de su carrera ha colaborado con los core\u00f3grafos Lil Buck, Boris Charmatz, William Forsythe, Benjamin Millepied y Mathilde Monnier; los artistas Christian Boltanski, Dan Colen, Andy Goldsworthy, Kim Gordon, Alex Prager y Xavier Veilhan; la directora Rebecca Zlotowski; los directores creativos Virginie Viard, Jean Paul Gautier y Karl Lagerfeld; el compositor Heiner Goebbels; y la directora de orquesta Barbara Hannigan.\"&gt;\t\t<\/div>\n\t\t\t\t<\/div>\n\t\t\t\t\t<\/div>\n\t\t\t\t<\/div>\n\t\t<div class=\"elementor-element elementor-element-105535d6 member e-flex e-con-boxed e-con e-child\" data-id=\"105535d6\" data-element_type=\"container\">\n\t\t\t\t\t<div class=\"e-con-inner\">\n\t\t\t\t<div class=\"elementor-element elementor-element-2428504f elementor-widget elementor-widget-image\" data-id=\"2428504f\" data-element_type=\"widget\" data-widget_type=\"image.default\">\n\t\t\t\t<div class=\"elementor-widget-container\">\n\t\t\t\t\t\t\t\t\t\t\t\t\t<img loading=\"lazy\" decoding=\"async\" width=\"250\" height=\"250\" src=\"https:\/\/wdc2024.org\/es\/wp-content\/uploads\/sites\/2\/2024\/04\/Tijuana-Dance-Company-250x250.png\" class=\"attachment-medium size-medium wp-image-1034\" alt=\"\" srcset=\"https:\/\/wdc2024.org\/es\/wp-content\/uploads\/sites\/2\/2024\/04\/Tijuana-Dance-Company-250x250.png 250w, https:\/\/wdc2024.org\/es\/wp-content\/uploads\/sites\/2\/2024\/04\/Tijuana-Dance-Company-150x150.png 150w, https:\/\/wdc2024.org\/es\/wp-content\/uploads\/sites\/2\/2024\/04\/Tijuana-Dance-Company-120x120.png 120w, https:\/\/wdc2024.org\/es\/wp-content\/uploads\/sites\/2\/2024\/04\/Tijuana-Dance-Company.png 256w\" sizes=\"(max-width: 250px) 100vw, 250px\" \/>\t\t\t\t\t\t\t\t\t\t\t\t\t<\/div>\n\t\t\t\t<\/div>\n\t\t\t\t<div class=\"elementor-element elementor-element-44b9d90d elementor-widget elementor-widget-heading\" data-id=\"44b9d90d\" data-element_type=\"widget\" data-widget_type=\"heading.default\">\n\t\t\t\t<div class=\"elementor-widget-container\">\n\t\t\t<h4 class=\"elementor-heading-title elementor-size-default\">Tijuana Dance Company<\/h4>\t\t<\/div>\n\t\t\t\t<\/div>\n\t\t\t\t\t<\/div>\n\t\t\t\t<\/div>\n\t\t<div class=\"elementor-element elementor-element-f661175 member e-flex e-con-boxed e-con e-child\" data-id=\"f661175\" data-element_type=\"container\">\n\t\t\t\t\t<div class=\"e-con-inner\">\n\t\t\t\t<div class=\"elementor-element elementor-element-240e45fa elementor-widget elementor-widget-image\" data-id=\"240e45fa\" data-element_type=\"widget\" data-widget_type=\"image.default\">\n\t\t\t\t<div class=\"elementor-widget-container\">\n\t\t\t\t\t\t\t\t\t\t\t\t\t<img loading=\"lazy\" decoding=\"async\" width=\"250\" height=\"250\" src=\"https:\/\/wdc2024.org\/es\/wp-content\/uploads\/sites\/2\/2024\/04\/No-Cuerpo-250x250.png\" class=\"attachment-medium size-medium wp-image-1035\" alt=\"\" srcset=\"https:\/\/wdc2024.org\/es\/wp-content\/uploads\/sites\/2\/2024\/04\/No-Cuerpo-250x250.png 250w, https:\/\/wdc2024.org\/es\/wp-content\/uploads\/sites\/2\/2024\/04\/No-Cuerpo-150x150.png 150w, https:\/\/wdc2024.org\/es\/wp-content\/uploads\/sites\/2\/2024\/04\/No-Cuerpo-120x120.png 120w, https:\/\/wdc2024.org\/es\/wp-content\/uploads\/sites\/2\/2024\/04\/No-Cuerpo.png 256w\" sizes=\"(max-width: 250px) 100vw, 250px\" \/>\t\t\t\t\t\t\t\t\t\t\t\t\t<\/div>\n\t\t\t\t<\/div>\n\t\t\t\t<div class=\"elementor-element elementor-element-71a5e6c8 elementor-widget elementor-widget-heading\" data-id=\"71a5e6c8\" data-element_type=\"widget\" data-widget_type=\"heading.default\">\n\t\t\t\t<div class=\"elementor-widget-container\">\n\t\t\t<h4 class=\"elementor-heading-title elementor-size-default\">No Cuerpo<\/h4>\t\t<\/div>\n\t\t\t\t<\/div>\n\t\t\t\t<div class=\"elementor-element elementor-element-6dd03390 elementor-hidden-desktop elementor-hidden-tablet elementor-hidden-mobile elementor-widget elementor-widget-html\" data-id=\"6dd03390\" data-element_type=\"widget\" data-widget_type=\"html.default\">\n\t\t\t\t<div class=\"elementor-widget-container\">\n\t\t\t&lt;input type=&quot;hidden&quot; value=&quot;We find art everywhere we look! Art history, pop culture, and local artists in one place!<br><br>We find art everywhere we look! Art history, pop culture, and local artists in one place!\"&gt;\t\t<\/div>\n\t\t\t\t<\/div>\n\t\t\t\t\t<\/div>\n\t\t\t\t<\/div>\n\t\t<div class=\"elementor-element elementor-element-74a5cbb8 e-flex e-con-boxed e-con e-child\" data-id=\"74a5cbb8\" data-element_type=\"container\">\n\t\t\t\t\t<div class=\"e-con-inner\">\n\t\t\t\t\t<\/div>\n\t\t\t\t<\/div>\n\t\t\t\t<\/div>\n\t\t\t\t<div class=\"elementor-element elementor-element-5743b053 more-speaker elementor-widget elementor-widget-n-accordion\" data-id=\"5743b053\" data-element_type=\"widget\" data-settings=\"{&quot;default_state&quot;:&quot;all_collapsed&quot;,&quot;max_items_expended&quot;:&quot;one&quot;,&quot;n_accordion_animation_duration&quot;:{&quot;unit&quot;:&quot;ms&quot;,&quot;size&quot;:400,&quot;sizes&quot;:[]}}\" data-widget_type=\"nested-accordion.default\">\n\t\t\t\t<div class=\"elementor-widget-container\">\n\t\t\t\t\t<div class=\"e-n-accordion\" aria-label=\"Accordion. Open links with Enter or Space, close with Escape, and navigate with Arrow Keys\">\n\t\t\t\t\t\t<details id=\"e-n-accordion-item-1460\" class=\"e-n-accordion-item\" >\n\t\t\t\t<summary class=\"e-n-accordion-item-title\" data-accordion-index=\"1\" tabindex=\"0\" aria-expanded=\"false\" aria-controls=\"e-n-accordion-item-1460\" >\n\t\t\t\t\t<span class='e-n-accordion-item-title-header'><div class=\"e-n-accordion-item-title-text\">  <\/div><\/span>\n\t\t\t\t\t\t\t<span class='e-n-accordion-item-title-icon'>\n\t\t\t<span class='e-opened' ><svg aria-hidden=\"true\" class=\"e-font-icon-svg e-fas-chevron-up\" viewBox=\"0 0 448 512\" xmlns=\"http:\/\/www.w3.org\/2000\/svg\"><path d=\"M240.971 130.524l194.343 194.343c9.373 9.373 9.373 24.569 0 33.941l-22.667 22.667c-9.357 9.357-24.522 9.375-33.901.04L224 227.495 69.255 381.516c-9.379 9.335-24.544 9.317-33.901-.04l-22.667-22.667c-9.373-9.373-9.373-24.569 0-33.941L207.03 130.525c9.372-9.373 24.568-9.373 33.941-.001z\"><\/path><\/svg><\/span>\n\t\t\t<span class='e-closed'><svg aria-hidden=\"true\" class=\"e-font-icon-svg e-fas-chevron-down\" viewBox=\"0 0 448 512\" xmlns=\"http:\/\/www.w3.org\/2000\/svg\"><path d=\"M207.029 381.476L12.686 187.132c-9.373-9.373-9.373-24.569 0-33.941l22.667-22.667c9.357-9.357 24.522-9.375 33.901-.04L224 284.505l154.745-154.021c9.379-9.335 24.544-9.317 33.901.04l22.667 22.667c9.373 9.373 9.373 24.569 0 33.941L240.971 381.476c-9.373 9.372-24.569 9.372-33.942 0z\"><\/path><\/svg><\/span>\n\t\t<\/span>\n\n\t\t\t\t\t\t<\/summary>\n\t\t\t\t<div role=\"region\" aria-labelledby=\"e-n-accordion-item-1460\" class=\"elementor-element elementor-element-1db1f404 e-con-full e-flex e-con e-child\" data-id=\"1db1f404\" data-element_type=\"container\">\n\t\t<div role=\"region\" aria-labelledby=\"e-n-accordion-item-1460\" class=\"elementor-element elementor-element-30af9cb e-grid e-con-full e-con e-child\" data-id=\"30af9cb\" data-element_type=\"container\">\n\t\t<div role=\"region\" aria-labelledby=\"e-n-accordion-item-1460\" class=\"elementor-element elementor-element-222da7b3 member e-flex e-con-boxed e-con e-child\" data-id=\"222da7b3\" data-element_type=\"container\">\n\t\t\t\t\t<div class=\"e-con-inner\">\n\t\t\t\t<div class=\"elementor-element elementor-element-176ea88e elementor-widget elementor-widget-image\" data-id=\"176ea88e\" data-element_type=\"widget\" data-widget_type=\"image.default\">\n\t\t\t\t<div class=\"elementor-widget-container\">\n\t\t\t\t\t\t\t\t\t\t\t\t\t<img loading=\"lazy\" decoding=\"async\" width=\"250\" height=\"250\" src=\"https:\/\/wdc2024.org\/es\/wp-content\/uploads\/sites\/2\/2024\/04\/Manuela-Dalle-250x250.png\" class=\"attachment-medium size-medium wp-image-1036\" alt=\"\" srcset=\"https:\/\/wdc2024.org\/es\/wp-content\/uploads\/sites\/2\/2024\/04\/Manuela-Dalle-250x250.png 250w, https:\/\/wdc2024.org\/es\/wp-content\/uploads\/sites\/2\/2024\/04\/Manuela-Dalle-150x150.png 150w, https:\/\/wdc2024.org\/es\/wp-content\/uploads\/sites\/2\/2024\/04\/Manuela-Dalle-120x120.png 120w, https:\/\/wdc2024.org\/es\/wp-content\/uploads\/sites\/2\/2024\/04\/Manuela-Dalle.png 256w\" sizes=\"(max-width: 250px) 100vw, 250px\" \/>\t\t\t\t\t\t\t\t\t\t\t\t\t<\/div>\n\t\t\t\t<\/div>\n\t\t\t\t<div class=\"elementor-element elementor-element-14f540bf elementor-widget elementor-widget-heading\" data-id=\"14f540bf\" data-element_type=\"widget\" data-widget_type=\"heading.default\">\n\t\t\t\t<div class=\"elementor-widget-container\">\n\t\t\t<h4 class=\"elementor-heading-title elementor-size-default\">Manuela Dalle<\/h4>\t\t<\/div>\n\t\t\t\t<\/div>\n\t\t\t\t<div class=\"elementor-element elementor-element-31a0b3e elementor-widget elementor-widget-text-editor\" data-id=\"31a0b3e\" data-element_type=\"widget\" data-widget_type=\"text-editor.default\">\n\t\t\t\t<div class=\"elementor-widget-container\">\n\t\t\t\t\t\t\t<p class=\"detail-title\">Director<\/p>\t\t\t\t\t\t<\/div>\n\t\t\t\t<\/div>\n\t\t\t\t<div class=\"elementor-element elementor-element-44b82eb5 elementor-hidden-desktop elementor-hidden-tablet elementor-hidden-mobile elementor-widget elementor-widget-html\" data-id=\"44b82eb5\" data-element_type=\"widget\" data-widget_type=\"html.default\">\n\t\t\t\t<div class=\"elementor-widget-container\">\n\t\t\t&lt;input type=&quot;hidden&quot; value=&quot;Manuella Dalle estudi\u00f3 Ciencias Pol\u00edticas y Sociolog\u00eda antes de empezar a dirigir documentales para el programa \u201dStrip tease\u201d de la importante cadena francesa France 3. A continuaci\u00f3n, capt\u00f3 el mundo del arte contempor\u00e1neo dirigiendo retratos de artistas, desde fot\u00f3grafos hasta escultores, pasando por artistas callejeros, para el canal franco-alem\u00e1n Arte, reconocido internacionalmente. <br><br>En 2013, mientras viv\u00eda en Los \u00c1ngeles, dirigi\u00f3 un largometraje sobre un sacerdote franco-colombiano que decidi\u00f3 crear una iglesia multicultural. Este documental le vali\u00f3 el reconocimiento internacional: se proyect\u00f3 en numerosos festivales de cine de todo el mundo y se compr\u00f3 en varios pa\u00edses.<br><br>Tambi\u00e9n ha dirigido algunos v\u00eddeos de formato libre que reflexionan sobre el arte contempor\u00e1neo y la tecnolog\u00eda (\u201dJe me souviens\u201d para 3eme sc\u00e8ne de l'Op\u00e9ra de Paris y \u201d Scan 1 \u201d para Biennale de Montrouge). <br><br>En 2016, se centr\u00f3 en el mundo de los j\u00f3venes artistas de la \u00d3pera e inici\u00f3 el documental \u201dOp\u00e9ra Acad\u00e9mie\u201d que tambi\u00e9n se emiti\u00f3 en el importante canal franc\u00e9s France 2.<br><br>Se traslad\u00f3 de nuevo a Los \u00c1ngeles, donde realiz\u00f3 varias pel\u00edculas sobre y con artistas como Ed Ruscha o Kim Gordon.<br><br>Ahora est\u00e1 realizando un documental sobre la danza en una prisi\u00f3n de alta seguridad para hombres en Lancaster, California.\"&gt;\t\t<\/div>\n\t\t\t\t<\/div>\n\t\t\t\t\t<\/div>\n\t\t\t\t<\/div>\n\t\t<div role=\"region\" aria-labelledby=\"e-n-accordion-item-1460\" class=\"elementor-element elementor-element-43c57361 member e-flex e-con-boxed e-con e-child\" data-id=\"43c57361\" data-element_type=\"container\">\n\t\t\t\t\t<div class=\"e-con-inner\">\n\t\t\t\t<div class=\"elementor-element elementor-element-6ffb62eb elementor-widget elementor-widget-image\" data-id=\"6ffb62eb\" data-element_type=\"widget\" data-widget_type=\"image.default\">\n\t\t\t\t<div class=\"elementor-widget-container\">\n\t\t\t\t\t\t\t\t\t\t\t\t\t<img loading=\"lazy\" decoding=\"async\" width=\"250\" height=\"250\" src=\"https:\/\/wdc2024.org\/es\/wp-content\/uploads\/sites\/2\/2024\/04\/Denise-Luna-Acevedo-250x250.jpeg\" class=\"attachment-medium size-medium wp-image-1025\" alt=\"\" srcset=\"https:\/\/wdc2024.org\/es\/wp-content\/uploads\/sites\/2\/2024\/04\/Denise-Luna-Acevedo-250x250.jpeg 250w, https:\/\/wdc2024.org\/es\/wp-content\/uploads\/sites\/2\/2024\/04\/Denise-Luna-Acevedo-150x150.jpeg 150w, https:\/\/wdc2024.org\/es\/wp-content\/uploads\/sites\/2\/2024\/04\/Denise-Luna-Acevedo-120x120.jpeg 120w, https:\/\/wdc2024.org\/es\/wp-content\/uploads\/sites\/2\/2024\/04\/Denise-Luna-Acevedo.jpeg 256w\" sizes=\"(max-width: 250px) 100vw, 250px\" \/>\t\t\t\t\t\t\t\t\t\t\t\t\t<\/div>\n\t\t\t\t<\/div>\n\t\t\t\t<div class=\"elementor-element elementor-element-32c8d53 elementor-widget elementor-widget-heading\" data-id=\"32c8d53\" data-element_type=\"widget\" data-widget_type=\"heading.default\">\n\t\t\t\t<div class=\"elementor-widget-container\">\n\t\t\t<h4 class=\"elementor-heading-title elementor-size-default\">Denise Luna Acevedo<\/h4>\t\t<\/div>\n\t\t\t\t<\/div>\n\t\t\t\t<div class=\"elementor-element elementor-element-11d608cf elementor-widget elementor-widget-text-editor\" data-id=\"11d608cf\" data-element_type=\"widget\" data-widget_type=\"text-editor.default\">\n\t\t\t\t<div class=\"elementor-widget-container\">\n\t\t\t\t\t\t\t<p>Director de Investigaci\u00f3n \/ Cofundador<\/p>\t\t\t\t\t\t<\/div>\n\t\t\t\t<\/div>\n\t\t\t\t<div class=\"elementor-element elementor-element-10e32406 elementor-hidden-desktop elementor-hidden-tablet elementor-hidden-mobile elementor-widget elementor-widget-html\" data-id=\"10e32406\" data-element_type=\"widget\" data-widget_type=\"html.default\">\n\t\t\t\t<div class=\"elementor-widget-container\">\n\t\t\t&lt;input type=&quot;hidden&quot; value=&quot;Denise Luna Acevedo estudi\u00f3 arquitectura en la Universidad Iberoamericana CDMX-Tijuana. Fue investigadora en el programa \u201dThe New Normal\u201d iteraci\u00f3n 2018 del Instituto Strelka, donde colabor\u00f3 en proyectos de investigaci\u00f3n y dise\u00f1o para ciudades, explorando el impacto de las tecnolog\u00edas emergentes en nuevos tipos de pr\u00e1cticas interdisciplinarias de dise\u00f1o. Es beneficiaria de la Beca de Certificado completo para el Programa de Dise\u00f1o Universal Post-Planetario en The New Centre for Research &amp; Practice. <br><br>\nSocia de estudio santander; codirectora del Think Tank TIOC (Infraestructura Temporal de Compromisos); autora reciente de \u201dDispositivos de Adhesi\u00f3n: Dise\u00f1os que dise\u00f1an\u201d en el libro \u201dRepensar los dise\u00f1os\u201d de la UABC. Su trabajo pretende buscar formas alternativas de pr\u00e1cticas de arquitectura y explorar las posibilidades de diversas t\u00e9cnicas (an\u00e1logas, computacionales) a trav\u00e9s del pensamiento y la pr\u00e1ctica a escala planetaria, especialmente desde un contexto latinoamericano.\"&gt;\t\t<\/div>\n\t\t\t\t<\/div>\n\t\t\t\t\t<\/div>\n\t\t\t\t<\/div>\n\t\t<div role=\"region\" aria-labelledby=\"e-n-accordion-item-1460\" class=\"elementor-element elementor-element-24b0d348 member e-flex e-con-boxed e-con e-child\" data-id=\"24b0d348\" data-element_type=\"container\">\n\t\t\t\t\t<div class=\"e-con-inner\">\n\t\t\t\t<div class=\"elementor-element elementor-element-4b9571ac elementor-widget elementor-widget-image\" data-id=\"4b9571ac\" data-element_type=\"widget\" data-widget_type=\"image.default\">\n\t\t\t\t<div class=\"elementor-widget-container\">\n\t\t\t\t\t\t\t\t\t\t\t\t\t<img loading=\"lazy\" decoding=\"async\" width=\"250\" height=\"250\" src=\"https:\/\/wdc2024.org\/es\/wp-content\/uploads\/sites\/2\/2024\/04\/Sketchbook-Club-de-Tijuana-250x250.jpeg\" class=\"attachment-medium size-medium wp-image-1037\" alt=\"\" srcset=\"https:\/\/wdc2024.org\/es\/wp-content\/uploads\/sites\/2\/2024\/04\/Sketchbook-Club-de-Tijuana-250x250.jpeg 250w, https:\/\/wdc2024.org\/es\/wp-content\/uploads\/sites\/2\/2024\/04\/Sketchbook-Club-de-Tijuana-150x150.jpeg 150w, https:\/\/wdc2024.org\/es\/wp-content\/uploads\/sites\/2\/2024\/04\/Sketchbook-Club-de-Tijuana-120x120.jpeg 120w, https:\/\/wdc2024.org\/es\/wp-content\/uploads\/sites\/2\/2024\/04\/Sketchbook-Club-de-Tijuana.jpeg 256w\" sizes=\"(max-width: 250px) 100vw, 250px\" \/>\t\t\t\t\t\t\t\t\t\t\t\t\t<\/div>\n\t\t\t\t<\/div>\n\t\t\t\t<div class=\"elementor-element elementor-element-600764d3 elementor-widget elementor-widget-heading\" data-id=\"600764d3\" data-element_type=\"widget\" data-widget_type=\"heading.default\">\n\t\t\t\t<div class=\"elementor-widget-container\">\n\t\t\t<h4 class=\"elementor-heading-title elementor-size-default\">Sketchbook Club de Tijuana<\/h4>\t\t<\/div>\n\t\t\t\t<\/div>\n\t\t\t\t<div class=\"elementor-element elementor-element-2d9112c0 elementor-hidden-desktop elementor-hidden-tablet elementor-hidden-mobile elementor-widget elementor-widget-html\" data-id=\"2d9112c0\" data-element_type=\"widget\" data-widget_type=\"html.default\">\n\t\t\t\t<div class=\"elementor-widget-container\">\n\t\t\t&lt;input type=&quot;hidden&quot; value=&quot;Sketchbook Club Tijuana es un club social que mantiene un espacio positivo de est\u00edmulo y motivaci\u00f3n. <br><br>Sketchbook Club Tijuana es un club social que mantiene un espacio positivo de est\u00edmulo y motivaci\u00f3n.\"&gt;\t\t<\/div>\n\t\t\t\t<\/div>\n\t\t\t\t<div class=\"elementor-element elementor-element-7fcee469 elementor-shape-circle elementor-grid-0 e-grid-align-center elementor-widget elementor-widget-social-icons\" data-id=\"7fcee469\" data-element_type=\"widget\" data-widget_type=\"social-icons.default\">\n\t\t\t\t<div class=\"elementor-widget-container\">\n\t\t\t<style>\/*! elementor - v3.21.0 - 18-04-2024 *\/\n.elementor-widget-social-icons.elementor-grid-0 .elementor-widget-container,.elementor-widget-social-icons.elementor-grid-mobile-0 .elementor-widget-container,.elementor-widget-social-icons.elementor-grid-tablet-0 .elementor-widget-container{line-height:1;font-size:0}.elementor-widget-social-icons:not(.elementor-grid-0):not(.elementor-grid-tablet-0):not(.elementor-grid-mobile-0) .elementor-grid{display:inline-grid}.elementor-widget-social-icons .elementor-grid{grid-column-gap:var(--grid-column-gap,5px);grid-row-gap:var(--grid-row-gap,5px);grid-template-columns:var(--grid-template-columns);justify-content:var(--justify-content,center);justify-items:var(--justify-content,center)}.elementor-icon.elementor-social-icon{font-size:var(--icon-size,25px);line-height:var(--icon-size,25px);width:calc(var(--icon-size, 25px) + 2 * var(--icon-padding, .5em));height:calc(var(--icon-size, 25px) + 2 * var(--icon-padding, .5em))}.elementor-social-icon{--e-social-icon-icon-color:#fff;display:inline-flex;background-color:#69727d;align-items:center;justify-content:center;text-align:center;cursor:pointer}.elementor-social-icon i{color:var(--e-social-icon-icon-color)}.elementor-social-icon svg{fill:var(--e-social-icon-icon-color)}.elementor-social-icon:last-child{margin:0}.elementor-social-icon:hover{opacity:.9;color:#fff}.elementor-social-icon-android{background-color:#a4c639}.elementor-social-icon-apple{background-color:#999}.elementor-social-icon-behance{background-color:#1769ff}.elementor-social-icon-bitbucket{background-color:#205081}.elementor-social-icon-codepen{background-color:#000}.elementor-social-icon-delicious{background-color:#39f}.elementor-social-icon-deviantart{background-color:#05cc47}.elementor-social-icon-digg{background-color:#005be2}.elementor-social-icon-dribbble{background-color:#ea4c89}.elementor-social-icon-elementor{background-color:#d30c5c}.elementor-social-icon-envelope{background-color:#ea4335}.elementor-social-icon-facebook,.elementor-social-icon-facebook-f{background-color:#3b5998}.elementor-social-icon-flickr{background-color:#0063dc}.elementor-social-icon-foursquare{background-color:#2d5be3}.elementor-social-icon-free-code-camp,.elementor-social-icon-freecodecamp{background-color:#006400}.elementor-social-icon-github{background-color:#333}.elementor-social-icon-gitlab{background-color:#e24329}.elementor-social-icon-globe{background-color:#69727d}.elementor-social-icon-google-plus,.elementor-social-icon-google-plus-g{background-color:#dd4b39}.elementor-social-icon-houzz{background-color:#7ac142}.elementor-social-icon-instagram{background-color:#262626}.elementor-social-icon-jsfiddle{background-color:#487aa2}.elementor-social-icon-link{background-color:#818a91}.elementor-social-icon-linkedin,.elementor-social-icon-linkedin-in{background-color:#0077b5}.elementor-social-icon-medium{background-color:#00ab6b}.elementor-social-icon-meetup{background-color:#ec1c40}.elementor-social-icon-mixcloud{background-color:#273a4b}.elementor-social-icon-odnoklassniki{background-color:#f4731c}.elementor-social-icon-pinterest{background-color:#bd081c}.elementor-social-icon-product-hunt{background-color:#da552f}.elementor-social-icon-reddit{background-color:#ff4500}.elementor-social-icon-rss{background-color:#f26522}.elementor-social-icon-shopping-cart{background-color:#4caf50}.elementor-social-icon-skype{background-color:#00aff0}.elementor-social-icon-slideshare{background-color:#0077b5}.elementor-social-icon-snapchat{background-color:#fffc00}.elementor-social-icon-soundcloud{background-color:#f80}.elementor-social-icon-spotify{background-color:#2ebd59}.elementor-social-icon-stack-overflow{background-color:#fe7a15}.elementor-social-icon-steam{background-color:#00adee}.elementor-social-icon-stumbleupon{background-color:#eb4924}.elementor-social-icon-telegram{background-color:#2ca5e0}.elementor-social-icon-threads{background-color:#000}.elementor-social-icon-thumb-tack{background-color:#1aa1d8}.elementor-social-icon-tripadvisor{background-color:#589442}.elementor-social-icon-tumblr{background-color:#35465c}.elementor-social-icon-twitch{background-color:#6441a5}.elementor-social-icon-twitter{background-color:#1da1f2}.elementor-social-icon-viber{background-color:#665cac}.elementor-social-icon-vimeo{background-color:#1ab7ea}.elementor-social-icon-vk{background-color:#45668e}.elementor-social-icon-weibo{background-color:#dd2430}.elementor-social-icon-weixin{background-color:#31a918}.elementor-social-icon-whatsapp{background-color:#25d366}.elementor-social-icon-wordpress{background-color:#21759b}.elementor-social-icon-x-twitter{background-color:#000}.elementor-social-icon-xing{background-color:#026466}.elementor-social-icon-yelp{background-color:#af0606}.elementor-social-icon-youtube{background-color:#cd201f}.elementor-social-icon-500px{background-color:#0099e5}.elementor-shape-rounded .elementor-icon.elementor-social-icon{border-radius:10%}.elementor-shape-circle .elementor-icon.elementor-social-icon{border-radius:50%}<\/style>\t\t<div class=\"elementor-social-icons-wrapper elementor-grid\">\n\t\t\t\t\t\t\t<span class=\"elementor-grid-item\">\n\t\t\t\t\t<a class=\"elementor-icon elementor-social-icon elementor-social-icon-facebook elementor-repeater-item-f5cf469\" href=\"http:\/\/facebook.com\/SketchbookClubTijuana\" target=\"_blank\">\n\t\t\t\t\t\t<span class=\"elementor-screen-only\">Facebook<\/span>\n\t\t\t\t\t\t<svg class=\"e-font-icon-svg e-fab-facebook\" viewBox=\"0 0 512 512\" xmlns=\"http:\/\/www.w3.org\/2000\/svg\"><path d=\"M504 256C504 119 393 8 256 8S8 119 8 256c0 123.78 90.69 226.38 209.25 245V327.69h-63V256h63v-54.64c0-62.15 37-96.48 93.67-96.48 27.14 0 55.52 4.84 55.52 4.84v61h-31.28c-30.8 0-40.41 19.12-40.41 38.73V256h68.78l-11 71.69h-57.78V501C413.31 482.38 504 379.78 504 256z\"><\/path><\/svg>\t\t\t\t\t<\/a>\n\t\t\t\t<\/span>\n\t\t\t\t\t<\/div>\n\t\t\t\t<\/div>\n\t\t\t\t<\/div>\n\t\t\t\t\t<\/div>\n\t\t\t\t<\/div>\n\t\t<div role=\"region\" aria-labelledby=\"e-n-accordion-item-1460\" class=\"elementor-element elementor-element-29f58779 member e-flex e-con-boxed e-con e-child\" data-id=\"29f58779\" data-element_type=\"container\">\n\t\t\t\t\t<div class=\"e-con-inner\">\n\t\t\t\t<div class=\"elementor-element elementor-element-42a2196f elementor-widget elementor-widget-image\" data-id=\"42a2196f\" data-element_type=\"widget\" data-widget_type=\"image.default\">\n\t\t\t\t<div class=\"elementor-widget-container\">\n\t\t\t\t\t\t\t\t\t\t\t\t\t<img loading=\"lazy\" decoding=\"async\" width=\"250\" height=\"250\" src=\"https:\/\/wdc2024.org\/es\/wp-content\/uploads\/sites\/2\/2024\/04\/Todos-Somos-Diseno-250x250.jpeg\" class=\"attachment-medium size-medium wp-image-1038\" alt=\"\" srcset=\"https:\/\/wdc2024.org\/es\/wp-content\/uploads\/sites\/2\/2024\/04\/Todos-Somos-Diseno-250x250.jpeg 250w, https:\/\/wdc2024.org\/es\/wp-content\/uploads\/sites\/2\/2024\/04\/Todos-Somos-Diseno-150x150.jpeg 150w, https:\/\/wdc2024.org\/es\/wp-content\/uploads\/sites\/2\/2024\/04\/Todos-Somos-Diseno-120x120.jpeg 120w, https:\/\/wdc2024.org\/es\/wp-content\/uploads\/sites\/2\/2024\/04\/Todos-Somos-Diseno.jpeg 256w\" sizes=\"(max-width: 250px) 100vw, 250px\" \/>\t\t\t\t\t\t\t\t\t\t\t\t\t<\/div>\n\t\t\t\t<\/div>\n\t\t\t\t<div class=\"elementor-element elementor-element-2845a08 elementor-widget elementor-widget-heading\" data-id=\"2845a08\" data-element_type=\"widget\" data-widget_type=\"heading.default\">\n\t\t\t\t<div class=\"elementor-widget-container\">\n\t\t\t<h4 class=\"elementor-heading-title elementor-size-default\">Todos Somos Dise\u00f1o<\/h4>\t\t<\/div>\n\t\t\t\t<\/div>\n\t\t\t\t<div class=\"elementor-element elementor-element-7a69687a elementor-hidden-desktop elementor-hidden-tablet elementor-hidden-mobile elementor-widget elementor-widget-html\" data-id=\"7a69687a\" data-element_type=\"widget\" data-widget_type=\"html.default\">\n\t\t\t\t<div class=\"elementor-widget-container\">\n\t\t\t&lt;input type=&quot;hidden&quot; value=&quot;Todos somos y todos hacemos Dise\u00f1o. <br><br>Todos somos y todos hacemos Dise\u00f1o.\"&gt;\t\t<\/div>\n\t\t\t\t<\/div>\n\t\t\t\t\t<\/div>\n\t\t\t\t<\/div>\n\t\t<div role=\"region\" aria-labelledby=\"e-n-accordion-item-1460\" class=\"elementor-element elementor-element-40d35932 member e-flex e-con-boxed e-con e-child\" data-id=\"40d35932\" data-element_type=\"container\">\n\t\t\t\t\t<div class=\"e-con-inner\">\n\t\t\t\t<div class=\"elementor-element elementor-element-d2515a6 elementor-widget elementor-widget-image\" data-id=\"d2515a6\" data-element_type=\"widget\" data-widget_type=\"image.default\">\n\t\t\t\t<div class=\"elementor-widget-container\">\n\t\t\t\t\t\t\t\t\t\t\t\t\t<img loading=\"lazy\" decoding=\"async\" width=\"250\" height=\"250\" src=\"https:\/\/wdc2024.org\/es\/wp-content\/uploads\/sites\/2\/2024\/04\/Lila-Aviles-250x250.jpg\" class=\"attachment-medium size-medium wp-image-1203\" alt=\"Lila Avile\u0301s\" srcset=\"https:\/\/wdc2024.org\/es\/wp-content\/uploads\/sites\/2\/2024\/04\/Lila-Aviles-250x250.jpg 250w, https:\/\/wdc2024.org\/es\/wp-content\/uploads\/sites\/2\/2024\/04\/Lila-Aviles-700x700.jpg 700w, https:\/\/wdc2024.org\/es\/wp-content\/uploads\/sites\/2\/2024\/04\/Lila-Aviles-150x150.jpg 150w, https:\/\/wdc2024.org\/es\/wp-content\/uploads\/sites\/2\/2024\/04\/Lila-Aviles-768x768.jpg 768w, https:\/\/wdc2024.org\/es\/wp-content\/uploads\/sites\/2\/2024\/04\/Lila-Aviles-120x120.jpg 120w, https:\/\/wdc2024.org\/es\/wp-content\/uploads\/sites\/2\/2024\/04\/Lila-Aviles.jpg 1080w\" sizes=\"(max-width: 250px) 100vw, 250px\" \/>\t\t\t\t\t\t\t\t\t\t\t\t\t<\/div>\n\t\t\t\t<\/div>\n\t\t\t\t<div class=\"elementor-element elementor-element-5aaa7291 elementor-widget elementor-widget-heading\" data-id=\"5aaa7291\" data-element_type=\"widget\" data-widget_type=\"heading.default\">\n\t\t\t\t<div class=\"elementor-widget-container\">\n\t\t\t<h4 class=\"elementor-heading-title elementor-size-default\">Lila Avile\u0301s<\/h4>\t\t<\/div>\n\t\t\t\t<\/div>\n\t\t\t\t<div class=\"elementor-element elementor-element-6a64e2 elementor-widget elementor-widget-text-editor\" data-id=\"6a64e2\" data-element_type=\"widget\" data-widget_type=\"text-editor.default\">\n\t\t\t\t<div class=\"elementor-widget-container\">\n\t\t\t\t\t\t\t<p class=\"detail-title\">Director<\/p>\t\t\t\t\t\t<\/div>\n\t\t\t\t<\/div>\n\t\t\t\t\t<\/div>\n\t\t\t\t<\/div>\n\t\t<div role=\"region\" aria-labelledby=\"e-n-accordion-item-1460\" class=\"elementor-element elementor-element-5902ec2e member e-flex e-con-boxed e-con e-child\" data-id=\"5902ec2e\" data-element_type=\"container\">\n\t\t\t\t\t<div class=\"e-con-inner\">\n\t\t\t\t<div class=\"elementor-element elementor-element-71418c1f elementor-widget elementor-widget-image\" data-id=\"71418c1f\" data-element_type=\"widget\" data-widget_type=\"image.default\">\n\t\t\t\t<div class=\"elementor-widget-container\">\n\t\t\t\t\t\t\t\t\t\t\t\t\t<img loading=\"lazy\" decoding=\"async\" width=\"250\" height=\"250\" src=\"https:\/\/wdc2024.org\/es\/wp-content\/uploads\/sites\/2\/2024\/04\/OlgaMargarita-Davila-250x250.jpeg\" class=\"attachment-medium size-medium wp-image-1040\" alt=\"\" srcset=\"https:\/\/wdc2024.org\/es\/wp-content\/uploads\/sites\/2\/2024\/04\/OlgaMargarita-Davila-250x250.jpeg 250w, https:\/\/wdc2024.org\/es\/wp-content\/uploads\/sites\/2\/2024\/04\/OlgaMargarita-Davila-150x150.jpeg 150w, https:\/\/wdc2024.org\/es\/wp-content\/uploads\/sites\/2\/2024\/04\/OlgaMargarita-Davila-120x120.jpeg 120w, https:\/\/wdc2024.org\/es\/wp-content\/uploads\/sites\/2\/2024\/04\/OlgaMargarita-Davila.jpeg 256w\" sizes=\"(max-width: 250px) 100vw, 250px\" \/>\t\t\t\t\t\t\t\t\t\t\t\t\t<\/div>\n\t\t\t\t<\/div>\n\t\t\t\t<div class=\"elementor-element elementor-element-1210505f elementor-widget elementor-widget-heading\" data-id=\"1210505f\" data-element_type=\"widget\" data-widget_type=\"heading.default\">\n\t\t\t\t<div class=\"elementor-widget-container\">\n\t\t\t<h4 class=\"elementor-heading-title elementor-size-default\">OlgaMargarita D\u00e1vila<\/h4>\t\t<\/div>\n\t\t\t\t<\/div>\n\t\t\t\t\t<\/div>\n\t\t\t\t<\/div>\n\t\t<div role=\"region\" aria-labelledby=\"e-n-accordion-item-1460\" class=\"elementor-element elementor-element-23463935 member e-flex e-con-boxed e-con e-child\" data-id=\"23463935\" data-element_type=\"container\">\n\t\t\t\t\t<div class=\"e-con-inner\">\n\t\t\t\t<div class=\"elementor-element elementor-element-526853c5 elementor-widget elementor-widget-image\" data-id=\"526853c5\" data-element_type=\"widget\" data-widget_type=\"image.default\">\n\t\t\t\t<div class=\"elementor-widget-container\">\n\t\t\t\t\t\t\t\t\t\t\t\t\t<img loading=\"lazy\" decoding=\"async\" width=\"250\" height=\"250\" src=\"https:\/\/wdc2024.org\/es\/wp-content\/uploads\/sites\/2\/2024\/04\/Elia-Figueroa-250x250.jpeg\" class=\"attachment-medium size-medium wp-image-1042\" alt=\"\" srcset=\"https:\/\/wdc2024.org\/es\/wp-content\/uploads\/sites\/2\/2024\/04\/Elia-Figueroa-250x250.jpeg 250w, https:\/\/wdc2024.org\/es\/wp-content\/uploads\/sites\/2\/2024\/04\/Elia-Figueroa-150x150.jpeg 150w, https:\/\/wdc2024.org\/es\/wp-content\/uploads\/sites\/2\/2024\/04\/Elia-Figueroa-120x120.jpeg 120w, https:\/\/wdc2024.org\/es\/wp-content\/uploads\/sites\/2\/2024\/04\/Elia-Figueroa.jpeg 256w\" sizes=\"(max-width: 250px) 100vw, 250px\" \/>\t\t\t\t\t\t\t\t\t\t\t\t\t<\/div>\n\t\t\t\t<\/div>\n\t\t\t\t<div class=\"elementor-element elementor-element-3babd89d elementor-widget elementor-widget-heading\" data-id=\"3babd89d\" data-element_type=\"widget\" data-widget_type=\"heading.default\">\n\t\t\t\t<div class=\"elementor-widget-container\">\n\t\t\t<h4 class=\"elementor-heading-title elementor-size-default\">Elia Figueroa<\/h4>\t\t<\/div>\n\t\t\t\t<\/div>\n\t\t\t\t<div class=\"elementor-element elementor-element-2a205468 elementor-widget elementor-widget-text-editor\" data-id=\"2a205468\" data-element_type=\"widget\" data-widget_type=\"text-editor.default\">\n\t\t\t\t<div class=\"elementor-widget-container\">\n\t\t\t\t\t\t\t<p class=\"detail-title\">Fundador<\/p>\n<p class=\"detail-company\">Dear Honey<\/p>\t\t\t\t\t\t<\/div>\n\t\t\t\t<\/div>\n\t\t\t\t\t<\/div>\n\t\t\t\t<\/div>\n\t\t<div role=\"region\" aria-labelledby=\"e-n-accordion-item-1460\" class=\"elementor-element elementor-element-523f787b member e-flex e-con-boxed e-con e-child\" data-id=\"523f787b\" data-element_type=\"container\">\n\t\t\t\t\t<div class=\"e-con-inner\">\n\t\t\t\t<div class=\"elementor-element elementor-element-27848842 elementor-widget elementor-widget-image\" data-id=\"27848842\" data-element_type=\"widget\" data-widget_type=\"image.default\">\n\t\t\t\t<div class=\"elementor-widget-container\">\n\t\t\t\t\t\t\t\t\t\t\t\t\t<img loading=\"lazy\" decoding=\"async\" width=\"250\" height=\"250\" src=\"https:\/\/wdc2024.org\/es\/wp-content\/uploads\/sites\/2\/2024\/04\/Redesigning-Border-Beacons-250x250.jpg\" class=\"attachment-medium size-medium wp-image-1204\" alt=\"Redesigning Border Rescue Beacons\" srcset=\"https:\/\/wdc2024.org\/es\/wp-content\/uploads\/sites\/2\/2024\/04\/Redesigning-Border-Beacons-250x250.jpg 250w, https:\/\/wdc2024.org\/es\/wp-content\/uploads\/sites\/2\/2024\/04\/Redesigning-Border-Beacons-700x700.jpg 700w, https:\/\/wdc2024.org\/es\/wp-content\/uploads\/sites\/2\/2024\/04\/Redesigning-Border-Beacons-150x150.jpg 150w, https:\/\/wdc2024.org\/es\/wp-content\/uploads\/sites\/2\/2024\/04\/Redesigning-Border-Beacons-768x768.jpg 768w, https:\/\/wdc2024.org\/es\/wp-content\/uploads\/sites\/2\/2024\/04\/Redesigning-Border-Beacons-120x120.jpg 120w, https:\/\/wdc2024.org\/es\/wp-content\/uploads\/sites\/2\/2024\/04\/Redesigning-Border-Beacons.jpg 1080w\" sizes=\"(max-width: 250px) 100vw, 250px\" \/>\t\t\t\t\t\t\t\t\t\t\t\t\t<\/div>\n\t\t\t\t<\/div>\n\t\t\t\t<div class=\"elementor-element elementor-element-53c318cc elementor-widget elementor-widget-heading\" data-id=\"53c318cc\" data-element_type=\"widget\" data-widget_type=\"heading.default\">\n\t\t\t\t<div class=\"elementor-widget-container\">\n\t\t\t<h4 class=\"elementor-heading-title elementor-size-default\">Redesigning Border Rescue Beacons<\/h4>\t\t<\/div>\n\t\t\t\t<\/div>\n\t\t\t\t\t<\/div>\n\t\t\t\t<\/div>\n\t\t<div role=\"region\" aria-labelledby=\"e-n-accordion-item-1460\" class=\"elementor-element elementor-element-26ae3e7 member e-flex e-con-boxed e-con e-child\" data-id=\"26ae3e7\" data-element_type=\"container\">\n\t\t\t\t\t<div class=\"e-con-inner\">\n\t\t\t\t<div class=\"elementor-element elementor-element-34e10862 elementor-widget elementor-widget-image\" data-id=\"34e10862\" data-element_type=\"widget\" data-widget_type=\"image.default\">\n\t\t\t\t<div class=\"elementor-widget-container\">\n\t\t\t\t\t\t\t\t\t\t\t\t\t<img loading=\"lazy\" decoding=\"async\" width=\"250\" height=\"250\" src=\"https:\/\/wdc2024.org\/es\/wp-content\/uploads\/sites\/2\/2024\/04\/Andres-Garcia-250x250.jpeg\" class=\"attachment-medium size-medium wp-image-1043\" alt=\"\" srcset=\"https:\/\/wdc2024.org\/es\/wp-content\/uploads\/sites\/2\/2024\/04\/Andres-Garcia-250x250.jpeg 250w, https:\/\/wdc2024.org\/es\/wp-content\/uploads\/sites\/2\/2024\/04\/Andres-Garcia-150x150.jpeg 150w, https:\/\/wdc2024.org\/es\/wp-content\/uploads\/sites\/2\/2024\/04\/Andres-Garcia-120x120.jpeg 120w, https:\/\/wdc2024.org\/es\/wp-content\/uploads\/sites\/2\/2024\/04\/Andres-Garcia.jpeg 256w\" sizes=\"(max-width: 250px) 100vw, 250px\" \/>\t\t\t\t\t\t\t\t\t\t\t\t\t<\/div>\n\t\t\t\t<\/div>\n\t\t\t\t<div class=\"elementor-element elementor-element-3852a9df elementor-widget elementor-widget-heading\" data-id=\"3852a9df\" data-element_type=\"widget\" data-widget_type=\"heading.default\">\n\t\t\t\t<div class=\"elementor-widget-container\">\n\t\t\t<h4 class=\"elementor-heading-title elementor-size-default\">Andres Garcia<\/h4>\t\t<\/div>\n\t\t\t\t<\/div>\n\t\t\t\t<div class=\"elementor-element elementor-element-59e875ef elementor-widget elementor-widget-text-editor\" data-id=\"59e875ef\" data-element_type=\"widget\" data-widget_type=\"text-editor.default\">\n\t\t\t\t<div class=\"elementor-widget-container\">\n\t\t\t\t\t\t\t<p class=\"detail-title\">Cofundador<\/p><p class=\"detail-company\">PAATideas<\/p>\t\t\t\t\t\t<\/div>\n\t\t\t\t<\/div>\n\t\t\t\t<div class=\"elementor-element elementor-element-6c7c63ea elementor-shape-circle elementor-grid-0 e-grid-align-center elementor-widget elementor-widget-social-icons\" data-id=\"6c7c63ea\" data-element_type=\"widget\" data-widget_type=\"social-icons.default\">\n\t\t\t\t<div class=\"elementor-widget-container\">\n\t\t\t\t\t<div class=\"elementor-social-icons-wrapper elementor-grid\">\n\t\t\t\t\t\t\t<span class=\"elementor-grid-item\">\n\t\t\t\t\t<a class=\"elementor-icon elementor-social-icon elementor-social-icon-facebook elementor-repeater-item-f5cf469\" href=\"http:\/\/facebook.com\/paatideas\" target=\"_blank\">\n\t\t\t\t\t\t<span class=\"elementor-screen-only\">Facebook<\/span>\n\t\t\t\t\t\t<svg class=\"e-font-icon-svg e-fab-facebook\" viewBox=\"0 0 512 512\" xmlns=\"http:\/\/www.w3.org\/2000\/svg\"><path d=\"M504 256C504 119 393 8 256 8S8 119 8 256c0 123.78 90.69 226.38 209.25 245V327.69h-63V256h63v-54.64c0-62.15 37-96.48 93.67-96.48 27.14 0 55.52 4.84 55.52 4.84v61h-31.28c-30.8 0-40.41 19.12-40.41 38.73V256h68.78l-11 71.69h-57.78V501C413.31 482.38 504 379.78 504 256z\"><\/path><\/svg>\t\t\t\t\t<\/a>\n\t\t\t\t<\/span>\n\t\t\t\t\t\t\t<span class=\"elementor-grid-item\">\n\t\t\t\t\t<a class=\"elementor-icon elementor-social-icon elementor-social-icon-instagram elementor-repeater-item-a0eb94a\" href=\"https:\/\/www.instagram.com\/paatideas\/\" target=\"_blank\">\n\t\t\t\t\t\t<span class=\"elementor-screen-only\">Instagram<\/span>\n\t\t\t\t\t\t<svg class=\"e-font-icon-svg e-fab-instagram\" viewBox=\"0 0 448 512\" xmlns=\"http:\/\/www.w3.org\/2000\/svg\"><path d=\"M224.1 141c-63.6 0-114.9 51.3-114.9 114.9s51.3 114.9 114.9 114.9S339 319.5 339 255.9 287.7 141 224.1 141zm0 189.6c-41.1 0-74.7-33.5-74.7-74.7s33.5-74.7 74.7-74.7 74.7 33.5 74.7 74.7-33.6 74.7-74.7 74.7zm146.4-194.3c0 14.9-12 26.8-26.8 26.8-14.9 0-26.8-12-26.8-26.8s12-26.8 26.8-26.8 26.8 12 26.8 26.8zm76.1 27.2c-1.7-35.9-9.9-67.7-36.2-93.9-26.2-26.2-58-34.4-93.9-36.2-37-2.1-147.9-2.1-184.9 0-35.8 1.7-67.6 9.9-93.9 36.1s-34.4 58-36.2 93.9c-2.1 37-2.1 147.9 0 184.9 1.7 35.9 9.9 67.7 36.2 93.9s58 34.4 93.9 36.2c37 2.1 147.9 2.1 184.9 0 35.9-1.7 67.7-9.9 93.9-36.2 26.2-26.2 34.4-58 36.2-93.9 2.1-37 2.1-147.8 0-184.8zM398.8 388c-7.8 19.6-22.9 34.7-42.6 42.6-29.5 11.7-99.5 9-132.1 9s-102.7 2.6-132.1-9c-19.6-7.8-34.7-22.9-42.6-42.6-11.7-29.5-9-99.5-9-132.1s-2.6-102.7 9-132.1c7.8-19.6 22.9-34.7 42.6-42.6 29.5-11.7 99.5-9 132.1-9s102.7-2.6 132.1 9c19.6 7.8 34.7 22.9 42.6 42.6 11.7 29.5 9 99.5 9 132.1s2.7 102.7-9 132.1z\"><\/path><\/svg>\t\t\t\t\t<\/a>\n\t\t\t\t<\/span>\n\t\t\t\t\t<\/div>\n\t\t\t\t<\/div>\n\t\t\t\t<\/div>\n\t\t\t\t\t<\/div>\n\t\t\t\t<\/div>\n\t\t<div role=\"region\" aria-labelledby=\"e-n-accordion-item-1460\" class=\"elementor-element elementor-element-47230dee member e-flex e-con-boxed e-con e-child\" data-id=\"47230dee\" data-element_type=\"container\">\n\t\t\t\t\t<div class=\"e-con-inner\">\n\t\t\t\t<div class=\"elementor-element elementor-element-d4899a3 elementor-widget elementor-widget-image\" data-id=\"d4899a3\" data-element_type=\"widget\" data-widget_type=\"image.default\">\n\t\t\t\t<div class=\"elementor-widget-container\">\n\t\t\t\t\t\t\t\t\t\t\t\t\t<img loading=\"lazy\" decoding=\"async\" width=\"250\" height=\"238\" src=\"https:\/\/wdc2024.org\/es\/wp-content\/uploads\/sites\/2\/2024\/04\/Misael-Garcia-Samano-250x238.png\" class=\"attachment-medium size-medium wp-image-1201\" alt=\"Misael Garci\u0301a Sa\u0301mano\" srcset=\"https:\/\/wdc2024.org\/es\/wp-content\/uploads\/sites\/2\/2024\/04\/Misael-Garcia-Samano-250x238.png 250w, https:\/\/wdc2024.org\/es\/wp-content\/uploads\/sites\/2\/2024\/04\/Misael-Garcia-Samano-700x667.png 700w, https:\/\/wdc2024.org\/es\/wp-content\/uploads\/sites\/2\/2024\/04\/Misael-Garcia-Samano-768x731.png 768w, https:\/\/wdc2024.org\/es\/wp-content\/uploads\/sites\/2\/2024\/04\/Misael-Garcia-Samano-120x114.png 120w, https:\/\/wdc2024.org\/es\/wp-content\/uploads\/sites\/2\/2024\/04\/Misael-Garcia-Samano.png 1296w\" sizes=\"(max-width: 250px) 100vw, 250px\" \/>\t\t\t\t\t\t\t\t\t\t\t\t\t<\/div>\n\t\t\t\t<\/div>\n\t\t\t\t<div class=\"elementor-element elementor-element-1c015abe elementor-widget elementor-widget-heading\" data-id=\"1c015abe\" data-element_type=\"widget\" data-widget_type=\"heading.default\">\n\t\t\t\t<div class=\"elementor-widget-container\">\n\t\t\t<h4 class=\"elementor-heading-title elementor-size-default\">Missael Garc\u00eda<\/h4>\t\t<\/div>\n\t\t\t\t<\/div>\n\t\t\t\t\t<\/div>\n\t\t\t\t<\/div>\n\t\t<div role=\"region\" aria-labelledby=\"e-n-accordion-item-1460\" class=\"elementor-element elementor-element-1471d410 member e-flex e-con-boxed e-con e-child\" data-id=\"1471d410\" data-element_type=\"container\">\n\t\t\t\t\t<div class=\"e-con-inner\">\n\t\t\t\t<div class=\"elementor-element elementor-element-b9e2c3 elementor-widget elementor-widget-image\" data-id=\"b9e2c3\" data-element_type=\"widget\" data-widget_type=\"image.default\">\n\t\t\t\t<div class=\"elementor-widget-container\">\n\t\t\t\t\t\t\t\t\t\t\t\t\t<img loading=\"lazy\" decoding=\"async\" width=\"250\" height=\"250\" src=\"https:\/\/wdc2024.org\/es\/wp-content\/uploads\/sites\/2\/2024\/04\/Charles-Glaubitz-250x250.jpg\" class=\"attachment-medium size-medium wp-image-1209\" alt=\"Charles Glaubitz\" srcset=\"https:\/\/wdc2024.org\/es\/wp-content\/uploads\/sites\/2\/2024\/04\/Charles-Glaubitz-250x250.jpg 250w, https:\/\/wdc2024.org\/es\/wp-content\/uploads\/sites\/2\/2024\/04\/Charles-Glaubitz-700x700.jpg 700w, https:\/\/wdc2024.org\/es\/wp-content\/uploads\/sites\/2\/2024\/04\/Charles-Glaubitz-150x150.jpg 150w, https:\/\/wdc2024.org\/es\/wp-content\/uploads\/sites\/2\/2024\/04\/Charles-Glaubitz-768x768.jpg 768w, https:\/\/wdc2024.org\/es\/wp-content\/uploads\/sites\/2\/2024\/04\/Charles-Glaubitz-120x120.jpg 120w, https:\/\/wdc2024.org\/es\/wp-content\/uploads\/sites\/2\/2024\/04\/Charles-Glaubitz.jpg 1080w\" sizes=\"(max-width: 250px) 100vw, 250px\" \/>\t\t\t\t\t\t\t\t\t\t\t\t\t<\/div>\n\t\t\t\t<\/div>\n\t\t\t\t<div class=\"elementor-element elementor-element-54c50832 elementor-widget elementor-widget-heading\" data-id=\"54c50832\" data-element_type=\"widget\" data-widget_type=\"heading.default\">\n\t\t\t\t<div class=\"elementor-widget-container\">\n\t\t\t<h4 class=\"elementor-heading-title elementor-size-default\">Charles Glaubitz<\/h4>\t\t<\/div>\n\t\t\t\t<\/div>\n\t\t\t\t<div class=\"elementor-element elementor-element-439a561c elementor-widget elementor-widget-text-editor\" data-id=\"439a561c\" data-element_type=\"widget\" data-widget_type=\"text-editor.default\">\n\t\t\t\t<div class=\"elementor-widget-container\">\n\t\t\t\t\t\t\t<p class=\"detail-title\">Ilustrador<\/p>\t\t\t\t\t\t<\/div>\n\t\t\t\t<\/div>\n\t\t\t\t<div class=\"elementor-element elementor-element-11108c07 elementor-hidden-desktop elementor-hidden-tablet elementor-hidden-mobile elementor-widget elementor-widget-html\" data-id=\"11108c07\" data-element_type=\"widget\" data-widget_type=\"html.default\">\n\t\t\t\t<div class=\"elementor-widget-container\">\n\t\t\t&lt;input type=&quot;hidden&quot; value=&quot;El ilustrador mexicano Charles Glaubitz vive en Tijuana, a una manzana de la playa en la que practicaba surf, breakdance, freestyle y dem\u00e1s desde que era peque\u00f1o. De padre germano-americano y madre de Los Mochis, Sinaloa, M\u00e9xico, ahora divide su tiempo profesional entre su arte y la ense\u00f1anza en el San Diego City College, al otro lado de la frontera. <br><br><strong>CLIENTES<\/strong><br>Rolling Stone Magazine, Info World Magazine, San Francisco Chronicle, Jensen Group, The Townsend Agency,Lumbre Magazine, Old Globe Theaters, Harcourt &amp; Brace, Rafael Lopez Illustration, Aiga San Diego, Nickelodeon Magazine, Revista DF, Visual Asylum, Murphy Design, San Diego City College, Motorized Transit System, San Diego Youth &amp; community services, San Diego Community Clinics, UCLA Magazine, UCSD Magazine, Baltimore Magazine, American Airlines, Spirit Magzine, PC Magazine, PlanSponsor Plansponsor Magazine, Storage Magazine. <br><br><strong>PREMIOS\/PUBLICACIONES<\/strong><br>Las ilustraciones han sido reconocidas por American Illustration 22, 24 y Comunication Arts Magazine 2002 Fresh section, 3x3 Magazine 2012, 2013.\"&gt;\t\t<\/div>\n\t\t\t\t<\/div>\n\t\t\t\t\t<\/div>\n\t\t\t\t<\/div>\n\t\t<div role=\"region\" aria-labelledby=\"e-n-accordion-item-1460\" class=\"elementor-element elementor-element-4e61c4c0 member e-flex e-con-boxed e-con e-child\" data-id=\"4e61c4c0\" data-element_type=\"container\">\n\t\t\t\t\t<div class=\"e-con-inner\">\n\t\t\t\t<div class=\"elementor-element elementor-element-6cef7f69 elementor-widget elementor-widget-image\" data-id=\"6cef7f69\" data-element_type=\"widget\" data-widget_type=\"image.default\">\n\t\t\t\t<div class=\"elementor-widget-container\">\n\t\t\t\t\t\t\t\t\t\t\t\t\t<img loading=\"lazy\" decoding=\"async\" width=\"250\" height=\"250\" src=\"https:\/\/wdc2024.org\/es\/wp-content\/uploads\/sites\/2\/2024\/04\/Vero-Glezqui-250x250.jpeg\" class=\"attachment-medium size-medium wp-image-1045\" alt=\"\" srcset=\"https:\/\/wdc2024.org\/es\/wp-content\/uploads\/sites\/2\/2024\/04\/Vero-Glezqui-250x250.jpeg 250w, https:\/\/wdc2024.org\/es\/wp-content\/uploads\/sites\/2\/2024\/04\/Vero-Glezqui-150x150.jpeg 150w, https:\/\/wdc2024.org\/es\/wp-content\/uploads\/sites\/2\/2024\/04\/Vero-Glezqui-120x120.jpeg 120w, https:\/\/wdc2024.org\/es\/wp-content\/uploads\/sites\/2\/2024\/04\/Vero-Glezqui.jpeg 256w\" sizes=\"(max-width: 250px) 100vw, 250px\" \/>\t\t\t\t\t\t\t\t\t\t\t\t\t<\/div>\n\t\t\t\t<\/div>\n\t\t\t\t<div class=\"elementor-element elementor-element-605d9025 elementor-widget elementor-widget-heading\" data-id=\"605d9025\" data-element_type=\"widget\" data-widget_type=\"heading.default\">\n\t\t\t\t<div class=\"elementor-widget-container\">\n\t\t\t<h4 class=\"elementor-heading-title elementor-size-default\">Vero Glezqui<\/h4>\t\t<\/div>\n\t\t\t\t<\/div>\n\t\t\t\t<div class=\"elementor-element elementor-element-39f9d0b elementor-widget elementor-widget-text-editor\" data-id=\"39f9d0b\" data-element_type=\"widget\" data-widget_type=\"text-editor.default\">\n\t\t\t\t<div class=\"elementor-widget-container\">\n\t\t\t\t\t\t\t<p class=\"detail-title\">Artista visual multidisciplinar<\/p>\t\t\t\t\t\t<\/div>\n\t\t\t\t<\/div>\n\t\t\t\t<div class=\"elementor-element elementor-element-70735323 elementor-hidden-desktop elementor-hidden-tablet elementor-hidden-mobile elementor-widget elementor-widget-html\" data-id=\"70735323\" data-element_type=\"widget\" data-widget_type=\"html.default\">\n\t\t\t\t<div class=\"elementor-widget-container\">\n\t\t\t&lt;input type=&quot;hidden&quot; value=&quot;Artista Visual Multidisciplinar. En mi trabajo exploro las construcciones de la naturaleza a nivel micro y macro; los diversos elementos que la conforman, la complejidad de sus sistemas, los procesos geol\u00f3gicos, sus ciclos naturales, as\u00ed como reflexiono sobre nuestra relaci\u00f3n con la naturaleza.<br><br>Exploro estas nociones de la naturaleza desde diferentes puntos de vista, dando vueltas entre la ciencia medioambiental y los elementos filos\u00f3ficos. Me reapropio de s\u00edmbolos gr\u00e1ficos que representan datos cient\u00edficos y a\u00f1ado otros nuevos inventados; utilizo im\u00e1genes encontradas y las recontextualizo formando geolog\u00edas imaginarias que contienen capas de informaci\u00f3n visual que evocan la transformaci\u00f3n de nuestro ecosistema, sirviendo a la vez de comentario y reflexi\u00f3n sobre nuestra huella actual desde un punto de vista ecol\u00f3gico. <br><br>Trabajo a trav\u00e9s de disciplinas como dibujo, pintura, t\u00e9cnica mixta e instalaci\u00f3n; utilizando materiales como papel, collage, imaginer\u00eda encontrada y textiles dependiendo de la naturaleza de la obra.<br><br>Me gradu\u00e9 de mi licenciatura en la Universidad del Estado de Baja California, 2009. He participado en exposiciones colectivas e individuales en el \u00e1rea de Tijuana, San Diego y Los \u00c1ngeles, as\u00ed como en la Ciudad de M\u00e9xico, Monterrey y Oaxaca. Fui becaria del FONCA J\u00f3venes Creadores (2019-20); he sido premiada con Residencias Art\u00edsticas en \u00c1msterdam, Melbourne, Oaxaca y Enschede NL. He participado en Bienales Nacionales e Internacionales en M\u00e9xico desde 2014.\"&gt;\t\t<\/div>\n\t\t\t\t<\/div>\n\t\t\t\t\t<\/div>\n\t\t\t\t<\/div>\n\t\t<div role=\"region\" aria-labelledby=\"e-n-accordion-item-1460\" class=\"elementor-element elementor-element-50e87bdc member e-flex e-con-boxed e-con e-child\" data-id=\"50e87bdc\" data-element_type=\"container\">\n\t\t\t\t\t<div class=\"e-con-inner\">\n\t\t\t\t<div class=\"elementor-element elementor-element-6f7bacae elementor-widget elementor-widget-image\" data-id=\"6f7bacae\" data-element_type=\"widget\" data-widget_type=\"image.default\">\n\t\t\t\t<div class=\"elementor-widget-container\">\n\t\t\t\t\t\t\t\t\t\t\t\t\t<img loading=\"lazy\" decoding=\"async\" width=\"250\" height=\"250\" src=\"https:\/\/wdc2024.org\/es\/wp-content\/uploads\/sites\/2\/2024\/04\/Emiliano-Gonzalez-250x250.png\" class=\"attachment-medium size-medium wp-image-1046\" alt=\"\" srcset=\"https:\/\/wdc2024.org\/es\/wp-content\/uploads\/sites\/2\/2024\/04\/Emiliano-Gonzalez-250x250.png 250w, https:\/\/wdc2024.org\/es\/wp-content\/uploads\/sites\/2\/2024\/04\/Emiliano-Gonzalez-150x150.png 150w, https:\/\/wdc2024.org\/es\/wp-content\/uploads\/sites\/2\/2024\/04\/Emiliano-Gonzalez-120x120.png 120w, https:\/\/wdc2024.org\/es\/wp-content\/uploads\/sites\/2\/2024\/04\/Emiliano-Gonzalez.png 256w\" sizes=\"(max-width: 250px) 100vw, 250px\" \/>\t\t\t\t\t\t\t\t\t\t\t\t\t<\/div>\n\t\t\t\t<\/div>\n\t\t\t\t<div class=\"elementor-element elementor-element-899965d elementor-widget elementor-widget-heading\" data-id=\"899965d\" data-element_type=\"widget\" data-widget_type=\"heading.default\">\n\t\t\t\t<div class=\"elementor-widget-container\">\n\t\t\t<h4 class=\"elementor-heading-title elementor-size-default\">Emiliano Gonz\u00e1lez<\/h4>\t\t<\/div>\n\t\t\t\t<\/div>\n\t\t\t\t<div class=\"elementor-element elementor-element-46725212 elementor-widget elementor-widget-text-editor\" data-id=\"46725212\" data-element_type=\"widget\" data-widget_type=\"text-editor.default\">\n\t\t\t\t<div class=\"elementor-widget-container\">\n\t\t\t\t\t\t\t<p class=\"detail-title\">Founder<\/p>\n<p class=\"detail-company\">Proyecto.Anda<\/p>\t\t\t\t\t\t<\/div>\n\t\t\t\t<\/div>\n\t\t\t\t\t<\/div>\n\t\t\t\t<\/div>\n\t\t<div role=\"region\" aria-labelledby=\"e-n-accordion-item-1460\" class=\"elementor-element elementor-element-1228b248 member e-flex e-con-boxed e-con e-child\" data-id=\"1228b248\" data-element_type=\"container\">\n\t\t\t\t\t<div class=\"e-con-inner\">\n\t\t\t\t<div class=\"elementor-element elementor-element-6b4e7388 elementor-widget elementor-widget-image\" data-id=\"6b4e7388\" data-element_type=\"widget\" data-widget_type=\"image.default\">\n\t\t\t\t<div class=\"elementor-widget-container\">\n\t\t\t\t\t\t\t\t\t\t\t\t\t<img loading=\"lazy\" decoding=\"async\" width=\"250\" height=\"250\" src=\"https:\/\/wdc2024.org\/es\/wp-content\/uploads\/sites\/2\/2024\/04\/Jorge-Gracia-250x250.jpeg\" class=\"attachment-medium size-medium wp-image-1047\" alt=\"\" srcset=\"https:\/\/wdc2024.org\/es\/wp-content\/uploads\/sites\/2\/2024\/04\/Jorge-Gracia-250x250.jpeg 250w, https:\/\/wdc2024.org\/es\/wp-content\/uploads\/sites\/2\/2024\/04\/Jorge-Gracia-150x150.jpeg 150w, https:\/\/wdc2024.org\/es\/wp-content\/uploads\/sites\/2\/2024\/04\/Jorge-Gracia-120x120.jpeg 120w, https:\/\/wdc2024.org\/es\/wp-content\/uploads\/sites\/2\/2024\/04\/Jorge-Gracia.jpeg 256w\" sizes=\"(max-width: 250px) 100vw, 250px\" \/>\t\t\t\t\t\t\t\t\t\t\t\t\t<\/div>\n\t\t\t\t<\/div>\n\t\t\t\t<div class=\"elementor-element elementor-element-36fae351 elementor-widget elementor-widget-heading\" data-id=\"36fae351\" data-element_type=\"widget\" data-widget_type=\"heading.default\">\n\t\t\t\t<div class=\"elementor-widget-container\">\n\t\t\t<h4 class=\"elementor-heading-title elementor-size-default\">Jorge Gracia<\/h4>\t\t<\/div>\n\t\t\t\t<\/div>\n\t\t\t\t<div class=\"elementor-element elementor-element-10866963 elementor-widget elementor-widget-text-editor\" data-id=\"10866963\" data-element_type=\"widget\" data-widget_type=\"text-editor.default\">\n\t\t\t\t<div class=\"elementor-widget-container\">\n\t\t\t\t\t\t\t<p class=\"detail-title\">Arquitecto<\/p>\t\t\t\t\t\t<\/div>\n\t\t\t\t<\/div>\n\t\t\t\t<div class=\"elementor-element elementor-element-7abc7e75 elementor-hidden-desktop elementor-hidden-tablet elementor-hidden-mobile elementor-widget elementor-widget-html\" data-id=\"7abc7e75\" data-element_type=\"widget\" data-widget_type=\"html.default\">\n\t\t\t\t<div class=\"elementor-widget-container\">\n\t\t\t&lt;input type=&quot;hidden&quot; value=&quot;Jorge Gracia es un Arquitecto mexicano egresado de la Universidad Iberoamericana Noroeste en 1997, es fundador y director de graciastudio (est. 2004).<br><br>\nRecipiente de m\u00faltiples premios y reconocimientos, tanto a nivel nacional como internacional, dentro de la pr\u00e1ctica de la arquitectura, incluyendo: '30 promesas 2009' Grupo Expansion, 'Design Vanguard 2012' Architectural Record, 'Emerging Voices 2013' Architectural League of New York, 'Obra del A\u00f1o 2013' ArchDaily, 'Best of the Best' Red Dot Awards 2014 y '10 Despachos generadores de cambio 2016' Grupo Expansion Obras.<br><br>\nEntre sus conferencias internacionales destacan 'Virginia Tech' en Blacksburg Virginia, 'Australian Institute of Architects' (2013), 'Architectural Record Innovation Conference' (2014) en Los \u00c1ngeles California y 'Cooper Union' (2013) en Nueva York.<br>\nFundador de la Escuela Libre de Arquitectura (2014), escuela de Arquitectura en el centro de Tijuana, donde actualmente es Director.\"&gt;\t\t<\/div>\n\t\t\t\t<\/div>\n\t\t\t\t\t<\/div>\n\t\t\t\t<\/div>\n\t\t<div role=\"region\" aria-labelledby=\"e-n-accordion-item-1460\" class=\"elementor-element elementor-element-7fb641ee member e-flex e-con-boxed e-con e-child\" data-id=\"7fb641ee\" data-element_type=\"container\">\n\t\t\t\t\t<div class=\"e-con-inner\">\n\t\t\t\t<div class=\"elementor-element elementor-element-30ab3b2 elementor-widget elementor-widget-image\" data-id=\"30ab3b2\" data-element_type=\"widget\" data-widget_type=\"image.default\">\n\t\t\t\t<div class=\"elementor-widget-container\">\n\t\t\t\t\t\t\t\t\t\t\t\t\t<img loading=\"lazy\" decoding=\"async\" width=\"250\" height=\"250\" src=\"https:\/\/wdc2024.org\/es\/wp-content\/uploads\/sites\/2\/2024\/04\/Krzysztof-Wodiczko--250x250.jpg\" class=\"attachment-medium size-medium wp-image-1206\" alt=\"\" srcset=\"https:\/\/wdc2024.org\/es\/wp-content\/uploads\/sites\/2\/2024\/04\/Krzysztof-Wodiczko--250x250.jpg 250w, https:\/\/wdc2024.org\/es\/wp-content\/uploads\/sites\/2\/2024\/04\/Krzysztof-Wodiczko--700x700.jpg 700w, https:\/\/wdc2024.org\/es\/wp-content\/uploads\/sites\/2\/2024\/04\/Krzysztof-Wodiczko--150x150.jpg 150w, https:\/\/wdc2024.org\/es\/wp-content\/uploads\/sites\/2\/2024\/04\/Krzysztof-Wodiczko--768x768.jpg 768w, https:\/\/wdc2024.org\/es\/wp-content\/uploads\/sites\/2\/2024\/04\/Krzysztof-Wodiczko--120x120.jpg 120w, https:\/\/wdc2024.org\/es\/wp-content\/uploads\/sites\/2\/2024\/04\/Krzysztof-Wodiczko-.jpg 1080w\" sizes=\"(max-width: 250px) 100vw, 250px\" \/>\t\t\t\t\t\t\t\t\t\t\t\t\t<\/div>\n\t\t\t\t<\/div>\n\t\t\t\t<div class=\"elementor-element elementor-element-496e9217 elementor-widget elementor-widget-heading\" data-id=\"496e9217\" data-element_type=\"widget\" data-widget_type=\"heading.default\">\n\t\t\t\t<div class=\"elementor-widget-container\">\n\t\t\t<h4 class=\"elementor-heading-title elementor-size-default\">Krzysztof Wodiczko<\/h4>\t\t<\/div>\n\t\t\t\t<\/div>\n\t\t\t\t<div class=\"elementor-element elementor-element-92e88b9 elementor-widget elementor-widget-text-editor\" data-id=\"92e88b9\" data-element_type=\"widget\" data-widget_type=\"text-editor.default\">\n\t\t\t\t<div class=\"elementor-widget-container\">\n\t\t\t\t\t\t\t<p class=\"detail-title\">Artist<\/p>\t\t\t\t\t\t<\/div>\n\t\t\t\t<\/div>\n\t\t\t\t\t<\/div>\n\t\t\t\t<\/div>\n\t\t<div role=\"region\" aria-labelledby=\"e-n-accordion-item-1460\" class=\"elementor-element elementor-element-282af19 member e-flex e-con-boxed e-con e-child\" data-id=\"282af19\" data-element_type=\"container\">\n\t\t\t\t\t<div class=\"e-con-inner\">\n\t\t\t\t<div class=\"elementor-element elementor-element-66e0c986 elementor-widget elementor-widget-image\" data-id=\"66e0c986\" data-element_type=\"widget\" data-widget_type=\"image.default\">\n\t\t\t\t<div class=\"elementor-widget-container\">\n\t\t\t\t\t\t\t\t\t\t\t\t\t<img loading=\"lazy\" decoding=\"async\" width=\"250\" height=\"250\" src=\"https:\/\/wdc2024.org\/es\/wp-content\/uploads\/sites\/2\/2024\/04\/Christopher-Hawthorne-250x250.jpeg\" class=\"attachment-medium size-medium wp-image-1049\" alt=\"\" srcset=\"https:\/\/wdc2024.org\/es\/wp-content\/uploads\/sites\/2\/2024\/04\/Christopher-Hawthorne-250x250.jpeg 250w, https:\/\/wdc2024.org\/es\/wp-content\/uploads\/sites\/2\/2024\/04\/Christopher-Hawthorne-150x150.jpeg 150w, https:\/\/wdc2024.org\/es\/wp-content\/uploads\/sites\/2\/2024\/04\/Christopher-Hawthorne-120x120.jpeg 120w, https:\/\/wdc2024.org\/es\/wp-content\/uploads\/sites\/2\/2024\/04\/Christopher-Hawthorne.jpeg 256w\" sizes=\"(max-width: 250px) 100vw, 250px\" \/>\t\t\t\t\t\t\t\t\t\t\t\t\t<\/div>\n\t\t\t\t<\/div>\n\t\t\t\t<div class=\"elementor-element elementor-element-77b8e629 elementor-widget elementor-widget-heading\" data-id=\"77b8e629\" data-element_type=\"widget\" data-widget_type=\"heading.default\">\n\t\t\t\t<div class=\"elementor-widget-container\">\n\t\t\t<h4 class=\"elementor-heading-title elementor-size-default\">Christopher Hawthorne<\/h4>\t\t<\/div>\n\t\t\t\t<\/div>\n\t\t\t\t<div class=\"elementor-element elementor-element-77dbec35 elementor-widget elementor-widget-text-editor\" data-id=\"77dbec35\" data-element_type=\"widget\" data-widget_type=\"text-editor.default\">\n\t\t\t\t<div class=\"elementor-widget-container\">\n\t\t\t\t\t\t\t<p class=\"detail-title\">Cr\u00edtico Senior<\/p>\n<p class=\"detail-company\">Yale School of Architecture<\/p>\t\t\t\t\t\t<\/div>\n\t\t\t\t<\/div>\n\t\t\t\t<div class=\"elementor-element elementor-element-4ca9008c elementor-hidden-desktop elementor-hidden-tablet elementor-hidden-mobile elementor-widget elementor-widget-html\" data-id=\"4ca9008c\" data-element_type=\"widget\" data-widget_type=\"html.default\">\n\t\t\t\t<div class=\"elementor-widget-container\">\n\t\t\t&lt;input type=&quot;hidden&quot; value=&quot;Christopher Hawthorne es cr\u00edtico de arquitectura, educador y cineasta. Entre 2018 y 2022 fue el primer Jefe de Dise\u00f1o de la ciudad de Los \u00c1ngeles, cargo nombrado por el alcalde Eric Garcetti. En este puesto, supervis\u00f3 el dise\u00f1o de grandes proyectos de construcci\u00f3n e infraestructuras en toda la ciudad y puso en marcha iniciativas relacionadas con la vivienda, la arquitectura, el dise\u00f1o urbano, la memoria c\u00edvica y el arte p\u00fablico.<br><br>De 2004 a 2018, Hawthorne fue cr\u00edtico de arquitectura en Los Angeles Times. Sus escritos sobre arquitectura y arte tambi\u00e9n han aparecido en The New York Times, The New Yorker, The Atlantic, Harvard Design Magazine, Architect, Architectural Record, Domus y muchas otras publicaciones. Es autor, junto con Alanna Stang, de The Green House: New Directions in Sustainable Architecture (Princeton Architectural Press). <br><br>En el pasado fue profesor en la Universidad del Sur de California, el Occidental College, el Instituto de Arquitectura del Sur de California y la Universidad de California en Berkeley. Colaborador habitual de KCET-TV, la filial de PBS en Los \u00c1ngeles, Hawthorne escribi\u00f3 y dirigi\u00f3 el documental \u201dThat Far Corner: Frank Lloyd Wright in Los Angeles\u201d, por el que recibi\u00f3 un premio Emmy de la zona de Los \u00c1ngeles. Tambi\u00e9n recibi\u00f3 un Emmy por su trabajo como productor ejecutivo en el programa de KCET \u201dThird L.A. with Architecture Critic Christopher Hawthorne.\u201d De 2015 a 2022, primero en Occidental y luego en la USC, dirigi\u00f3 el Third Los Angeles Project, una serie de conversaciones p\u00fablicas sobre arquitectura, urbanismo, movilidad y cambio demogr\u00e1fico en el sur de California.<br><br>Hawthorne fue el Fall 2022 Bernadette Ma Distinguished Visiting Fellow en la U.C. Berkeley College of Environmental Design. \nHa sido Mid-Career Fellow en el Programa Nacional de Periodismo Art\u00edstico de la Universidad de Columbia y Residente de Cr\u00edtica en la Academia Americana de Roma.\"&gt;\t\t<\/div>\n\t\t\t\t<\/div>\n\t\t\t\t\t<\/div>\n\t\t\t\t<\/div>\n\t\t<div role=\"region\" aria-labelledby=\"e-n-accordion-item-1460\" class=\"elementor-element elementor-element-1c3388d4 member e-flex e-con-boxed e-con e-child\" data-id=\"1c3388d4\" data-element_type=\"container\">\n\t\t\t\t\t<div class=\"e-con-inner\">\n\t\t\t\t<div class=\"elementor-element elementor-element-4ded4a29 elementor-widget elementor-widget-image\" data-id=\"4ded4a29\" data-element_type=\"widget\" data-widget_type=\"image.default\">\n\t\t\t\t<div class=\"elementor-widget-container\">\n\t\t\t\t\t\t\t\t\t\t\t\t\t<img loading=\"lazy\" decoding=\"async\" width=\"250\" height=\"250\" src=\"https:\/\/wdc2024.org\/es\/wp-content\/uploads\/sites\/2\/2024\/04\/Roberto-Balayan-aka-Astrid-Buk-Kake-250x250.png\" class=\"attachment-medium size-medium wp-image-1050\" alt=\"\" srcset=\"https:\/\/wdc2024.org\/es\/wp-content\/uploads\/sites\/2\/2024\/04\/Roberto-Balayan-aka-Astrid-Buk-Kake-250x250.png 250w, https:\/\/wdc2024.org\/es\/wp-content\/uploads\/sites\/2\/2024\/04\/Roberto-Balayan-aka-Astrid-Buk-Kake-150x150.png 150w, https:\/\/wdc2024.org\/es\/wp-content\/uploads\/sites\/2\/2024\/04\/Roberto-Balayan-aka-Astrid-Buk-Kake-120x120.png 120w, https:\/\/wdc2024.org\/es\/wp-content\/uploads\/sites\/2\/2024\/04\/Roberto-Balayan-aka-Astrid-Buk-Kake.png 256w\" sizes=\"(max-width: 250px) 100vw, 250px\" \/>\t\t\t\t\t\t\t\t\t\t\t\t\t<\/div>\n\t\t\t\t<\/div>\n\t\t\t\t<div class=\"elementor-element elementor-element-38bbcf24 elementor-widget elementor-widget-heading\" data-id=\"38bbcf24\" data-element_type=\"widget\" data-widget_type=\"heading.default\">\n\t\t\t\t<div class=\"elementor-widget-container\">\n\t\t\t<h4 class=\"elementor-heading-title elementor-size-default\">Roberto Balay\u00e1n aka Astrid B\u00fak Kake<\/h4>\t\t<\/div>\n\t\t\t\t<\/div>\n\t\t\t\t\t<\/div>\n\t\t\t\t<\/div>\n\t\t<div role=\"region\" aria-labelledby=\"e-n-accordion-item-1460\" class=\"elementor-element elementor-element-629a9ef1 member e-flex e-con-boxed e-con e-child\" data-id=\"629a9ef1\" data-element_type=\"container\">\n\t\t\t\t\t<div class=\"e-con-inner\">\n\t\t\t\t<div class=\"elementor-element elementor-element-3742f923 elementor-widget elementor-widget-image\" data-id=\"3742f923\" data-element_type=\"widget\" data-widget_type=\"image.default\">\n\t\t\t\t<div class=\"elementor-widget-container\">\n\t\t\t\t\t\t\t\t\t\t\t\t\t<img loading=\"lazy\" decoding=\"async\" width=\"250\" height=\"250\" src=\"https:\/\/wdc2024.org\/es\/wp-content\/uploads\/sites\/2\/2024\/04\/Sean-Kelley-250x250.jpeg\" class=\"attachment-medium size-medium wp-image-1051\" alt=\"\" srcset=\"https:\/\/wdc2024.org\/es\/wp-content\/uploads\/sites\/2\/2024\/04\/Sean-Kelley-250x250.jpeg 250w, https:\/\/wdc2024.org\/es\/wp-content\/uploads\/sites\/2\/2024\/04\/Sean-Kelley-150x150.jpeg 150w, https:\/\/wdc2024.org\/es\/wp-content\/uploads\/sites\/2\/2024\/04\/Sean-Kelley-120x120.jpeg 120w, https:\/\/wdc2024.org\/es\/wp-content\/uploads\/sites\/2\/2024\/04\/Sean-Kelley.jpeg 256w\" sizes=\"(max-width: 250px) 100vw, 250px\" \/>\t\t\t\t\t\t\t\t\t\t\t\t\t<\/div>\n\t\t\t\t<\/div>\n\t\t\t\t<div class=\"elementor-element elementor-element-a952127 elementor-widget elementor-widget-heading\" data-id=\"a952127\" data-element_type=\"widget\" data-widget_type=\"heading.default\">\n\t\t\t\t<div class=\"elementor-widget-container\">\n\t\t\t<h4 class=\"elementor-heading-title elementor-size-default\">Sean Kelley<\/h4>\t\t<\/div>\n\t\t\t\t<\/div>\n\t\t\t\t<div class=\"elementor-element elementor-element-2555c7f2 elementor-widget elementor-widget-text-editor\" data-id=\"2555c7f2\" data-element_type=\"widget\" data-widget_type=\"text-editor.default\">\n\t\t\t\t<div class=\"elementor-widget-container\">\n\t\t\t\t\t\t\t<p class=\"detail-title\">Director Creativo<\/p>\n<p class=\"detail-company\">Mother Sponge<\/p>\t\t\t\t\t\t<\/div>\n\t\t\t\t<\/div>\n\t\t\t\t\t<\/div>\n\t\t\t\t<\/div>\n\t\t<div role=\"region\" aria-labelledby=\"e-n-accordion-item-1460\" class=\"elementor-element elementor-element-60956713 member e-flex e-con-boxed e-con e-child\" data-id=\"60956713\" data-element_type=\"container\">\n\t\t\t\t\t<div class=\"e-con-inner\">\n\t\t\t\t<div class=\"elementor-element elementor-element-5241b285 elementor-widget elementor-widget-image\" data-id=\"5241b285\" data-element_type=\"widget\" data-widget_type=\"image.default\">\n\t\t\t\t<div class=\"elementor-widget-container\">\n\t\t\t\t\t\t\t\t\t\t\t\t\t<img loading=\"lazy\" decoding=\"async\" width=\"250\" height=\"250\" src=\"https:\/\/wdc2024.org\/es\/wp-content\/uploads\/sites\/2\/2024\/04\/Axcel-Reyes-aka-La-Alanina-250x250.png\" class=\"attachment-medium size-medium wp-image-1052\" alt=\"\" srcset=\"https:\/\/wdc2024.org\/es\/wp-content\/uploads\/sites\/2\/2024\/04\/Axcel-Reyes-aka-La-Alanina-250x250.png 250w, https:\/\/wdc2024.org\/es\/wp-content\/uploads\/sites\/2\/2024\/04\/Axcel-Reyes-aka-La-Alanina-150x150.png 150w, https:\/\/wdc2024.org\/es\/wp-content\/uploads\/sites\/2\/2024\/04\/Axcel-Reyes-aka-La-Alanina-120x120.png 120w, https:\/\/wdc2024.org\/es\/wp-content\/uploads\/sites\/2\/2024\/04\/Axcel-Reyes-aka-La-Alanina.png 256w\" sizes=\"(max-width: 250px) 100vw, 250px\" \/>\t\t\t\t\t\t\t\t\t\t\t\t\t<\/div>\n\t\t\t\t<\/div>\n\t\t\t\t<div class=\"elementor-element elementor-element-27f80c76 elementor-widget elementor-widget-heading\" data-id=\"27f80c76\" data-element_type=\"widget\" data-widget_type=\"heading.default\">\n\t\t\t\t<div class=\"elementor-widget-container\">\n\t\t\t<h4 class=\"elementor-heading-title elementor-size-default\">Axcel Reyes aka La Alanina<\/h4>\t\t<\/div>\n\t\t\t\t<\/div>\n\t\t\t\t\t<\/div>\n\t\t\t\t<\/div>\n\t\t<div role=\"region\" aria-labelledby=\"e-n-accordion-item-1460\" class=\"elementor-element elementor-element-67fdb90 member e-flex e-con-boxed e-con e-child\" data-id=\"67fdb90\" data-element_type=\"container\">\n\t\t\t\t\t<div class=\"e-con-inner\">\n\t\t\t\t<div class=\"elementor-element elementor-element-6780f2a4 elementor-widget elementor-widget-image\" data-id=\"6780f2a4\" data-element_type=\"widget\" data-widget_type=\"image.default\">\n\t\t\t\t<div class=\"elementor-widget-container\">\n\t\t\t\t\t\t\t\t\t\t\t\t\t<img loading=\"lazy\" decoding=\"async\" width=\"250\" height=\"250\" src=\"https:\/\/wdc2024.org\/es\/wp-content\/uploads\/sites\/2\/2024\/04\/Yee-Foo-Lai-250x250.jpeg\" class=\"attachment-medium size-medium wp-image-1053\" alt=\"\" srcset=\"https:\/\/wdc2024.org\/es\/wp-content\/uploads\/sites\/2\/2024\/04\/Yee-Foo-Lai-250x250.jpeg 250w, https:\/\/wdc2024.org\/es\/wp-content\/uploads\/sites\/2\/2024\/04\/Yee-Foo-Lai-150x150.jpeg 150w, https:\/\/wdc2024.org\/es\/wp-content\/uploads\/sites\/2\/2024\/04\/Yee-Foo-Lai-120x120.jpeg 120w, https:\/\/wdc2024.org\/es\/wp-content\/uploads\/sites\/2\/2024\/04\/Yee-Foo-Lai.jpeg 256w\" sizes=\"(max-width: 250px) 100vw, 250px\" \/>\t\t\t\t\t\t\t\t\t\t\t\t\t<\/div>\n\t\t\t\t<\/div>\n\t\t\t\t<div class=\"elementor-element elementor-element-46a64d95 elementor-widget elementor-widget-heading\" data-id=\"46a64d95\" data-element_type=\"widget\" data-widget_type=\"heading.default\">\n\t\t\t\t<div class=\"elementor-widget-container\">\n\t\t\t<h4 class=\"elementor-heading-title elementor-size-default\">Yee Foo Lai<\/h4>\t\t<\/div>\n\t\t\t\t<\/div>\n\t\t\t\t<div class=\"elementor-element elementor-element-4a53d9a2 elementor-widget elementor-widget-text-editor\" data-id=\"4a53d9a2\" data-element_type=\"widget\" data-widget_type=\"text-editor.default\">\n\t\t\t\t<div class=\"elementor-widget-container\">\n\t\t\t\t\t\t\t<p class=\"detail-title\">Cofundador<\/p><p class=\"detail-company\">Temporary Office<\/p>\t\t\t\t\t\t<\/div>\n\t\t\t\t<\/div>\n\t\t\t\t\t<\/div>\n\t\t\t\t<\/div>\n\t\t<div role=\"region\" aria-labelledby=\"e-n-accordion-item-1460\" class=\"elementor-element elementor-element-354f9d8c member e-flex e-con-boxed e-con e-child\" data-id=\"354f9d8c\" data-element_type=\"container\">\n\t\t\t\t\t<div class=\"e-con-inner\">\n\t\t\t\t<div class=\"elementor-element elementor-element-24762ac3 elementor-widget elementor-widget-image\" data-id=\"24762ac3\" data-element_type=\"widget\" data-widget_type=\"image.default\">\n\t\t\t\t<div class=\"elementor-widget-container\">\n\t\t\t\t\t\t\t\t\t\t\t\t\t<img loading=\"lazy\" decoding=\"async\" width=\"250\" height=\"250\" src=\"https:\/\/wdc2024.org\/es\/wp-content\/uploads\/sites\/2\/2024\/04\/Jimena-de-Gortari-Ludlow-250x250.jpeg\" class=\"attachment-medium size-medium wp-image-1054\" alt=\"\" srcset=\"https:\/\/wdc2024.org\/es\/wp-content\/uploads\/sites\/2\/2024\/04\/Jimena-de-Gortari-Ludlow-250x250.jpeg 250w, https:\/\/wdc2024.org\/es\/wp-content\/uploads\/sites\/2\/2024\/04\/Jimena-de-Gortari-Ludlow-150x150.jpeg 150w, https:\/\/wdc2024.org\/es\/wp-content\/uploads\/sites\/2\/2024\/04\/Jimena-de-Gortari-Ludlow-120x120.jpeg 120w, https:\/\/wdc2024.org\/es\/wp-content\/uploads\/sites\/2\/2024\/04\/Jimena-de-Gortari-Ludlow.jpeg 256w\" sizes=\"(max-width: 250px) 100vw, 250px\" \/>\t\t\t\t\t\t\t\t\t\t\t\t\t<\/div>\n\t\t\t\t<\/div>\n\t\t\t\t<div class=\"elementor-element elementor-element-2f3ba509 elementor-widget elementor-widget-heading\" data-id=\"2f3ba509\" data-element_type=\"widget\" data-widget_type=\"heading.default\">\n\t\t\t\t<div class=\"elementor-widget-container\">\n\t\t\t<h4 class=\"elementor-heading-title elementor-size-default\">Jimena de Gortari Ludlow<\/h4>\t\t<\/div>\n\t\t\t\t<\/div>\n\t\t\t\t<div class=\"elementor-element elementor-element-3a116c58 elementor-widget elementor-widget-text-editor\" data-id=\"3a116c58\" data-element_type=\"widget\" data-widget_type=\"text-editor.default\">\n\t\t\t\t<div class=\"elementor-widget-container\">\n\t\t\t\t\t\t\t<p class=\"detail-title\">Professor<\/p><p class=\"detail-company\">Universidad Iberoamericana<\/p>\t\t\t\t\t\t<\/div>\n\t\t\t\t<\/div>\n\t\t\t\t\t<\/div>\n\t\t\t\t<\/div>\n\t\t<div role=\"region\" aria-labelledby=\"e-n-accordion-item-1460\" class=\"elementor-element elementor-element-36eb2793 member e-flex e-con-boxed e-con e-child\" data-id=\"36eb2793\" data-element_type=\"container\">\n\t\t\t\t\t<div class=\"e-con-inner\">\n\t\t\t\t<div class=\"elementor-element elementor-element-4214beaa elementor-widget elementor-widget-image\" data-id=\"4214beaa\" data-element_type=\"widget\" data-widget_type=\"image.default\">\n\t\t\t\t<div class=\"elementor-widget-container\">\n\t\t\t\t\t\t\t\t\t\t\t\t\t<img loading=\"lazy\" decoding=\"async\" width=\"250\" height=\"250\" src=\"https:\/\/wdc2024.org\/es\/wp-content\/uploads\/sites\/2\/2024\/04\/Maik-Maravilla-250x250.jpeg\" class=\"attachment-medium size-medium wp-image-1055\" alt=\"\" srcset=\"https:\/\/wdc2024.org\/es\/wp-content\/uploads\/sites\/2\/2024\/04\/Maik-Maravilla-250x250.jpeg 250w, https:\/\/wdc2024.org\/es\/wp-content\/uploads\/sites\/2\/2024\/04\/Maik-Maravilla-150x150.jpeg 150w, https:\/\/wdc2024.org\/es\/wp-content\/uploads\/sites\/2\/2024\/04\/Maik-Maravilla-120x120.jpeg 120w, https:\/\/wdc2024.org\/es\/wp-content\/uploads\/sites\/2\/2024\/04\/Maik-Maravilla.jpeg 256w\" sizes=\"(max-width: 250px) 100vw, 250px\" \/>\t\t\t\t\t\t\t\t\t\t\t\t\t<\/div>\n\t\t\t\t<\/div>\n\t\t\t\t<div class=\"elementor-element elementor-element-5c967746 elementor-widget elementor-widget-heading\" data-id=\"5c967746\" data-element_type=\"widget\" data-widget_type=\"heading.default\">\n\t\t\t\t<div class=\"elementor-widget-container\">\n\t\t\t<h4 class=\"elementor-heading-title elementor-size-default\">Maik Maravilla<\/h4>\t\t<\/div>\n\t\t\t\t<\/div>\n\t\t\t\t<div class=\"elementor-element elementor-element-1519aaca elementor-widget elementor-widget-text-editor\" data-id=\"1519aaca\" data-element_type=\"widget\" data-widget_type=\"text-editor.default\">\n\t\t\t\t<div class=\"elementor-widget-container\">\n\t\t\t\t\t\t\t<p class=\"detail-title\">Director creativo, ilustrador, dise\u00f1ador gr\u00e1fico y pintor.<\/p>\t\t\t\t\t\t<\/div>\n\t\t\t\t<\/div>\n\t\t\t\t<div class=\"elementor-element elementor-element-551660aa elementor-hidden-desktop elementor-hidden-tablet elementor-hidden-mobile elementor-widget elementor-widget-html\" data-id=\"551660aa\" data-element_type=\"widget\" data-widget_type=\"html.default\">\n\t\t\t\t<div class=\"elementor-widget-container\">\n\t\t\t&lt;input type=&quot;hidden&quot; value=&quot;A medida que fui creciendo, me di cuenta de mi inter\u00e9s por el dibujo y decid\u00ed estudiar algo relacionado. Obtuve una licenciatura en Dise\u00f1o Gr\u00e1fico y despu\u00e9s empec\u00e9 a trabajar en diferentes empresas en departamentos como mercadotecnia, dise\u00f1o gr\u00e1fico, editorial e ilustraci\u00f3n. Adem\u00e1s, tengo m\u00e1s de siete a\u00f1os trabajando como ilustradora.<br><br>Hace doce a\u00f1os, decid\u00ed mudarme por primera vez a la ciudad de Tijuana y comenc\u00e9 a trabajar en el \u00e1rea de dise\u00f1o web y social media. Ya que siempre dibujaba e ilustraba por hobby, buscaba empezar a trabajar en proyectos m\u00e1s importantes.<br><br>En 2015 regres\u00e9 a mi ciudad natal y empec\u00e9 a trabajar en un peri\u00f3dico, en el departamento de ilustraci\u00f3n, despu\u00e9s de unos a\u00f1os, empec\u00e9 a trabajar en un departamento de gobierno, donde desarrollaba programas para ayudar a ni\u00f1os de escasos recursos.<br><br>Actualmente, trabajo como ilustradora y dise\u00f1adora gr\u00e1fica freelance con mi propio proyecto llamado @MaikMaravilla.\"&gt;\t\t<\/div>\n\t\t\t\t<\/div>\n\t\t\t\t\t<\/div>\n\t\t\t\t<\/div>\n\t\t<div role=\"region\" aria-labelledby=\"e-n-accordion-item-1460\" class=\"elementor-element elementor-element-433d0074 member e-flex e-con-boxed e-con e-child\" data-id=\"433d0074\" data-element_type=\"container\">\n\t\t\t\t\t<div class=\"e-con-inner\">\n\t\t\t\t<div class=\"elementor-element elementor-element-65fa9cf elementor-widget elementor-widget-image\" data-id=\"65fa9cf\" data-element_type=\"widget\" data-widget_type=\"image.default\">\n\t\t\t\t<div class=\"elementor-widget-container\">\n\t\t\t\t\t\t\t\t\t\t\t\t\t<img loading=\"lazy\" decoding=\"async\" width=\"250\" height=\"250\" src=\"https:\/\/wdc2024.org\/es\/wp-content\/uploads\/sites\/2\/2024\/04\/Max-Matus-250x250.jpeg\" class=\"attachment-medium size-medium wp-image-1056\" alt=\"\" srcset=\"https:\/\/wdc2024.org\/es\/wp-content\/uploads\/sites\/2\/2024\/04\/Max-Matus-250x250.jpeg 250w, https:\/\/wdc2024.org\/es\/wp-content\/uploads\/sites\/2\/2024\/04\/Max-Matus-150x150.jpeg 150w, https:\/\/wdc2024.org\/es\/wp-content\/uploads\/sites\/2\/2024\/04\/Max-Matus-120x120.jpeg 120w, https:\/\/wdc2024.org\/es\/wp-content\/uploads\/sites\/2\/2024\/04\/Max-Matus.jpeg 256w\" sizes=\"(max-width: 250px) 100vw, 250px\" \/>\t\t\t\t\t\t\t\t\t\t\t\t\t<\/div>\n\t\t\t\t<\/div>\n\t\t\t\t<div class=\"elementor-element elementor-element-6486c63 elementor-widget elementor-widget-heading\" data-id=\"6486c63\" data-element_type=\"widget\" data-widget_type=\"heading.default\">\n\t\t\t\t<div class=\"elementor-widget-container\">\n\t\t\t<h4 class=\"elementor-heading-title elementor-size-default\">Max Matus<\/h4>\t\t<\/div>\n\t\t\t\t<\/div>\n\t\t\t\t<div class=\"elementor-element elementor-element-37955e8 elementor-widget elementor-widget-text-editor\" data-id=\"37955e8\" data-element_type=\"widget\" data-widget_type=\"text-editor.default\">\n\t\t\t\t<div class=\"elementor-widget-container\">\n\t\t\t\t\t\t\t<p class=\"detail-title\">Investigadora de Estudios Culturales<\/p>\n<p class=\"detail-company\">El Colegio de la Frontera Norte<\/p>\t\t\t\t\t\t<\/div>\n\t\t\t\t<\/div>\n\t\t\t\t\t<\/div>\n\t\t\t\t<\/div>\n\t\t<div role=\"region\" aria-labelledby=\"e-n-accordion-item-1460\" class=\"elementor-element elementor-element-5ffb94ae member e-flex e-con-boxed e-con e-child\" data-id=\"5ffb94ae\" data-element_type=\"container\">\n\t\t\t\t\t<div class=\"e-con-inner\">\n\t\t\t\t<div class=\"elementor-element elementor-element-647c56ee elementor-widget elementor-widget-image\" data-id=\"647c56ee\" data-element_type=\"widget\" data-widget_type=\"image.default\">\n\t\t\t\t<div class=\"elementor-widget-container\">\n\t\t\t\t\t\t\t\t\t\t\t\t\t<img loading=\"lazy\" decoding=\"async\" width=\"250\" height=\"250\" src=\"https:\/\/wdc2024.org\/es\/wp-content\/uploads\/sites\/2\/2024\/04\/David-Maung-250x250.jpeg\" class=\"attachment-medium size-medium wp-image-1057\" alt=\"\" srcset=\"https:\/\/wdc2024.org\/es\/wp-content\/uploads\/sites\/2\/2024\/04\/David-Maung-250x250.jpeg 250w, https:\/\/wdc2024.org\/es\/wp-content\/uploads\/sites\/2\/2024\/04\/David-Maung-150x150.jpeg 150w, https:\/\/wdc2024.org\/es\/wp-content\/uploads\/sites\/2\/2024\/04\/David-Maung-120x120.jpeg 120w, https:\/\/wdc2024.org\/es\/wp-content\/uploads\/sites\/2\/2024\/04\/David-Maung.jpeg 256w\" sizes=\"(max-width: 250px) 100vw, 250px\" \/>\t\t\t\t\t\t\t\t\t\t\t\t\t<\/div>\n\t\t\t\t<\/div>\n\t\t\t\t<div class=\"elementor-element elementor-element-52e59140 elementor-widget elementor-widget-heading\" data-id=\"52e59140\" data-element_type=\"widget\" data-widget_type=\"heading.default\">\n\t\t\t\t<div class=\"elementor-widget-container\">\n\t\t\t<h4 class=\"elementor-heading-title elementor-size-default\">David Maung<\/h4>\t\t<\/div>\n\t\t\t\t<\/div>\n\t\t\t\t<div class=\"elementor-element elementor-element-38bd7959 elementor-widget elementor-widget-text-editor\" data-id=\"38bd7959\" data-element_type=\"widget\" data-widget_type=\"text-editor.default\">\n\t\t\t\t<div class=\"elementor-widget-container\">\n\t\t\t\t\t\t\t<p class=\"detail-title\">Fot\u00f3grafo<\/p>\t\t\t\t\t\t<\/div>\n\t\t\t\t<\/div>\n\t\t\t\t<div class=\"elementor-element elementor-element-58df0193 elementor-hidden-desktop elementor-hidden-tablet elementor-hidden-mobile elementor-widget elementor-widget-html\" data-id=\"58df0193\" data-element_type=\"widget\" data-widget_type=\"html.default\">\n\t\t\t\t<div class=\"elementor-widget-container\">\n\t\t\t&lt;input type=&quot;hidden&quot; value=&quot;David Maung es un fot\u00f3grafo estadounidense que ha trabajado extensamente en Tijuana, M\u00e9xico, desde 1991, donde ha desarrollado una comprensi\u00f3n aguda e \u00edntima de los temas complejos y din\u00e1micos que definen la regi\u00f3n.<br><br>Su trabajo ha aparecido en publicaciones como como The New York Times, Life, The Washington Post, European Pressphoto Agency, Catholic News Service, Al-Jazeera, Der Spiegel, Courrier International, Gatopardo, Proceso, Amnist\u00eda Internacional, Human Rights Watch, Physicians for Human Rights y Smithsonian. Su trabajo ha sido expuesto en Estados Unidos, Alemania, M\u00e9xico y Colombia.<br><br>David organiza talleres y actividades para fomentar el di\u00e1logo sobre la \u00e9tica, la est\u00e9tica y la responsabilidad social de la fotograf\u00eda. Su trabajo como educador busca brindar una mejor comprensi\u00f3n de los problemas fronterizos entre Estados Unidos y M\u00e9xico y crear oportunidades para explorar el panorama visual, social y cultural \u00fanico de la regi\u00f3n fronteriza entre Estados Unidos y M\u00e9xico.<br><br>Su trabajo de fotograf\u00eda personal le brinda a David una oportunidad para reflexionar sobre las percepciones internas del lugar y el paso del tiempo, lo que proporciona un bienvenido contrapeso a su trabajo como fotoperiodista.\"&gt;\t\t<\/div>\n\t\t\t\t<\/div>\n\t\t\t\t\t<\/div>\n\t\t\t\t<\/div>\n\t\t<div role=\"region\" aria-labelledby=\"e-n-accordion-item-1460\" class=\"elementor-element elementor-element-45636c8a member e-flex e-con-boxed e-con e-child\" data-id=\"45636c8a\" data-element_type=\"container\">\n\t\t\t\t\t<div class=\"e-con-inner\">\n\t\t\t\t<div class=\"elementor-element elementor-element-7fc35b81 elementor-widget elementor-widget-image\" data-id=\"7fc35b81\" data-element_type=\"widget\" data-widget_type=\"image.default\">\n\t\t\t\t<div class=\"elementor-widget-container\">\n\t\t\t\t\t\t\t\t\t\t\t\t\t<img loading=\"lazy\" decoding=\"async\" width=\"250\" height=\"250\" src=\"https:\/\/wdc2024.org\/es\/wp-content\/uploads\/sites\/2\/2024\/04\/Marko-Medina-250x250.jpeg\" class=\"attachment-medium size-medium wp-image-1058\" alt=\"\" srcset=\"https:\/\/wdc2024.org\/es\/wp-content\/uploads\/sites\/2\/2024\/04\/Marko-Medina-250x250.jpeg 250w, https:\/\/wdc2024.org\/es\/wp-content\/uploads\/sites\/2\/2024\/04\/Marko-Medina-150x150.jpeg 150w, https:\/\/wdc2024.org\/es\/wp-content\/uploads\/sites\/2\/2024\/04\/Marko-Medina-120x120.jpeg 120w, https:\/\/wdc2024.org\/es\/wp-content\/uploads\/sites\/2\/2024\/04\/Marko-Medina.jpeg 256w\" sizes=\"(max-width: 250px) 100vw, 250px\" \/>\t\t\t\t\t\t\t\t\t\t\t\t\t<\/div>\n\t\t\t\t<\/div>\n\t\t\t\t<div class=\"elementor-element elementor-element-50c90598 elementor-widget elementor-widget-heading\" data-id=\"50c90598\" data-element_type=\"widget\" data-widget_type=\"heading.default\">\n\t\t\t\t<div class=\"elementor-widget-container\">\n\t\t\t<h4 class=\"elementor-heading-title elementor-size-default\">S\u00f3crates Medina<\/h4>\t\t<\/div>\n\t\t\t\t<\/div>\n\t\t\t\t<div class=\"elementor-element elementor-element-77c69661 elementor-widget elementor-widget-text-editor\" data-id=\"77c69661\" data-element_type=\"widget\" data-widget_type=\"text-editor.default\">\n\t\t\t\t<div class=\"elementor-widget-container\">\n\t\t\t\t\t\t\t<p class=\"detail-title\">Fundador<\/p>\n<p class=\"detail-company\">Perro y Arena<\/p>\t\t\t\t\t\t<\/div>\n\t\t\t\t<\/div>\n\t\t\t\t<div class=\"elementor-element elementor-element-58abd94a elementor-hidden-desktop elementor-hidden-tablet elementor-hidden-mobile elementor-widget elementor-widget-html\" data-id=\"58abd94a\" data-element_type=\"widget\" data-widget_type=\"html.default\">\n\t\t\t\t<div class=\"elementor-widget-container\">\n\t\t\t&lt;input type=&quot;hidden&quot; value=&quot;Perro y Arena es un proyecto de cer\u00e1mica y estudio de dise\u00f1o del artista tijuanense S\u00f3crates Marko Medina.<br><br>El trabajo de S\u00f3crates es una poes\u00eda visual que explora la conexi\u00f3n espiritual entre los humanos y la fauna de Baja California. La arcilla que moldea refleja las texturas y tonos de los paisajes mediterr\u00e1neos de Baja California, mientras que sus figuras de animales nos transportan a un mundo m\u00edtico donde podemos bailar con coyotes y liebres bajo la luz de la luna. Cada pieza est\u00e1 meticulosamente elaborada a mano en su estudio de Tijuana.<br><br>El viaje art\u00edstico de S\u00f3crates comenz\u00f3 durante su Licenciatura en Arquitectura con especializaci\u00f3n en Historia del Arte en Cal Poly Pomona, donde su primer encuentro con la cer\u00e1mica gener\u00f3 una conexi\u00f3n intuitiva y nost\u00e1lgica. . Mientras trabajaba en el campo del dise\u00f1o en Los \u00c1ngeles, fund\u00f3 Perro y Arena en 2018, inicialmente como un esfuerzo personal para compartir sus creaciones con amigos y familiares.<br><br>En 2021, regres\u00f3 a su Tijuana natal, convirtiendo su pasi\u00f3n art\u00edstica en una actividad de tiempo completo. Ha formado parte de varias exposiciones en Estados Unidos y M\u00e9xico, obteniendo premios como el Premio Nacional de la Cer\u00e1mica XLV y fungiendo como artista residente en el Museo Internacional Mingei durante la Semana del Dise\u00f1o de San Diego en 2022.<br><br> El estudio se asocia activamente con creativos de ideas afines que comparten una profunda pasi\u00f3n y conexi\u00f3n con el entorno natural. A trav\u00e9s de estas colaboraciones interdisciplinarias, Perro y Arena busca crear un tapiz m\u00e1s rico que celebre la intersecci\u00f3n del arte y la naturaleza.<br><br>Perro y Arena no es solo un estudio de cer\u00e1mica; es una invitaci\u00f3n a adentrarse en un mundo donde el arte y el dise\u00f1o se mezclan perfectamente con la naturaleza, y los mitos cobran vida a trav\u00e9s de la arcilla.\"&gt;\t\t<\/div>\n\t\t\t\t<\/div>\n\t\t\t\t\t<\/div>\n\t\t\t\t<\/div>\n\t\t<div role=\"region\" aria-labelledby=\"e-n-accordion-item-1460\" class=\"elementor-element elementor-element-3b9b3510 member e-flex e-con-boxed e-con e-child\" data-id=\"3b9b3510\" data-element_type=\"container\">\n\t\t\t\t\t<div class=\"e-con-inner\">\n\t\t\t\t<div class=\"elementor-element elementor-element-d2ba797 elementor-widget elementor-widget-image\" data-id=\"d2ba797\" data-element_type=\"widget\" data-widget_type=\"image.default\">\n\t\t\t\t<div class=\"elementor-widget-container\">\n\t\t\t\t\t\t\t\t\t\t\t\t\t<img loading=\"lazy\" decoding=\"async\" width=\"250\" height=\"250\" src=\"https:\/\/wdc2024.org\/es\/wp-content\/uploads\/sites\/2\/2024\/04\/Nataly-Medina-250x250.jpeg\" class=\"attachment-medium size-medium wp-image-1059\" alt=\"\" srcset=\"https:\/\/wdc2024.org\/es\/wp-content\/uploads\/sites\/2\/2024\/04\/Nataly-Medina-250x250.jpeg 250w, https:\/\/wdc2024.org\/es\/wp-content\/uploads\/sites\/2\/2024\/04\/Nataly-Medina-150x150.jpeg 150w, https:\/\/wdc2024.org\/es\/wp-content\/uploads\/sites\/2\/2024\/04\/Nataly-Medina-120x120.jpeg 120w, https:\/\/wdc2024.org\/es\/wp-content\/uploads\/sites\/2\/2024\/04\/Nataly-Medina.jpeg 256w\" sizes=\"(max-width: 250px) 100vw, 250px\" \/>\t\t\t\t\t\t\t\t\t\t\t\t\t<\/div>\n\t\t\t\t<\/div>\n\t\t\t\t<div class=\"elementor-element elementor-element-262d8eec elementor-widget elementor-widget-heading\" data-id=\"262d8eec\" data-element_type=\"widget\" data-widget_type=\"heading.default\">\n\t\t\t\t<div class=\"elementor-widget-container\">\n\t\t\t<h4 class=\"elementor-heading-title elementor-size-default\">Nataly Medina<\/h4>\t\t<\/div>\n\t\t\t\t<\/div>\n\t\t\t\t<div class=\"elementor-element elementor-element-11d72b47 elementor-widget elementor-widget-text-editor\" data-id=\"11d72b47\" data-element_type=\"widget\" data-widget_type=\"text-editor.default\">\n\t\t\t\t<div class=\"elementor-widget-container\">\n\t\t\t\t\t\t\t<p class=\"detail-title\">Coordinadora Academica<\/p><p class=\"detail-company\">CETYS Universidad Tijuana<\/p>\t\t\t\t\t\t<\/div>\n\t\t\t\t<\/div>\n\t\t\t\t<div class=\"elementor-element elementor-element-57378eb0 elementor-hidden-desktop elementor-hidden-tablet elementor-hidden-mobile elementor-widget elementor-widget-html\" data-id=\"57378eb0\" data-element_type=\"widget\" data-widget_type=\"html.default\">\n\t\t\t\t<div class=\"elementor-widget-container\">\n\t\t\t&lt;input type=&quot;hidden&quot; value=&quot;Coordinador Acad\u00e9mico y profesor del CETYS Universidad campus Tijuana.<br><br>Ph.D. Candidato en Ciencias de la Computaci\u00f3n: Sistemas Inteligentes en el Instituto Polit\u00e9cnico Nacional. L\u00edneas de investigaci\u00f3n: optimizaci\u00f3n, sistemas inteligentes, rob\u00f3tica, neurociencia, dispositivos de interfaz humana, gr\u00e1ficos por computadora, dise\u00f1o de software y electr\u00f3nica.\"&gt;\t\t<\/div>\n\t\t\t\t<\/div>\n\t\t\t\t\t<\/div>\n\t\t\t\t<\/div>\n\t\t<div role=\"region\" aria-labelledby=\"e-n-accordion-item-1460\" class=\"elementor-element elementor-element-29563aa9 member e-flex e-con-boxed e-con e-child\" data-id=\"29563aa9\" data-element_type=\"container\">\n\t\t\t\t\t<div class=\"e-con-inner\">\n\t\t\t\t<div class=\"elementor-element elementor-element-cab042f elementor-widget elementor-widget-image\" data-id=\"cab042f\" data-element_type=\"widget\" data-widget_type=\"image.default\">\n\t\t\t\t<div class=\"elementor-widget-container\">\n\t\t\t\t\t\t\t\t\t\t\t\t\t<img loading=\"lazy\" decoding=\"async\" width=\"250\" height=\"250\" src=\"https:\/\/wdc2024.org\/es\/wp-content\/uploads\/sites\/2\/2024\/04\/Christian-Mendez-250x250.jpeg\" class=\"attachment-medium size-medium wp-image-1060\" alt=\"\" srcset=\"https:\/\/wdc2024.org\/es\/wp-content\/uploads\/sites\/2\/2024\/04\/Christian-Mendez-250x250.jpeg 250w, https:\/\/wdc2024.org\/es\/wp-content\/uploads\/sites\/2\/2024\/04\/Christian-Mendez-150x150.jpeg 150w, https:\/\/wdc2024.org\/es\/wp-content\/uploads\/sites\/2\/2024\/04\/Christian-Mendez-120x120.jpeg 120w, https:\/\/wdc2024.org\/es\/wp-content\/uploads\/sites\/2\/2024\/04\/Christian-Mendez.jpeg 256w\" sizes=\"(max-width: 250px) 100vw, 250px\" \/>\t\t\t\t\t\t\t\t\t\t\t\t\t<\/div>\n\t\t\t\t<\/div>\n\t\t\t\t<div class=\"elementor-element elementor-element-a36d9ac elementor-widget elementor-widget-heading\" data-id=\"a36d9ac\" data-element_type=\"widget\" data-widget_type=\"heading.default\">\n\t\t\t\t<div class=\"elementor-widget-container\">\n\t\t\t<h4 class=\"elementor-heading-title elementor-size-default\">Christian Mendez<\/h4>\t\t<\/div>\n\t\t\t\t<\/div>\n\t\t\t\t<div class=\"elementor-element elementor-element-3d0c3745 elementor-widget elementor-widget-text-editor\" data-id=\"3d0c3745\" data-element_type=\"widget\" data-widget_type=\"text-editor.default\">\n\t\t\t\t<div class=\"elementor-widget-container\">\n\t\t\t\t\t\t\t<p class=\"detail-title\">Profesor asociado<\/p>\n<p class=\"detail-company\">Universidad de Monterrey<\/p>\t\t\t\t\t\t<\/div>\n\t\t\t\t<\/div>\n\t\t\t\t<div class=\"elementor-element elementor-element-64faff02 elementor-hidden-desktop elementor-hidden-tablet elementor-hidden-mobile elementor-widget elementor-widget-html\" data-id=\"64faff02\" data-element_type=\"widget\" data-widget_type=\"html.default\">\n\t\t\t\t<div class=\"elementor-widget-container\">\n\t\t\t&lt;input type=&quot;hidden&quot; value=&quot;Apasionado artista autodidacta del 3D, el movimiento y el dise\u00f1o con experiencia en publicidad, videojuegos, educaci\u00f3n y marketing digital. En los \u00faltimos 2 a\u00f1os, he estado impulsando mis habilidades a la gesti\u00f3n de equipos y m\u00faltiples proyectos, ayud\u00e1ndome a desarrollar una perspectiva art\u00edstica meticulosa no s\u00f3lo en este campo sino en el arte en general.<br><br>He tenido la oportunidad oportunidad de colaborar con marcas nacionales como dise\u00f1ador de movimiento independiente y liderar campa\u00f1as en una universidad nacional en M\u00e9xico. Como artista 3D, he trabajado en t\u00edtulos AAA como artista de ambientes y utiler\u00eda.\"&gt;\t\t<\/div>\n\t\t\t\t<\/div>\n\t\t\t\t\t<\/div>\n\t\t\t\t<\/div>\n\t\t<div role=\"region\" aria-labelledby=\"e-n-accordion-item-1460\" class=\"elementor-element elementor-element-3e46089b member e-flex e-con-boxed e-con e-child\" data-id=\"3e46089b\" data-element_type=\"container\">\n\t\t\t\t\t<div class=\"e-con-inner\">\n\t\t\t\t<div class=\"elementor-element elementor-element-3e648306 elementor-widget elementor-widget-image\" data-id=\"3e648306\" data-element_type=\"widget\" data-widget_type=\"image.default\">\n\t\t\t\t<div class=\"elementor-widget-container\">\n\t\t\t\t\t\t\t\t\t\t\t\t\t<img loading=\"lazy\" decoding=\"async\" width=\"250\" height=\"250\" src=\"https:\/\/wdc2024.org\/es\/wp-content\/uploads\/sites\/2\/2024\/04\/Susan-Merritt-250x250.jpeg\" class=\"attachment-medium size-medium wp-image-1061\" alt=\"\" srcset=\"https:\/\/wdc2024.org\/es\/wp-content\/uploads\/sites\/2\/2024\/04\/Susan-Merritt-250x250.jpeg 250w, https:\/\/wdc2024.org\/es\/wp-content\/uploads\/sites\/2\/2024\/04\/Susan-Merritt-150x150.jpeg 150w, https:\/\/wdc2024.org\/es\/wp-content\/uploads\/sites\/2\/2024\/04\/Susan-Merritt-120x120.jpeg 120w, https:\/\/wdc2024.org\/es\/wp-content\/uploads\/sites\/2\/2024\/04\/Susan-Merritt.jpeg 256w\" sizes=\"(max-width: 250px) 100vw, 250px\" \/>\t\t\t\t\t\t\t\t\t\t\t\t\t<\/div>\n\t\t\t\t<\/div>\n\t\t\t\t<div class=\"elementor-element elementor-element-2aab849e elementor-widget elementor-widget-heading\" data-id=\"2aab849e\" data-element_type=\"widget\" data-widget_type=\"heading.default\">\n\t\t\t\t<div class=\"elementor-widget-container\">\n\t\t\t<h4 class=\"elementor-heading-title elementor-size-default\">Susan Merritt<\/h4>\t\t<\/div>\n\t\t\t\t<\/div>\n\t\t\t\t<div class=\"elementor-element elementor-element-4e2eab28 elementor-widget elementor-widget-text-editor\" data-id=\"4e2eab28\" data-element_type=\"widget\" data-widget_type=\"text-editor.default\">\n\t\t\t\t<div class=\"elementor-widget-container\">\n\t\t\t\t\t\t\t<p class=\"detail-title\">Dise\u00f1adora grafica<\/p>\t\t\t\t\t\t<\/div>\n\t\t\t\t<\/div>\n\t\t\t\t\t<\/div>\n\t\t\t\t<\/div>\n\t\t<div role=\"region\" aria-labelledby=\"e-n-accordion-item-1460\" class=\"elementor-element elementor-element-5b985827 member e-flex e-con-boxed e-con e-child\" data-id=\"5b985827\" data-element_type=\"container\">\n\t\t\t\t\t<div class=\"e-con-inner\">\n\t\t\t\t<div class=\"elementor-element elementor-element-7b80c05f elementor-widget elementor-widget-image\" data-id=\"7b80c05f\" data-element_type=\"widget\" data-widget_type=\"image.default\">\n\t\t\t\t<div class=\"elementor-widget-container\">\n\t\t\t\t\t\t\t\t\t\t\t\t\t<img loading=\"lazy\" decoding=\"async\" width=\"250\" height=\"250\" src=\"https:\/\/wdc2024.org\/es\/wp-content\/uploads\/sites\/2\/2024\/04\/Edgar-Morejon-250x250.jpeg\" class=\"attachment-medium size-medium wp-image-1062\" alt=\"\" srcset=\"https:\/\/wdc2024.org\/es\/wp-content\/uploads\/sites\/2\/2024\/04\/Edgar-Morejon-250x250.jpeg 250w, https:\/\/wdc2024.org\/es\/wp-content\/uploads\/sites\/2\/2024\/04\/Edgar-Morejon-150x150.jpeg 150w, https:\/\/wdc2024.org\/es\/wp-content\/uploads\/sites\/2\/2024\/04\/Edgar-Morejon-120x120.jpeg 120w, https:\/\/wdc2024.org\/es\/wp-content\/uploads\/sites\/2\/2024\/04\/Edgar-Morejon.jpeg 256w\" sizes=\"(max-width: 250px) 100vw, 250px\" \/>\t\t\t\t\t\t\t\t\t\t\t\t\t<\/div>\n\t\t\t\t<\/div>\n\t\t\t\t<div class=\"elementor-element elementor-element-7eec2683 elementor-widget elementor-widget-heading\" data-id=\"7eec2683\" data-element_type=\"widget\" data-widget_type=\"heading.default\">\n\t\t\t\t<div class=\"elementor-widget-container\">\n\t\t\t<h4 class=\"elementor-heading-title elementor-size-default\">Edgar Morej\u00f3n<\/h4>\t\t<\/div>\n\t\t\t\t<\/div>\n\t\t\t\t<div class=\"elementor-element elementor-element-76043e2d elementor-widget elementor-widget-text-editor\" data-id=\"76043e2d\" data-element_type=\"widget\" data-widget_type=\"text-editor.default\">\n\t\t\t\t<div class=\"elementor-widget-container\">\n\t\t\t\t\t\t\t<p class=\"detail-title\">Maestro<\/p><p class=\"detail-company\">Cedim Mexico<\/p>\t\t\t\t\t\t<\/div>\n\t\t\t\t<\/div>\n\t\t\t\t\t<\/div>\n\t\t\t\t<\/div>\n\t\t<div role=\"region\" aria-labelledby=\"e-n-accordion-item-1460\" class=\"elementor-element elementor-element-3aa1dcdc member e-flex e-con-boxed e-con e-child\" data-id=\"3aa1dcdc\" data-element_type=\"container\">\n\t\t\t\t\t<div class=\"e-con-inner\">\n\t\t\t\t<div class=\"elementor-element elementor-element-615a6dce elementor-widget elementor-widget-image\" data-id=\"615a6dce\" data-element_type=\"widget\" data-widget_type=\"image.default\">\n\t\t\t\t<div class=\"elementor-widget-container\">\n\t\t\t\t\t\t\t\t\t\t\t\t\t<img loading=\"lazy\" decoding=\"async\" width=\"250\" height=\"250\" src=\"https:\/\/wdc2024.org\/es\/wp-content\/uploads\/sites\/2\/2024\/04\/Ismael-Alejandro-Moreno-250x250.jpeg\" class=\"attachment-medium size-medium wp-image-1063\" alt=\"\" srcset=\"https:\/\/wdc2024.org\/es\/wp-content\/uploads\/sites\/2\/2024\/04\/Ismael-Alejandro-Moreno-250x250.jpeg 250w, https:\/\/wdc2024.org\/es\/wp-content\/uploads\/sites\/2\/2024\/04\/Ismael-Alejandro-Moreno-150x150.jpeg 150w, https:\/\/wdc2024.org\/es\/wp-content\/uploads\/sites\/2\/2024\/04\/Ismael-Alejandro-Moreno-120x120.jpeg 120w, https:\/\/wdc2024.org\/es\/wp-content\/uploads\/sites\/2\/2024\/04\/Ismael-Alejandro-Moreno.jpeg 256w\" sizes=\"(max-width: 250px) 100vw, 250px\" \/>\t\t\t\t\t\t\t\t\t\t\t\t\t<\/div>\n\t\t\t\t<\/div>\n\t\t\t\t<div class=\"elementor-element elementor-element-6bdbd239 elementor-widget elementor-widget-heading\" data-id=\"6bdbd239\" data-element_type=\"widget\" data-widget_type=\"heading.default\">\n\t\t\t\t<div class=\"elementor-widget-container\">\n\t\t\t<h4 class=\"elementor-heading-title elementor-size-default\">Ismael Alejandro Moreno<\/h4>\t\t<\/div>\n\t\t\t\t<\/div>\n\t\t\t\t<div class=\"elementor-element elementor-element-48b4ba0c elementor-widget elementor-widget-text-editor\" data-id=\"48b4ba0c\" data-element_type=\"widget\" data-widget_type=\"text-editor.default\">\n\t\t\t\t<div class=\"elementor-widget-container\">\n\t\t\t\t\t\t\t<p class=\"detail-title\">Dibujante y dise\u00f1ador de personajes<\/p><p class=\"detail-company\">IAMO<\/p>\t\t\t\t\t\t<\/div>\n\t\t\t\t<\/div>\n\t\t\t\t\t<\/div>\n\t\t\t\t<\/div>\n\t\t<div role=\"region\" aria-labelledby=\"e-n-accordion-item-1460\" class=\"elementor-element elementor-element-50870a7c member e-flex e-con-boxed e-con e-child\" data-id=\"50870a7c\" data-element_type=\"container\">\n\t\t\t\t\t<div class=\"e-con-inner\">\n\t\t\t\t<div class=\"elementor-element elementor-element-59cdb330 elementor-widget elementor-widget-image\" data-id=\"59cdb330\" data-element_type=\"widget\" data-widget_type=\"image.default\">\n\t\t\t\t<div class=\"elementor-widget-container\">\n\t\t\t\t\t\t\t\t\t\t\t\t\t<img loading=\"lazy\" decoding=\"async\" width=\"250\" height=\"250\" src=\"https:\/\/wdc2024.org\/es\/wp-content\/uploads\/sites\/2\/2024\/04\/Juaniko-Moreno-250x250.png\" class=\"attachment-medium size-medium wp-image-1064\" alt=\"\" srcset=\"https:\/\/wdc2024.org\/es\/wp-content\/uploads\/sites\/2\/2024\/04\/Juaniko-Moreno-250x250.png 250w, https:\/\/wdc2024.org\/es\/wp-content\/uploads\/sites\/2\/2024\/04\/Juaniko-Moreno-150x150.png 150w, https:\/\/wdc2024.org\/es\/wp-content\/uploads\/sites\/2\/2024\/04\/Juaniko-Moreno-120x120.png 120w, https:\/\/wdc2024.org\/es\/wp-content\/uploads\/sites\/2\/2024\/04\/Juaniko-Moreno.png 256w\" sizes=\"(max-width: 250px) 100vw, 250px\" \/>\t\t\t\t\t\t\t\t\t\t\t\t\t<\/div>\n\t\t\t\t<\/div>\n\t\t\t\t<div class=\"elementor-element elementor-element-d3568e5 elementor-widget elementor-widget-heading\" data-id=\"d3568e5\" data-element_type=\"widget\" data-widget_type=\"heading.default\">\n\t\t\t\t<div class=\"elementor-widget-container\">\n\t\t\t<h4 class=\"elementor-heading-title elementor-size-default\">Juaniko Moreno<\/h4>\t\t<\/div>\n\t\t\t\t<\/div>\n\t\t\t\t<div class=\"elementor-element elementor-element-1dfdd937 elementor-widget elementor-widget-text-editor\" data-id=\"1dfdd937\" data-element_type=\"widget\" data-widget_type=\"text-editor.default\">\n\t\t\t\t<div class=\"elementor-widget-container\">\n\t\t\t\t\t\t\t<p class=\"detail-title\">Curador<\/p><p class=\"detail-company\">Museo de Arte Moderno de Bogot\u00e1 &#8211; MAMBO<\/p>\t\t\t\t\t\t<\/div>\n\t\t\t\t<\/div>\n\t\t\t\t\t<\/div>\n\t\t\t\t<\/div>\n\t\t<div role=\"region\" aria-labelledby=\"e-n-accordion-item-1460\" class=\"elementor-element elementor-element-5e4f9c9 member e-flex e-con-boxed e-con e-child\" data-id=\"5e4f9c9\" data-element_type=\"container\">\n\t\t\t\t\t<div class=\"e-con-inner\">\n\t\t\t\t<div class=\"elementor-element elementor-element-41d08b2b elementor-widget elementor-widget-image\" data-id=\"41d08b2b\" data-element_type=\"widget\" data-widget_type=\"image.default\">\n\t\t\t\t<div class=\"elementor-widget-container\">\n\t\t\t\t\t\t\t\t\t\t\t\t\t<img loading=\"lazy\" decoding=\"async\" width=\"250\" height=\"250\" src=\"https:\/\/wdc2024.org\/es\/wp-content\/uploads\/sites\/2\/2024\/04\/Conservatorio-de-Danza-Mexico-250x250.png\" class=\"attachment-medium size-medium wp-image-1066\" alt=\"\" srcset=\"https:\/\/wdc2024.org\/es\/wp-content\/uploads\/sites\/2\/2024\/04\/Conservatorio-de-Danza-Mexico-250x250.png 250w, https:\/\/wdc2024.org\/es\/wp-content\/uploads\/sites\/2\/2024\/04\/Conservatorio-de-Danza-Mexico-150x150.png 150w, https:\/\/wdc2024.org\/es\/wp-content\/uploads\/sites\/2\/2024\/04\/Conservatorio-de-Danza-Mexico-120x120.png 120w, https:\/\/wdc2024.org\/es\/wp-content\/uploads\/sites\/2\/2024\/04\/Conservatorio-de-Danza-Mexico.png 256w\" sizes=\"(max-width: 250px) 100vw, 250px\" \/>\t\t\t\t\t\t\t\t\t\t\t\t\t<\/div>\n\t\t\t\t<\/div>\n\t\t\t\t<div class=\"elementor-element elementor-element-64740ea5 elementor-widget elementor-widget-heading\" data-id=\"64740ea5\" data-element_type=\"widget\" data-widget_type=\"heading.default\">\n\t\t\t\t<div class=\"elementor-widget-container\">\n\t\t\t<h4 class=\"elementor-heading-title elementor-size-default\">Conservatorio de Danza M\u00e9xico<\/h4>\t\t<\/div>\n\t\t\t\t<\/div>\n\t\t\t\t\t<\/div>\n\t\t\t\t<\/div>\n\t\t<div role=\"region\" aria-labelledby=\"e-n-accordion-item-1460\" class=\"elementor-element elementor-element-68befc3f member e-flex e-con-boxed e-con e-child\" data-id=\"68befc3f\" data-element_type=\"container\">\n\t\t\t\t\t<div class=\"e-con-inner\">\n\t\t\t\t<div class=\"elementor-element elementor-element-33b6992f elementor-widget elementor-widget-image\" data-id=\"33b6992f\" data-element_type=\"widget\" data-widget_type=\"image.default\">\n\t\t\t\t<div class=\"elementor-widget-container\">\n\t\t\t\t\t\t\t\t\t\t\t\t\t<img loading=\"lazy\" decoding=\"async\" width=\"250\" height=\"250\" src=\"https:\/\/wdc2024.org\/es\/wp-content\/uploads\/sites\/2\/2024\/04\/Sheba-Najmi-250x250.jpeg\" class=\"attachment-medium size-medium wp-image-1067\" alt=\"\" srcset=\"https:\/\/wdc2024.org\/es\/wp-content\/uploads\/sites\/2\/2024\/04\/Sheba-Najmi-250x250.jpeg 250w, https:\/\/wdc2024.org\/es\/wp-content\/uploads\/sites\/2\/2024\/04\/Sheba-Najmi-150x150.jpeg 150w, https:\/\/wdc2024.org\/es\/wp-content\/uploads\/sites\/2\/2024\/04\/Sheba-Najmi-120x120.jpeg 120w, https:\/\/wdc2024.org\/es\/wp-content\/uploads\/sites\/2\/2024\/04\/Sheba-Najmi.jpeg 256w\" sizes=\"(max-width: 250px) 100vw, 250px\" \/>\t\t\t\t\t\t\t\t\t\t\t\t\t<\/div>\n\t\t\t\t<\/div>\n\t\t\t\t<div class=\"elementor-element elementor-element-27e8be30 elementor-widget elementor-widget-heading\" data-id=\"27e8be30\" data-element_type=\"widget\" data-widget_type=\"heading.default\">\n\t\t\t\t<div class=\"elementor-widget-container\">\n\t\t\t<h4 class=\"elementor-heading-title elementor-size-default\">Sheba Najmi<\/h4>\t\t<\/div>\n\t\t\t\t<\/div>\n\t\t\t\t<div class=\"elementor-element elementor-element-4fb3e6c9 elementor-widget elementor-widget-text-editor\" data-id=\"4fb3e6c9\" data-element_type=\"widget\" data-widget_type=\"text-editor.default\">\n\t\t\t\t<div class=\"elementor-widget-container\">\n\t\t\t\t\t\t\t<p class=\"detail-title\">Jefa de UX y dise\u00f1o de producto<\/p><p class=\"detail-company\">FreeWill<\/p>\t\t\t\t\t\t<\/div>\n\t\t\t\t<\/div>\n\t\t\t\t\t<\/div>\n\t\t\t\t<\/div>\n\t\t<div role=\"region\" aria-labelledby=\"e-n-accordion-item-1460\" class=\"elementor-element elementor-element-5ad794d4 member e-flex e-con-boxed e-con e-child\" data-id=\"5ad794d4\" data-element_type=\"container\">\n\t\t\t\t\t<div class=\"e-con-inner\">\n\t\t\t\t<div class=\"elementor-element elementor-element-4100f683 elementor-widget elementor-widget-image\" data-id=\"4100f683\" data-element_type=\"widget\" data-widget_type=\"image.default\">\n\t\t\t\t<div class=\"elementor-widget-container\">\n\t\t\t\t\t\t\t\t\t\t\t\t\t<img loading=\"lazy\" decoding=\"async\" width=\"250\" height=\"250\" src=\"https:\/\/wdc2024.org\/es\/wp-content\/uploads\/sites\/2\/2024\/04\/Diego-Negrete-250x250.jpeg\" class=\"attachment-medium size-medium wp-image-1068\" alt=\"\" srcset=\"https:\/\/wdc2024.org\/es\/wp-content\/uploads\/sites\/2\/2024\/04\/Diego-Negrete-250x250.jpeg 250w, https:\/\/wdc2024.org\/es\/wp-content\/uploads\/sites\/2\/2024\/04\/Diego-Negrete-150x150.jpeg 150w, https:\/\/wdc2024.org\/es\/wp-content\/uploads\/sites\/2\/2024\/04\/Diego-Negrete-120x120.jpeg 120w, https:\/\/wdc2024.org\/es\/wp-content\/uploads\/sites\/2\/2024\/04\/Diego-Negrete.jpeg 256w\" sizes=\"(max-width: 250px) 100vw, 250px\" \/>\t\t\t\t\t\t\t\t\t\t\t\t\t<\/div>\n\t\t\t\t<\/div>\n\t\t\t\t<div class=\"elementor-element elementor-element-1199abb5 elementor-widget elementor-widget-heading\" data-id=\"1199abb5\" data-element_type=\"widget\" data-widget_type=\"heading.default\">\n\t\t\t\t<div class=\"elementor-widget-container\">\n\t\t\t<h4 class=\"elementor-heading-title elementor-size-default\">Diego Negrete<\/h4>\t\t<\/div>\n\t\t\t\t<\/div>\n\t\t\t\t<div class=\"elementor-element elementor-element-eac23d9 elementor-widget elementor-widget-text-editor\" data-id=\"eac23d9\" data-element_type=\"widget\" data-widget_type=\"text-editor.default\">\n\t\t\t\t<div class=\"elementor-widget-container\">\n\t\t\t\t\t\t\t<p class=\"detail-title\">Dise\u00f1ador de identidad de marca<\/p>\n<p class=\"detail-company\">AtticSalt<\/p>\t\t\t\t\t\t<\/div>\n\t\t\t\t<\/div>\n\t\t\t\t\t<\/div>\n\t\t\t\t<\/div>\n\t\t<div role=\"region\" aria-labelledby=\"e-n-accordion-item-1460\" class=\"elementor-element elementor-element-76f3e993 member e-flex e-con-boxed e-con e-child\" data-id=\"76f3e993\" data-element_type=\"container\">\n\t\t\t\t\t<div class=\"e-con-inner\">\n\t\t\t\t<div class=\"elementor-element elementor-element-58192f31 elementor-widget elementor-widget-image\" data-id=\"58192f31\" data-element_type=\"widget\" data-widget_type=\"image.default\">\n\t\t\t\t<div class=\"elementor-widget-container\">\n\t\t\t\t\t\t\t\t\t\t\t\t\t<img loading=\"lazy\" decoding=\"async\" width=\"250\" height=\"250\" src=\"https:\/\/wdc2024.org\/es\/wp-content\/uploads\/sites\/2\/2024\/04\/Don-Norman-250x250.jpeg\" class=\"attachment-medium size-medium wp-image-1069\" alt=\"\" srcset=\"https:\/\/wdc2024.org\/es\/wp-content\/uploads\/sites\/2\/2024\/04\/Don-Norman-250x250.jpeg 250w, https:\/\/wdc2024.org\/es\/wp-content\/uploads\/sites\/2\/2024\/04\/Don-Norman-150x150.jpeg 150w, https:\/\/wdc2024.org\/es\/wp-content\/uploads\/sites\/2\/2024\/04\/Don-Norman-120x120.jpeg 120w, https:\/\/wdc2024.org\/es\/wp-content\/uploads\/sites\/2\/2024\/04\/Don-Norman.jpeg 256w\" sizes=\"(max-width: 250px) 100vw, 250px\" \/>\t\t\t\t\t\t\t\t\t\t\t\t\t<\/div>\n\t\t\t\t<\/div>\n\t\t\t\t<div class=\"elementor-element elementor-element-257fdbaf elementor-widget elementor-widget-heading\" data-id=\"257fdbaf\" data-element_type=\"widget\" data-widget_type=\"heading.default\">\n\t\t\t\t<div class=\"elementor-widget-container\">\n\t\t\t<h4 class=\"elementor-heading-title elementor-size-default\">Don Norman<\/h4>\t\t<\/div>\n\t\t\t\t<\/div>\n\t\t\t\t<div class=\"elementor-element elementor-element-38acfeba elementor-widget elementor-widget-text-editor\" data-id=\"38acfeba\" data-element_type=\"widget\" data-widget_type=\"text-editor.default\">\n\t\t\t\t<div class=\"elementor-widget-container\">\n\t\t\t\t\t\t\t<p class=\"detail-title\">Director fundador<\/p><p class=\"detail-company\">The University of California, Design Lab<\/p>\t\t\t\t\t\t<\/div>\n\t\t\t\t<\/div>\n\t\t\t\t\t<\/div>\n\t\t\t\t<\/div>\n\t\t<div role=\"region\" aria-labelledby=\"e-n-accordion-item-1460\" class=\"elementor-element elementor-element-b5faba8 member e-flex e-con-boxed e-con e-child\" data-id=\"b5faba8\" data-element_type=\"container\">\n\t\t\t\t\t<div class=\"e-con-inner\">\n\t\t\t\t<div class=\"elementor-element elementor-element-5c99d013 elementor-widget elementor-widget-image\" data-id=\"5c99d013\" data-element_type=\"widget\" data-widget_type=\"image.default\">\n\t\t\t\t<div class=\"elementor-widget-container\">\n\t\t\t\t\t\t\t\t\t\t\t\t\t<img loading=\"lazy\" decoding=\"async\" width=\"250\" height=\"250\" src=\"https:\/\/wdc2024.org\/es\/wp-content\/uploads\/sites\/2\/2024\/04\/Victoria-Rangel-250x250.jpeg\" class=\"attachment-medium size-medium wp-image-1070\" alt=\"\" srcset=\"https:\/\/wdc2024.org\/es\/wp-content\/uploads\/sites\/2\/2024\/04\/Victoria-Rangel-250x250.jpeg 250w, https:\/\/wdc2024.org\/es\/wp-content\/uploads\/sites\/2\/2024\/04\/Victoria-Rangel-150x150.jpeg 150w, https:\/\/wdc2024.org\/es\/wp-content\/uploads\/sites\/2\/2024\/04\/Victoria-Rangel-120x120.jpeg 120w, https:\/\/wdc2024.org\/es\/wp-content\/uploads\/sites\/2\/2024\/04\/Victoria-Rangel.jpeg 256w\" sizes=\"(max-width: 250px) 100vw, 250px\" \/>\t\t\t\t\t\t\t\t\t\t\t\t\t<\/div>\n\t\t\t\t<\/div>\n\t\t\t\t<div class=\"elementor-element elementor-element-55eb4315 elementor-widget elementor-widget-heading\" data-id=\"55eb4315\" data-element_type=\"widget\" data-widget_type=\"heading.default\">\n\t\t\t\t<div class=\"elementor-widget-container\">\n\t\t\t<h4 class=\"elementor-heading-title elementor-size-default\">Victoria Rangel<\/h4>\t\t<\/div>\n\t\t\t\t<\/div>\n\t\t\t\t<div class=\"elementor-element elementor-element-470eace1 elementor-widget elementor-widget-text-editor\" data-id=\"470eace1\" data-element_type=\"widget\" data-widget_type=\"text-editor.default\">\n\t\t\t\t<div class=\"elementor-widget-container\">\n\t\t\t\t\t\t\t<p class=\"detail-title\">Fundadora<\/p><p class=\"detail-company\">Paper Panas<\/p>\t\t\t\t\t\t<\/div>\n\t\t\t\t<\/div>\n\t\t\t\t\t<\/div>\n\t\t\t\t<\/div>\n\t\t<div role=\"region\" aria-labelledby=\"e-n-accordion-item-1460\" class=\"elementor-element elementor-element-39106d73 member e-flex e-con-boxed e-con e-child\" data-id=\"39106d73\" data-element_type=\"container\">\n\t\t\t\t\t<div class=\"e-con-inner\">\n\t\t\t\t<div class=\"elementor-element elementor-element-3792b82a elementor-widget elementor-widget-image\" data-id=\"3792b82a\" data-element_type=\"widget\" data-widget_type=\"image.default\">\n\t\t\t\t<div class=\"elementor-widget-container\">\n\t\t\t\t\t\t\t\t\t\t\t\t\t<img loading=\"lazy\" decoding=\"async\" width=\"250\" height=\"250\" src=\"https:\/\/wdc2024.org\/es\/wp-content\/uploads\/sites\/2\/2024\/04\/Scott-Robinson-250x250.jpeg\" class=\"attachment-medium size-medium wp-image-1071\" alt=\"\" srcset=\"https:\/\/wdc2024.org\/es\/wp-content\/uploads\/sites\/2\/2024\/04\/Scott-Robinson-250x250.jpeg 250w, https:\/\/wdc2024.org\/es\/wp-content\/uploads\/sites\/2\/2024\/04\/Scott-Robinson-150x150.jpeg 150w, https:\/\/wdc2024.org\/es\/wp-content\/uploads\/sites\/2\/2024\/04\/Scott-Robinson-120x120.jpeg 120w, https:\/\/wdc2024.org\/es\/wp-content\/uploads\/sites\/2\/2024\/04\/Scott-Robinson.jpeg 256w\" sizes=\"(max-width: 250px) 100vw, 250px\" \/>\t\t\t\t\t\t\t\t\t\t\t\t\t<\/div>\n\t\t\t\t<\/div>\n\t\t\t\t<div class=\"elementor-element elementor-element-6ff83d26 elementor-widget elementor-widget-heading\" data-id=\"6ff83d26\" data-element_type=\"widget\" data-widget_type=\"heading.default\">\n\t\t\t\t<div class=\"elementor-widget-container\">\n\t\t\t<h4 class=\"elementor-heading-title elementor-size-default\">Scott Robinson<\/h4>\t\t<\/div>\n\t\t\t\t<\/div>\n\t\t\t\t<div class=\"elementor-element elementor-element-42ff6d8f elementor-widget elementor-widget-text-editor\" data-id=\"42ff6d8f\" data-element_type=\"widget\" data-widget_type=\"text-editor.default\">\n\t\t\t\t<div class=\"elementor-widget-container\">\n\t\t\t\t\t\t\t<p class=\"detail-title\">Fundador<\/p><p class=\"detail-company\">FreshForm<\/p>\t\t\t\t\t\t<\/div>\n\t\t\t\t<\/div>\n\t\t\t\t\t<\/div>\n\t\t\t\t<\/div>\n\t\t<div role=\"region\" aria-labelledby=\"e-n-accordion-item-1460\" class=\"elementor-element elementor-element-2aeefd88 member e-flex e-con-boxed e-con e-child\" data-id=\"2aeefd88\" data-element_type=\"container\">\n\t\t\t\t\t<div class=\"e-con-inner\">\n\t\t\t\t<div class=\"elementor-element elementor-element-5041851d elementor-widget elementor-widget-image\" data-id=\"5041851d\" data-element_type=\"widget\" data-widget_type=\"image.default\">\n\t\t\t\t<div class=\"elementor-widget-container\">\n\t\t\t\t\t\t\t\t\t\t\t\t\t<img loading=\"lazy\" decoding=\"async\" width=\"250\" height=\"250\" src=\"https:\/\/wdc2024.org\/es\/wp-content\/uploads\/sites\/2\/2024\/04\/Lorena-Santana-250x250.jpeg\" class=\"attachment-medium size-medium wp-image-1073\" alt=\"\" srcset=\"https:\/\/wdc2024.org\/es\/wp-content\/uploads\/sites\/2\/2024\/04\/Lorena-Santana-250x250.jpeg 250w, https:\/\/wdc2024.org\/es\/wp-content\/uploads\/sites\/2\/2024\/04\/Lorena-Santana-150x150.jpeg 150w, https:\/\/wdc2024.org\/es\/wp-content\/uploads\/sites\/2\/2024\/04\/Lorena-Santana-120x120.jpeg 120w, https:\/\/wdc2024.org\/es\/wp-content\/uploads\/sites\/2\/2024\/04\/Lorena-Santana.jpeg 256w\" sizes=\"(max-width: 250px) 100vw, 250px\" \/>\t\t\t\t\t\t\t\t\t\t\t\t\t<\/div>\n\t\t\t\t<\/div>\n\t\t\t\t<div class=\"elementor-element elementor-element-44ad91d0 elementor-widget elementor-widget-heading\" data-id=\"44ad91d0\" data-element_type=\"widget\" data-widget_type=\"heading.default\">\n\t\t\t\t<div class=\"elementor-widget-container\">\n\t\t\t<h4 class=\"elementor-heading-title elementor-size-default\">Lorena Santana<\/h4>\t\t<\/div>\n\t\t\t\t<\/div>\n\t\t\t\t<div class=\"elementor-element elementor-element-597920cf elementor-widget elementor-widget-text-editor\" data-id=\"597920cf\" data-element_type=\"widget\" data-widget_type=\"text-editor.default\">\n\t\t\t\t<div class=\"elementor-widget-container\">\n\t\t\t\t\t\t\t<p class=\"detail-title\">Facultad y L&amp;D Consulado<\/p><p class=\"detail-company\">School of Business at CETYS Universidad<\/p>\t\t\t\t\t\t<\/div>\n\t\t\t\t<\/div>\n\t\t\t\t\t<\/div>\n\t\t\t\t<\/div>\n\t\t<div role=\"region\" aria-labelledby=\"e-n-accordion-item-1460\" class=\"elementor-element elementor-element-473747eb member e-flex e-con-boxed e-con e-child\" data-id=\"473747eb\" data-element_type=\"container\">\n\t\t\t\t\t<div class=\"e-con-inner\">\n\t\t\t\t<div class=\"elementor-element elementor-element-3dbc22df elementor-widget elementor-widget-image\" data-id=\"3dbc22df\" data-element_type=\"widget\" data-widget_type=\"image.default\">\n\t\t\t\t<div class=\"elementor-widget-container\">\n\t\t\t\t\t\t\t\t\t\t\t\t\t<img loading=\"lazy\" decoding=\"async\" width=\"250\" height=\"250\" src=\"https:\/\/wdc2024.org\/es\/wp-content\/uploads\/sites\/2\/2024\/04\/Clever-Studio-250x250.png\" class=\"attachment-medium size-medium wp-image-1076\" alt=\"\" srcset=\"https:\/\/wdc2024.org\/es\/wp-content\/uploads\/sites\/2\/2024\/04\/Clever-Studio-250x250.png 250w, https:\/\/wdc2024.org\/es\/wp-content\/uploads\/sites\/2\/2024\/04\/Clever-Studio-150x150.png 150w, https:\/\/wdc2024.org\/es\/wp-content\/uploads\/sites\/2\/2024\/04\/Clever-Studio-120x120.png 120w, https:\/\/wdc2024.org\/es\/wp-content\/uploads\/sites\/2\/2024\/04\/Clever-Studio.png 256w\" sizes=\"(max-width: 250px) 100vw, 250px\" \/>\t\t\t\t\t\t\t\t\t\t\t\t\t<\/div>\n\t\t\t\t<\/div>\n\t\t\t\t<div class=\"elementor-element elementor-element-4dc367b5 elementor-widget elementor-widget-heading\" data-id=\"4dc367b5\" data-element_type=\"widget\" data-widget_type=\"heading.default\">\n\t\t\t\t<div class=\"elementor-widget-container\">\n\t\t\t<h4 class=\"elementor-heading-title elementor-size-default\">Clever Studio<\/h4>\t\t<\/div>\n\t\t\t\t<\/div>\n\t\t\t\t<div class=\"elementor-element elementor-element-56173777 elementor-widget elementor-widget-text-editor\" data-id=\"56173777\" data-element_type=\"widget\" data-widget_type=\"text-editor.default\">\n\t\t\t\t<div class=\"elementor-widget-container\">\n\t\t\t\t\t\t\t<p class=\"detail-title\">\u2702 Tapicer\u00eda y restauraci\u00f3n de muebles. \ud83d\udd28 Clever designs by Marisol Hurtado.<\/p>\t\t\t\t\t\t<\/div>\n\t\t\t\t<\/div>\n\t\t\t\t<div class=\"elementor-element elementor-element-2e7fbc61 elementor-shape-circle elementor-grid-0 e-grid-align-center elementor-widget elementor-widget-social-icons\" data-id=\"2e7fbc61\" data-element_type=\"widget\" data-widget_type=\"social-icons.default\">\n\t\t\t\t<div class=\"elementor-widget-container\">\n\t\t\t\t\t<div class=\"elementor-social-icons-wrapper elementor-grid\">\n\t\t\t\t\t\t\t<span class=\"elementor-grid-item\">\n\t\t\t\t\t<a class=\"elementor-icon elementor-social-icon elementor-social-icon-instagram elementor-repeater-item-a0eb94a\" href=\"https:\/\/www.instagram.com\/cleverstudio.mx\" target=\"_blank\">\n\t\t\t\t\t\t<span class=\"elementor-screen-only\">Instagram<\/span>\n\t\t\t\t\t\t<svg class=\"e-font-icon-svg e-fab-instagram\" viewBox=\"0 0 448 512\" xmlns=\"http:\/\/www.w3.org\/2000\/svg\"><path d=\"M224.1 141c-63.6 0-114.9 51.3-114.9 114.9s51.3 114.9 114.9 114.9S339 319.5 339 255.9 287.7 141 224.1 141zm0 189.6c-41.1 0-74.7-33.5-74.7-74.7s33.5-74.7 74.7-74.7 74.7 33.5 74.7 74.7-33.6 74.7-74.7 74.7zm146.4-194.3c0 14.9-12 26.8-26.8 26.8-14.9 0-26.8-12-26.8-26.8s12-26.8 26.8-26.8 26.8 12 26.8 26.8zm76.1 27.2c-1.7-35.9-9.9-67.7-36.2-93.9-26.2-26.2-58-34.4-93.9-36.2-37-2.1-147.9-2.1-184.9 0-35.8 1.7-67.6 9.9-93.9 36.1s-34.4 58-36.2 93.9c-2.1 37-2.1 147.9 0 184.9 1.7 35.9 9.9 67.7 36.2 93.9s58 34.4 93.9 36.2c37 2.1 147.9 2.1 184.9 0 35.9-1.7 67.7-9.9 93.9-36.2 26.2-26.2 34.4-58 36.2-93.9 2.1-37 2.1-147.8 0-184.8zM398.8 388c-7.8 19.6-22.9 34.7-42.6 42.6-29.5 11.7-99.5 9-132.1 9s-102.7 2.6-132.1-9c-19.6-7.8-34.7-22.9-42.6-42.6-11.7-29.5-9-99.5-9-132.1s-2.6-102.7 9-132.1c7.8-19.6 22.9-34.7 42.6-42.6 29.5-11.7 99.5-9 132.1-9s102.7-2.6 132.1 9c19.6 7.8 34.7 22.9 42.6 42.6 11.7 29.5 9 99.5 9 132.1s2.7 102.7-9 132.1z\"><\/path><\/svg>\t\t\t\t\t<\/a>\n\t\t\t\t<\/span>\n\t\t\t\t\t<\/div>\n\t\t\t\t<\/div>\n\t\t\t\t<\/div>\n\t\t\t\t\t<\/div>\n\t\t\t\t<\/div>\n\t\t<div role=\"region\" aria-labelledby=\"e-n-accordion-item-1460\" class=\"elementor-element elementor-element-5ef27b99 member e-flex e-con-boxed e-con e-child\" data-id=\"5ef27b99\" data-element_type=\"container\">\n\t\t\t\t\t<div class=\"e-con-inner\">\n\t\t\t\t<div class=\"elementor-element elementor-element-37395869 elementor-widget elementor-widget-image\" data-id=\"37395869\" data-element_type=\"widget\" data-widget_type=\"image.default\">\n\t\t\t\t<div class=\"elementor-widget-container\">\n\t\t\t\t\t\t\t\t\t\t\t\t\t<img loading=\"lazy\" decoding=\"async\" width=\"250\" height=\"250\" src=\"https:\/\/wdc2024.org\/es\/wp-content\/uploads\/sites\/2\/2024\/04\/Fritz-Torres-250x250.png\" class=\"attachment-medium size-medium wp-image-1077\" alt=\"\" srcset=\"https:\/\/wdc2024.org\/es\/wp-content\/uploads\/sites\/2\/2024\/04\/Fritz-Torres-250x250.png 250w, https:\/\/wdc2024.org\/es\/wp-content\/uploads\/sites\/2\/2024\/04\/Fritz-Torres-150x150.png 150w, https:\/\/wdc2024.org\/es\/wp-content\/uploads\/sites\/2\/2024\/04\/Fritz-Torres-120x120.png 120w, https:\/\/wdc2024.org\/es\/wp-content\/uploads\/sites\/2\/2024\/04\/Fritz-Torres.png 256w\" sizes=\"(max-width: 250px) 100vw, 250px\" \/>\t\t\t\t\t\t\t\t\t\t\t\t\t<\/div>\n\t\t\t\t<\/div>\n\t\t\t\t<div class=\"elementor-element elementor-element-70c4c9b elementor-widget elementor-widget-heading\" data-id=\"70c4c9b\" data-element_type=\"widget\" data-widget_type=\"heading.default\">\n\t\t\t\t<div class=\"elementor-widget-container\">\n\t\t\t<h4 class=\"elementor-heading-title elementor-size-default\">Fritz Torres<\/h4>\t\t<\/div>\n\t\t\t\t<\/div>\n\t\t\t\t<div class=\"elementor-element elementor-element-4836783 elementor-widget elementor-widget-text-editor\" data-id=\"4836783\" data-element_type=\"widget\" data-widget_type=\"text-editor.default\">\n\t\t\t\t<div class=\"elementor-widget-container\">\n\t\t\t\t\t\t\t<p class=\"detail-title\">Director de arte y dise\u00f1ador<\/p><p class=\"detail-company\">Taller de Marca<\/p>\t\t\t\t\t\t<\/div>\n\t\t\t\t<\/div>\n\t\t\t\t<div class=\"elementor-element elementor-element-38507f03 elementor-hidden-desktop elementor-hidden-tablet elementor-hidden-mobile elementor-widget elementor-widget-html\" data-id=\"38507f03\" data-element_type=\"widget\" data-widget_type=\"html.default\">\n\t\t\t\t<div class=\"elementor-widget-container\">\n\t\t\t&lt;input type=&quot;hidden&quot; value=&quot;Dise\u00f1ador y productor gr\u00e1fico independiente. Ha trabajado en proyectos tanto corporativos y publicitarios como del mundo del arte y el entretenimiento, dise\u00f1ando para clientes como: Levi&#039;s, Adidas, Miller beer y GlobalSat entre otros.<br><br>Independent graphic designer and producer. He has worked on corporate and advertising projects and in the world of art and entertainment, designing for clients such as: Levi's, Adidas, Miller beer, and GlobalSat among others.\"&gt;\t\t<\/div>\n\t\t\t\t<\/div>\n\t\t\t\t\t<\/div>\n\t\t\t\t<\/div>\n\t\t<div role=\"region\" aria-labelledby=\"e-n-accordion-item-1460\" class=\"elementor-element elementor-element-5a7962e9 member e-flex e-con-boxed e-con e-child\" data-id=\"5a7962e9\" data-element_type=\"container\">\n\t\t\t\t\t<div class=\"e-con-inner\">\n\t\t\t\t<div class=\"elementor-element elementor-element-20a4d66f elementor-widget elementor-widget-image\" data-id=\"20a4d66f\" data-element_type=\"widget\" data-widget_type=\"image.default\">\n\t\t\t\t<div class=\"elementor-widget-container\">\n\t\t\t\t\t\t\t\t\t\t\t\t\t<img loading=\"lazy\" decoding=\"async\" width=\"250\" height=\"250\" src=\"https:\/\/wdc2024.org\/es\/wp-content\/uploads\/sites\/2\/2024\/04\/Elena-Tudela-250x250.jpeg\" class=\"attachment-medium size-medium wp-image-1078\" alt=\"\" srcset=\"https:\/\/wdc2024.org\/es\/wp-content\/uploads\/sites\/2\/2024\/04\/Elena-Tudela-250x250.jpeg 250w, https:\/\/wdc2024.org\/es\/wp-content\/uploads\/sites\/2\/2024\/04\/Elena-Tudela-150x150.jpeg 150w, https:\/\/wdc2024.org\/es\/wp-content\/uploads\/sites\/2\/2024\/04\/Elena-Tudela-120x120.jpeg 120w, https:\/\/wdc2024.org\/es\/wp-content\/uploads\/sites\/2\/2024\/04\/Elena-Tudela.jpeg 256w\" sizes=\"(max-width: 250px) 100vw, 250px\" \/>\t\t\t\t\t\t\t\t\t\t\t\t\t<\/div>\n\t\t\t\t<\/div>\n\t\t\t\t<div class=\"elementor-element elementor-element-5c21f6bd elementor-widget elementor-widget-heading\" data-id=\"5c21f6bd\" data-element_type=\"widget\" data-widget_type=\"heading.default\">\n\t\t\t\t<div class=\"elementor-widget-container\">\n\t\t\t<h4 class=\"elementor-heading-title elementor-size-default\">Elena Tudela<\/h4>\t\t<\/div>\n\t\t\t\t<\/div>\n\t\t\t\t<div class=\"elementor-element elementor-element-2f965a89 elementor-widget elementor-widget-text-editor\" data-id=\"2f965a89\" data-element_type=\"widget\" data-widget_type=\"text-editor.default\">\n\t\t\t\t<div class=\"elementor-widget-container\">\n\t\t\t\t\t\t\t<div class=\"form-group text-center speaker-detail\"><p class=\"detail-title\">Profesora e investigadora<\/p><p class=\"detail-company\">Facultad de Arquitectura Universidad Nacional Autonoma de Mexico<\/p><\/div>\t\t\t\t\t\t<\/div>\n\t\t\t\t<\/div>\n\t\t\t\t\t<\/div>\n\t\t\t\t<\/div>\n\t\t<div role=\"region\" aria-labelledby=\"e-n-accordion-item-1460\" class=\"elementor-element elementor-element-5f8771f9 member e-flex e-con-boxed e-con e-child\" data-id=\"5f8771f9\" data-element_type=\"container\">\n\t\t\t\t\t<div class=\"e-con-inner\">\n\t\t\t\t<div class=\"elementor-element elementor-element-4e360d3 elementor-widget elementor-widget-image\" data-id=\"4e360d3\" data-element_type=\"widget\" data-widget_type=\"image.default\">\n\t\t\t\t<div class=\"elementor-widget-container\">\n\t\t\t\t\t\t\t\t\t\t\t\t\t<img loading=\"lazy\" decoding=\"async\" width=\"250\" height=\"250\" src=\"https:\/\/wdc2024.org\/es\/wp-content\/uploads\/sites\/2\/2024\/04\/Fernanda-Uribe-250x250.png\" class=\"attachment-medium size-medium wp-image-1079\" alt=\"\" srcset=\"https:\/\/wdc2024.org\/es\/wp-content\/uploads\/sites\/2\/2024\/04\/Fernanda-Uribe-250x250.png 250w, https:\/\/wdc2024.org\/es\/wp-content\/uploads\/sites\/2\/2024\/04\/Fernanda-Uribe-150x150.png 150w, https:\/\/wdc2024.org\/es\/wp-content\/uploads\/sites\/2\/2024\/04\/Fernanda-Uribe-120x120.png 120w, https:\/\/wdc2024.org\/es\/wp-content\/uploads\/sites\/2\/2024\/04\/Fernanda-Uribe.png 256w\" sizes=\"(max-width: 250px) 100vw, 250px\" \/>\t\t\t\t\t\t\t\t\t\t\t\t\t<\/div>\n\t\t\t\t<\/div>\n\t\t\t\t<div class=\"elementor-element elementor-element-78a9b530 elementor-widget elementor-widget-heading\" data-id=\"78a9b530\" data-element_type=\"widget\" data-widget_type=\"heading.default\">\n\t\t\t\t<div class=\"elementor-widget-container\">\n\t\t\t<h4 class=\"elementor-heading-title elementor-size-default\">Lorena Santana<\/h4>\t\t<\/div>\n\t\t\t\t<\/div>\n\t\t\t\t<div class=\"elementor-element elementor-element-667a275b elementor-widget elementor-widget-text-editor\" data-id=\"667a275b\" data-element_type=\"widget\" data-widget_type=\"text-editor.default\">\n\t\t\t\t<div class=\"elementor-widget-container\">\n\t\t\t\t\t\t\t<p class=\"detail-title\">Artista<\/p>\t\t\t\t\t\t<\/div>\n\t\t\t\t<\/div>\n\t\t\t\t<div class=\"elementor-element elementor-element-75ab43f7 elementor-hidden-desktop elementor-hidden-tablet elementor-hidden-mobile elementor-widget elementor-widget-html\" data-id=\"75ab43f7\" data-element_type=\"widget\" data-widget_type=\"html.default\">\n\t\t\t\t<div class=\"elementor-widget-container\">\n\t\t\t&lt;input type=&quot;hidden&quot; value=&quot;Mi trabajo es la evoluci\u00f3n de recuerdos, sue\u00f1os y reflexiones con mi entorno. Colecciono objetos que transmiten intimidad, o elementos que tienen una alta impronta energ\u00e9tica. Estos objetos, junto con antiguas historias y mitos de la creaci\u00f3n, sirven de inspiraci\u00f3n para mis esculturas y pinturas.<br><br>Al agregar detalles a mi b\u00fasqueda diaria de belleza, ayudan a elaborar un diario visual que explora mi identidad, vulnerabilidad y conciencia interna. Me atraen especialmente los elementos org\u00e1nicos que tienen una esperanza de vida o que cambian su estado material. El lento proceso de decadencia y metamorfosis es una revelaci\u00f3n que hace que la vida est\u00e9 siempre presente\"&gt;\t\t<\/div>\n\t\t\t\t<\/div>\n\t\t\t\t\t<\/div>\n\t\t\t\t<\/div>\n\t\t<div role=\"region\" aria-labelledby=\"e-n-accordion-item-1460\" class=\"elementor-element elementor-element-68cec413 member e-flex e-con-boxed e-con e-child\" data-id=\"68cec413\" data-element_type=\"container\">\n\t\t\t\t\t<div class=\"e-con-inner\">\n\t\t\t\t<div class=\"elementor-element elementor-element-69cf8650 elementor-widget elementor-widget-image\" data-id=\"69cf8650\" data-element_type=\"widget\" data-widget_type=\"image.default\">\n\t\t\t\t<div class=\"elementor-widget-container\">\n\t\t\t\t\t\t\t\t\t\t\t\t\t<img loading=\"lazy\" decoding=\"async\" width=\"250\" height=\"250\" src=\"https:\/\/wdc2024.org\/es\/wp-content\/uploads\/sites\/2\/2024\/04\/Happy-xSnacks-250x250.png\" class=\"attachment-medium size-medium wp-image-1080\" alt=\"\" srcset=\"https:\/\/wdc2024.org\/es\/wp-content\/uploads\/sites\/2\/2024\/04\/Happy-xSnacks-250x250.png 250w, https:\/\/wdc2024.org\/es\/wp-content\/uploads\/sites\/2\/2024\/04\/Happy-xSnacks-150x150.png 150w, https:\/\/wdc2024.org\/es\/wp-content\/uploads\/sites\/2\/2024\/04\/Happy-xSnacks-120x120.png 120w, https:\/\/wdc2024.org\/es\/wp-content\/uploads\/sites\/2\/2024\/04\/Happy-xSnacks.png 256w\" sizes=\"(max-width: 250px) 100vw, 250px\" \/>\t\t\t\t\t\t\t\t\t\t\t\t\t<\/div>\n\t\t\t\t<\/div>\n\t\t\t\t<div class=\"elementor-element elementor-element-28cd741c elementor-widget elementor-widget-heading\" data-id=\"28cd741c\" data-element_type=\"widget\" data-widget_type=\"heading.default\">\n\t\t\t\t<div class=\"elementor-widget-container\">\n\t\t\t<h4 class=\"elementor-heading-title elementor-size-default\">HappyxSnacks<\/h4>\t\t<\/div>\n\t\t\t\t<\/div>\n\t\t\t\t\t<\/div>\n\t\t\t\t<\/div>\n\t\t\t\t<\/div>\n\t\t\t\t<\/div>\n\t\t\t\t\t<\/details>\n\t\t\t\t\t<\/div>\n\t\t\t\t<\/div>\n\t\t\t\t<\/div>\n\t\t\t\t\t<\/div>\n\t\t\t\t<\/div>\n\t\t<div class=\"elementor-element elementor-element-7c6fcfc e-flex e-con-boxed e-con e-parent\" data-id=\"7c6fcfc\" data-element_type=\"container\" id=\"agenda\">\n\t\t\t\t\t<div class=\"e-con-inner\">\n\t\t\t\t<div class=\"elementor-element elementor-element-be68056 elementor-widget elementor-widget-heading\" data-id=\"be68056\" data-element_type=\"widget\" data-widget_type=\"heading.default\">\n\t\t\t\t<div class=\"elementor-widget-container\">\n\t\t\t<h2 class=\"elementor-heading-title elementor-size-default\">Programa del World Design Festival<\/h2>\t\t<\/div>\n\t\t\t\t<\/div>\n\t\t<div class=\"elementor-element elementor-element-5d9ea2c e-flex e-con-boxed e-con e-child\" data-id=\"5d9ea2c\" data-element_type=\"container\">\n\t\t\t\t\t<div class=\"e-con-inner\">\n\t\t<div class=\"elementor-element elementor-element-2f64283 e-flex e-con-boxed e-con e-child\" data-id=\"2f64283\" data-element_type=\"container\" data-settings=\"{&quot;background_background&quot;:&quot;classic&quot;}\">\n\t\t\t\t\t<div class=\"e-con-inner\">\n\t\t\t\t<div class=\"elementor-element elementor-element-8a2635b elementor-widget elementor-widget-heading\" data-id=\"8a2635b\" data-element_type=\"widget\" data-widget_type=\"heading.default\">\n\t\t\t\t<div class=\"elementor-widget-container\">\n\t\t\t<h2 class=\"elementor-heading-title elementor-size-default\">D\u00cdA 1<\/h2>\t\t<\/div>\n\t\t\t\t<\/div>\n\t\t\t\t<div class=\"elementor-element elementor-element-33768e8 elementor-widget elementor-widget-heading\" data-id=\"33768e8\" data-element_type=\"widget\" data-widget_type=\"heading.default\">\n\t\t\t\t<div class=\"elementor-widget-container\">\n\t\t\t<h2 class=\"elementor-heading-title elementor-size-default\">Mi\u00e9rcoles 1ro. de mayo, 2024<\/h2>\t\t<\/div>\n\t\t\t\t<\/div>\n\t\t\t\t<div class=\"elementor-element elementor-element-8cfd5f3 elementor-absolute elementor-widget elementor-widget-image\" data-id=\"8cfd5f3\" data-element_type=\"widget\" data-settings=\"{&quot;_position&quot;:&quot;absolute&quot;}\" data-widget_type=\"image.default\">\n\t\t\t\t<div class=\"elementor-widget-container\">\n\t\t\t\t\t\t\t\t\t\t\t\t\t<img decoding=\"async\" src=\"https:\/\/wdc2024.org\/es\/wp-content\/uploads\/sites\/2\/elementor\/thumbs\/TJDW_24-Social-IG-FondosStories-10-r82a0zcvdkygo5p7rsds574kq8ysaex8uhlxdtl3vu.png\" title=\"TJDW_24-Social-IG-FondosStories-10.png\" alt=\"TJDW_24-Social-IG-FondosStories-10.png\" loading=\"lazy\" \/>\t\t\t\t\t\t\t\t\t\t\t\t\t<\/div>\n\t\t\t\t<\/div>\n\t\t\t\t\t<\/div>\n\t\t\t\t<\/div>\n\t\t\t\t\t<\/div>\n\t\t\t\t<\/div>\n\t\t\t\t<div class=\"elementor-element elementor-element-317d9e5 faq agenda elementor-widget elementor-widget-accordion\" data-id=\"317d9e5\" data-element_type=\"widget\" data-widget_type=\"accordion.default\">\n\t\t\t\t<div class=\"elementor-widget-container\">\n\t\t\t<style>\/*! elementor - v3.21.0 - 18-04-2024 *\/\n.elementor-accordion{text-align:start}.elementor-accordion .elementor-accordion-item{border:1px solid #d5d8dc}.elementor-accordion .elementor-accordion-item+.elementor-accordion-item{border-top:none}.elementor-accordion .elementor-tab-title{margin:0;padding:15px 20px;font-weight:700;line-height:1;cursor:pointer;outline:none}.elementor-accordion .elementor-tab-title .elementor-accordion-icon{display:inline-block;width:1.5em}.elementor-accordion .elementor-tab-title .elementor-accordion-icon svg{width:1em;height:1em}.elementor-accordion .elementor-tab-title .elementor-accordion-icon.elementor-accordion-icon-right{float:right;text-align:right}.elementor-accordion .elementor-tab-title .elementor-accordion-icon.elementor-accordion-icon-left{float:left;text-align:left}.elementor-accordion .elementor-tab-title .elementor-accordion-icon .elementor-accordion-icon-closed{display:block}.elementor-accordion .elementor-tab-title .elementor-accordion-icon .elementor-accordion-icon-opened,.elementor-accordion .elementor-tab-title.elementor-active .elementor-accordion-icon-closed{display:none}.elementor-accordion .elementor-tab-title.elementor-active .elementor-accordion-icon-opened{display:block}.elementor-accordion .elementor-tab-content{display:none;padding:15px 20px;border-top:1px solid #d5d8dc}@media (max-width:767px){.elementor-accordion .elementor-tab-title{padding:12px 15px}.elementor-accordion .elementor-tab-title .elementor-accordion-icon{width:1.2em}.elementor-accordion .elementor-tab-content{padding:7px 15px}}.e-con-inner>.elementor-widget-accordion,.e-con>.elementor-widget-accordion{width:var(--container-widget-width);--flex-grow:var(--container-widget-flex-grow)}<\/style>\t\t<div class=\"elementor-accordion\">\n\t\t\t\t\t\t\t<div class=\"elementor-accordion-item\">\n\t\t\t\t\t<div id=\"elementor-tab-title-5181\" class=\"elementor-tab-title\" data-tab=\"1\" role=\"button\" aria-controls=\"elementor-tab-content-5181\" aria-expanded=\"false\">\n\t\t\t\t\t\t\t\t\t\t\t\t\t<span class=\"elementor-accordion-icon elementor-accordion-icon-left\" aria-hidden=\"true\">\n\t\t\t\t\t\t\t\t\t\t\t\t\t\t\t<span class=\"elementor-accordion-icon-closed\"><svg class=\"e-font-icon-svg e-fas-angle-down\" viewBox=\"0 0 320 512\" xmlns=\"http:\/\/www.w3.org\/2000\/svg\"><path d=\"M143 352.3L7 216.3c-9.4-9.4-9.4-24.6 0-33.9l22.6-22.6c9.4-9.4 24.6-9.4 33.9 0l96.4 96.4 96.4-96.4c9.4-9.4 24.6-9.4 33.9 0l22.6 22.6c9.4 9.4 9.4 24.6 0 33.9l-136 136c-9.2 9.4-24.4 9.4-33.8 0z\"><\/path><\/svg><\/span>\n\t\t\t\t\t\t\t\t<span class=\"elementor-accordion-icon-opened\"><svg class=\"e-font-icon-svg e-fas-angle-up\" viewBox=\"0 0 320 512\" xmlns=\"http:\/\/www.w3.org\/2000\/svg\"><path d=\"M177 159.7l136 136c9.4 9.4 9.4 24.6 0 33.9l-22.6 22.6c-9.4 9.4-24.6 9.4-33.9 0L160 255.9l-96.4 96.4c-9.4 9.4-24.6 9.4-33.9 0L7 329.7c-9.4-9.4-9.4-24.6 0-33.9l136-136c9.4-9.5 24.6-9.5 34-.1z\"><\/path><\/svg><\/span>\n\t\t\t\t\t\t\t\t\t\t\t\t\t\t<\/span>\n\t\t\t\t\t\t\t\t\t\t\t\t<a class=\"elementor-accordion-title\" tabindex=\"0\">10:00 AM - 11:00 AM - Check-in \/ Registro<\/a>\n\t\t\t\t\t<\/div>\n\t\t\t\t\t<div id=\"elementor-tab-content-5181\" class=\"elementor-tab-content elementor-clearfix\" data-tab=\"1\" role=\"region\" aria-labelledby=\"elementor-tab-title-5181\"><\/div>\n\t\t\t\t<\/div>\n\t\t\t\t\t\t\t<div class=\"elementor-accordion-item\">\n\t\t\t\t\t<div id=\"elementor-tab-title-5182\" class=\"elementor-tab-title\" data-tab=\"2\" role=\"button\" aria-controls=\"elementor-tab-content-5182\" aria-expanded=\"false\">\n\t\t\t\t\t\t\t\t\t\t\t\t\t<span class=\"elementor-accordion-icon elementor-accordion-icon-left\" aria-hidden=\"true\">\n\t\t\t\t\t\t\t\t\t\t\t\t\t\t\t<span class=\"elementor-accordion-icon-closed\"><svg class=\"e-font-icon-svg e-fas-angle-down\" viewBox=\"0 0 320 512\" xmlns=\"http:\/\/www.w3.org\/2000\/svg\"><path d=\"M143 352.3L7 216.3c-9.4-9.4-9.4-24.6 0-33.9l22.6-22.6c9.4-9.4 24.6-9.4 33.9 0l96.4 96.4 96.4-96.4c9.4-9.4 24.6-9.4 33.9 0l22.6 22.6c9.4 9.4 9.4 24.6 0 33.9l-136 136c-9.2 9.4-24.4 9.4-33.8 0z\"><\/path><\/svg><\/span>\n\t\t\t\t\t\t\t\t<span class=\"elementor-accordion-icon-opened\"><svg class=\"e-font-icon-svg e-fas-angle-up\" viewBox=\"0 0 320 512\" xmlns=\"http:\/\/www.w3.org\/2000\/svg\"><path d=\"M177 159.7l136 136c9.4 9.4 9.4 24.6 0 33.9l-22.6 22.6c-9.4 9.4-24.6 9.4-33.9 0L160 255.9l-96.4 96.4c-9.4 9.4-24.6 9.4-33.9 0L7 329.7c-9.4-9.4-9.4-24.6 0-33.9l136-136c9.4-9.5 24.6-9.5 34-.1z\"><\/path><\/svg><\/span>\n\t\t\t\t\t\t\t\t\t\t\t\t\t\t<\/span>\n\t\t\t\t\t\t\t\t\t\t\t\t<a class=\"elementor-accordion-title\" tabindex=\"0\">11:00 AM - 2:00 PM - Taller Compa Laboratorio de narrativa ciudadana a trav\u00e9s de la tipograf\u00eda<\/a>\n\t\t\t\t\t<\/div>\n\t\t\t\t\t<div id=\"elementor-tab-content-5182\" class=\"elementor-tab-content elementor-clearfix\" data-tab=\"2\" role=\"region\" aria-labelledby=\"elementor-tab-title-5182\"><p>TMX- Tipograf\u00eda M\u00e9xico presenta: Laboratorio de narrativa ciudadana. Desarrollado en Mexicali y Calexico en 2023 por H\u00e9ctor Ru\u00edz estudiante del MFA Design for Social Innovation SVA oriundo del Mexicali. Es un proyecto que iconiza lenguajes e identidades transborder.<\/p><p>\u00a0<\/p><p><strong>Presentador: H\u00e9ctor Ruiz<\/strong><\/p><p><strong>Ubicaci\u00f3n: Escuela libre de Arquitectura<\/strong><\/p><\/div>\n\t\t\t\t<\/div>\n\t\t\t\t\t\t\t<div class=\"elementor-accordion-item\">\n\t\t\t\t\t<div id=\"elementor-tab-title-5183\" class=\"elementor-tab-title\" data-tab=\"3\" role=\"button\" aria-controls=\"elementor-tab-content-5183\" aria-expanded=\"false\">\n\t\t\t\t\t\t\t\t\t\t\t\t\t<span class=\"elementor-accordion-icon elementor-accordion-icon-left\" aria-hidden=\"true\">\n\t\t\t\t\t\t\t\t\t\t\t\t\t\t\t<span class=\"elementor-accordion-icon-closed\"><svg class=\"e-font-icon-svg e-fas-angle-down\" viewBox=\"0 0 320 512\" xmlns=\"http:\/\/www.w3.org\/2000\/svg\"><path d=\"M143 352.3L7 216.3c-9.4-9.4-9.4-24.6 0-33.9l22.6-22.6c9.4-9.4 24.6-9.4 33.9 0l96.4 96.4 96.4-96.4c9.4-9.4 24.6-9.4 33.9 0l22.6 22.6c9.4 9.4 9.4 24.6 0 33.9l-136 136c-9.2 9.4-24.4 9.4-33.8 0z\"><\/path><\/svg><\/span>\n\t\t\t\t\t\t\t\t<span class=\"elementor-accordion-icon-opened\"><svg class=\"e-font-icon-svg e-fas-angle-up\" viewBox=\"0 0 320 512\" xmlns=\"http:\/\/www.w3.org\/2000\/svg\"><path d=\"M177 159.7l136 136c9.4 9.4 9.4 24.6 0 33.9l-22.6 22.6c-9.4 9.4-24.6 9.4-33.9 0L160 255.9l-96.4 96.4c-9.4 9.4-24.6 9.4-33.9 0L7 329.7c-9.4-9.4-9.4-24.6 0-33.9l136-136c9.4-9.5 24.6-9.5 34-.1z\"><\/path><\/svg><\/span>\n\t\t\t\t\t\t\t\t\t\t\t\t\t\t<\/span>\n\t\t\t\t\t\t\t\t\t\t\t\t<a class=\"elementor-accordion-title\" tabindex=\"0\">11:00 AM - 6:00 PM - Exhibici\u00f3n BOSQUE<\/a>\n\t\t\t\t\t<\/div>\n\t\t\t\t\t<div id=\"elementor-tab-content-5183\" class=\"elementor-tab-content elementor-clearfix\" data-tab=\"3\" role=\"region\" aria-labelledby=\"elementor-tab-title-5183\"><p>BOSQUE, creado por Fernanda Uribe, es m\u00e1s que una simple instalaci\u00f3n de jard\u00edn encantado; es una experiencia de dise\u00f1o envolvente donde la escultura y el dise\u00f1o funcional se fusionan en perfecta armon\u00eda. Conformado por esculturas de cer\u00e1mica hechas a mano en miniatura, esta instalaci\u00f3n inmersiva se inspira en la rica biodiversidad de los bosques y junglas. Aqu\u00ed, plantas imaginarias, flores, hongos e insectos cobran vida a trav\u00e9s de las esculturas, estimulando todos los sentidos.<\/p><p>Ubicaci\u00f3n: Observatorio<\/p><\/div>\n\t\t\t\t<\/div>\n\t\t\t\t\t\t\t<div class=\"elementor-accordion-item\">\n\t\t\t\t\t<div id=\"elementor-tab-title-5184\" class=\"elementor-tab-title\" data-tab=\"4\" role=\"button\" aria-controls=\"elementor-tab-content-5184\" aria-expanded=\"false\">\n\t\t\t\t\t\t\t\t\t\t\t\t\t<span class=\"elementor-accordion-icon elementor-accordion-icon-left\" aria-hidden=\"true\">\n\t\t\t\t\t\t\t\t\t\t\t\t\t\t\t<span class=\"elementor-accordion-icon-closed\"><svg class=\"e-font-icon-svg e-fas-angle-down\" viewBox=\"0 0 320 512\" xmlns=\"http:\/\/www.w3.org\/2000\/svg\"><path d=\"M143 352.3L7 216.3c-9.4-9.4-9.4-24.6 0-33.9l22.6-22.6c9.4-9.4 24.6-9.4 33.9 0l96.4 96.4 96.4-96.4c9.4-9.4 24.6-9.4 33.9 0l22.6 22.6c9.4 9.4 9.4 24.6 0 33.9l-136 136c-9.2 9.4-24.4 9.4-33.8 0z\"><\/path><\/svg><\/span>\n\t\t\t\t\t\t\t\t<span class=\"elementor-accordion-icon-opened\"><svg class=\"e-font-icon-svg e-fas-angle-up\" viewBox=\"0 0 320 512\" xmlns=\"http:\/\/www.w3.org\/2000\/svg\"><path d=\"M177 159.7l136 136c9.4 9.4 9.4 24.6 0 33.9l-22.6 22.6c-9.4 9.4-24.6 9.4-33.9 0L160 255.9l-96.4 96.4c-9.4 9.4-24.6 9.4-33.9 0L7 329.7c-9.4-9.4-9.4-24.6 0-33.9l136-136c9.4-9.5 24.6-9.5 34-.1z\"><\/path><\/svg><\/span>\n\t\t\t\t\t\t\t\t\t\t\t\t\t\t<\/span>\n\t\t\t\t\t\t\t\t\t\t\t\t<a class=\"elementor-accordion-title\" tabindex=\"0\">11:00 AM - Miles &amp; Louie Coffee Lover Takeover<\/a>\n\t\t\t\t\t<\/div>\n\t\t\t\t\t<div id=\"elementor-tab-content-5184\" class=\"elementor-tab-content elementor-clearfix\" data-tab=\"4\" role=\"region\" aria-labelledby=\"elementor-tab-title-5184\"><p>\u00danete a Miles &amp; Louie para el inicio de &#8216;Welcome Home&#8217;, una serie de eventos, charlas y talleres para TJDW.\u00a0 Comienza la semana con el primer #CoffeeLoverTakeover con caf\u00e9 y bebidas de <a href=\"https:\/\/www.instagram.com\/diberzos.mx\/\" target=\"_blank\" rel=\"noopener\">@diberzos.mx<\/a>.<\/p><p>Te estar\u00e1n esperando en su casa, <a href=\"https:\/\/www.google.com\/maps\/place\/Miles+%26+Louie\/@32.5232704,-117.0247856,16z\/data=!3m1!4b1!4m6!3m5!1s0x80d94850310ac045:0xdc66ad600352d036!8m2!3d32.5232704!4d-117.0247856!16s%2Fg%2F11c55qcgj3?entry=ttu\" target=\"_blank\" rel=\"noopener\">Maison Louie.<\/a><\/p><p><a href=\"https:\/\/www.milesandlouie.com\/tjdw\" target=\"_blank\" rel=\"noopener\">Miles &amp; Louie<\/a>, una marca de Tijuana que apuesta por el slow fashion: zapatos y complementos bien hechos, como los de anta\u00f1o.<\/p><\/div>\n\t\t\t\t<\/div>\n\t\t\t\t\t\t\t<div class=\"elementor-accordion-item\">\n\t\t\t\t\t<div id=\"elementor-tab-title-5185\" class=\"elementor-tab-title\" data-tab=\"5\" role=\"button\" aria-controls=\"elementor-tab-content-5185\" aria-expanded=\"false\">\n\t\t\t\t\t\t\t\t\t\t\t\t\t<span class=\"elementor-accordion-icon elementor-accordion-icon-left\" aria-hidden=\"true\">\n\t\t\t\t\t\t\t\t\t\t\t\t\t\t\t<span class=\"elementor-accordion-icon-closed\"><svg class=\"e-font-icon-svg e-fas-angle-down\" viewBox=\"0 0 320 512\" xmlns=\"http:\/\/www.w3.org\/2000\/svg\"><path d=\"M143 352.3L7 216.3c-9.4-9.4-9.4-24.6 0-33.9l22.6-22.6c9.4-9.4 24.6-9.4 33.9 0l96.4 96.4 96.4-96.4c9.4-9.4 24.6-9.4 33.9 0l22.6 22.6c9.4 9.4 9.4 24.6 0 33.9l-136 136c-9.2 9.4-24.4 9.4-33.8 0z\"><\/path><\/svg><\/span>\n\t\t\t\t\t\t\t\t<span class=\"elementor-accordion-icon-opened\"><svg class=\"e-font-icon-svg e-fas-angle-up\" viewBox=\"0 0 320 512\" xmlns=\"http:\/\/www.w3.org\/2000\/svg\"><path d=\"M177 159.7l136 136c9.4 9.4 9.4 24.6 0 33.9l-22.6 22.6c-9.4 9.4-24.6 9.4-33.9 0L160 255.9l-96.4 96.4c-9.4 9.4-24.6 9.4-33.9 0L7 329.7c-9.4-9.4-9.4-24.6 0-33.9l136-136c9.4-9.5 24.6-9.5 34-.1z\"><\/path><\/svg><\/span>\n\t\t\t\t\t\t\t\t\t\t\t\t\t\t<\/span>\n\t\t\t\t\t\t\t\t\t\t\t\t<a class=\"elementor-accordion-title\" tabindex=\"0\">12:00 PM - 6:00 PM - Drop of Monstera<\/a>\n\t\t\t\t\t<\/div>\n\t\t\t\t\t<div id=\"elementor-tab-content-5185\" class=\"elementor-tab-content elementor-clearfix\" data-tab=\"5\" role=\"region\" aria-labelledby=\"elementor-tab-title-5185\"><p>Lanzamiento de una pieza de edici\u00f3n limitada como parte de Tijuana Design Week, \u00a1ven y pru\u00e9batela!<\/p><p><a href=\"https:\/\/www.google.com\/maps\/place\/Monstera+Showroom\/@32.515558,-117.0177002,17z\/data=!3m1!4b1!4m6!3m5!1s0x80d949bf61e5bcb1:0xb1209bcae0a70295!8m2!3d32.5155535!4d-117.0151253!16s%2Fg%2F11h7fnqn_5?entry=ttu\" target=\"_blank\" rel=\"noopener\">Located at the Monstera Showroom<\/a>.<\/p><div class=\"fe-block fe-block-4d5bc393efc529db6c80\"><div id=\"block-4d5bc393efc529db6c80\" class=\"sqs-block html-block sqs-block-html\" data-blend-mode=\"NORMAL\" data-block-type=\"2\" data-border-radii=\"{&quot;topLeft&quot;:{&quot;unit&quot;:&quot;px&quot;,&quot;value&quot;:0.0},&quot;topRight&quot;:{&quot;unit&quot;:&quot;px&quot;,&quot;value&quot;:0.0},&quot;bottomLeft&quot;:{&quot;unit&quot;:&quot;px&quot;,&quot;value&quot;:0.0},&quot;bottomRight&quot;:{&quot;unit&quot;:&quot;px&quot;,&quot;value&quot;:0.0}}\"><div class=\"sqs-block-content\"><div class=\"sqs-html-content\"><p class=\"preFade fadeIn\"><span class=\"sqsrte-text-color--lightAccent\"><a href=\"https:\/\/www.instagram.com\/monstera.shwrm\/\" target=\"_blank\" rel=\"noopener\">Monstera<\/a> es un espacio que promueve el dise\u00f1o y la cultura handmade a trav\u00e9s de su gesti\u00f3n y exposici\u00f3n.<\/span><\/p><\/div><\/div><\/div><\/div><div class=\"fe-block fe-block-cbb2fce4d492dff6d005\"><div id=\"block-cbb2fce4d492dff6d005\" class=\"sqs-block html-block sqs-block-html\" data-blend-mode=\"NORMAL\" data-block-type=\"2\" data-border-radii=\"{&quot;topLeft&quot;:{&quot;unit&quot;:&quot;px&quot;,&quot;value&quot;:0.0},&quot;topRight&quot;:{&quot;unit&quot;:&quot;px&quot;,&quot;value&quot;:0.0},&quot;bottomLeft&quot;:{&quot;unit&quot;:&quot;px&quot;,&quot;value&quot;:0.0},&quot;bottomRight&quot;:{&quot;unit&quot;:&quot;px&quot;,&quot;value&quot;:0.0}}\"><div class=\"sqs-block-content\"><div class=\"sqs-html-content\">\u00a0<\/div><\/div><\/div><\/div><\/div>\n\t\t\t\t<\/div>\n\t\t\t\t\t\t\t<div class=\"elementor-accordion-item\">\n\t\t\t\t\t<div id=\"elementor-tab-title-5186\" class=\"elementor-tab-title\" data-tab=\"6\" role=\"button\" aria-controls=\"elementor-tab-content-5186\" aria-expanded=\"false\">\n\t\t\t\t\t\t\t\t\t\t\t\t\t<span class=\"elementor-accordion-icon elementor-accordion-icon-left\" aria-hidden=\"true\">\n\t\t\t\t\t\t\t\t\t\t\t\t\t\t\t<span class=\"elementor-accordion-icon-closed\"><svg class=\"e-font-icon-svg e-fas-angle-down\" viewBox=\"0 0 320 512\" xmlns=\"http:\/\/www.w3.org\/2000\/svg\"><path d=\"M143 352.3L7 216.3c-9.4-9.4-9.4-24.6 0-33.9l22.6-22.6c9.4-9.4 24.6-9.4 33.9 0l96.4 96.4 96.4-96.4c9.4-9.4 24.6-9.4 33.9 0l22.6 22.6c9.4 9.4 9.4 24.6 0 33.9l-136 136c-9.2 9.4-24.4 9.4-33.8 0z\"><\/path><\/svg><\/span>\n\t\t\t\t\t\t\t\t<span class=\"elementor-accordion-icon-opened\"><svg class=\"e-font-icon-svg e-fas-angle-up\" viewBox=\"0 0 320 512\" xmlns=\"http:\/\/www.w3.org\/2000\/svg\"><path d=\"M177 159.7l136 136c9.4 9.4 9.4 24.6 0 33.9l-22.6 22.6c-9.4 9.4-24.6 9.4-33.9 0L160 255.9l-96.4 96.4c-9.4 9.4-24.6 9.4-33.9 0L7 329.7c-9.4-9.4-9.4-24.6 0-33.9l136-136c9.4-9.5 24.6-9.5 34-.1z\"><\/path><\/svg><\/span>\n\t\t\t\t\t\t\t\t\t\t\t\t\t\t<\/span>\n\t\t\t\t\t\t\t\t\t\t\t\t<a class=\"elementor-accordion-title\" tabindex=\"0\">1:00 PM - 2:00 PM - Opening Act by Karla Peregrina<\/a>\n\t\t\t\t\t<\/div>\n\t\t\t\t\t<div id=\"elementor-tab-content-5186\" class=\"elementor-tab-content elementor-clearfix\" data-tab=\"6\" role=\"region\" aria-labelledby=\"elementor-tab-title-5186\"><p>We invite you to color the canvas with illustrations by RADIANTE. We will have materials available so you can participate. The piece will be ready to enjoyed by the entire public throughout the entire week of Tijuana Design Week.<\/p><p>Located at the <a href=\"https:\/\/www.google.com\/maps\/place\/Yerbabuena\/@32.5195473,-117.0170663,16z\/data=!3m1!4b1!4m6!3m5!1s0x80d948474b381f0f:0x6461664acf0a885!8m2!3d32.5195428!4d-117.0144914!16s%2Fg%2F11j2f2ny4w?entry=ttu\" target=\"_blank\" rel=\"noopener\">Yerbabuena showroom<\/a>.<\/p><p><a href=\"https:\/\/www.instagram.com\/yerbabuenaconcept\/\" target=\"_blank\" rel=\"noopener\">Yerbabuena<\/a> is a platform for art, design, creative and artisanal brands from Mexico and abroad. It represents a cultural community that admires daily through restored furniture, vintage, antiques and contemporary objects.<\/p><\/div>\n\t\t\t\t<\/div>\n\t\t\t\t\t\t\t<div class=\"elementor-accordion-item\">\n\t\t\t\t\t<div id=\"elementor-tab-title-5187\" class=\"elementor-tab-title\" data-tab=\"7\" role=\"button\" aria-controls=\"elementor-tab-content-5187\" aria-expanded=\"false\">\n\t\t\t\t\t\t\t\t\t\t\t\t\t<span class=\"elementor-accordion-icon elementor-accordion-icon-left\" aria-hidden=\"true\">\n\t\t\t\t\t\t\t\t\t\t\t\t\t\t\t<span class=\"elementor-accordion-icon-closed\"><svg class=\"e-font-icon-svg e-fas-angle-down\" viewBox=\"0 0 320 512\" xmlns=\"http:\/\/www.w3.org\/2000\/svg\"><path d=\"M143 352.3L7 216.3c-9.4-9.4-9.4-24.6 0-33.9l22.6-22.6c9.4-9.4 24.6-9.4 33.9 0l96.4 96.4 96.4-96.4c9.4-9.4 24.6-9.4 33.9 0l22.6 22.6c9.4 9.4 9.4 24.6 0 33.9l-136 136c-9.2 9.4-24.4 9.4-33.8 0z\"><\/path><\/svg><\/span>\n\t\t\t\t\t\t\t\t<span class=\"elementor-accordion-icon-opened\"><svg class=\"e-font-icon-svg e-fas-angle-up\" viewBox=\"0 0 320 512\" xmlns=\"http:\/\/www.w3.org\/2000\/svg\"><path d=\"M177 159.7l136 136c9.4 9.4 9.4 24.6 0 33.9l-22.6 22.6c-9.4 9.4-24.6 9.4-33.9 0L160 255.9l-96.4 96.4c-9.4 9.4-24.6 9.4-33.9 0L7 329.7c-9.4-9.4-9.4-24.6 0-33.9l136-136c9.4-9.5 24.6-9.5 34-.1z\"><\/path><\/svg><\/span>\n\t\t\t\t\t\t\t\t\t\t\t\t\t\t<\/span>\n\t\t\t\t\t\t\t\t\t\t\t\t<a class=\"elementor-accordion-title\" tabindex=\"0\">3:00  PM - 4:00 PM - Yerbabuena: BLOOM Project Welcome <\/a>\n\t\t\t\t\t<\/div>\n\t\t\t\t\t<div id=\"elementor-tab-content-5187\" class=\"elementor-tab-content elementor-clearfix\" data-tab=\"7\" role=\"region\" aria-labelledby=\"elementor-tab-title-5187\"><p>Bienvenida y presentaci\u00f3n de SWEET SWEET WORKSHOP &amp; ALCATRAZ APPAREL con su proyecto de colaboraci\u00f3n, BLOOM. &#8211; Omar Ruiz + Eduardo Franco<\/p><p>Located at the\u00a0<a href=\"https:\/\/www.google.com\/maps\/place\/Yerbabuena\/@32.5195473,-117.0170663,16z\/data=!3m1!4b1!4m6!3m5!1s0x80d948474b381f0f:0x6461664acf0a885!8m2!3d32.5195428!4d-117.0144914!16s%2Fg%2F11j2f2ny4w?entry=ttu\" target=\"_blank\" rel=\"noopener\">Yerbabuena showroom<\/a>.<\/p><p><a href=\"https:\/\/www.instagram.com\/yerbabuenaconcept\/\" target=\"_blank\" rel=\"noopener\">Yerbabuena<\/a> es una plataforma de arte, dise\u00f1o, marcas creativas y artesanales de M\u00e9xico y el extranjero. Representa a una comunidad cultural que admira diariamente a trav\u00e9s de muebles restaurados, vintage, antig\u00fcedades y objetos contempor\u00e1neos.<\/p><\/div>\n\t\t\t\t<\/div>\n\t\t\t\t\t\t\t<div class=\"elementor-accordion-item\">\n\t\t\t\t\t<div id=\"elementor-tab-title-5188\" class=\"elementor-tab-title\" data-tab=\"8\" role=\"button\" aria-controls=\"elementor-tab-content-5188\" aria-expanded=\"false\">\n\t\t\t\t\t\t\t\t\t\t\t\t\t<span class=\"elementor-accordion-icon elementor-accordion-icon-left\" aria-hidden=\"true\">\n\t\t\t\t\t\t\t\t\t\t\t\t\t\t\t<span class=\"elementor-accordion-icon-closed\"><svg class=\"e-font-icon-svg e-fas-angle-down\" viewBox=\"0 0 320 512\" xmlns=\"http:\/\/www.w3.org\/2000\/svg\"><path d=\"M143 352.3L7 216.3c-9.4-9.4-9.4-24.6 0-33.9l22.6-22.6c9.4-9.4 24.6-9.4 33.9 0l96.4 96.4 96.4-96.4c9.4-9.4 24.6-9.4 33.9 0l22.6 22.6c9.4 9.4 9.4 24.6 0 33.9l-136 136c-9.2 9.4-24.4 9.4-33.8 0z\"><\/path><\/svg><\/span>\n\t\t\t\t\t\t\t\t<span class=\"elementor-accordion-icon-opened\"><svg class=\"e-font-icon-svg e-fas-angle-up\" viewBox=\"0 0 320 512\" xmlns=\"http:\/\/www.w3.org\/2000\/svg\"><path d=\"M177 159.7l136 136c9.4 9.4 9.4 24.6 0 33.9l-22.6 22.6c-9.4 9.4-24.6 9.4-33.9 0L160 255.9l-96.4 96.4c-9.4 9.4-24.6 9.4-33.9 0L7 329.7c-9.4-9.4-9.4-24.6 0-33.9l136-136c9.4-9.5 24.6-9.5 34-.1z\"><\/path><\/svg><\/span>\n\t\t\t\t\t\t\t\t\t\t\t\t\t\t<\/span>\n\t\t\t\t\t\t\t\t\t\t\t\t<a class=\"elementor-accordion-title\" tabindex=\"0\">4:00 PM - 6:00 PM - Taller de presentaci\u00f3n de proyectos visuales.<\/a>\n\t\t\t\t\t<\/div>\n\t\t\t\t\t<div id=\"elementor-tab-content-5188\" class=\"elementor-tab-content elementor-clearfix\" data-tab=\"8\" role=\"region\" aria-labelledby=\"elementor-tab-title-5188\"><p>Taller para el desarrollo estructural de propuestas art\u00edsticas para becas, concursos o para explicar sencillamente tu trabajo: desde la biograf\u00eda, CV, antecedentes, justificaci\u00f3n y objetivos. Impartido por Charles Glaubitz artista visual. Beneficiario del FONCA Jovenes creadores 2005 en pintura y del Sistema Nacional de Creadores 2013\/2016 y 2019\/22 en Narrativa Gr\u00e1fica. Docente en San Diego City College 2001-2011. Profesor en dos cursos en Domestika, Tutor de J\u00f3venes Creadores y Jurado del Sistema Nacional de Creadores.<\/p><p><strong>Presentador: Charles Glaubitz<\/strong><\/p><p><strong>Ubicaci\u00f3n: Escuela libre de Arquitectura<\/strong><\/p><\/div>\n\t\t\t\t<\/div>\n\t\t\t\t\t\t\t<div class=\"elementor-accordion-item\">\n\t\t\t\t\t<div id=\"elementor-tab-title-5189\" class=\"elementor-tab-title\" data-tab=\"9\" role=\"button\" aria-controls=\"elementor-tab-content-5189\" aria-expanded=\"false\">\n\t\t\t\t\t\t\t\t\t\t\t\t\t<span class=\"elementor-accordion-icon elementor-accordion-icon-left\" aria-hidden=\"true\">\n\t\t\t\t\t\t\t\t\t\t\t\t\t\t\t<span class=\"elementor-accordion-icon-closed\"><svg class=\"e-font-icon-svg e-fas-angle-down\" viewBox=\"0 0 320 512\" xmlns=\"http:\/\/www.w3.org\/2000\/svg\"><path d=\"M143 352.3L7 216.3c-9.4-9.4-9.4-24.6 0-33.9l22.6-22.6c9.4-9.4 24.6-9.4 33.9 0l96.4 96.4 96.4-96.4c9.4-9.4 24.6-9.4 33.9 0l22.6 22.6c9.4 9.4 9.4 24.6 0 33.9l-136 136c-9.2 9.4-24.4 9.4-33.8 0z\"><\/path><\/svg><\/span>\n\t\t\t\t\t\t\t\t<span class=\"elementor-accordion-icon-opened\"><svg class=\"e-font-icon-svg e-fas-angle-up\" viewBox=\"0 0 320 512\" xmlns=\"http:\/\/www.w3.org\/2000\/svg\"><path d=\"M177 159.7l136 136c9.4 9.4 9.4 24.6 0 33.9l-22.6 22.6c-9.4 9.4-24.6 9.4-33.9 0L160 255.9l-96.4 96.4c-9.4 9.4-24.6 9.4-33.9 0L7 329.7c-9.4-9.4-9.4-24.6 0-33.9l136-136c9.4-9.5 24.6-9.5 34-.1z\"><\/path><\/svg><\/span>\n\t\t\t\t\t\t\t\t\t\t\t\t\t\t<\/span>\n\t\t\t\t\t\t\t\t\t\t\t\t<a class=\"elementor-accordion-title\" tabindex=\"0\">4:00 PM - Miles &amp; Louie Opening Party ft. Moxxo <\/a>\n\t\t\t\t\t<\/div>\n\t\t\t\t\t<div id=\"elementor-tab-content-5189\" class=\"elementor-tab-content elementor-clearfix\" data-tab=\"9\" role=\"region\" aria-labelledby=\"elementor-tab-title-5189\"><p>C\u00f3ctel de bienvenida y presentaci\u00f3n de la colecci\u00f3n &#8220;Maison&#8221;, acompa\u00f1ado de comida y bebida de Moxxo y diBerZos. Adem\u00e1s, habr\u00e1 degustaciones gratuitas durante todos sus eventos por cortes\u00eda de @primoelaperitivo y @mezcalunion.<\/p><p>Te estar\u00e1n esperando en su casa, Maison Louie.<\/p><p>Miles &amp; Louie, una marca tijuanense que apuesta por el slow fashion: zapatos y accesorios bien hechos, como los de anta\u00f1o.<\/p><\/div>\n\t\t\t\t<\/div>\n\t\t\t\t\t\t\t<div class=\"elementor-accordion-item\">\n\t\t\t\t\t<div id=\"elementor-tab-title-51810\" class=\"elementor-tab-title\" data-tab=\"10\" role=\"button\" aria-controls=\"elementor-tab-content-51810\" aria-expanded=\"false\">\n\t\t\t\t\t\t\t\t\t\t\t\t\t<span class=\"elementor-accordion-icon elementor-accordion-icon-left\" aria-hidden=\"true\">\n\t\t\t\t\t\t\t\t\t\t\t\t\t\t\t<span class=\"elementor-accordion-icon-closed\"><svg class=\"e-font-icon-svg e-fas-angle-down\" viewBox=\"0 0 320 512\" xmlns=\"http:\/\/www.w3.org\/2000\/svg\"><path d=\"M143 352.3L7 216.3c-9.4-9.4-9.4-24.6 0-33.9l22.6-22.6c9.4-9.4 24.6-9.4 33.9 0l96.4 96.4 96.4-96.4c9.4-9.4 24.6-9.4 33.9 0l22.6 22.6c9.4 9.4 9.4 24.6 0 33.9l-136 136c-9.2 9.4-24.4 9.4-33.8 0z\"><\/path><\/svg><\/span>\n\t\t\t\t\t\t\t\t<span class=\"elementor-accordion-icon-opened\"><svg class=\"e-font-icon-svg e-fas-angle-up\" viewBox=\"0 0 320 512\" xmlns=\"http:\/\/www.w3.org\/2000\/svg\"><path d=\"M177 159.7l136 136c9.4 9.4 9.4 24.6 0 33.9l-22.6 22.6c-9.4 9.4-24.6 9.4-33.9 0L160 255.9l-96.4 96.4c-9.4 9.4-24.6 9.4-33.9 0L7 329.7c-9.4-9.4-9.4-24.6 0-33.9l136-136c9.4-9.5 24.6-9.5 34-.1z\"><\/path><\/svg><\/span>\n\t\t\t\t\t\t\t\t\t\t\t\t\t\t<\/span>\n\t\t\t\t\t\t\t\t\t\t\t\t<a class=\"elementor-accordion-title\" tabindex=\"0\">5:00 PM - 8:30 PM - Object: The Drunk Dance of Xochilpilli<\/a>\n\t\t\t\t\t<\/div>\n\t\t\t\t\t<div id=\"elementor-tab-content-51810\" class=\"elementor-tab-content elementor-clearfix\" data-tab=\"10\" role=\"region\" aria-labelledby=\"elementor-tab-title-51810\"><p>Te invitamos a celebrar con nosotros el d\u00e9cimo aniversario de OBJECT con la exposici\u00f3n &#8220;La danza borracha de Xochilpilli&#8221; de Mart\u00edn Lev\u00eaque.<br \/>Las esculturas de Mart\u00edn Lev\u00eaque presentan una expresi\u00f3n \u00fanica de Xochilpilli. Este artista franc\u00e9s hace su debut en Tijuana, capturando la esencia de la danza embriagadora de Xochilpilli con una variedad de materiales. Sus obras exploran la interacci\u00f3n entre forma y movimiento, celebrando la vitalidad de la vida y la creatividad.<\/p><p>Instalaci\u00f3n: Martin Leveque<br \/>Comisariado: Illya Haro<br \/>Anfitri\u00f3n: Ver\u00f3nica Hern\u00e1ndez<\/p><p>Evento privado &#8211; por invitaci\u00f3n.<\/p><p>Ubicado en el Showroom de Object<\/p><p>Object es una plataforma intercultural que promueve el dise\u00f1o mexicano. Ofrecen una selecci\u00f3n de artistas y dise\u00f1adores enfocados principalmente en rescatar la artesan\u00eda tradicional de nuestro pa\u00eds. Piezas de dise\u00f1o elaboradas con materiales naturales, nobles y de alta calidad. Abrimos nuestras puertas en junio de 2014, \u00a1celebrando 10 a\u00f1os! Estamos orgullosos de representar a m\u00e1s de 45 marcas, accesibles a nivel mundial a trav\u00e9s de esta tienda en l\u00ednea.<\/p><\/div>\n\t\t\t\t<\/div>\n\t\t\t\t\t\t\t<div class=\"elementor-accordion-item\">\n\t\t\t\t\t<div id=\"elementor-tab-title-51811\" class=\"elementor-tab-title\" data-tab=\"11\" role=\"button\" aria-controls=\"elementor-tab-content-51811\" aria-expanded=\"false\">\n\t\t\t\t\t\t\t\t\t\t\t\t\t<span class=\"elementor-accordion-icon elementor-accordion-icon-left\" aria-hidden=\"true\">\n\t\t\t\t\t\t\t\t\t\t\t\t\t\t\t<span class=\"elementor-accordion-icon-closed\"><svg class=\"e-font-icon-svg e-fas-angle-down\" viewBox=\"0 0 320 512\" xmlns=\"http:\/\/www.w3.org\/2000\/svg\"><path d=\"M143 352.3L7 216.3c-9.4-9.4-9.4-24.6 0-33.9l22.6-22.6c9.4-9.4 24.6-9.4 33.9 0l96.4 96.4 96.4-96.4c9.4-9.4 24.6-9.4 33.9 0l22.6 22.6c9.4 9.4 9.4 24.6 0 33.9l-136 136c-9.2 9.4-24.4 9.4-33.8 0z\"><\/path><\/svg><\/span>\n\t\t\t\t\t\t\t\t<span class=\"elementor-accordion-icon-opened\"><svg class=\"e-font-icon-svg e-fas-angle-up\" viewBox=\"0 0 320 512\" xmlns=\"http:\/\/www.w3.org\/2000\/svg\"><path d=\"M177 159.7l136 136c9.4 9.4 9.4 24.6 0 33.9l-22.6 22.6c-9.4 9.4-24.6 9.4-33.9 0L160 255.9l-96.4 96.4c-9.4 9.4-24.6 9.4-33.9 0L7 329.7c-9.4-9.4-9.4-24.6 0-33.9l136-136c9.4-9.5 24.6-9.5 34-.1z\"><\/path><\/svg><\/span>\n\t\t\t\t\t\t\t\t\t\t\t\t\t\t<\/span>\n\t\t\t\t\t\t\t\t\t\t\t\t<a class=\"elementor-accordion-title\" tabindex=\"0\">6:00 PM - 10:00 PM - Exhibition: Mil novecientos noventa y siempre<\/a>\n\t\t\t\t\t<\/div>\n\t\t\t\t\t<div id=\"elementor-tab-content-51811\" class=\"elementor-tab-content elementor-clearfix\" data-tab=\"11\" role=\"region\" aria-labelledby=\"elementor-tab-title-51811\"><p>Exhibici\u00f3n dise\u00f1ada por Maik Maravilla, un recorrido por los recuerdos de la infancia de la ciudad que ya no existe, pero que al mismo tiempo perdura. A trav\u00e9s de una mirada a la realidad cotidiana que en parte ha quedado atr\u00e1s, utilizando el poder de la tinta, la dualidad, el blanco y negro, la luz y la oscuridad, de crear una impresi\u00f3n para los recuerdos del espectador.<\/p><p>Ubicaci\u00f3n: Lucky House<\/p><\/div>\n\t\t\t\t<\/div>\n\t\t\t\t\t\t\t<div class=\"elementor-accordion-item\">\n\t\t\t\t\t<div id=\"elementor-tab-title-51812\" class=\"elementor-tab-title\" data-tab=\"12\" role=\"button\" aria-controls=\"elementor-tab-content-51812\" aria-expanded=\"false\">\n\t\t\t\t\t\t\t\t\t\t\t\t\t<span class=\"elementor-accordion-icon elementor-accordion-icon-left\" aria-hidden=\"true\">\n\t\t\t\t\t\t\t\t\t\t\t\t\t\t\t<span class=\"elementor-accordion-icon-closed\"><svg class=\"e-font-icon-svg e-fas-angle-down\" viewBox=\"0 0 320 512\" xmlns=\"http:\/\/www.w3.org\/2000\/svg\"><path d=\"M143 352.3L7 216.3c-9.4-9.4-9.4-24.6 0-33.9l22.6-22.6c9.4-9.4 24.6-9.4 33.9 0l96.4 96.4 96.4-96.4c9.4-9.4 24.6-9.4 33.9 0l22.6 22.6c9.4 9.4 9.4 24.6 0 33.9l-136 136c-9.2 9.4-24.4 9.4-33.8 0z\"><\/path><\/svg><\/span>\n\t\t\t\t\t\t\t\t<span class=\"elementor-accordion-icon-opened\"><svg class=\"e-font-icon-svg e-fas-angle-up\" viewBox=\"0 0 320 512\" xmlns=\"http:\/\/www.w3.org\/2000\/svg\"><path d=\"M177 159.7l136 136c9.4 9.4 9.4 24.6 0 33.9l-22.6 22.6c-9.4 9.4-24.6 9.4-33.9 0L160 255.9l-96.4 96.4c-9.4 9.4-24.6 9.4-33.9 0L7 329.7c-9.4-9.4-9.4-24.6 0-33.9l136-136c9.4-9.5 24.6-9.5 34-.1z\"><\/path><\/svg><\/span>\n\t\t\t\t\t\t\t\t\t\t\t\t\t\t<\/span>\n\t\t\t\t\t\t\t\t\t\t\t\t<a class=\"elementor-accordion-title\" tabindex=\"0\">6:30 PM - 8:00 PM -  Ballet adultas y adultos abierto a la comunidad<\/a>\n\t\t\t\t\t<\/div>\n\t\t\t\t\t<div id=\"elementor-tab-content-51812\" class=\"elementor-tab-content elementor-clearfix\" data-tab=\"12\" role=\"region\" aria-labelledby=\"elementor-tab-title-51812\"><p>Taller de ballet para adultas y adultos: Invitamos a la comunidad a experimentar la disciplina del ballet como una herramienta de expresi\u00f3n corporal. Edad: 18 a\u00f1os en adelante.<\/p><p>Ubicaci\u00f3n: Conservatorio de Danza M\u00e9xico<\/p><\/div>\n\t\t\t\t<\/div>\n\t\t\t\t\t\t\t\t<\/div>\n\t\t\t\t<\/div>\n\t\t\t\t<\/div>\n\t\t\t\t\t<\/div>\n\t\t\t\t<\/div>\n\t\t<div class=\"elementor-element elementor-element-3cf1144 e-flex e-con-boxed e-con e-parent\" data-id=\"3cf1144\" data-element_type=\"container\">\n\t\t\t\t\t<div class=\"e-con-inner\">\n\t\t<div class=\"elementor-element elementor-element-db6adbd e-flex e-con-boxed e-con e-child\" data-id=\"db6adbd\" data-element_type=\"container\">\n\t\t\t\t\t<div class=\"e-con-inner\">\n\t\t<div class=\"elementor-element elementor-element-c9f99c2 e-flex e-con-boxed e-con e-child\" data-id=\"c9f99c2\" data-element_type=\"container\" data-settings=\"{&quot;background_background&quot;:&quot;classic&quot;}\">\n\t\t\t\t\t<div class=\"e-con-inner\">\n\t\t\t\t<div class=\"elementor-element elementor-element-02be802 elementor-widget elementor-widget-heading\" data-id=\"02be802\" data-element_type=\"widget\" data-widget_type=\"heading.default\">\n\t\t\t\t<div class=\"elementor-widget-container\">\n\t\t\t<h2 class=\"elementor-heading-title elementor-size-default\">D\u00cdA 2<\/h2>\t\t<\/div>\n\t\t\t\t<\/div>\n\t\t\t\t<div class=\"elementor-element elementor-element-2afeb99 elementor-widget elementor-widget-heading\" data-id=\"2afeb99\" data-element_type=\"widget\" data-widget_type=\"heading.default\">\n\t\t\t\t<div class=\"elementor-widget-container\">\n\t\t\t<h2 class=\"elementor-heading-title elementor-size-default\">Jueves 2 de mayo, 2024<\/h2>\t\t<\/div>\n\t\t\t\t<\/div>\n\t\t\t\t<div class=\"elementor-element elementor-element-438de40 elementor-absolute elementor-widget elementor-widget-image\" data-id=\"438de40\" data-element_type=\"widget\" data-settings=\"{&quot;_position&quot;:&quot;absolute&quot;}\" data-widget_type=\"image.default\">\n\t\t\t\t<div class=\"elementor-widget-container\">\n\t\t\t\t\t\t\t\t\t\t\t\t\t<img decoding=\"async\" src=\"https:\/\/wdc2024.org\/es\/wp-content\/uploads\/sites\/2\/elementor\/thumbs\/TJDW_24-Social-IG-FondosStories-05-r82a0zcvdkygo5p7rsds574kq8ysaex8uhlxdtl3vu.png\" title=\"TJDW_24-Social-IG-FondosStories-05.png\" alt=\"TJDW_24-Social-IG-FondosStories-05.png\" loading=\"lazy\" \/>\t\t\t\t\t\t\t\t\t\t\t\t\t<\/div>\n\t\t\t\t<\/div>\n\t\t\t\t\t<\/div>\n\t\t\t\t<\/div>\n\t\t\t\t\t<\/div>\n\t\t\t\t<\/div>\n\t\t\t\t<div class=\"elementor-element elementor-element-cf783e6 faq agenda elementor-widget elementor-widget-accordion\" data-id=\"cf783e6\" data-element_type=\"widget\" data-widget_type=\"accordion.default\">\n\t\t\t\t<div class=\"elementor-widget-container\">\n\t\t\t\t\t<div class=\"elementor-accordion\">\n\t\t\t\t\t\t\t<div class=\"elementor-accordion-item\">\n\t\t\t\t\t<div id=\"elementor-tab-title-2171\" class=\"elementor-tab-title\" data-tab=\"1\" role=\"button\" aria-controls=\"elementor-tab-content-2171\" aria-expanded=\"false\">\n\t\t\t\t\t\t\t\t\t\t\t\t\t<span class=\"elementor-accordion-icon elementor-accordion-icon-left\" aria-hidden=\"true\">\n\t\t\t\t\t\t\t\t\t\t\t\t\t\t\t<span class=\"elementor-accordion-icon-closed\"><svg class=\"e-font-icon-svg e-fas-angle-down\" viewBox=\"0 0 320 512\" xmlns=\"http:\/\/www.w3.org\/2000\/svg\"><path d=\"M143 352.3L7 216.3c-9.4-9.4-9.4-24.6 0-33.9l22.6-22.6c9.4-9.4 24.6-9.4 33.9 0l96.4 96.4 96.4-96.4c9.4-9.4 24.6-9.4 33.9 0l22.6 22.6c9.4 9.4 9.4 24.6 0 33.9l-136 136c-9.2 9.4-24.4 9.4-33.8 0z\"><\/path><\/svg><\/span>\n\t\t\t\t\t\t\t\t<span class=\"elementor-accordion-icon-opened\"><svg class=\"e-font-icon-svg e-fas-angle-up\" viewBox=\"0 0 320 512\" xmlns=\"http:\/\/www.w3.org\/2000\/svg\"><path d=\"M177 159.7l136 136c9.4 9.4 9.4 24.6 0 33.9l-22.6 22.6c-9.4 9.4-24.6 9.4-33.9 0L160 255.9l-96.4 96.4c-9.4 9.4-24.6 9.4-33.9 0L7 329.7c-9.4-9.4-9.4-24.6 0-33.9l136-136c9.4-9.5 24.6-9.5 34-.1z\"><\/path><\/svg><\/span>\n\t\t\t\t\t\t\t\t\t\t\t\t\t\t<\/span>\n\t\t\t\t\t\t\t\t\t\t\t\t<a class=\"elementor-accordion-title\" tabindex=\"0\">9:00 AM - 10:00 AM -  Check-in \/ Registro<\/a>\n\t\t\t\t\t<\/div>\n\t\t\t\t\t<div id=\"elementor-tab-content-2171\" class=\"elementor-tab-content elementor-clearfix\" data-tab=\"1\" role=\"region\" aria-labelledby=\"elementor-tab-title-2171\"><\/div>\n\t\t\t\t<\/div>\n\t\t\t\t\t\t\t<div class=\"elementor-accordion-item\">\n\t\t\t\t\t<div id=\"elementor-tab-title-2172\" class=\"elementor-tab-title\" data-tab=\"2\" role=\"button\" aria-controls=\"elementor-tab-content-2172\" aria-expanded=\"false\">\n\t\t\t\t\t\t\t\t\t\t\t\t\t<span class=\"elementor-accordion-icon elementor-accordion-icon-left\" aria-hidden=\"true\">\n\t\t\t\t\t\t\t\t\t\t\t\t\t\t\t<span class=\"elementor-accordion-icon-closed\"><svg class=\"e-font-icon-svg e-fas-angle-down\" viewBox=\"0 0 320 512\" xmlns=\"http:\/\/www.w3.org\/2000\/svg\"><path d=\"M143 352.3L7 216.3c-9.4-9.4-9.4-24.6 0-33.9l22.6-22.6c9.4-9.4 24.6-9.4 33.9 0l96.4 96.4 96.4-96.4c9.4-9.4 24.6-9.4 33.9 0l22.6 22.6c9.4 9.4 9.4 24.6 0 33.9l-136 136c-9.2 9.4-24.4 9.4-33.8 0z\"><\/path><\/svg><\/span>\n\t\t\t\t\t\t\t\t<span class=\"elementor-accordion-icon-opened\"><svg class=\"e-font-icon-svg e-fas-angle-up\" viewBox=\"0 0 320 512\" xmlns=\"http:\/\/www.w3.org\/2000\/svg\"><path d=\"M177 159.7l136 136c9.4 9.4 9.4 24.6 0 33.9l-22.6 22.6c-9.4 9.4-24.6 9.4-33.9 0L160 255.9l-96.4 96.4c-9.4 9.4-24.6 9.4-33.9 0L7 329.7c-9.4-9.4-9.4-24.6 0-33.9l136-136c9.4-9.5 24.6-9.5 34-.1z\"><\/path><\/svg><\/span>\n\t\t\t\t\t\t\t\t\t\t\t\t\t\t<\/span>\n\t\t\t\t\t\t\t\t\t\t\t\t<a class=\"elementor-accordion-title\" tabindex=\"0\">9:00 AM - 11:00 AM - Taller de dise\u00f1o: Jornadas Comunidades de Reciclaje<\/a>\n\t\t\t\t\t<\/div>\n\t\t\t\t\t<div id=\"elementor-tab-content-2172\" class=\"elementor-tab-content elementor-clearfix\" data-tab=\"2\" role=\"region\" aria-labelledby=\"elementor-tab-title-2172\"><p>Como parte de la iniciativa &#8220;Prevenci\u00f3n de la Contaminaci\u00f3n en el Arroyo Alamar&#8221;, se invita a la comunidad a explorar soluciones para la gesti\u00f3n de residuos. A trav\u00e9s de diagn\u00f3sticos y discusiones, se identifican desaf\u00edos y oportunidades, culminando en actividades pr\u00e1cticas para generar soluciones sostenibles. Las sugerencias recopiladas al final informar\u00e1n futuras estrategias comunitarias.<\/p><p><strong>Ubicaci\u00f3n: CETYS Universidad<\/strong><\/p><\/div>\n\t\t\t\t<\/div>\n\t\t\t\t\t\t\t<div class=\"elementor-accordion-item\">\n\t\t\t\t\t<div id=\"elementor-tab-title-2173\" class=\"elementor-tab-title\" data-tab=\"3\" role=\"button\" aria-controls=\"elementor-tab-content-2173\" aria-expanded=\"false\">\n\t\t\t\t\t\t\t\t\t\t\t\t\t<span class=\"elementor-accordion-icon elementor-accordion-icon-left\" aria-hidden=\"true\">\n\t\t\t\t\t\t\t\t\t\t\t\t\t\t\t<span class=\"elementor-accordion-icon-closed\"><svg class=\"e-font-icon-svg e-fas-angle-down\" viewBox=\"0 0 320 512\" xmlns=\"http:\/\/www.w3.org\/2000\/svg\"><path d=\"M143 352.3L7 216.3c-9.4-9.4-9.4-24.6 0-33.9l22.6-22.6c9.4-9.4 24.6-9.4 33.9 0l96.4 96.4 96.4-96.4c9.4-9.4 24.6-9.4 33.9 0l22.6 22.6c9.4 9.4 9.4 24.6 0 33.9l-136 136c-9.2 9.4-24.4 9.4-33.8 0z\"><\/path><\/svg><\/span>\n\t\t\t\t\t\t\t\t<span class=\"elementor-accordion-icon-opened\"><svg class=\"e-font-icon-svg e-fas-angle-up\" viewBox=\"0 0 320 512\" xmlns=\"http:\/\/www.w3.org\/2000\/svg\"><path d=\"M177 159.7l136 136c9.4 9.4 9.4 24.6 0 33.9l-22.6 22.6c-9.4 9.4-24.6 9.4-33.9 0L160 255.9l-96.4 96.4c-9.4 9.4-24.6 9.4-33.9 0L7 329.7c-9.4-9.4-9.4-24.6 0-33.9l136-136c9.4-9.5 24.6-9.5 34-.1z\"><\/path><\/svg><\/span>\n\t\t\t\t\t\t\t\t\t\t\t\t\t\t<\/span>\n\t\t\t\t\t\t\t\t\t\t\t\t<a class=\"elementor-accordion-title\" tabindex=\"0\">10:00 AM - 7:30 PM -  Gira de celebraci\u00f3n de TJDW y WDC 2024 <\/a>\n\t\t\t\t\t<\/div>\n\t\t\t\t\t<div id=\"elementor-tab-content-2173\" class=\"elementor-tab-content elementor-clearfix\" data-tab=\"3\" role=\"region\" aria-labelledby=\"elementor-tab-title-2173\"><p>Celebrate World Design Festival 2024 with our VIP CULTURAL TOUR hosted by<a href=\"https:\/\/www.artbaja.com\/event-details\/tijuana-design-week-world-design-capital-2024-celebration\">\u00a0Art Scene Baja<\/a>. Explore a diverse selection of renowned architects, designers, and artists, alongside discovering exceptional and innovative sites around Tijuana that promise to inspire and captivate. See route below:<\/p><h5>UNIVERSIDAD XOCHICALCO<\/h5><ul><li><a href=\"https:\/\/www.instagram.com\/byelmau\" target=\"_blank\" rel=\"noopener\">Mauricio Hurtado<\/a><\/li><li><a href=\"https:\/\/www.instagram.com\/fritztorres501\/\" target=\"_blank\" rel=\"noopener\">Fritz Torres<\/a><\/li><\/ul><h5>YERBABUENA CONCEPT<\/h5><ul><li><a href=\"https:\/\/www.instagram.com\/titalopezart\/\" target=\"_blank\" rel=\"noopener\">Tita L\u00f3pez<\/a><\/li><\/ul><h5>BCHILIAN COMUNICACIO\u0301N VISUAL\u2028<\/h5><ul><li><a href=\"https:\/\/www.linkedin.com\/in\/bryanachilian\/\" target=\"_blank\" rel=\"noopener\">Bryan Andrade Chilian<\/a><\/li><\/ul><h5>ART POP GALLERY\u2028<\/h5><ul><li><a href=\"https:\/\/www.instagram.com\/mode.eclectique\/\" target=\"_blank\" rel=\"noopener\">Olga Cecilia Sanchez<\/a><\/li><\/ul><h5>BRIK 10\u2028<\/h5><ul><li><a href=\"https:\/\/www.alceproduccion.com\/\" target=\"_blank\" rel=\"noopener\">Moose Production<\/a><\/li><\/ul><h3><a href=\"https:\/\/www.artbaja.com\/event-details\/tijuana-design-week-world-design-capital-2024-celebration\" target=\"_blank\" rel=\"noopener\">RVSP HERE<\/a><\/h3><\/div>\n\t\t\t\t<\/div>\n\t\t\t\t\t\t\t<div class=\"elementor-accordion-item\">\n\t\t\t\t\t<div id=\"elementor-tab-title-2174\" class=\"elementor-tab-title\" data-tab=\"4\" role=\"button\" aria-controls=\"elementor-tab-content-2174\" aria-expanded=\"false\">\n\t\t\t\t\t\t\t\t\t\t\t\t\t<span class=\"elementor-accordion-icon elementor-accordion-icon-left\" aria-hidden=\"true\">\n\t\t\t\t\t\t\t\t\t\t\t\t\t\t\t<span class=\"elementor-accordion-icon-closed\"><svg class=\"e-font-icon-svg e-fas-angle-down\" viewBox=\"0 0 320 512\" xmlns=\"http:\/\/www.w3.org\/2000\/svg\"><path d=\"M143 352.3L7 216.3c-9.4-9.4-9.4-24.6 0-33.9l22.6-22.6c9.4-9.4 24.6-9.4 33.9 0l96.4 96.4 96.4-96.4c9.4-9.4 24.6-9.4 33.9 0l22.6 22.6c9.4 9.4 9.4 24.6 0 33.9l-136 136c-9.2 9.4-24.4 9.4-33.8 0z\"><\/path><\/svg><\/span>\n\t\t\t\t\t\t\t\t<span class=\"elementor-accordion-icon-opened\"><svg class=\"e-font-icon-svg e-fas-angle-up\" viewBox=\"0 0 320 512\" xmlns=\"http:\/\/www.w3.org\/2000\/svg\"><path d=\"M177 159.7l136 136c9.4 9.4 9.4 24.6 0 33.9l-22.6 22.6c-9.4 9.4-24.6 9.4-33.9 0L160 255.9l-96.4 96.4c-9.4 9.4-24.6 9.4-33.9 0L7 329.7c-9.4-9.4-9.4-24.6 0-33.9l136-136c9.4-9.5 24.6-9.5 34-.1z\"><\/path><\/svg><\/span>\n\t\t\t\t\t\t\t\t\t\t\t\t\t\t<\/span>\n\t\t\t\t\t\t\t\t\t\t\t\t<a class=\"elementor-accordion-title\" tabindex=\"0\">11:00 AM - 12:00 PM Miles &amp; Louie Coffee Lover Takeover<\/a>\n\t\t\t\t\t<\/div>\n\t\t\t\t\t<div id=\"elementor-tab-content-2174\" class=\"elementor-tab-content elementor-clearfix\" data-tab=\"4\" role=\"region\" aria-labelledby=\"elementor-tab-title-2174\"><p>Join Miles &amp; Louie for \u2018Welcome Home,\u2019 a series of events, talks, and workshops for TJDW.\u00a0 Start Thursday off with #CoffeeLoverTakeover featuring coffee from\u00a0<a href=\"https:\/\/www.instagram.com\/mamalourenzza\/\">Mam\u00e1 Lourenzza.<\/a><\/p><p>They\u2019ll be waiting for you at their home,\u00a0<a href=\"https:\/\/www.google.com\/maps\/place\/Miles+%26+Louie\/@32.5232704,-117.0247856,16z\/data=!3m1!4b1!4m6!3m5!1s0x80d94850310ac045:0xdc66ad600352d036!8m2!3d32.5232704!4d-117.0247856!16s%2Fg%2F11c55qcgj3?entry=ttu\" target=\"_blank\" rel=\"noopener\">Maison Louie.<\/a><\/p><p><a href=\"https:\/\/www.milesandlouie.com\/tjdw\" target=\"_blank\" rel=\"noopener\">Miles &amp; Louie<\/a>, a brand from Tijuana that is committed to slow fashion: well-made shoes and accessories, like those of yesteryear.<\/p><\/div>\n\t\t\t\t<\/div>\n\t\t\t\t\t\t\t<div class=\"elementor-accordion-item\">\n\t\t\t\t\t<div id=\"elementor-tab-title-2175\" class=\"elementor-tab-title\" data-tab=\"5\" role=\"button\" aria-controls=\"elementor-tab-content-2175\" aria-expanded=\"false\">\n\t\t\t\t\t\t\t\t\t\t\t\t\t<span class=\"elementor-accordion-icon elementor-accordion-icon-left\" aria-hidden=\"true\">\n\t\t\t\t\t\t\t\t\t\t\t\t\t\t\t<span class=\"elementor-accordion-icon-closed\"><svg class=\"e-font-icon-svg e-fas-angle-down\" viewBox=\"0 0 320 512\" xmlns=\"http:\/\/www.w3.org\/2000\/svg\"><path d=\"M143 352.3L7 216.3c-9.4-9.4-9.4-24.6 0-33.9l22.6-22.6c9.4-9.4 24.6-9.4 33.9 0l96.4 96.4 96.4-96.4c9.4-9.4 24.6-9.4 33.9 0l22.6 22.6c9.4 9.4 9.4 24.6 0 33.9l-136 136c-9.2 9.4-24.4 9.4-33.8 0z\"><\/path><\/svg><\/span>\n\t\t\t\t\t\t\t\t<span class=\"elementor-accordion-icon-opened\"><svg class=\"e-font-icon-svg e-fas-angle-up\" viewBox=\"0 0 320 512\" xmlns=\"http:\/\/www.w3.org\/2000\/svg\"><path d=\"M177 159.7l136 136c9.4 9.4 9.4 24.6 0 33.9l-22.6 22.6c-9.4 9.4-24.6 9.4-33.9 0L160 255.9l-96.4 96.4c-9.4 9.4-24.6 9.4-33.9 0L7 329.7c-9.4-9.4-9.4-24.6 0-33.9l136-136c9.4-9.5 24.6-9.5 34-.1z\"><\/path><\/svg><\/span>\n\t\t\t\t\t\t\t\t\t\t\t\t\t\t<\/span>\n\t\t\t\t\t\t\t\t\t\t\t\t<a class=\"elementor-accordion-title\" tabindex=\"0\">11:00 AM - 1:00 PM -  Taller Compa Laboratorio de narrativa ciudadana a trav\u00e9s de la tipograf\u00eda<\/a>\n\t\t\t\t\t<\/div>\n\t\t\t\t\t<div id=\"elementor-tab-content-2175\" class=\"elementor-tab-content elementor-clearfix\" data-tab=\"5\" role=\"region\" aria-labelledby=\"elementor-tab-title-2175\"><p>TMX- Tipograf\u00eda M\u00e9xico presenta: Laboratorio de narrativa ciudadana. Desarrollado en Mexicali y Calexico en 2023 por H\u00e9ctor Ru\u00edz estudiante del MFA Design for Social Innovation SVA oriundo del Mexicali. Es un proyecto que iconiza lenguajes e identidades transborder.<\/p><p>Presentador: H\u00e9ctor Ruiz<\/p><p>Ubicaci\u00f3n: Escuela libre de Arquitectura<\/p><\/div>\n\t\t\t\t<\/div>\n\t\t\t\t\t\t\t<div class=\"elementor-accordion-item\">\n\t\t\t\t\t<div id=\"elementor-tab-title-2176\" class=\"elementor-tab-title\" data-tab=\"6\" role=\"button\" aria-controls=\"elementor-tab-content-2176\" aria-expanded=\"false\">\n\t\t\t\t\t\t\t\t\t\t\t\t\t<span class=\"elementor-accordion-icon elementor-accordion-icon-left\" aria-hidden=\"true\">\n\t\t\t\t\t\t\t\t\t\t\t\t\t\t\t<span class=\"elementor-accordion-icon-closed\"><svg class=\"e-font-icon-svg e-fas-angle-down\" viewBox=\"0 0 320 512\" xmlns=\"http:\/\/www.w3.org\/2000\/svg\"><path d=\"M143 352.3L7 216.3c-9.4-9.4-9.4-24.6 0-33.9l22.6-22.6c9.4-9.4 24.6-9.4 33.9 0l96.4 96.4 96.4-96.4c9.4-9.4 24.6-9.4 33.9 0l22.6 22.6c9.4 9.4 9.4 24.6 0 33.9l-136 136c-9.2 9.4-24.4 9.4-33.8 0z\"><\/path><\/svg><\/span>\n\t\t\t\t\t\t\t\t<span class=\"elementor-accordion-icon-opened\"><svg class=\"e-font-icon-svg e-fas-angle-up\" viewBox=\"0 0 320 512\" xmlns=\"http:\/\/www.w3.org\/2000\/svg\"><path d=\"M177 159.7l136 136c9.4 9.4 9.4 24.6 0 33.9l-22.6 22.6c-9.4 9.4-24.6 9.4-33.9 0L160 255.9l-96.4 96.4c-9.4 9.4-24.6 9.4-33.9 0L7 329.7c-9.4-9.4-9.4-24.6 0-33.9l136-136c9.4-9.5 24.6-9.5 34-.1z\"><\/path><\/svg><\/span>\n\t\t\t\t\t\t\t\t\t\t\t\t\t\t<\/span>\n\t\t\t\t\t\t\t\t\t\t\t\t<a class=\"elementor-accordion-title\" tabindex=\"0\">11:00 AM - 8:00 PM -  Exhibici\u00f3n BOSQUE<\/a>\n\t\t\t\t\t<\/div>\n\t\t\t\t\t<div id=\"elementor-tab-content-2176\" class=\"elementor-tab-content elementor-clearfix\" data-tab=\"6\" role=\"region\" aria-labelledby=\"elementor-tab-title-2176\"><p>BOSQUE, creado por Fernanda Uribe, es m\u00e1s que una simple instalaci\u00f3n de jard\u00edn encantado; es una experiencia de dise\u00f1o envolvente donde la escultura y el dise\u00f1o funcional se fusionan en perfecta armon\u00eda. Conformado por esculturas de cer\u00e1mica hechas a mano en miniatura, esta instalaci\u00f3n inmersiva se inspira en la rica biodiversidad de los bosques y junglas. Aqu\u00ed, plantas imaginarias, flores, hongos e insectos cobran vida a trav\u00e9s de las esculturas, estimulando todos los sentidos.<\/p><p>Ubicaci\u00f3n: Observatorio<\/p><\/div>\n\t\t\t\t<\/div>\n\t\t\t\t\t\t\t<div class=\"elementor-accordion-item\">\n\t\t\t\t\t<div id=\"elementor-tab-title-2177\" class=\"elementor-tab-title\" data-tab=\"7\" role=\"button\" aria-controls=\"elementor-tab-content-2177\" aria-expanded=\"false\">\n\t\t\t\t\t\t\t\t\t\t\t\t\t<span class=\"elementor-accordion-icon elementor-accordion-icon-left\" aria-hidden=\"true\">\n\t\t\t\t\t\t\t\t\t\t\t\t\t\t\t<span class=\"elementor-accordion-icon-closed\"><svg class=\"e-font-icon-svg e-fas-angle-down\" viewBox=\"0 0 320 512\" xmlns=\"http:\/\/www.w3.org\/2000\/svg\"><path d=\"M143 352.3L7 216.3c-9.4-9.4-9.4-24.6 0-33.9l22.6-22.6c9.4-9.4 24.6-9.4 33.9 0l96.4 96.4 96.4-96.4c9.4-9.4 24.6-9.4 33.9 0l22.6 22.6c9.4 9.4 9.4 24.6 0 33.9l-136 136c-9.2 9.4-24.4 9.4-33.8 0z\"><\/path><\/svg><\/span>\n\t\t\t\t\t\t\t\t<span class=\"elementor-accordion-icon-opened\"><svg class=\"e-font-icon-svg e-fas-angle-up\" viewBox=\"0 0 320 512\" xmlns=\"http:\/\/www.w3.org\/2000\/svg\"><path d=\"M177 159.7l136 136c9.4 9.4 9.4 24.6 0 33.9l-22.6 22.6c-9.4 9.4-24.6 9.4-33.9 0L160 255.9l-96.4 96.4c-9.4 9.4-24.6 9.4-33.9 0L7 329.7c-9.4-9.4-9.4-24.6 0-33.9l136-136c9.4-9.5 24.6-9.5 34-.1z\"><\/path><\/svg><\/span>\n\t\t\t\t\t\t\t\t\t\t\t\t\t\t<\/span>\n\t\t\t\t\t\t\t\t\t\t\t\t<a class=\"elementor-accordion-title\" tabindex=\"0\">12:00 PM - 6:00 PM - Showroom de Makario: Paisajes de la Baja<\/a>\n\t\t\t\t\t<\/div>\n\t\t\t\t\t<div id=\"elementor-tab-content-2177\" class=\"elementor-tab-content elementor-clearfix\" data-tab=\"7\" role=\"region\" aria-labelledby=\"elementor-tab-title-2177\"><p>Evento especial que resalta la influencia de los paisajes regionales en su colecci\u00f3n mediante la cer\u00e1mica artesanal de alta temperatura, una t\u00e9cnica perfeccionada en M\u00e9xico, se exploran texturas, formas y colores que evocan la esencia de la regi\u00f3n, subrayando el entrelazado de la cultura y el entorno natural a trav\u00e9s del arte.<\/p><p><a href=\"https:\/\/www.instagram.com\/makarioceramica\/\" target=\"_blank\" rel=\"noopener\">Makario<\/a> se distingue como un espacio con usos m\u00faltiples, destacando su Showroom que ofrece una experiencia \u00fanica en dise\u00f1o utilitario artesanal enfocado en la gastronom\u00eda.<\/p><p>Ubicado en <a href=\"https:\/\/www.google.com\/maps\/place\/Makario+Cer%C3%A1mica\/@32.5192174,-117.0197407,16z\/data=!3m1!4b1!4m6!3m5!1s0x80d9484815555555:0x4b47571e1bdde15c!8m2!3d32.5192174!4d-117.0197407!16s%2Fg%2F11qny50kyb?entry=ttu\" target=\"_blank\" rel=\"noopener\">Makario Stoneware<\/a>. Abierto de 12:00 PM a 6:00 PM del 2 al 4 de mayo.<\/p><\/div>\n\t\t\t\t<\/div>\n\t\t\t\t\t\t\t<div class=\"elementor-accordion-item\">\n\t\t\t\t\t<div id=\"elementor-tab-title-2178\" class=\"elementor-tab-title\" data-tab=\"8\" role=\"button\" aria-controls=\"elementor-tab-content-2178\" aria-expanded=\"false\">\n\t\t\t\t\t\t\t\t\t\t\t\t\t<span class=\"elementor-accordion-icon elementor-accordion-icon-left\" aria-hidden=\"true\">\n\t\t\t\t\t\t\t\t\t\t\t\t\t\t\t<span class=\"elementor-accordion-icon-closed\"><svg class=\"e-font-icon-svg e-fas-angle-down\" viewBox=\"0 0 320 512\" xmlns=\"http:\/\/www.w3.org\/2000\/svg\"><path d=\"M143 352.3L7 216.3c-9.4-9.4-9.4-24.6 0-33.9l22.6-22.6c9.4-9.4 24.6-9.4 33.9 0l96.4 96.4 96.4-96.4c9.4-9.4 24.6-9.4 33.9 0l22.6 22.6c9.4 9.4 9.4 24.6 0 33.9l-136 136c-9.2 9.4-24.4 9.4-33.8 0z\"><\/path><\/svg><\/span>\n\t\t\t\t\t\t\t\t<span class=\"elementor-accordion-icon-opened\"><svg class=\"e-font-icon-svg e-fas-angle-up\" viewBox=\"0 0 320 512\" xmlns=\"http:\/\/www.w3.org\/2000\/svg\"><path d=\"M177 159.7l136 136c9.4 9.4 9.4 24.6 0 33.9l-22.6 22.6c-9.4 9.4-24.6 9.4-33.9 0L160 255.9l-96.4 96.4c-9.4 9.4-24.6 9.4-33.9 0L7 329.7c-9.4-9.4-9.4-24.6 0-33.9l136-136c9.4-9.5 24.6-9.5 34-.1z\"><\/path><\/svg><\/span>\n\t\t\t\t\t\t\t\t\t\t\t\t\t\t<\/span>\n\t\t\t\t\t\t\t\t\t\t\t\t<a class=\"elementor-accordion-title\" tabindex=\"0\">4:00 PM - 6:00 PM -  No Cuerpo y la creaci\u00f3n de un archivo digital sobre dise\u00f1o, arte y cultura en la regi\u00f3n transfronteriza SD-TJ<\/a>\n\t\t\t\t\t<\/div>\n\t\t\t\t\t<div id=\"elementor-tab-content-2178\" class=\"elementor-tab-content elementor-clearfix\" data-tab=\"8\" role=\"region\" aria-labelledby=\"elementor-tab-title-2178\"><p>Presentaci\u00f3n de No Cuerpo, una plataforma digital dedicada a la creaci\u00f3n de contenido en los \u00e1mbitos del arte, emprendimiento y realidad social, presentados en formatos de dise\u00f1o, audiovisual y escritura. Su objetivo es difundir el talento local y fomentar la conexi\u00f3n entre diversos actores sociales. Apoyados por la Secretar\u00eda de Cultura a trav\u00e9s de su Sistema de Apoyos a la Creaci\u00f3n y Proyectos Culturales, por la promoci\u00f3n de artistas, emprendedores y asociaciones civiles tanto a nivel local como nacional.<\/p><p>Ubicaci\u00f3n: Observatorio<\/p><\/div>\n\t\t\t\t<\/div>\n\t\t\t\t\t\t\t<div class=\"elementor-accordion-item\">\n\t\t\t\t\t<div id=\"elementor-tab-title-2179\" class=\"elementor-tab-title\" data-tab=\"9\" role=\"button\" aria-controls=\"elementor-tab-content-2179\" aria-expanded=\"false\">\n\t\t\t\t\t\t\t\t\t\t\t\t\t<span class=\"elementor-accordion-icon elementor-accordion-icon-left\" aria-hidden=\"true\">\n\t\t\t\t\t\t\t\t\t\t\t\t\t\t\t<span class=\"elementor-accordion-icon-closed\"><svg class=\"e-font-icon-svg e-fas-angle-down\" viewBox=\"0 0 320 512\" xmlns=\"http:\/\/www.w3.org\/2000\/svg\"><path d=\"M143 352.3L7 216.3c-9.4-9.4-9.4-24.6 0-33.9l22.6-22.6c9.4-9.4 24.6-9.4 33.9 0l96.4 96.4 96.4-96.4c9.4-9.4 24.6-9.4 33.9 0l22.6 22.6c9.4 9.4 9.4 24.6 0 33.9l-136 136c-9.2 9.4-24.4 9.4-33.8 0z\"><\/path><\/svg><\/span>\n\t\t\t\t\t\t\t\t<span class=\"elementor-accordion-icon-opened\"><svg class=\"e-font-icon-svg e-fas-angle-up\" viewBox=\"0 0 320 512\" xmlns=\"http:\/\/www.w3.org\/2000\/svg\"><path d=\"M177 159.7l136 136c9.4 9.4 9.4 24.6 0 33.9l-22.6 22.6c-9.4 9.4-24.6 9.4-33.9 0L160 255.9l-96.4 96.4c-9.4 9.4-24.6 9.4-33.9 0L7 329.7c-9.4-9.4-9.4-24.6 0-33.9l136-136c9.4-9.5 24.6-9.5 34-.1z\"><\/path><\/svg><\/span>\n\t\t\t\t\t\t\t\t\t\t\t\t\t\t<\/span>\n\t\t\t\t\t\t\t\t\t\t\t\t<a class=\"elementor-accordion-title\" tabindex=\"0\">5:00 PM - 7:00 PM Miles &amp; Louie: Historia de Denim<\/a>\n\t\t\t\t\t<\/div>\n\t\t\t\t\t<div id=\"elementor-tab-content-2179\" class=\"elementor-tab-content elementor-clearfix\" data-tab=\"9\" role=\"region\" aria-labelledby=\"elementor-tab-title-2179\"><p><span class=\"sqsrte-text-color--custom\">Proyecci\u00f3n de un v\u00eddeo-documental sobre la historia, la evoluci\u00f3n y el impacto medioambiental del tejido vaquero. Acompa\u00f1ado de una colecci\u00f3n de\u00a0<\/span><a href=\"https:\/\/www.instagram.com\/totemdenim\/\" target=\"_blank\" rel=\"noopener\"><span class=\"sqsrte-text-color--custom\">Totem Denim<\/span><\/a><span class=\"sqsrte-text-color--custom\">.<\/span>.<\/p><p>Te estar\u00e1n esperando en su casa, <a href=\"https:\/\/www.google.com\/maps\/place\/Miles+%26+Louie\/@32.5232704,-117.0247856,16z\/data=!3m1!4b1!4m6!3m5!1s0x80d94850310ac045:0xdc66ad600352d036!8m2!3d32.5232704!4d-117.0247856!16s%2Fg%2F11c55qcgj3?entry=ttu\" target=\"_blank\" rel=\"noopener\">Maison Louie.<\/a><\/p><p><a href=\"https:\/\/www.milesandlouie.com\/tjdw\" target=\"_blank\" rel=\"noopener\">Miles &amp; Louie<\/a>, una marca de Tijuana que apuesta por el slow fashion: zapatos y complementos bien hechos, como los de anta\u00f1o.<\/p><\/div>\n\t\t\t\t<\/div>\n\t\t\t\t\t\t\t<div class=\"elementor-accordion-item\">\n\t\t\t\t\t<div id=\"elementor-tab-title-21710\" class=\"elementor-tab-title\" data-tab=\"10\" role=\"button\" aria-controls=\"elementor-tab-content-21710\" aria-expanded=\"false\">\n\t\t\t\t\t\t\t\t\t\t\t\t\t<span class=\"elementor-accordion-icon elementor-accordion-icon-left\" aria-hidden=\"true\">\n\t\t\t\t\t\t\t\t\t\t\t\t\t\t\t<span class=\"elementor-accordion-icon-closed\"><svg class=\"e-font-icon-svg e-fas-angle-down\" viewBox=\"0 0 320 512\" xmlns=\"http:\/\/www.w3.org\/2000\/svg\"><path d=\"M143 352.3L7 216.3c-9.4-9.4-9.4-24.6 0-33.9l22.6-22.6c9.4-9.4 24.6-9.4 33.9 0l96.4 96.4 96.4-96.4c9.4-9.4 24.6-9.4 33.9 0l22.6 22.6c9.4 9.4 9.4 24.6 0 33.9l-136 136c-9.2 9.4-24.4 9.4-33.8 0z\"><\/path><\/svg><\/span>\n\t\t\t\t\t\t\t\t<span class=\"elementor-accordion-icon-opened\"><svg class=\"e-font-icon-svg e-fas-angle-up\" viewBox=\"0 0 320 512\" xmlns=\"http:\/\/www.w3.org\/2000\/svg\"><path d=\"M177 159.7l136 136c9.4 9.4 9.4 24.6 0 33.9l-22.6 22.6c-9.4 9.4-24.6 9.4-33.9 0L160 255.9l-96.4 96.4c-9.4 9.4-24.6 9.4-33.9 0L7 329.7c-9.4-9.4-9.4-24.6 0-33.9l136-136c9.4-9.5 24.6-9.5 34-.1z\"><\/path><\/svg><\/span>\n\t\t\t\t\t\t\t\t\t\t\t\t\t\t<\/span>\n\t\t\t\t\t\t\t\t\t\t\t\t<a class=\"elementor-accordion-title\" tabindex=\"0\">5:00 PM - 7:00 PM -  Drink &amp; Draw: Sketchbook Club de Tijuana<\/a>\n\t\t\t\t\t<\/div>\n\t\t\t\t\t<div id=\"elementor-tab-content-21710\" class=\"elementor-tab-content elementor-clearfix\" data-tab=\"10\" role=\"region\" aria-labelledby=\"elementor-tab-title-21710\"><p>Reuni\u00f3n social para conocer a otros dise\u00f1adores, ilustradores y artistas de la comunidad creativa de Tijuana. \u00a1Trae tu material de dibujo y disfruta de buena cerveza! Bring a friend. Make a friend.<\/p><p>Ubicaci\u00f3n: Norte Brewing Co.<\/p><\/div>\n\t\t\t\t<\/div>\n\t\t\t\t\t\t\t<div class=\"elementor-accordion-item\">\n\t\t\t\t\t<div id=\"elementor-tab-title-21711\" class=\"elementor-tab-title\" data-tab=\"11\" role=\"button\" aria-controls=\"elementor-tab-content-21711\" aria-expanded=\"false\">\n\t\t\t\t\t\t\t\t\t\t\t\t\t<span class=\"elementor-accordion-icon elementor-accordion-icon-left\" aria-hidden=\"true\">\n\t\t\t\t\t\t\t\t\t\t\t\t\t\t\t<span class=\"elementor-accordion-icon-closed\"><svg class=\"e-font-icon-svg e-fas-angle-down\" viewBox=\"0 0 320 512\" xmlns=\"http:\/\/www.w3.org\/2000\/svg\"><path d=\"M143 352.3L7 216.3c-9.4-9.4-9.4-24.6 0-33.9l22.6-22.6c9.4-9.4 24.6-9.4 33.9 0l96.4 96.4 96.4-96.4c9.4-9.4 24.6-9.4 33.9 0l22.6 22.6c9.4 9.4 9.4 24.6 0 33.9l-136 136c-9.2 9.4-24.4 9.4-33.8 0z\"><\/path><\/svg><\/span>\n\t\t\t\t\t\t\t\t<span class=\"elementor-accordion-icon-opened\"><svg class=\"e-font-icon-svg e-fas-angle-up\" viewBox=\"0 0 320 512\" xmlns=\"http:\/\/www.w3.org\/2000\/svg\"><path d=\"M177 159.7l136 136c9.4 9.4 9.4 24.6 0 33.9l-22.6 22.6c-9.4 9.4-24.6 9.4-33.9 0L160 255.9l-96.4 96.4c-9.4 9.4-24.6 9.4-33.9 0L7 329.7c-9.4-9.4-9.4-24.6 0-33.9l136-136c9.4-9.5 24.6-9.5 34-.1z\"><\/path><\/svg><\/span>\n\t\t\t\t\t\t\t\t\t\t\t\t\t\t<\/span>\n\t\t\t\t\t\t\t\t\t\t\t\t<a class=\"elementor-accordion-title\" tabindex=\"0\">5:00 PM - 7:00 PM -  Inauguraci\u00f3n: BOSQUE<\/a>\n\t\t\t\t\t<\/div>\n\t\t\t\t\t<div id=\"elementor-tab-content-21711\" class=\"elementor-tab-content elementor-clearfix\" data-tab=\"11\" role=\"region\" aria-labelledby=\"elementor-tab-title-21711\"><p>BOSQUE, creado por Fernanda Uribe, es m\u00e1s que una simple instalaci\u00f3n de jard\u00edn encantado; es una experiencia de dise\u00f1o envolvente donde la escultura y el dise\u00f1o funcional se fusionan en perfecta armon\u00eda. Conformado por esculturas de cer\u00e1mica hechas a mano en miniatura, esta instalaci\u00f3n inmersiva se inspira en la rica biodiversidad de los bosques y junglas. Aqu\u00ed, plantas imaginarias, flores, hongos e insectos cobran vida a trav\u00e9s de las esculturas, estimulando todos los sentidos.<\/p><p>Ubicaci\u00f3n: Observatorio<\/p><\/div>\n\t\t\t\t<\/div>\n\t\t\t\t\t\t\t<div class=\"elementor-accordion-item\">\n\t\t\t\t\t<div id=\"elementor-tab-title-21712\" class=\"elementor-tab-title\" data-tab=\"12\" role=\"button\" aria-controls=\"elementor-tab-content-21712\" aria-expanded=\"false\">\n\t\t\t\t\t\t\t\t\t\t\t\t\t<span class=\"elementor-accordion-icon elementor-accordion-icon-left\" aria-hidden=\"true\">\n\t\t\t\t\t\t\t\t\t\t\t\t\t\t\t<span class=\"elementor-accordion-icon-closed\"><svg class=\"e-font-icon-svg e-fas-angle-down\" viewBox=\"0 0 320 512\" xmlns=\"http:\/\/www.w3.org\/2000\/svg\"><path d=\"M143 352.3L7 216.3c-9.4-9.4-9.4-24.6 0-33.9l22.6-22.6c9.4-9.4 24.6-9.4 33.9 0l96.4 96.4 96.4-96.4c9.4-9.4 24.6-9.4 33.9 0l22.6 22.6c9.4 9.4 9.4 24.6 0 33.9l-136 136c-9.2 9.4-24.4 9.4-33.8 0z\"><\/path><\/svg><\/span>\n\t\t\t\t\t\t\t\t<span class=\"elementor-accordion-icon-opened\"><svg class=\"e-font-icon-svg e-fas-angle-up\" viewBox=\"0 0 320 512\" xmlns=\"http:\/\/www.w3.org\/2000\/svg\"><path d=\"M177 159.7l136 136c9.4 9.4 9.4 24.6 0 33.9l-22.6 22.6c-9.4 9.4-24.6 9.4-33.9 0L160 255.9l-96.4 96.4c-9.4 9.4-24.6 9.4-33.9 0L7 329.7c-9.4-9.4-9.4-24.6 0-33.9l136-136c9.4-9.5 24.6-9.5 34-.1z\"><\/path><\/svg><\/span>\n\t\t\t\t\t\t\t\t\t\t\t\t\t\t<\/span>\n\t\t\t\t\t\t\t\t\t\t\t\t<a class=\"elementor-accordion-title\" tabindex=\"0\">5:00 PM - 7:00 PM -  Vero Glezqui: Temporalidades de un santuario (Inauguraci\u00f3n)<\/a>\n\t\t\t\t\t<\/div>\n\t\t\t\t\t<div id=\"elementor-tab-content-21712\" class=\"elementor-tab-content elementor-clearfix\" data-tab=\"12\" role=\"region\" aria-labelledby=\"elementor-tab-title-21712\"><p>Temporalidades de un Santuario muestra una exploraci\u00f3n pict\u00f3rica centrada en la naturaleza desde una perspectiva cosmol\u00f3gica, geol\u00f3gica y ecol\u00f3gica. Combina la pintura, el dibujo, la t\u00e9cnica mixta y el collage, a trav\u00e9s de diversos soportes convencionales y no convencionales para construir paisajes h\u00edbridos que fusionan lo tangible con lo abstracto, lo f\u00edsico con lo conceptual y revelan una cosmovisi\u00f3n de exploraci\u00f3n y reflexi\u00f3n.<\/p><p>Presentadora: Vero Glezqui<\/p><p>Ubicaci\u00f3n: Casa de la Cultura<\/p><\/div>\n\t\t\t\t<\/div>\n\t\t\t\t\t\t\t<div class=\"elementor-accordion-item\">\n\t\t\t\t\t<div id=\"elementor-tab-title-21713\" class=\"elementor-tab-title\" data-tab=\"13\" role=\"button\" aria-controls=\"elementor-tab-content-21713\" aria-expanded=\"false\">\n\t\t\t\t\t\t\t\t\t\t\t\t\t<span class=\"elementor-accordion-icon elementor-accordion-icon-left\" aria-hidden=\"true\">\n\t\t\t\t\t\t\t\t\t\t\t\t\t\t\t<span class=\"elementor-accordion-icon-closed\"><svg class=\"e-font-icon-svg e-fas-angle-down\" viewBox=\"0 0 320 512\" xmlns=\"http:\/\/www.w3.org\/2000\/svg\"><path d=\"M143 352.3L7 216.3c-9.4-9.4-9.4-24.6 0-33.9l22.6-22.6c9.4-9.4 24.6-9.4 33.9 0l96.4 96.4 96.4-96.4c9.4-9.4 24.6-9.4 33.9 0l22.6 22.6c9.4 9.4 9.4 24.6 0 33.9l-136 136c-9.2 9.4-24.4 9.4-33.8 0z\"><\/path><\/svg><\/span>\n\t\t\t\t\t\t\t\t<span class=\"elementor-accordion-icon-opened\"><svg class=\"e-font-icon-svg e-fas-angle-up\" viewBox=\"0 0 320 512\" xmlns=\"http:\/\/www.w3.org\/2000\/svg\"><path d=\"M177 159.7l136 136c9.4 9.4 9.4 24.6 0 33.9l-22.6 22.6c-9.4 9.4-24.6 9.4-33.9 0L160 255.9l-96.4 96.4c-9.4 9.4-24.6 9.4-33.9 0L7 329.7c-9.4-9.4-9.4-24.6 0-33.9l136-136c9.4-9.5 24.6-9.5 34-.1z\"><\/path><\/svg><\/span>\n\t\t\t\t\t\t\t\t\t\t\t\t\t\t<\/span>\n\t\t\t\t\t\t\t\t\t\t\t\t<a class=\"elementor-accordion-title\" tabindex=\"0\">6:00 PM - 9:00 PM - FADINGS x Spel Uno<\/a>\n\t\t\t\t\t<\/div>\n\t\t\t\t\t<div id=\"elementor-tab-content-21713\" class=\"elementor-tab-content elementor-clearfix\" data-tab=\"13\" role=\"region\" aria-labelledby=\"elementor-tab-title-21713\"><p>\u201cFADINGS\u201d es una exposici\u00f3n que muestra c\u00f3mo SPEL se mueve entre lo digital y lo anal\u00f3gico, fusionando diferentes t\u00e9cnicas y llevando el dise\u00f1o a la calle y viceversa. Todo se mezcla en una exhibici\u00f3n fluida que incluye murales, cuadros, cer\u00e1mica, mercanc\u00eda y mobiliario.<\/p><p>Ubicaci\u00f3n: Julep Caf\u00e9<\/p><\/div>\n\t\t\t\t<\/div>\n\t\t\t\t\t\t\t<div class=\"elementor-accordion-item\">\n\t\t\t\t\t<div id=\"elementor-tab-title-21714\" class=\"elementor-tab-title\" data-tab=\"14\" role=\"button\" aria-controls=\"elementor-tab-content-21714\" aria-expanded=\"false\">\n\t\t\t\t\t\t\t\t\t\t\t\t\t<span class=\"elementor-accordion-icon elementor-accordion-icon-left\" aria-hidden=\"true\">\n\t\t\t\t\t\t\t\t\t\t\t\t\t\t\t<span class=\"elementor-accordion-icon-closed\"><svg class=\"e-font-icon-svg e-fas-angle-down\" viewBox=\"0 0 320 512\" xmlns=\"http:\/\/www.w3.org\/2000\/svg\"><path d=\"M143 352.3L7 216.3c-9.4-9.4-9.4-24.6 0-33.9l22.6-22.6c9.4-9.4 24.6-9.4 33.9 0l96.4 96.4 96.4-96.4c9.4-9.4 24.6-9.4 33.9 0l22.6 22.6c9.4 9.4 9.4 24.6 0 33.9l-136 136c-9.2 9.4-24.4 9.4-33.8 0z\"><\/path><\/svg><\/span>\n\t\t\t\t\t\t\t\t<span class=\"elementor-accordion-icon-opened\"><svg class=\"e-font-icon-svg e-fas-angle-up\" viewBox=\"0 0 320 512\" xmlns=\"http:\/\/www.w3.org\/2000\/svg\"><path d=\"M177 159.7l136 136c9.4 9.4 9.4 24.6 0 33.9l-22.6 22.6c-9.4 9.4-24.6 9.4-33.9 0L160 255.9l-96.4 96.4c-9.4 9.4-24.6 9.4-33.9 0L7 329.7c-9.4-9.4-9.4-24.6 0-33.9l136-136c9.4-9.5 24.6-9.5 34-.1z\"><\/path><\/svg><\/span>\n\t\t\t\t\t\t\t\t\t\t\t\t\t\t<\/span>\n\t\t\t\t\t\t\t\t\t\t\t\t<a class=\"elementor-accordion-title\" tabindex=\"0\">6:00 - 8:00 PM - Monstera Showroom dise\u00f1o de experiencias sonoras<\/a>\n\t\t\t\t\t<\/div>\n\t\t\t\t\t<div id=\"elementor-tab-content-21714\" class=\"elementor-tab-content elementor-clearfix\" data-tab=\"14\" role=\"region\" aria-labelledby=\"elementor-tab-title-21714\"><p>Instalaci\u00f3n interactiva con procesadores de audio que ayudan a reflexionar sobre la m\u00fasica y el sonido como fen\u00f3meno l\u00fadico. Impartido por los fundadores: Fernando Serv\u00edn y Efr\u00e9n Castro.<\/p><p><a href=\"https:\/\/www.google.com\/maps\/place\/Monstera+Showroom\/@32.515558,-117.0177002,17z\/data=!3m1!4b1!4m6!3m5!1s0x80d949bf61e5bcb1:0xb1209bcae0a70295!8m2!3d32.5155535!4d-117.0151253!16s%2Fg%2F11h7fnqn_5?entry=ttu\" target=\"_blank\" rel=\"noopener\">Located at the Monstera Showroom<\/a>.<\/p><div class=\"fe-block fe-block-4d5bc393efc529db6c80\"><div id=\"block-4d5bc393efc529db6c80\" class=\"sqs-block html-block sqs-block-html\" data-blend-mode=\"NORMAL\" data-block-type=\"2\" data-border-radii=\"{&quot;topLeft&quot;:{&quot;unit&quot;:&quot;px&quot;,&quot;value&quot;:0.0},&quot;topRight&quot;:{&quot;unit&quot;:&quot;px&quot;,&quot;value&quot;:0.0},&quot;bottomLeft&quot;:{&quot;unit&quot;:&quot;px&quot;,&quot;value&quot;:0.0},&quot;bottomRight&quot;:{&quot;unit&quot;:&quot;px&quot;,&quot;value&quot;:0.0}}\"><div class=\"sqs-block-content\"><div class=\"sqs-html-content\"><p class=\"preFade fadeIn\"><span class=\"sqsrte-text-color--lightAccent\"><a href=\"https:\/\/www.instagram.com\/monstera.shwrm\/\" target=\"_blank\" rel=\"noopener\">Monstera <\/a>es un espacio que promueve el dise\u00f1o y la cultura handmade a trav\u00e9s de su gesti\u00f3n y exposici\u00f3n.<\/span><\/p><\/div><\/div><\/div><\/div><\/div>\n\t\t\t\t<\/div>\n\t\t\t\t\t\t\t<div class=\"elementor-accordion-item\">\n\t\t\t\t\t<div id=\"elementor-tab-title-21715\" class=\"elementor-tab-title\" data-tab=\"15\" role=\"button\" aria-controls=\"elementor-tab-content-21715\" aria-expanded=\"false\">\n\t\t\t\t\t\t\t\t\t\t\t\t\t<span class=\"elementor-accordion-icon elementor-accordion-icon-left\" aria-hidden=\"true\">\n\t\t\t\t\t\t\t\t\t\t\t\t\t\t\t<span class=\"elementor-accordion-icon-closed\"><svg class=\"e-font-icon-svg e-fas-angle-down\" viewBox=\"0 0 320 512\" xmlns=\"http:\/\/www.w3.org\/2000\/svg\"><path d=\"M143 352.3L7 216.3c-9.4-9.4-9.4-24.6 0-33.9l22.6-22.6c9.4-9.4 24.6-9.4 33.9 0l96.4 96.4 96.4-96.4c9.4-9.4 24.6-9.4 33.9 0l22.6 22.6c9.4 9.4 9.4 24.6 0 33.9l-136 136c-9.2 9.4-24.4 9.4-33.8 0z\"><\/path><\/svg><\/span>\n\t\t\t\t\t\t\t\t<span class=\"elementor-accordion-icon-opened\"><svg class=\"e-font-icon-svg e-fas-angle-up\" viewBox=\"0 0 320 512\" xmlns=\"http:\/\/www.w3.org\/2000\/svg\"><path d=\"M177 159.7l136 136c9.4 9.4 9.4 24.6 0 33.9l-22.6 22.6c-9.4 9.4-24.6 9.4-33.9 0L160 255.9l-96.4 96.4c-9.4 9.4-24.6 9.4-33.9 0L7 329.7c-9.4-9.4-9.4-24.6 0-33.9l136-136c9.4-9.5 24.6-9.5 34-.1z\"><\/path><\/svg><\/span>\n\t\t\t\t\t\t\t\t\t\t\t\t\t\t<\/span>\n\t\t\t\t\t\t\t\t\t\t\t\t<a class=\"elementor-accordion-title\" tabindex=\"0\">6:00 PM - 8:00 PM -  Exhibici\u00f3n: Mil novecientos noventa y siempre<\/a>\n\t\t\t\t\t<\/div>\n\t\t\t\t\t<div id=\"elementor-tab-content-21715\" class=\"elementor-tab-content elementor-clearfix\" data-tab=\"15\" role=\"region\" aria-labelledby=\"elementor-tab-title-21715\"><p>Exhibici\u00f3n dise\u00f1ada por Maik Maravilla, un recorrido por los recuerdos de la infancia de la ciudad que ya no existe, pero que al mismo tiempo perdura. A trav\u00e9s de una mirada a la realidad cotidiana que en parte ha quedado atr\u00e1s, utilizando el poder de la tinta, la dualidad, el blanco y negro, la luz y la oscuridad, de crear una impresi\u00f3n para los recuerdos del espectador.<\/p><p>Ubicaci\u00f3n: Lucky House<\/p><\/div>\n\t\t\t\t<\/div>\n\t\t\t\t\t\t\t<div class=\"elementor-accordion-item\">\n\t\t\t\t\t<div id=\"elementor-tab-title-21716\" class=\"elementor-tab-title\" data-tab=\"16\" role=\"button\" aria-controls=\"elementor-tab-content-21716\" aria-expanded=\"false\">\n\t\t\t\t\t\t\t\t\t\t\t\t\t<span class=\"elementor-accordion-icon elementor-accordion-icon-left\" aria-hidden=\"true\">\n\t\t\t\t\t\t\t\t\t\t\t\t\t\t\t<span class=\"elementor-accordion-icon-closed\"><svg class=\"e-font-icon-svg e-fas-angle-down\" viewBox=\"0 0 320 512\" xmlns=\"http:\/\/www.w3.org\/2000\/svg\"><path d=\"M143 352.3L7 216.3c-9.4-9.4-9.4-24.6 0-33.9l22.6-22.6c9.4-9.4 24.6-9.4 33.9 0l96.4 96.4 96.4-96.4c9.4-9.4 24.6-9.4 33.9 0l22.6 22.6c9.4 9.4 9.4 24.6 0 33.9l-136 136c-9.2 9.4-24.4 9.4-33.8 0z\"><\/path><\/svg><\/span>\n\t\t\t\t\t\t\t\t<span class=\"elementor-accordion-icon-opened\"><svg class=\"e-font-icon-svg e-fas-angle-up\" viewBox=\"0 0 320 512\" xmlns=\"http:\/\/www.w3.org\/2000\/svg\"><path d=\"M177 159.7l136 136c9.4 9.4 9.4 24.6 0 33.9l-22.6 22.6c-9.4 9.4-24.6 9.4-33.9 0L160 255.9l-96.4 96.4c-9.4 9.4-24.6 9.4-33.9 0L7 329.7c-9.4-9.4-9.4-24.6 0-33.9l136-136c9.4-9.5 24.6-9.5 34-.1z\"><\/path><\/svg><\/span>\n\t\t\t\t\t\t\t\t\t\t\t\t\t\t<\/span>\n\t\t\t\t\t\t\t\t\t\t\t\t<a class=\"elementor-accordion-title\" tabindex=\"0\">6:00 PM - 9:00 PM -  Pop-up: El humano y sus cuevas: interpretaciones sobre el humano transitando en el tiempo<\/a>\n\t\t\t\t\t<\/div>\n\t\t\t\t\t<div id=\"elementor-tab-content-21716\" class=\"elementor-tab-content elementor-clearfix\" data-tab=\"16\" role=\"region\" aria-labelledby=\"elementor-tab-title-21716\"><p>Como colectivo integrado por PAAT, Perro y Arena, Hola Vicu y Clever Studio, queremos proponernos, primeramente, la migraci\u00f3n de nuestras ideas a trav\u00e9s de los l\u00edmites de otras mentes creativas (transfronterizas). En el pasado, antes de las fronteras legales, los habitantes compart\u00edan saberes, productos y emociones, caminando a lo largo de la costa. Queremos sembrar esa idea desde el interior para que los frutos germinen en un futuro cercano y podamos transitar entre fronteras creativas resolviendo en comunidad.<\/p><p>Ubicaci\u00f3n: Restaurante Bhumi<\/p><\/div>\n\t\t\t\t<\/div>\n\t\t\t\t\t\t\t<div class=\"elementor-accordion-item\">\n\t\t\t\t\t<div id=\"elementor-tab-title-21717\" class=\"elementor-tab-title\" data-tab=\"17\" role=\"button\" aria-controls=\"elementor-tab-content-21717\" aria-expanded=\"false\">\n\t\t\t\t\t\t\t\t\t\t\t\t\t<span class=\"elementor-accordion-icon elementor-accordion-icon-left\" aria-hidden=\"true\">\n\t\t\t\t\t\t\t\t\t\t\t\t\t\t\t<span class=\"elementor-accordion-icon-closed\"><svg class=\"e-font-icon-svg e-fas-angle-down\" viewBox=\"0 0 320 512\" xmlns=\"http:\/\/www.w3.org\/2000\/svg\"><path d=\"M143 352.3L7 216.3c-9.4-9.4-9.4-24.6 0-33.9l22.6-22.6c9.4-9.4 24.6-9.4 33.9 0l96.4 96.4 96.4-96.4c9.4-9.4 24.6-9.4 33.9 0l22.6 22.6c9.4 9.4 9.4 24.6 0 33.9l-136 136c-9.2 9.4-24.4 9.4-33.8 0z\"><\/path><\/svg><\/span>\n\t\t\t\t\t\t\t\t<span class=\"elementor-accordion-icon-opened\"><svg class=\"e-font-icon-svg e-fas-angle-up\" viewBox=\"0 0 320 512\" xmlns=\"http:\/\/www.w3.org\/2000\/svg\"><path d=\"M177 159.7l136 136c9.4 9.4 9.4 24.6 0 33.9l-22.6 22.6c-9.4 9.4-24.6 9.4-33.9 0L160 255.9l-96.4 96.4c-9.4 9.4-24.6 9.4-33.9 0L7 329.7c-9.4-9.4-9.4-24.6 0-33.9l136-136c9.4-9.5 24.6-9.5 34-.1z\"><\/path><\/svg><\/span>\n\t\t\t\t\t\t\t\t\t\t\t\t\t\t<\/span>\n\t\t\t\t\t\t\t\t\t\t\t\t<a class=\"elementor-accordion-title\" tabindex=\"0\">6:30 PM - 8:00 PM -  Danza contempor\u00e1nea abierto a la comunidad<\/a>\n\t\t\t\t\t<\/div>\n\t\t\t\t\t<div id=\"elementor-tab-content-21717\" class=\"elementor-tab-content elementor-clearfix\" data-tab=\"17\" role=\"region\" aria-labelledby=\"elementor-tab-title-21717\"><p>Taller de danza contempor\u00e1nea para adultas y adultos. Invitaci\u00f3n a la comunidad a experimentar la disciplina de la danza contempor\u00e1nea como una herramienta de expresi\u00f3n corporal. Edad: 18 a\u00f1os en adelante.<\/p><p>Ubicaci\u00f3n: Conservatorio de Danza M\u00e9xico<\/p><\/div>\n\t\t\t\t<\/div>\n\t\t\t\t\t\t\t\t<\/div>\n\t\t\t\t<\/div>\n\t\t\t\t<\/div>\n\t\t\t\t\t<\/div>\n\t\t\t\t<\/div>\n\t\t<div class=\"elementor-element elementor-element-1dcc76a e-flex e-con-boxed e-con e-parent\" data-id=\"1dcc76a\" data-element_type=\"container\">\n\t\t\t\t\t<div class=\"e-con-inner\">\n\t\t<div class=\"elementor-element elementor-element-a47b521 e-flex e-con-boxed e-con e-child\" data-id=\"a47b521\" data-element_type=\"container\">\n\t\t\t\t\t<div class=\"e-con-inner\">\n\t\t<div class=\"elementor-element elementor-element-6281e5b e-flex e-con-boxed e-con e-child\" data-id=\"6281e5b\" data-element_type=\"container\" data-settings=\"{&quot;background_background&quot;:&quot;classic&quot;}\">\n\t\t\t\t\t<div class=\"e-con-inner\">\n\t\t\t\t<div class=\"elementor-element elementor-element-e850f59 elementor-widget elementor-widget-heading\" data-id=\"e850f59\" data-element_type=\"widget\" data-widget_type=\"heading.default\">\n\t\t\t\t<div class=\"elementor-widget-container\">\n\t\t\t<h2 class=\"elementor-heading-title elementor-size-default\">D\u00cdA 3<\/h2>\t\t<\/div>\n\t\t\t\t<\/div>\n\t\t\t\t<div class=\"elementor-element elementor-element-5b4e876 elementor-widget elementor-widget-heading\" data-id=\"5b4e876\" data-element_type=\"widget\" data-widget_type=\"heading.default\">\n\t\t\t\t<div class=\"elementor-widget-container\">\n\t\t\t<h2 class=\"elementor-heading-title elementor-size-default\">Viernes 3 de mayo, 2024<\/h2>\t\t<\/div>\n\t\t\t\t<\/div>\n\t\t\t\t<div class=\"elementor-element elementor-element-2ff1e85 elementor-absolute elementor-widget elementor-widget-image\" data-id=\"2ff1e85\" data-element_type=\"widget\" data-settings=\"{&quot;_position&quot;:&quot;absolute&quot;}\" data-widget_type=\"image.default\">\n\t\t\t\t<div class=\"elementor-widget-container\">\n\t\t\t\t\t\t\t\t\t\t\t\t\t<img decoding=\"async\" src=\"https:\/\/wdc2024.org\/es\/wp-content\/uploads\/sites\/2\/elementor\/thumbs\/TJDW_24-Social-IG-FondosStories-11-r82a0zcvdkygo5p7rsds574kq8ysaex8uhlxdtl3vu.png\" title=\"TJDW_24-Social-IG-FondosStories-11.png\" alt=\"TJDW_24-Social-IG-FondosStories-11.png\" loading=\"lazy\" \/>\t\t\t\t\t\t\t\t\t\t\t\t\t<\/div>\n\t\t\t\t<\/div>\n\t\t\t\t\t<\/div>\n\t\t\t\t<\/div>\n\t\t\t\t\t<\/div>\n\t\t\t\t<\/div>\n\t\t\t\t<div class=\"elementor-element elementor-element-c071206 faq agenda elementor-widget elementor-widget-accordion\" data-id=\"c071206\" data-element_type=\"widget\" data-widget_type=\"accordion.default\">\n\t\t\t\t<div class=\"elementor-widget-container\">\n\t\t\t\t\t<div class=\"elementor-accordion\">\n\t\t\t\t\t\t\t<div class=\"elementor-accordion-item\">\n\t\t\t\t\t<div id=\"elementor-tab-title-2011\" class=\"elementor-tab-title\" data-tab=\"1\" role=\"button\" aria-controls=\"elementor-tab-content-2011\" aria-expanded=\"false\">\n\t\t\t\t\t\t\t\t\t\t\t\t\t<span class=\"elementor-accordion-icon elementor-accordion-icon-left\" aria-hidden=\"true\">\n\t\t\t\t\t\t\t\t\t\t\t\t\t\t\t<span class=\"elementor-accordion-icon-closed\"><svg class=\"e-font-icon-svg e-fas-angle-down\" viewBox=\"0 0 320 512\" xmlns=\"http:\/\/www.w3.org\/2000\/svg\"><path d=\"M143 352.3L7 216.3c-9.4-9.4-9.4-24.6 0-33.9l22.6-22.6c9.4-9.4 24.6-9.4 33.9 0l96.4 96.4 96.4-96.4c9.4-9.4 24.6-9.4 33.9 0l22.6 22.6c9.4 9.4 9.4 24.6 0 33.9l-136 136c-9.2 9.4-24.4 9.4-33.8 0z\"><\/path><\/svg><\/span>\n\t\t\t\t\t\t\t\t<span class=\"elementor-accordion-icon-opened\"><svg class=\"e-font-icon-svg e-fas-angle-up\" viewBox=\"0 0 320 512\" xmlns=\"http:\/\/www.w3.org\/2000\/svg\"><path d=\"M177 159.7l136 136c9.4 9.4 9.4 24.6 0 33.9l-22.6 22.6c-9.4 9.4-24.6 9.4-33.9 0L160 255.9l-96.4 96.4c-9.4 9.4-24.6 9.4-33.9 0L7 329.7c-9.4-9.4-9.4-24.6 0-33.9l136-136c9.4-9.5 24.6-9.5 34-.1z\"><\/path><\/svg><\/span>\n\t\t\t\t\t\t\t\t\t\t\t\t\t\t<\/span>\n\t\t\t\t\t\t\t\t\t\t\t\t<a class=\"elementor-accordion-title\" tabindex=\"0\">8:00 AM - 9:00 AM -  Check-in \/ Registro<\/a>\n\t\t\t\t\t<\/div>\n\t\t\t\t\t<div id=\"elementor-tab-content-2011\" class=\"elementor-tab-content elementor-clearfix\" data-tab=\"1\" role=\"region\" aria-labelledby=\"elementor-tab-title-2011\"><\/div>\n\t\t\t\t<\/div>\n\t\t\t\t\t\t\t<div class=\"elementor-accordion-item\">\n\t\t\t\t\t<div id=\"elementor-tab-title-2012\" class=\"elementor-tab-title\" data-tab=\"2\" role=\"button\" aria-controls=\"elementor-tab-content-2012\" aria-expanded=\"false\">\n\t\t\t\t\t\t\t\t\t\t\t\t\t<span class=\"elementor-accordion-icon elementor-accordion-icon-left\" aria-hidden=\"true\">\n\t\t\t\t\t\t\t\t\t\t\t\t\t\t\t<span class=\"elementor-accordion-icon-closed\"><svg class=\"e-font-icon-svg e-fas-angle-down\" viewBox=\"0 0 320 512\" xmlns=\"http:\/\/www.w3.org\/2000\/svg\"><path d=\"M143 352.3L7 216.3c-9.4-9.4-9.4-24.6 0-33.9l22.6-22.6c9.4-9.4 24.6-9.4 33.9 0l96.4 96.4 96.4-96.4c9.4-9.4 24.6-9.4 33.9 0l22.6 22.6c9.4 9.4 9.4 24.6 0 33.9l-136 136c-9.2 9.4-24.4 9.4-33.8 0z\"><\/path><\/svg><\/span>\n\t\t\t\t\t\t\t\t<span class=\"elementor-accordion-icon-opened\"><svg class=\"e-font-icon-svg e-fas-angle-up\" viewBox=\"0 0 320 512\" xmlns=\"http:\/\/www.w3.org\/2000\/svg\"><path d=\"M177 159.7l136 136c9.4 9.4 9.4 24.6 0 33.9l-22.6 22.6c-9.4 9.4-24.6 9.4-33.9 0L160 255.9l-96.4 96.4c-9.4 9.4-24.6 9.4-33.9 0L7 329.7c-9.4-9.4-9.4-24.6 0-33.9l136-136c9.4-9.5 24.6-9.5 34-.1z\"><\/path><\/svg><\/span>\n\t\t\t\t\t\t\t\t\t\t\t\t\t\t<\/span>\n\t\t\t\t\t\t\t\t\t\t\t\t<a class=\"elementor-accordion-title\" tabindex=\"0\">9:00 AM - 10:00 AM -  Andrea Carrillo \/ CreativeMornings Tijuana<\/a>\n\t\t\t\t\t<\/div>\n\t\t\t\t\t<div id=\"elementor-tab-content-2012\" class=\"elementor-tab-content elementor-clearfix\" data-tab=\"2\" role=\"region\" aria-labelledby=\"elementor-tab-title-2012\"><p>CreativeMornings Tijuana, son conversaciones mensuales que destacan c\u00f3mo el dise\u00f1o da forma a la regi\u00f3n, con oportunidades para aprender de los creativos de primera mano. La speaker de mayo es Andrea Carrillo Iglesias, artista y dise\u00f1adora gr\u00e1fica que actualmente vive entre Tijuana y Ciudad de M\u00e9xico.<\/p><p>Ubicaci\u00f3n: Enigma Creative<\/p><\/div>\n\t\t\t\t<\/div>\n\t\t\t\t\t\t\t<div class=\"elementor-accordion-item\">\n\t\t\t\t\t<div id=\"elementor-tab-title-2013\" class=\"elementor-tab-title\" data-tab=\"3\" role=\"button\" aria-controls=\"elementor-tab-content-2013\" aria-expanded=\"false\">\n\t\t\t\t\t\t\t\t\t\t\t\t\t<span class=\"elementor-accordion-icon elementor-accordion-icon-left\" aria-hidden=\"true\">\n\t\t\t\t\t\t\t\t\t\t\t\t\t\t\t<span class=\"elementor-accordion-icon-closed\"><svg class=\"e-font-icon-svg e-fas-angle-down\" viewBox=\"0 0 320 512\" xmlns=\"http:\/\/www.w3.org\/2000\/svg\"><path d=\"M143 352.3L7 216.3c-9.4-9.4-9.4-24.6 0-33.9l22.6-22.6c9.4-9.4 24.6-9.4 33.9 0l96.4 96.4 96.4-96.4c9.4-9.4 24.6-9.4 33.9 0l22.6 22.6c9.4 9.4 9.4 24.6 0 33.9l-136 136c-9.2 9.4-24.4 9.4-33.8 0z\"><\/path><\/svg><\/span>\n\t\t\t\t\t\t\t\t<span class=\"elementor-accordion-icon-opened\"><svg class=\"e-font-icon-svg e-fas-angle-up\" viewBox=\"0 0 320 512\" xmlns=\"http:\/\/www.w3.org\/2000\/svg\"><path d=\"M177 159.7l136 136c9.4 9.4 9.4 24.6 0 33.9l-22.6 22.6c-9.4 9.4-24.6 9.4-33.9 0L160 255.9l-96.4 96.4c-9.4 9.4-24.6 9.4-33.9 0L7 329.7c-9.4-9.4-9.4-24.6 0-33.9l136-136c9.4-9.5 24.6-9.5 34-.1z\"><\/path><\/svg><\/span>\n\t\t\t\t\t\t\t\t\t\t\t\t\t\t<\/span>\n\t\t\t\t\t\t\t\t\t\t\t\t<a class=\"elementor-accordion-title\" tabindex=\"0\">11:00 AM - 1:00 PM -  Krzysztof Wodiczko (Guide Visit)<\/a>\n\t\t\t\t\t<\/div>\n\t\t\t\t\t<div id=\"elementor-tab-content-2013\" class=\"elementor-tab-content elementor-clearfix\" data-tab=\"3\" role=\"region\" aria-labelledby=\"elementor-tab-title-2013\"><p>Charla con Krzysztof Wodiczko, reconocido por sus proyecciones a gran escala de diapositivas y videos en fachadas arquitect\u00f3nicas y monumentos, que desde finales de la d\u00e9cada de 1980, sus proyecciones han involucrado la participaci\u00f3n activa de residentes de la ciudad marginados y distanciados. Ha realizado m\u00e1s de 90 de estas proyecciones p\u00fablicas en Australia, Austria, B\u00e9lgica, Canad\u00e1, Inglaterra, Alemania, Holanda, Irlanda del Norte, Israel, Italia, Jap\u00f3n, M\u00e9xico, Polonia, Espa\u00f1a, Suiza y Estados Unidos.<br \/><br \/>Este evento es por orden de llegada.<\/p><\/div>\n\t\t\t\t<\/div>\n\t\t\t\t\t\t\t<div class=\"elementor-accordion-item\">\n\t\t\t\t\t<div id=\"elementor-tab-title-2014\" class=\"elementor-tab-title\" data-tab=\"4\" role=\"button\" aria-controls=\"elementor-tab-content-2014\" aria-expanded=\"false\">\n\t\t\t\t\t\t\t\t\t\t\t\t\t<span class=\"elementor-accordion-icon elementor-accordion-icon-left\" aria-hidden=\"true\">\n\t\t\t\t\t\t\t\t\t\t\t\t\t\t\t<span class=\"elementor-accordion-icon-closed\"><svg class=\"e-font-icon-svg e-fas-angle-down\" viewBox=\"0 0 320 512\" xmlns=\"http:\/\/www.w3.org\/2000\/svg\"><path d=\"M143 352.3L7 216.3c-9.4-9.4-9.4-24.6 0-33.9l22.6-22.6c9.4-9.4 24.6-9.4 33.9 0l96.4 96.4 96.4-96.4c9.4-9.4 24.6-9.4 33.9 0l22.6 22.6c9.4 9.4 9.4 24.6 0 33.9l-136 136c-9.2 9.4-24.4 9.4-33.8 0z\"><\/path><\/svg><\/span>\n\t\t\t\t\t\t\t\t<span class=\"elementor-accordion-icon-opened\"><svg class=\"e-font-icon-svg e-fas-angle-up\" viewBox=\"0 0 320 512\" xmlns=\"http:\/\/www.w3.org\/2000\/svg\"><path d=\"M177 159.7l136 136c9.4 9.4 9.4 24.6 0 33.9l-22.6 22.6c-9.4 9.4-24.6 9.4-33.9 0L160 255.9l-96.4 96.4c-9.4 9.4-24.6 9.4-33.9 0L7 329.7c-9.4-9.4-9.4-24.6 0-33.9l136-136c9.4-9.5 24.6-9.5 34-.1z\"><\/path><\/svg><\/span>\n\t\t\t\t\t\t\t\t\t\t\t\t\t\t<\/span>\n\t\t\t\t\t\t\t\t\t\t\t\t<a class=\"elementor-accordion-title\" tabindex=\"0\">11:00 AM - 8:00 PM -  Exhibici\u00f3n BOSQUE<\/a>\n\t\t\t\t\t<\/div>\n\t\t\t\t\t<div id=\"elementor-tab-content-2014\" class=\"elementor-tab-content elementor-clearfix\" data-tab=\"4\" role=\"region\" aria-labelledby=\"elementor-tab-title-2014\"><p>BOSQUE, creado por Fernanda Uribe, es m\u00e1s que una simple instalaci\u00f3n de jard\u00edn encantado; es una experiencia de dise\u00f1o envolvente donde la escultura y el dise\u00f1o funcional se fusionan en perfecta armon\u00eda. Conformado por esculturas de cer\u00e1mica hechas a mano en miniatura, esta instalaci\u00f3n inmersiva se inspira en la rica biodiversidad de los bosques y junglas. Aqu\u00ed, plantas imaginarias, flores, hongos e insectos cobran vida a trav\u00e9s de las esculturas, estimulando todos los sentidos.<\/p><p>Ubicaci\u00f3n: Observatorio<\/p><\/div>\n\t\t\t\t<\/div>\n\t\t\t\t\t\t\t<div class=\"elementor-accordion-item\">\n\t\t\t\t\t<div id=\"elementor-tab-title-2015\" class=\"elementor-tab-title\" data-tab=\"5\" role=\"button\" aria-controls=\"elementor-tab-content-2015\" aria-expanded=\"false\">\n\t\t\t\t\t\t\t\t\t\t\t\t\t<span class=\"elementor-accordion-icon elementor-accordion-icon-left\" aria-hidden=\"true\">\n\t\t\t\t\t\t\t\t\t\t\t\t\t\t\t<span class=\"elementor-accordion-icon-closed\"><svg class=\"e-font-icon-svg e-fas-angle-down\" viewBox=\"0 0 320 512\" xmlns=\"http:\/\/www.w3.org\/2000\/svg\"><path d=\"M143 352.3L7 216.3c-9.4-9.4-9.4-24.6 0-33.9l22.6-22.6c9.4-9.4 24.6-9.4 33.9 0l96.4 96.4 96.4-96.4c9.4-9.4 24.6-9.4 33.9 0l22.6 22.6c9.4 9.4 9.4 24.6 0 33.9l-136 136c-9.2 9.4-24.4 9.4-33.8 0z\"><\/path><\/svg><\/span>\n\t\t\t\t\t\t\t\t<span class=\"elementor-accordion-icon-opened\"><svg class=\"e-font-icon-svg e-fas-angle-up\" viewBox=\"0 0 320 512\" xmlns=\"http:\/\/www.w3.org\/2000\/svg\"><path d=\"M177 159.7l136 136c9.4 9.4 9.4 24.6 0 33.9l-22.6 22.6c-9.4 9.4-24.6 9.4-33.9 0L160 255.9l-96.4 96.4c-9.4 9.4-24.6 9.4-33.9 0L7 329.7c-9.4-9.4-9.4-24.6 0-33.9l136-136c9.4-9.5 24.6-9.5 34-.1z\"><\/path><\/svg><\/span>\n\t\t\t\t\t\t\t\t\t\t\t\t\t\t<\/span>\n\t\t\t\t\t\t\t\t\t\t\t\t<a class=\"elementor-accordion-title\" tabindex=\"0\">12:00 PM - 2:00 PM -  Borderless Experiences: The lecture<\/a>\n\t\t\t\t\t<\/div>\n\t\t\t\t\t<div id=\"elementor-tab-content-2015\" class=\"elementor-tab-content elementor-clearfix\" data-tab=\"5\" role=\"region\" aria-labelledby=\"elementor-tab-title-2015\"><p>En un mundo interconectado por medios electr\u00f3nicos, es esencial para los dise\u00f1adores del futuro dominar la tecnolog\u00eda y la experiencia del usuario para crear interacciones que enriquezcan la vida. Charla impartida por No\u00e9 Barrag\u00e1n Moreno, dise\u00f1ador senior en Microsoft y transfronterizo, originario de El Centro, California. Conocido por su trabajo en UX inmersiva y HoloLens, y colaboraciones con IBM y Samsung, se enfoca en innovaci\u00f3n digital para el bienestar humano.<\/p><p>Presentadores: No\u00e9 Barrag\u00e1n Moreno and Scott Robison<\/p><p>Ubicaci\u00f3n: Escuela Libre de Arquitectura<\/p><\/div>\n\t\t\t\t<\/div>\n\t\t\t\t\t\t\t<div class=\"elementor-accordion-item\">\n\t\t\t\t\t<div id=\"elementor-tab-title-2016\" class=\"elementor-tab-title\" data-tab=\"6\" role=\"button\" aria-controls=\"elementor-tab-content-2016\" aria-expanded=\"false\">\n\t\t\t\t\t\t\t\t\t\t\t\t\t<span class=\"elementor-accordion-icon elementor-accordion-icon-left\" aria-hidden=\"true\">\n\t\t\t\t\t\t\t\t\t\t\t\t\t\t\t<span class=\"elementor-accordion-icon-closed\"><svg class=\"e-font-icon-svg e-fas-angle-down\" viewBox=\"0 0 320 512\" xmlns=\"http:\/\/www.w3.org\/2000\/svg\"><path d=\"M143 352.3L7 216.3c-9.4-9.4-9.4-24.6 0-33.9l22.6-22.6c9.4-9.4 24.6-9.4 33.9 0l96.4 96.4 96.4-96.4c9.4-9.4 24.6-9.4 33.9 0l22.6 22.6c9.4 9.4 9.4 24.6 0 33.9l-136 136c-9.2 9.4-24.4 9.4-33.8 0z\"><\/path><\/svg><\/span>\n\t\t\t\t\t\t\t\t<span class=\"elementor-accordion-icon-opened\"><svg class=\"e-font-icon-svg e-fas-angle-up\" viewBox=\"0 0 320 512\" xmlns=\"http:\/\/www.w3.org\/2000\/svg\"><path d=\"M177 159.7l136 136c9.4 9.4 9.4 24.6 0 33.9l-22.6 22.6c-9.4 9.4-24.6 9.4-33.9 0L160 255.9l-96.4 96.4c-9.4 9.4-24.6 9.4-33.9 0L7 329.7c-9.4-9.4-9.4-24.6 0-33.9l136-136c9.4-9.5 24.6-9.5 34-.1z\"><\/path><\/svg><\/span>\n\t\t\t\t\t\t\t\t\t\t\t\t\t\t<\/span>\n\t\t\t\t\t\t\t\t\t\t\t\t<a class=\"elementor-accordion-title\" tabindex=\"0\">12:00 PM - 2:00 PM -  Taller de Codise\u00f1o de Persona Drag<\/a>\n\t\t\t\t\t<\/div>\n\t\t\t\t\t<div id=\"elementor-tab-content-2016\" class=\"elementor-tab-content elementor-clearfix\" data-tab=\"6\" role=\"region\" aria-labelledby=\"elementor-tab-title-2016\"><p>Este taller colaborativo busca visibilizar el drag en Tijuana como un medio de dise\u00f1o social con enfoque en g\u00e9nero y conexi\u00f3n comunitaria. Se divide en una conferencia sobre g\u00e9nero y dise\u00f1o, y un taller de estrategias diversas. El evento, que promueve la visibilidad drag, contar\u00e1 con agentes del medio acad\u00e9mico y art\u00edstico como Alejandro Murga, Axcel Reyes (La Alanina) y Roberto Balay\u00e1n (Astrid B\u00fak Kake).<\/p><p>Ubicaci\u00f3n: Enclave<\/p><\/div>\n\t\t\t\t<\/div>\n\t\t\t\t\t\t\t<div class=\"elementor-accordion-item\">\n\t\t\t\t\t<div id=\"elementor-tab-title-2017\" class=\"elementor-tab-title\" data-tab=\"7\" role=\"button\" aria-controls=\"elementor-tab-content-2017\" aria-expanded=\"false\">\n\t\t\t\t\t\t\t\t\t\t\t\t\t<span class=\"elementor-accordion-icon elementor-accordion-icon-left\" aria-hidden=\"true\">\n\t\t\t\t\t\t\t\t\t\t\t\t\t\t\t<span class=\"elementor-accordion-icon-closed\"><svg class=\"e-font-icon-svg e-fas-angle-down\" viewBox=\"0 0 320 512\" xmlns=\"http:\/\/www.w3.org\/2000\/svg\"><path d=\"M143 352.3L7 216.3c-9.4-9.4-9.4-24.6 0-33.9l22.6-22.6c9.4-9.4 24.6-9.4 33.9 0l96.4 96.4 96.4-96.4c9.4-9.4 24.6-9.4 33.9 0l22.6 22.6c9.4 9.4 9.4 24.6 0 33.9l-136 136c-9.2 9.4-24.4 9.4-33.8 0z\"><\/path><\/svg><\/span>\n\t\t\t\t\t\t\t\t<span class=\"elementor-accordion-icon-opened\"><svg class=\"e-font-icon-svg e-fas-angle-up\" viewBox=\"0 0 320 512\" xmlns=\"http:\/\/www.w3.org\/2000\/svg\"><path d=\"M177 159.7l136 136c9.4 9.4 9.4 24.6 0 33.9l-22.6 22.6c-9.4 9.4-24.6 9.4-33.9 0L160 255.9l-96.4 96.4c-9.4 9.4-24.6 9.4-33.9 0L7 329.7c-9.4-9.4-9.4-24.6 0-33.9l136-136c9.4-9.5 24.6-9.5 34-.1z\"><\/path><\/svg><\/span>\n\t\t\t\t\t\t\t\t\t\t\t\t\t\t<\/span>\n\t\t\t\t\t\t\t\t\t\t\t\t<a class=\"elementor-accordion-title\" tabindex=\"0\">12:00 PM - 6:00 PM - Showroom de Makario: Paisajes de la Baja<\/a>\n\t\t\t\t\t<\/div>\n\t\t\t\t\t<div id=\"elementor-tab-content-2017\" class=\"elementor-tab-content elementor-clearfix\" data-tab=\"7\" role=\"region\" aria-labelledby=\"elementor-tab-title-2017\"><p>Evento especial que resalta la influencia de los paisajes regionales en su colecci\u00f3n mediante la cer\u00e1mica artesanal de alta temperatura, una t\u00e9cnica perfeccionada en M\u00e9xico, se exploran texturas, formas y colores que evocan la esencia de la regi\u00f3n, subrayando el entrelazado de la cultura y el entorno natural a trav\u00e9s del arte.<\/p><p><a href=\"https:\/\/www.instagram.com\/makarioceramica\/\" target=\"_blank\" rel=\"noopener\">Makario<\/a> se distingue como un espacio con usos m\u00faltiples, destacando su Showroom que ofrece una experiencia \u00fanica en dise\u00f1o utilitario artesanal enfocado en la gastronom\u00eda.<\/p><p>Ubicado en <a href=\"https:\/\/www.google.com\/maps\/place\/Makario+Cer%C3%A1mica\/@32.5192174,-117.0197407,16z\/data=!3m1!4b1!4m6!3m5!1s0x80d9484815555555:0x4b47571e1bdde15c!8m2!3d32.5192174!4d-117.0197407!16s%2Fg%2F11qny50kyb?entry=ttu\" target=\"_blank\" rel=\"noopener\">Makario Stoneware<\/a>. Abierto de 12:00 PM a 6:00 PM del 2 al 4 de mayo.<\/p><\/div>\n\t\t\t\t<\/div>\n\t\t\t\t\t\t\t<div class=\"elementor-accordion-item\">\n\t\t\t\t\t<div id=\"elementor-tab-title-2018\" class=\"elementor-tab-title\" data-tab=\"8\" role=\"button\" aria-controls=\"elementor-tab-content-2018\" aria-expanded=\"false\">\n\t\t\t\t\t\t\t\t\t\t\t\t\t<span class=\"elementor-accordion-icon elementor-accordion-icon-left\" aria-hidden=\"true\">\n\t\t\t\t\t\t\t\t\t\t\t\t\t\t\t<span class=\"elementor-accordion-icon-closed\"><svg class=\"e-font-icon-svg e-fas-angle-down\" viewBox=\"0 0 320 512\" xmlns=\"http:\/\/www.w3.org\/2000\/svg\"><path d=\"M143 352.3L7 216.3c-9.4-9.4-9.4-24.6 0-33.9l22.6-22.6c9.4-9.4 24.6-9.4 33.9 0l96.4 96.4 96.4-96.4c9.4-9.4 24.6-9.4 33.9 0l22.6 22.6c9.4 9.4 9.4 24.6 0 33.9l-136 136c-9.2 9.4-24.4 9.4-33.8 0z\"><\/path><\/svg><\/span>\n\t\t\t\t\t\t\t\t<span class=\"elementor-accordion-icon-opened\"><svg class=\"e-font-icon-svg e-fas-angle-up\" viewBox=\"0 0 320 512\" xmlns=\"http:\/\/www.w3.org\/2000\/svg\"><path d=\"M177 159.7l136 136c9.4 9.4 9.4 24.6 0 33.9l-22.6 22.6c-9.4 9.4-24.6 9.4-33.9 0L160 255.9l-96.4 96.4c-9.4 9.4-24.6 9.4-33.9 0L7 329.7c-9.4-9.4-9.4-24.6 0-33.9l136-136c9.4-9.5 24.6-9.5 34-.1z\"><\/path><\/svg><\/span>\n\t\t\t\t\t\t\t\t\t\t\t\t\t\t<\/span>\n\t\t\t\t\t\t\t\t\t\t\t\t<a class=\"elementor-accordion-title\" tabindex=\"0\">4:00 PM - 6:00 PM - Matiz Estudio: Places We Love San Diego Tijuana<\/a>\n\t\t\t\t\t<\/div>\n\t\t\t\t\t<div id=\"elementor-tab-content-2018\" class=\"elementor-tab-content elementor-clearfix\" data-tab=\"8\" role=\"region\" aria-labelledby=\"elementor-tab-title-2018\"><p>Libro biling\u00fce que explora rincones favoritos a trav\u00e9s de la mirada de locales de San Diego y Tijuana. Por Megan Groth.<\/p><p>Matiz Estudio es un espacio de dise\u00f1o multifac\u00e9tico donde se comparten causalidades, ense\u00f1anzas y observaciones de la materialidad. Cada evento refleja nuestro compromiso con la innovaci\u00f3n y el di\u00e1logo en el dise\u00f1o.<\/p><p>Ubicado en <a href=\"https:\/\/www.google.com\/maps\/place\/Matiz+Estudio\/@32.5194103,-117.0227173,17z\/data=!3m1!4b1!4m6!3m5!1s0x80d949ee2f4b0d03:0xbfd758c470b3b2!8m2!3d32.5194103!4d-117.0227173!16s%2Fg%2F11mbs1lbkz?entry=ttu\" target=\"_blank\" rel=\"noopener\">Matiz Estudio.<\/a><\/p><\/div>\n\t\t\t\t<\/div>\n\t\t\t\t\t\t\t<div class=\"elementor-accordion-item\">\n\t\t\t\t\t<div id=\"elementor-tab-title-2019\" class=\"elementor-tab-title\" data-tab=\"9\" role=\"button\" aria-controls=\"elementor-tab-content-2019\" aria-expanded=\"false\">\n\t\t\t\t\t\t\t\t\t\t\t\t\t<span class=\"elementor-accordion-icon elementor-accordion-icon-left\" aria-hidden=\"true\">\n\t\t\t\t\t\t\t\t\t\t\t\t\t\t\t<span class=\"elementor-accordion-icon-closed\"><svg class=\"e-font-icon-svg e-fas-angle-down\" viewBox=\"0 0 320 512\" xmlns=\"http:\/\/www.w3.org\/2000\/svg\"><path d=\"M143 352.3L7 216.3c-9.4-9.4-9.4-24.6 0-33.9l22.6-22.6c9.4-9.4 24.6-9.4 33.9 0l96.4 96.4 96.4-96.4c9.4-9.4 24.6-9.4 33.9 0l22.6 22.6c9.4 9.4 9.4 24.6 0 33.9l-136 136c-9.2 9.4-24.4 9.4-33.8 0z\"><\/path><\/svg><\/span>\n\t\t\t\t\t\t\t\t<span class=\"elementor-accordion-icon-opened\"><svg class=\"e-font-icon-svg e-fas-angle-up\" viewBox=\"0 0 320 512\" xmlns=\"http:\/\/www.w3.org\/2000\/svg\"><path d=\"M177 159.7l136 136c9.4 9.4 9.4 24.6 0 33.9l-22.6 22.6c-9.4 9.4-24.6 9.4-33.9 0L160 255.9l-96.4 96.4c-9.4 9.4-24.6 9.4-33.9 0L7 329.7c-9.4-9.4-9.4-24.6 0-33.9l136-136c9.4-9.5 24.6-9.5 34-.1z\"><\/path><\/svg><\/span>\n\t\t\t\t\t\t\t\t\t\t\t\t\t\t<\/span>\n\t\t\t\t\t\t\t\t\t\t\t\t<a class=\"elementor-accordion-title\" tabindex=\"0\">4:00 PM - 8:00 PM -  Exhibici\u00f3n: Mil novecientos noventa y siempre<\/a>\n\t\t\t\t\t<\/div>\n\t\t\t\t\t<div id=\"elementor-tab-content-2019\" class=\"elementor-tab-content elementor-clearfix\" data-tab=\"9\" role=\"region\" aria-labelledby=\"elementor-tab-title-2019\"><p>Exhibici\u00f3n dise\u00f1ada por Maik Maravilla, un recorrido por los recuerdos de la infancia de la ciudad que ya no existe, pero que al mismo tiempo perdura. A trav\u00e9s de una mirada a la realidad cotidiana que en parte ha quedado atr\u00e1s, utilizando el poder de la tinta, la dualidad, el blanco y negro, la luz y la oscuridad, de crear una impresi\u00f3n para los recuerdos del espectador.<\/p><p>Ubicaci\u00f3n: Lucky House<\/p><\/div>\n\t\t\t\t<\/div>\n\t\t\t\t\t\t\t<div class=\"elementor-accordion-item\">\n\t\t\t\t\t<div id=\"elementor-tab-title-20110\" class=\"elementor-tab-title\" data-tab=\"10\" role=\"button\" aria-controls=\"elementor-tab-content-20110\" aria-expanded=\"false\">\n\t\t\t\t\t\t\t\t\t\t\t\t\t<span class=\"elementor-accordion-icon elementor-accordion-icon-left\" aria-hidden=\"true\">\n\t\t\t\t\t\t\t\t\t\t\t\t\t\t\t<span class=\"elementor-accordion-icon-closed\"><svg class=\"e-font-icon-svg e-fas-angle-down\" viewBox=\"0 0 320 512\" xmlns=\"http:\/\/www.w3.org\/2000\/svg\"><path d=\"M143 352.3L7 216.3c-9.4-9.4-9.4-24.6 0-33.9l22.6-22.6c9.4-9.4 24.6-9.4 33.9 0l96.4 96.4 96.4-96.4c9.4-9.4 24.6-9.4 33.9 0l22.6 22.6c9.4 9.4 9.4 24.6 0 33.9l-136 136c-9.2 9.4-24.4 9.4-33.8 0z\"><\/path><\/svg><\/span>\n\t\t\t\t\t\t\t\t<span class=\"elementor-accordion-icon-opened\"><svg class=\"e-font-icon-svg e-fas-angle-up\" viewBox=\"0 0 320 512\" xmlns=\"http:\/\/www.w3.org\/2000\/svg\"><path d=\"M177 159.7l136 136c9.4 9.4 9.4 24.6 0 33.9l-22.6 22.6c-9.4 9.4-24.6 9.4-33.9 0L160 255.9l-96.4 96.4c-9.4 9.4-24.6 9.4-33.9 0L7 329.7c-9.4-9.4-9.4-24.6 0-33.9l136-136c9.4-9.5 24.6-9.5 34-.1z\"><\/path><\/svg><\/span>\n\t\t\t\t\t\t\t\t\t\t\t\t\t\t<\/span>\n\t\t\t\t\t\t\t\t\t\t\t\t<a class=\"elementor-accordion-title\" tabindex=\"0\">4:00 PM - 8:00 PM -  Pop-up: El humano y sus cuevas: interpretaciones sobre el humano transitando en el tiempo<\/a>\n\t\t\t\t\t<\/div>\n\t\t\t\t\t<div id=\"elementor-tab-content-20110\" class=\"elementor-tab-content elementor-clearfix\" data-tab=\"10\" role=\"region\" aria-labelledby=\"elementor-tab-title-20110\"><p>Como colectivo integrado por PAAT, Perro y Arena, Hola Vicu y Clever Studio, queremos proponernos, primeramente, la migraci\u00f3n de nuestras ideas a trav\u00e9s de los l\u00edmites de otras mentes creativas (transfronterizas). En el pasado, antes de las fronteras legales, los habitantes compart\u00edan saberes, productos y emociones, caminando a lo largo de la costa. Queremos sembrar esa idea desde el interior para que los frutos germinen en un futuro cercano y podamos transitar entre fronteras creativas resolviendo en comunidad.<\/p><p>Ubicaci\u00f3n: Restaurante Bhumi<\/p><\/div>\n\t\t\t\t<\/div>\n\t\t\t\t\t\t\t<div class=\"elementor-accordion-item\">\n\t\t\t\t\t<div id=\"elementor-tab-title-20111\" class=\"elementor-tab-title\" data-tab=\"11\" role=\"button\" aria-controls=\"elementor-tab-content-20111\" aria-expanded=\"false\">\n\t\t\t\t\t\t\t\t\t\t\t\t\t<span class=\"elementor-accordion-icon elementor-accordion-icon-left\" aria-hidden=\"true\">\n\t\t\t\t\t\t\t\t\t\t\t\t\t\t\t<span class=\"elementor-accordion-icon-closed\"><svg class=\"e-font-icon-svg e-fas-angle-down\" viewBox=\"0 0 320 512\" xmlns=\"http:\/\/www.w3.org\/2000\/svg\"><path d=\"M143 352.3L7 216.3c-9.4-9.4-9.4-24.6 0-33.9l22.6-22.6c9.4-9.4 24.6-9.4 33.9 0l96.4 96.4 96.4-96.4c9.4-9.4 24.6-9.4 33.9 0l22.6 22.6c9.4 9.4 9.4 24.6 0 33.9l-136 136c-9.2 9.4-24.4 9.4-33.8 0z\"><\/path><\/svg><\/span>\n\t\t\t\t\t\t\t\t<span class=\"elementor-accordion-icon-opened\"><svg class=\"e-font-icon-svg e-fas-angle-up\" viewBox=\"0 0 320 512\" xmlns=\"http:\/\/www.w3.org\/2000\/svg\"><path d=\"M177 159.7l136 136c9.4 9.4 9.4 24.6 0 33.9l-22.6 22.6c-9.4 9.4-24.6 9.4-33.9 0L160 255.9l-96.4 96.4c-9.4 9.4-24.6 9.4-33.9 0L7 329.7c-9.4-9.4-9.4-24.6 0-33.9l136-136c9.4-9.5 24.6-9.5 34-.1z\"><\/path><\/svg><\/span>\n\t\t\t\t\t\t\t\t\t\t\t\t\t\t<\/span>\n\t\t\t\t\t\t\t\t\t\t\t\t<a class=\"elementor-accordion-title\" tabindex=\"0\">5:00 PM - 6:00 PM - Movimiento creativo: taller de danza para las infancias<\/a>\n\t\t\t\t\t<\/div>\n\t\t\t\t\t<div id=\"elementor-tab-content-20111\" class=\"elementor-tab-content elementor-clearfix\" data-tab=\"11\" role=\"region\" aria-labelledby=\"elementor-tab-title-20111\"><p>Taller de movimiento creativo para las infancias: Recordamos la importancia de las infancias como presente y futuro de nuestra sociedad, descubrimos y exploramos nuestra voz a trav\u00e9s del movimiento. Edad: 6 a 10 a\u00f1os de edad.<\/p><p>Ubicaci\u00f3n: Conservatorio de Danza M\u00e9xico<\/p><\/div>\n\t\t\t\t<\/div>\n\t\t\t\t\t\t\t\t<\/div>\n\t\t\t\t<\/div>\n\t\t\t\t<\/div>\n\t\t\t\t\t<\/div>\n\t\t\t\t<\/div>\n\t\t<div class=\"elementor-element elementor-element-37c8f1c e-flex e-con-boxed e-con e-parent\" data-id=\"37c8f1c\" data-element_type=\"container\">\n\t\t\t\t\t<div class=\"e-con-inner\">\n\t\t<div class=\"elementor-element elementor-element-eb64090 e-flex e-con-boxed e-con e-child\" data-id=\"eb64090\" data-element_type=\"container\">\n\t\t\t\t\t<div class=\"e-con-inner\">\n\t\t<div class=\"elementor-element elementor-element-8e23598 e-flex e-con-boxed e-con e-child\" data-id=\"8e23598\" data-element_type=\"container\" data-settings=\"{&quot;background_background&quot;:&quot;classic&quot;}\">\n\t\t\t\t\t<div class=\"e-con-inner\">\n\t\t\t\t<div class=\"elementor-element elementor-element-22fb965 elementor-widget elementor-widget-heading\" data-id=\"22fb965\" data-element_type=\"widget\" data-widget_type=\"heading.default\">\n\t\t\t\t<div class=\"elementor-widget-container\">\n\t\t\t<h2 class=\"elementor-heading-title elementor-size-default\">D\u00cdA 4<\/h2>\t\t<\/div>\n\t\t\t\t<\/div>\n\t\t\t\t<div class=\"elementor-element elementor-element-59d5a4f elementor-widget elementor-widget-heading\" data-id=\"59d5a4f\" data-element_type=\"widget\" data-widget_type=\"heading.default\">\n\t\t\t\t<div class=\"elementor-widget-container\">\n\t\t\t<h2 class=\"elementor-heading-title elementor-size-default\">S\u00e1bado 4 de mayo, 2024<\/h2>\t\t<\/div>\n\t\t\t\t<\/div>\n\t\t\t\t<div class=\"elementor-element elementor-element-44b15e6 elementor-absolute elementor-widget elementor-widget-image\" data-id=\"44b15e6\" data-element_type=\"widget\" data-settings=\"{&quot;_position&quot;:&quot;absolute&quot;}\" data-widget_type=\"image.default\">\n\t\t\t\t<div class=\"elementor-widget-container\">\n\t\t\t\t\t\t\t\t\t\t\t\t\t<img decoding=\"async\" src=\"https:\/\/wdc2024.org\/es\/wp-content\/uploads\/sites\/2\/elementor\/thumbs\/TJDW_24-Social-IG-FondosStories-12-r82a0zcvdkygo5p7rsds574kq8ysaex8uhlxdtl3vu.png\" title=\"TJDW_24-Social-IG-FondosStories-12.png\" alt=\"TJDW_24-Social-IG-FondosStories-12.png\" loading=\"lazy\" \/>\t\t\t\t\t\t\t\t\t\t\t\t\t<\/div>\n\t\t\t\t<\/div>\n\t\t\t\t\t<\/div>\n\t\t\t\t<\/div>\n\t\t\t\t\t<\/div>\n\t\t\t\t<\/div>\n\t\t\t\t<div class=\"elementor-element elementor-element-660dbac faq agenda elementor-widget elementor-widget-accordion\" data-id=\"660dbac\" data-element_type=\"widget\" data-widget_type=\"accordion.default\">\n\t\t\t\t<div class=\"elementor-widget-container\">\n\t\t\t\t\t<div class=\"elementor-accordion\">\n\t\t\t\t\t\t\t<div class=\"elementor-accordion-item\">\n\t\t\t\t\t<div id=\"elementor-tab-title-1071\" class=\"elementor-tab-title\" data-tab=\"1\" role=\"button\" aria-controls=\"elementor-tab-content-1071\" aria-expanded=\"false\">\n\t\t\t\t\t\t\t\t\t\t\t\t\t<span class=\"elementor-accordion-icon elementor-accordion-icon-left\" aria-hidden=\"true\">\n\t\t\t\t\t\t\t\t\t\t\t\t\t\t\t<span class=\"elementor-accordion-icon-closed\"><svg class=\"e-font-icon-svg e-fas-angle-down\" viewBox=\"0 0 320 512\" xmlns=\"http:\/\/www.w3.org\/2000\/svg\"><path d=\"M143 352.3L7 216.3c-9.4-9.4-9.4-24.6 0-33.9l22.6-22.6c9.4-9.4 24.6-9.4 33.9 0l96.4 96.4 96.4-96.4c9.4-9.4 24.6-9.4 33.9 0l22.6 22.6c9.4 9.4 9.4 24.6 0 33.9l-136 136c-9.2 9.4-24.4 9.4-33.8 0z\"><\/path><\/svg><\/span>\n\t\t\t\t\t\t\t\t<span class=\"elementor-accordion-icon-opened\"><svg class=\"e-font-icon-svg e-fas-angle-up\" viewBox=\"0 0 320 512\" xmlns=\"http:\/\/www.w3.org\/2000\/svg\"><path d=\"M177 159.7l136 136c9.4 9.4 9.4 24.6 0 33.9l-22.6 22.6c-9.4 9.4-24.6 9.4-33.9 0L160 255.9l-96.4 96.4c-9.4 9.4-24.6 9.4-33.9 0L7 329.7c-9.4-9.4-9.4-24.6 0-33.9l136-136c9.4-9.5 24.6-9.5 34-.1z\"><\/path><\/svg><\/span>\n\t\t\t\t\t\t\t\t\t\t\t\t\t\t<\/span>\n\t\t\t\t\t\t\t\t\t\t\t\t<a class=\"elementor-accordion-title\" tabindex=\"0\">8:00 AM - 9:00 AM -  Check-in \/ Registro<\/a>\n\t\t\t\t\t<\/div>\n\t\t\t\t\t<div id=\"elementor-tab-content-1071\" class=\"elementor-tab-content elementor-clearfix\" data-tab=\"1\" role=\"region\" aria-labelledby=\"elementor-tab-title-1071\"><\/div>\n\t\t\t\t<\/div>\n\t\t\t\t\t\t\t<div class=\"elementor-accordion-item\">\n\t\t\t\t\t<div id=\"elementor-tab-title-1072\" class=\"elementor-tab-title\" data-tab=\"2\" role=\"button\" aria-controls=\"elementor-tab-content-1072\" aria-expanded=\"false\">\n\t\t\t\t\t\t\t\t\t\t\t\t\t<span class=\"elementor-accordion-icon elementor-accordion-icon-left\" aria-hidden=\"true\">\n\t\t\t\t\t\t\t\t\t\t\t\t\t\t\t<span class=\"elementor-accordion-icon-closed\"><svg class=\"e-font-icon-svg e-fas-angle-down\" viewBox=\"0 0 320 512\" xmlns=\"http:\/\/www.w3.org\/2000\/svg\"><path d=\"M143 352.3L7 216.3c-9.4-9.4-9.4-24.6 0-33.9l22.6-22.6c9.4-9.4 24.6-9.4 33.9 0l96.4 96.4 96.4-96.4c9.4-9.4 24.6-9.4 33.9 0l22.6 22.6c9.4 9.4 9.4 24.6 0 33.9l-136 136c-9.2 9.4-24.4 9.4-33.8 0z\"><\/path><\/svg><\/span>\n\t\t\t\t\t\t\t\t<span class=\"elementor-accordion-icon-opened\"><svg class=\"e-font-icon-svg e-fas-angle-up\" viewBox=\"0 0 320 512\" xmlns=\"http:\/\/www.w3.org\/2000\/svg\"><path d=\"M177 159.7l136 136c9.4 9.4 9.4 24.6 0 33.9l-22.6 22.6c-9.4 9.4-24.6 9.4-33.9 0L160 255.9l-96.4 96.4c-9.4 9.4-24.6 9.4-33.9 0L7 329.7c-9.4-9.4-9.4-24.6 0-33.9l136-136c9.4-9.5 24.6-9.5 34-.1z\"><\/path><\/svg><\/span>\n\t\t\t\t\t\t\t\t\t\t\t\t\t\t<\/span>\n\t\t\t\t\t\t\t\t\t\t\t\t<a class=\"elementor-accordion-title\" tabindex=\"0\">9:00 AM - 10:00 AM -  Jorge Gutierrez y Sandra Equihua<\/a>\n\t\t\t\t\t<\/div>\n\t\t\t\t\t<div id=\"elementor-tab-content-1072\" class=\"elementor-tab-content elementor-clearfix\" data-tab=\"2\" role=\"region\" aria-labelledby=\"elementor-tab-title-1072\"><p>Sandra Equihua y Jorge R. Guti\u00e9rrez, una din\u00e1mica pareja criada en Tijuana, fusionan visi\u00f3n creativa y \u00e9xito comercial. Inmersos en la cultura mexicana y la animaci\u00f3n digital, crearon personajes e historias impactantes. Guti\u00e9rrez, formado en CalArts, brill\u00f3 con \u201cThe Book of Life\u201d y, junto a Equihua, lanz\u00f3 series premiadas como \u201cEl Tigre\u201d y \u201cMaya y los Tres\u201d, logrando fama mundial y varios Emmys y Annies. Equihua, destacada en ilustraci\u00f3n y dise\u00f1o de personajes, ha colaborado con importantes firmas, con obras expuestas a nivel internacional.<\/p><p>Ubicaci\u00f3n: CECUT \u2013 Sala Carlos Monsivais<\/p><\/div>\n\t\t\t\t<\/div>\n\t\t\t\t\t\t\t<div class=\"elementor-accordion-item\">\n\t\t\t\t\t<div id=\"elementor-tab-title-1073\" class=\"elementor-tab-title\" data-tab=\"3\" role=\"button\" aria-controls=\"elementor-tab-content-1073\" aria-expanded=\"false\">\n\t\t\t\t\t\t\t\t\t\t\t\t\t<span class=\"elementor-accordion-icon elementor-accordion-icon-left\" aria-hidden=\"true\">\n\t\t\t\t\t\t\t\t\t\t\t\t\t\t\t<span class=\"elementor-accordion-icon-closed\"><svg class=\"e-font-icon-svg e-fas-angle-down\" viewBox=\"0 0 320 512\" xmlns=\"http:\/\/www.w3.org\/2000\/svg\"><path d=\"M143 352.3L7 216.3c-9.4-9.4-9.4-24.6 0-33.9l22.6-22.6c9.4-9.4 24.6-9.4 33.9 0l96.4 96.4 96.4-96.4c9.4-9.4 24.6-9.4 33.9 0l22.6 22.6c9.4 9.4 9.4 24.6 0 33.9l-136 136c-9.2 9.4-24.4 9.4-33.8 0z\"><\/path><\/svg><\/span>\n\t\t\t\t\t\t\t\t<span class=\"elementor-accordion-icon-opened\"><svg class=\"e-font-icon-svg e-fas-angle-up\" viewBox=\"0 0 320 512\" xmlns=\"http:\/\/www.w3.org\/2000\/svg\"><path d=\"M177 159.7l136 136c9.4 9.4 9.4 24.6 0 33.9l-22.6 22.6c-9.4 9.4-24.6 9.4-33.9 0L160 255.9l-96.4 96.4c-9.4 9.4-24.6 9.4-33.9 0L7 329.7c-9.4-9.4-9.4-24.6 0-33.9l136-136c9.4-9.5 24.6-9.5 34-.1z\"><\/path><\/svg><\/span>\n\t\t\t\t\t\t\t\t\t\t\t\t\t\t<\/span>\n\t\t\t\t\t\t\t\t\t\t\t\t<a class=\"elementor-accordion-title\" tabindex=\"0\">9:00 AM - 11:00 AM -  Borderless Experiences: The workshop<\/a>\n\t\t\t\t\t<\/div>\n\t\t\t\t\t<div id=\"elementor-tab-content-1073\" class=\"elementor-tab-content elementor-clearfix\" data-tab=\"3\" role=\"region\" aria-labelledby=\"elementor-tab-title-1073\"><p>Taller para explorar las trayectorias profesionales en dise\u00f1o de productos digitales y UX, impartido por Scott Robinson, fundador de FreshForm. Esta consultor\u00eda de dise\u00f1o de experiencias e innovaci\u00f3n impulsa el valor empresarial a trav\u00e9s de la transformaci\u00f3n de la Experiencia del Cliente (CX) en el \u00e1mbito empresarial.<\/p><p>Ubicaci\u00f3n: Escuela Libre de Arquitectura<\/p><\/div>\n\t\t\t\t<\/div>\n\t\t\t\t\t\t\t<div class=\"elementor-accordion-item\">\n\t\t\t\t\t<div id=\"elementor-tab-title-1074\" class=\"elementor-tab-title\" data-tab=\"4\" role=\"button\" aria-controls=\"elementor-tab-content-1074\" aria-expanded=\"false\">\n\t\t\t\t\t\t\t\t\t\t\t\t\t<span class=\"elementor-accordion-icon elementor-accordion-icon-left\" aria-hidden=\"true\">\n\t\t\t\t\t\t\t\t\t\t\t\t\t\t\t<span class=\"elementor-accordion-icon-closed\"><svg class=\"e-font-icon-svg e-fas-angle-down\" viewBox=\"0 0 320 512\" xmlns=\"http:\/\/www.w3.org\/2000\/svg\"><path d=\"M143 352.3L7 216.3c-9.4-9.4-9.4-24.6 0-33.9l22.6-22.6c9.4-9.4 24.6-9.4 33.9 0l96.4 96.4 96.4-96.4c9.4-9.4 24.6-9.4 33.9 0l22.6 22.6c9.4 9.4 9.4 24.6 0 33.9l-136 136c-9.2 9.4-24.4 9.4-33.8 0z\"><\/path><\/svg><\/span>\n\t\t\t\t\t\t\t\t<span class=\"elementor-accordion-icon-opened\"><svg class=\"e-font-icon-svg e-fas-angle-up\" viewBox=\"0 0 320 512\" xmlns=\"http:\/\/www.w3.org\/2000\/svg\"><path d=\"M177 159.7l136 136c9.4 9.4 9.4 24.6 0 33.9l-22.6 22.6c-9.4 9.4-24.6 9.4-33.9 0L160 255.9l-96.4 96.4c-9.4 9.4-24.6 9.4-33.9 0L7 329.7c-9.4-9.4-9.4-24.6 0-33.9l136-136c9.4-9.5 24.6-9.5 34-.1z\"><\/path><\/svg><\/span>\n\t\t\t\t\t\t\t\t\t\t\t\t\t\t<\/span>\n\t\t\t\t\t\t\t\t\t\t\t\t<a class=\"elementor-accordion-title\" tabindex=\"0\">9:00 AM - 10:00 AM -  We Do &amp; Care<\/a>\n\t\t\t\t\t<\/div>\n\t\t\t\t\t<div id=\"elementor-tab-content-1074\" class=\"elementor-tab-content elementor-clearfix\" data-tab=\"4\" role=\"region\" aria-labelledby=\"elementor-tab-title-1074\"><p>&#8220;We Do &amp; Care&#8221; es un programa de tutor\u00eda dise\u00f1ado para fomentar las vocaciones de ni\u00f1as de primaria, secundaria y preparatoria en campos relacionados con STEAM (Ciencia, tecnolog\u00eda, ingenier\u00eda y matem\u00e1ticas). Al participar en pr\u00e1cticas en CETYS Universidad, estas j\u00f3venes aprender\u00e1n a aplicar los conocimientos de la ciencia en situaciones del mundo real.<\/p><p>Ubicaci\u00f3n: CETYS Universidad<\/p><\/div>\n\t\t\t\t<\/div>\n\t\t\t\t\t\t\t<div class=\"elementor-accordion-item\">\n\t\t\t\t\t<div id=\"elementor-tab-title-1075\" class=\"elementor-tab-title\" data-tab=\"5\" role=\"button\" aria-controls=\"elementor-tab-content-1075\" aria-expanded=\"false\">\n\t\t\t\t\t\t\t\t\t\t\t\t\t<span class=\"elementor-accordion-icon elementor-accordion-icon-left\" aria-hidden=\"true\">\n\t\t\t\t\t\t\t\t\t\t\t\t\t\t\t<span class=\"elementor-accordion-icon-closed\"><svg class=\"e-font-icon-svg e-fas-angle-down\" viewBox=\"0 0 320 512\" xmlns=\"http:\/\/www.w3.org\/2000\/svg\"><path d=\"M143 352.3L7 216.3c-9.4-9.4-9.4-24.6 0-33.9l22.6-22.6c9.4-9.4 24.6-9.4 33.9 0l96.4 96.4 96.4-96.4c9.4-9.4 24.6-9.4 33.9 0l22.6 22.6c9.4 9.4 9.4 24.6 0 33.9l-136 136c-9.2 9.4-24.4 9.4-33.8 0z\"><\/path><\/svg><\/span>\n\t\t\t\t\t\t\t\t<span class=\"elementor-accordion-icon-opened\"><svg class=\"e-font-icon-svg e-fas-angle-up\" viewBox=\"0 0 320 512\" xmlns=\"http:\/\/www.w3.org\/2000\/svg\"><path d=\"M177 159.7l136 136c9.4 9.4 9.4 24.6 0 33.9l-22.6 22.6c-9.4 9.4-24.6 9.4-33.9 0L160 255.9l-96.4 96.4c-9.4 9.4-24.6 9.4-33.9 0L7 329.7c-9.4-9.4-9.4-24.6 0-33.9l136-136c9.4-9.5 24.6-9.5 34-.1z\"><\/path><\/svg><\/span>\n\t\t\t\t\t\t\t\t\t\t\t\t\t\t<\/span>\n\t\t\t\t\t\t\t\t\t\t\t\t<a class=\"elementor-accordion-title\" tabindex=\"0\">10:00 AM - 11:00 AM -  Jimena de Gortari Ludlow<\/a>\n\t\t\t\t\t<\/div>\n\t\t\t\t\t<div id=\"elementor-tab-content-1075\" class=\"elementor-tab-content elementor-clearfix\" data-tab=\"5\" role=\"region\" aria-labelledby=\"elementor-tab-title-1075\"><p>Arquitecta y destacada profesora en la Universidad Iberoamericana, donde tambi\u00e9n ejerce como Coordinadora Institucional de Investigaci\u00f3n, esta acad\u00e9mica combina su pasi\u00f3n por la ense\u00f1anza con una profunda investigaci\u00f3n en ac\u00fastica urbana, desde la contaminaci\u00f3n sonora hasta el dise\u00f1o de espacios p\u00fablicos saludables. Doctora por la Universidad Polit\u00e9cnica de Catalu\u00f1a y experta en Museograf\u00eda, es autora de \u201cGu\u00eda sonora para una ciudad\u201d y ferviente activista por el derecho al descanso y al silencio. Compagina su labor investigadora con la vida de madre y su rol como coleccionista de experiencias sonoras, promoviendo la importancia de escuchar nuestra ciudad.<\/p><p>Ubicaci\u00f3n: CECUT \u2013 Sala Federico Campbell<\/p><\/div>\n\t\t\t\t<\/div>\n\t\t\t\t\t\t\t<div class=\"elementor-accordion-item\">\n\t\t\t\t\t<div id=\"elementor-tab-title-1076\" class=\"elementor-tab-title\" data-tab=\"6\" role=\"button\" aria-controls=\"elementor-tab-content-1076\" aria-expanded=\"false\">\n\t\t\t\t\t\t\t\t\t\t\t\t\t<span class=\"elementor-accordion-icon elementor-accordion-icon-left\" aria-hidden=\"true\">\n\t\t\t\t\t\t\t\t\t\t\t\t\t\t\t<span class=\"elementor-accordion-icon-closed\"><svg class=\"e-font-icon-svg e-fas-angle-down\" viewBox=\"0 0 320 512\" xmlns=\"http:\/\/www.w3.org\/2000\/svg\"><path d=\"M143 352.3L7 216.3c-9.4-9.4-9.4-24.6 0-33.9l22.6-22.6c9.4-9.4 24.6-9.4 33.9 0l96.4 96.4 96.4-96.4c9.4-9.4 24.6-9.4 33.9 0l22.6 22.6c9.4 9.4 9.4 24.6 0 33.9l-136 136c-9.2 9.4-24.4 9.4-33.8 0z\"><\/path><\/svg><\/span>\n\t\t\t\t\t\t\t\t<span class=\"elementor-accordion-icon-opened\"><svg class=\"e-font-icon-svg e-fas-angle-up\" viewBox=\"0 0 320 512\" xmlns=\"http:\/\/www.w3.org\/2000\/svg\"><path d=\"M177 159.7l136 136c9.4 9.4 9.4 24.6 0 33.9l-22.6 22.6c-9.4 9.4-24.6 9.4-33.9 0L160 255.9l-96.4 96.4c-9.4 9.4-24.6 9.4-33.9 0L7 329.7c-9.4-9.4-9.4-24.6 0-33.9l136-136c9.4-9.5 24.6-9.5 34-.1z\"><\/path><\/svg><\/span>\n\t\t\t\t\t\t\t\t\t\t\t\t\t\t<\/span>\n\t\t\t\t\t\t\t\t\t\t\t\t<a class=\"elementor-accordion-title\" tabindex=\"0\">10:00 AM - 11:00 AM -  Educaci\u00f3n para Compartir: Formando a la ciudadan\u00eda del presente y el futuro a trav\u00e9s del juego<\/a>\n\t\t\t\t\t<\/div>\n\t\t\t\t\t<div id=\"elementor-tab-content-1076\" class=\"elementor-tab-content elementor-clearfix\" data-tab=\"6\" role=\"region\" aria-labelledby=\"elementor-tab-title-1076\"><p>Desde 2007, Educaci\u00f3n para Compartir (EpC) ha impactado a m\u00e1s de 1.8 millones de personas en 13 pa\u00edses, promoviendo una mejor ciudadan\u00eda global desde la infancia a trav\u00e9s del juego. Esta organizaci\u00f3n mexicana, con su metodolog\u00eda enfocada en valores, habilidades socioemocionales y sostenibilidad, prepara a individuos de todas las edades para ser agentes de cambio.<br \/><br \/>Descubre en esta conferencia c\u00f3mo EpC fomenta desde la ni\u00f1ez el desarrollo de actitudes y conocimientos para un futuro mejor, presentada por Misael Garc\u00eda S\u00e1mano, quien ha liderado proyectos educativos con la Secretar\u00eda de Educaci\u00f3n P\u00fablica, Fundaci\u00f3n LEGO, BBVA Bancomer y el Museo de la Sociedad Hist\u00f3rica de Nueva York.<\/p><p>Speaker: Missael Garc\u00eda<\/p><p>Location: CECUT \u2013 Foro Luna<\/p><\/div>\n\t\t\t\t<\/div>\n\t\t\t\t\t\t\t<div class=\"elementor-accordion-item\">\n\t\t\t\t\t<div id=\"elementor-tab-title-1077\" class=\"elementor-tab-title\" data-tab=\"7\" role=\"button\" aria-controls=\"elementor-tab-content-1077\" aria-expanded=\"false\">\n\t\t\t\t\t\t\t\t\t\t\t\t\t<span class=\"elementor-accordion-icon elementor-accordion-icon-left\" aria-hidden=\"true\">\n\t\t\t\t\t\t\t\t\t\t\t\t\t\t\t<span class=\"elementor-accordion-icon-closed\"><svg class=\"e-font-icon-svg e-fas-angle-down\" viewBox=\"0 0 320 512\" xmlns=\"http:\/\/www.w3.org\/2000\/svg\"><path d=\"M143 352.3L7 216.3c-9.4-9.4-9.4-24.6 0-33.9l22.6-22.6c9.4-9.4 24.6-9.4 33.9 0l96.4 96.4 96.4-96.4c9.4-9.4 24.6-9.4 33.9 0l22.6 22.6c9.4 9.4 9.4 24.6 0 33.9l-136 136c-9.2 9.4-24.4 9.4-33.8 0z\"><\/path><\/svg><\/span>\n\t\t\t\t\t\t\t\t<span class=\"elementor-accordion-icon-opened\"><svg class=\"e-font-icon-svg e-fas-angle-up\" viewBox=\"0 0 320 512\" xmlns=\"http:\/\/www.w3.org\/2000\/svg\"><path d=\"M177 159.7l136 136c9.4 9.4 9.4 24.6 0 33.9l-22.6 22.6c-9.4 9.4-24.6 9.4-33.9 0L160 255.9l-96.4 96.4c-9.4 9.4-24.6 9.4-33.9 0L7 329.7c-9.4-9.4-9.4-24.6 0-33.9l136-136c9.4-9.5 24.6-9.5 34-.1z\"><\/path><\/svg><\/span>\n\t\t\t\t\t\t\t\t\t\t\t\t\t\t<\/span>\n\t\t\t\t\t\t\t\t\t\t\t\t<a class=\"elementor-accordion-title\" tabindex=\"0\">10:00 AM - 11:00 AM -  Now es igual para siempre<\/a>\n\t\t\t\t\t<\/div>\n\t\t\t\t\t<div id=\"elementor-tab-content-1077\" class=\"elementor-tab-content elementor-clearfix\" data-tab=\"7\" role=\"region\" aria-labelledby=\"elementor-tab-title-1077\"><p>Olga Margarita D\u00e1vila, artista multifac\u00e9tica que act\u00faa como curadora, gestora, docente y escritora, aborda en su charla pensamientos el\u00e1sticos sobre el aqu\u00ed de la memoria y su tr\u00e1nsito por las visualidades art\u00edsticas en y desde Tijuana. Con estudios en Arquitectura, Historia del Arte, Educaci\u00f3n y Curadur\u00eda, ha realizado m\u00e1s de 300 exhibiciones a nivel internacional. Destacan sus proyectos en Hong Kong, Alemania, y la serie SHAPED IN MEXICO en Londres, entre otros, as\u00ed como significativas colaboraciones en Tijuana: Benjam\u00edn Serrano trascendencia y vanguardia desde y OBRA NEGRA \u2013una aproximaci\u00f3n en la construcci\u00f3n de la cultura visual de Tijuana- ambas en el Centro Cultural Tijuana, realizando la \u00faltima en co-curadur\u00eda con Carlos Ashida. Actualmente es Chief Curator en LAGOS, CDMX y Berl\u00edn, contribuyendo tambi\u00e9n en proyectos de residencia art\u00edstica.<\/p><p>Ubicaci\u00f3n: CECUT \u2013 Sala de video<\/p><\/div>\n\t\t\t\t<\/div>\n\t\t\t\t\t\t\t<div class=\"elementor-accordion-item\">\n\t\t\t\t\t<div id=\"elementor-tab-title-1078\" class=\"elementor-tab-title\" data-tab=\"8\" role=\"button\" aria-controls=\"elementor-tab-content-1078\" aria-expanded=\"false\">\n\t\t\t\t\t\t\t\t\t\t\t\t\t<span class=\"elementor-accordion-icon elementor-accordion-icon-left\" aria-hidden=\"true\">\n\t\t\t\t\t\t\t\t\t\t\t\t\t\t\t<span class=\"elementor-accordion-icon-closed\"><svg class=\"e-font-icon-svg e-fas-angle-down\" viewBox=\"0 0 320 512\" xmlns=\"http:\/\/www.w3.org\/2000\/svg\"><path d=\"M143 352.3L7 216.3c-9.4-9.4-9.4-24.6 0-33.9l22.6-22.6c9.4-9.4 24.6-9.4 33.9 0l96.4 96.4 96.4-96.4c9.4-9.4 24.6-9.4 33.9 0l22.6 22.6c9.4 9.4 9.4 24.6 0 33.9l-136 136c-9.2 9.4-24.4 9.4-33.8 0z\"><\/path><\/svg><\/span>\n\t\t\t\t\t\t\t\t<span class=\"elementor-accordion-icon-opened\"><svg class=\"e-font-icon-svg e-fas-angle-up\" viewBox=\"0 0 320 512\" xmlns=\"http:\/\/www.w3.org\/2000\/svg\"><path d=\"M177 159.7l136 136c9.4 9.4 9.4 24.6 0 33.9l-22.6 22.6c-9.4 9.4-24.6 9.4-33.9 0L160 255.9l-96.4 96.4c-9.4 9.4-24.6 9.4-33.9 0L7 329.7c-9.4-9.4-9.4-24.6 0-33.9l136-136c9.4-9.5 24.6-9.5 34-.1z\"><\/path><\/svg><\/span>\n\t\t\t\t\t\t\t\t\t\t\t\t\t\t<\/span>\n\t\t\t\t\t\t\t\t\t\t\t\t<a class=\"elementor-accordion-title\" tabindex=\"0\">10:00 AM - 11:00 AM -  CONVERSATORIOS - VFX y animaci\u00f3n<\/a>\n\t\t\t\t\t<\/div>\n\t\t\t\t\t<div id=\"elementor-tab-content-1078\" class=\"elementor-tab-content elementor-clearfix\" data-tab=\"8\" role=\"region\" aria-labelledby=\"elementor-tab-title-1078\"><p>Este panel presentado por Emp\u00edrica destaca la fusi\u00f3n de creatividad, tecnolog\u00eda y dise\u00f1o en la narrativa moderna, con expertos en VFX Jorge R. Guti\u00e9rrez, Sandra Equihua y Alejandro Miranda. Guti\u00e9rrez y Equihua, detr\u00e1s de obras como \u201cEl Tigre\u201d y \u201cMaya y los tres\u201d, y Miranda, de V\u00e9rtigo VFX con trabajos en \u201cGame of Thrones\u201d y \u201cStranger Things\u201d, discutir\u00e1n c\u00f3mo el dise\u00f1o y los efectos visuales ampl\u00edan los l\u00edmites de la creaci\u00f3n de historias.<\/p><p>Ubicaci\u00f3n: CECUT \u2013 Sala Carlos Monsivais<\/p><\/div>\n\t\t\t\t<\/div>\n\t\t\t\t\t\t\t<div class=\"elementor-accordion-item\">\n\t\t\t\t\t<div id=\"elementor-tab-title-1079\" class=\"elementor-tab-title\" data-tab=\"9\" role=\"button\" aria-controls=\"elementor-tab-content-1079\" aria-expanded=\"false\">\n\t\t\t\t\t\t\t\t\t\t\t\t\t<span class=\"elementor-accordion-icon elementor-accordion-icon-left\" aria-hidden=\"true\">\n\t\t\t\t\t\t\t\t\t\t\t\t\t\t\t<span class=\"elementor-accordion-icon-closed\"><svg class=\"e-font-icon-svg e-fas-angle-down\" viewBox=\"0 0 320 512\" xmlns=\"http:\/\/www.w3.org\/2000\/svg\"><path d=\"M143 352.3L7 216.3c-9.4-9.4-9.4-24.6 0-33.9l22.6-22.6c9.4-9.4 24.6-9.4 33.9 0l96.4 96.4 96.4-96.4c9.4-9.4 24.6-9.4 33.9 0l22.6 22.6c9.4 9.4 9.4 24.6 0 33.9l-136 136c-9.2 9.4-24.4 9.4-33.8 0z\"><\/path><\/svg><\/span>\n\t\t\t\t\t\t\t\t<span class=\"elementor-accordion-icon-opened\"><svg class=\"e-font-icon-svg e-fas-angle-up\" viewBox=\"0 0 320 512\" xmlns=\"http:\/\/www.w3.org\/2000\/svg\"><path d=\"M177 159.7l136 136c9.4 9.4 9.4 24.6 0 33.9l-22.6 22.6c-9.4 9.4-24.6 9.4-33.9 0L160 255.9l-96.4 96.4c-9.4 9.4-24.6 9.4-33.9 0L7 329.7c-9.4-9.4-9.4-24.6 0-33.9l136-136c9.4-9.5 24.6-9.5 34-.1z\"><\/path><\/svg><\/span>\n\t\t\t\t\t\t\t\t\t\t\t\t\t\t<\/span>\n\t\t\t\t\t\t\t\t\t\t\t\t<a class=\"elementor-accordion-title\" tabindex=\"0\">10:00 AM - 11:00 AM -  Taller de Dise\u00f1o de Personajes (IAMO)<\/a>\n\t\t\t\t\t<\/div>\n\t\t\t\t\t<div id=\"elementor-tab-content-1079\" class=\"elementor-tab-content elementor-clearfix\" data-tab=\"9\" role=\"region\" aria-labelledby=\"elementor-tab-title-1079\"><p>Ven a dibujar con la instrucci\u00f3n personalizada del caricaturista y dise\u00f1ador de personajes Ismael Alejandro Moreno Ozuna (IAMO), aprende habilidades de dibujo enfocado en personajes de caricatura. Este taller se recomienda para artistas de todos los niveles que est\u00e9n interesados en proyectos de ilustraci\u00f3n y animaci\u00f3n.<\/p><p>Presentador: Ismael Alejandro Moreno<\/p><p>Ubicaci\u00f3n: Observatorio<\/p><\/div>\n\t\t\t\t<\/div>\n\t\t\t\t\t\t\t<div class=\"elementor-accordion-item\">\n\t\t\t\t\t<div id=\"elementor-tab-title-10710\" class=\"elementor-tab-title\" data-tab=\"10\" role=\"button\" aria-controls=\"elementor-tab-content-10710\" aria-expanded=\"false\">\n\t\t\t\t\t\t\t\t\t\t\t\t\t<span class=\"elementor-accordion-icon elementor-accordion-icon-left\" aria-hidden=\"true\">\n\t\t\t\t\t\t\t\t\t\t\t\t\t\t\t<span class=\"elementor-accordion-icon-closed\"><svg class=\"e-font-icon-svg e-fas-angle-down\" viewBox=\"0 0 320 512\" xmlns=\"http:\/\/www.w3.org\/2000\/svg\"><path d=\"M143 352.3L7 216.3c-9.4-9.4-9.4-24.6 0-33.9l22.6-22.6c9.4-9.4 24.6-9.4 33.9 0l96.4 96.4 96.4-96.4c9.4-9.4 24.6-9.4 33.9 0l22.6 22.6c9.4 9.4 9.4 24.6 0 33.9l-136 136c-9.2 9.4-24.4 9.4-33.8 0z\"><\/path><\/svg><\/span>\n\t\t\t\t\t\t\t\t<span class=\"elementor-accordion-icon-opened\"><svg class=\"e-font-icon-svg e-fas-angle-up\" viewBox=\"0 0 320 512\" xmlns=\"http:\/\/www.w3.org\/2000\/svg\"><path d=\"M177 159.7l136 136c9.4 9.4 9.4 24.6 0 33.9l-22.6 22.6c-9.4 9.4-24.6 9.4-33.9 0L160 255.9l-96.4 96.4c-9.4 9.4-24.6 9.4-33.9 0L7 329.7c-9.4-9.4-9.4-24.6 0-33.9l136-136c9.4-9.5 24.6-9.5 34-.1z\"><\/path><\/svg><\/span>\n\t\t\t\t\t\t\t\t\t\t\t\t\t\t<\/span>\n\t\t\t\t\t\t\t\t\t\t\t\t<a class=\"elementor-accordion-title\" tabindex=\"0\">11:00 AM - 12:00 PM -  AIGA Symbol Signs \/ S\u00edmbolos Significativos de AIGA<\/a>\n\t\t\t\t\t<\/div>\n\t\t\t\t\t<div id=\"elementor-tab-content-10710\" class=\"elementor-tab-content elementor-clearfix\" data-tab=\"10\" role=\"region\" aria-labelledby=\"elementor-tab-title-10710\"><p>Despu\u00e9s de treinta a\u00f1os dedic\u00e1ndose a la educaci\u00f3n en dise\u00f1o y al dise\u00f1o gr\u00e1fico, Susan Merritt, Profesora Em\u00e9rita en la Universidad Estatal de San Diego, obtuvo un MA en Investigaci\u00f3n de Dise\u00f1o, Escritura y Cr\u00edtica de la Escuela de Artes Visuales en Nueva York. Actualmente, se dedica a la investigaci\u00f3n, escritura y curadur\u00eda en comunicaci\u00f3n visual, cultura material e historia del dise\u00f1o. Su investigaci\u00f3n m\u00e1s reciente se centra en el proyecto AIGA Symbol Signs de 1974, un sistema de s\u00edmbolos de transporte creado para el Departamento de Transporte de EE. UU. El inter\u00e9s de Merritt en los sistemas de orientaci\u00f3n basados en iconos comenz\u00f3 durante sus estudios de posgrado en la Escuela de Dise\u00f1o de Basilea en Europa, lo que la llev\u00f3 a explorar el inicio del proyecto, su desarrollo por un comit\u00e9 de la AIGA liderado por Tom Geismar, y los dise\u00f1os finales de Roger Cook y Don Shanosky.<\/p><p>Presentadora: Susan Merritt<br \/>Ubicaci\u00f3n: CECUT \u2013 Sala Federico Campbell<\/p><\/div>\n\t\t\t\t<\/div>\n\t\t\t\t\t\t\t<div class=\"elementor-accordion-item\">\n\t\t\t\t\t<div id=\"elementor-tab-title-10711\" class=\"elementor-tab-title\" data-tab=\"11\" role=\"button\" aria-controls=\"elementor-tab-content-10711\" aria-expanded=\"false\">\n\t\t\t\t\t\t\t\t\t\t\t\t\t<span class=\"elementor-accordion-icon elementor-accordion-icon-left\" aria-hidden=\"true\">\n\t\t\t\t\t\t\t\t\t\t\t\t\t\t\t<span class=\"elementor-accordion-icon-closed\"><svg class=\"e-font-icon-svg e-fas-angle-down\" viewBox=\"0 0 320 512\" xmlns=\"http:\/\/www.w3.org\/2000\/svg\"><path d=\"M143 352.3L7 216.3c-9.4-9.4-9.4-24.6 0-33.9l22.6-22.6c9.4-9.4 24.6-9.4 33.9 0l96.4 96.4 96.4-96.4c9.4-9.4 24.6-9.4 33.9 0l22.6 22.6c9.4 9.4 9.4 24.6 0 33.9l-136 136c-9.2 9.4-24.4 9.4-33.8 0z\"><\/path><\/svg><\/span>\n\t\t\t\t\t\t\t\t<span class=\"elementor-accordion-icon-opened\"><svg class=\"e-font-icon-svg e-fas-angle-up\" viewBox=\"0 0 320 512\" xmlns=\"http:\/\/www.w3.org\/2000\/svg\"><path d=\"M177 159.7l136 136c9.4 9.4 9.4 24.6 0 33.9l-22.6 22.6c-9.4 9.4-24.6 9.4-33.9 0L160 255.9l-96.4 96.4c-9.4 9.4-24.6 9.4-33.9 0L7 329.7c-9.4-9.4-9.4-24.6 0-33.9l136-136c9.4-9.5 24.6-9.5 34-.1z\"><\/path><\/svg><\/span>\n\t\t\t\t\t\t\t\t\t\t\t\t\t\t<\/span>\n\t\t\t\t\t\t\t\t\t\t\t\t<a class=\"elementor-accordion-title\" tabindex=\"0\">11:00 AM - 12:00 PM -  Lila Avil\u00e9s<\/a>\n\t\t\t\t\t<\/div>\n\t\t\t\t\t<div id=\"elementor-tab-content-10711\" class=\"elementor-tab-content elementor-clearfix\" data-tab=\"11\" role=\"region\" aria-labelledby=\"elementor-tab-title-10711\"><p>Lila Avil\u00e9s, destacada directora, guionista y productora mexicana, comenz\u00f3 su carrera en el teatro y se consolid\u00f3 en el cine con su filme \u201cLa Camarista\u201d. Su reciente pel\u00edcula \u201cT\u00f3tem\u201d ha recibido m\u00faltiples reconocimientos, incluyendo el Premio Ecum\u00e9nico a Mejor Pel\u00edcula en el Festival de Berl\u00edn 2023. Avil\u00e9s contin\u00faa su exitosa trayectoria, discutiendo sus obras y desaf\u00edos futuros.<\/p><p>Un<\/p><\/div>\n\t\t\t\t<\/div>\n\t\t\t\t\t\t\t<div class=\"elementor-accordion-item\">\n\t\t\t\t\t<div id=\"elementor-tab-title-10712\" class=\"elementor-tab-title\" data-tab=\"12\" role=\"button\" aria-controls=\"elementor-tab-content-10712\" aria-expanded=\"false\">\n\t\t\t\t\t\t\t\t\t\t\t\t\t<span class=\"elementor-accordion-icon elementor-accordion-icon-left\" aria-hidden=\"true\">\n\t\t\t\t\t\t\t\t\t\t\t\t\t\t\t<span class=\"elementor-accordion-icon-closed\"><svg class=\"e-font-icon-svg e-fas-angle-down\" viewBox=\"0 0 320 512\" xmlns=\"http:\/\/www.w3.org\/2000\/svg\"><path d=\"M143 352.3L7 216.3c-9.4-9.4-9.4-24.6 0-33.9l22.6-22.6c9.4-9.4 24.6-9.4 33.9 0l96.4 96.4 96.4-96.4c9.4-9.4 24.6-9.4 33.9 0l22.6 22.6c9.4 9.4 9.4 24.6 0 33.9l-136 136c-9.2 9.4-24.4 9.4-33.8 0z\"><\/path><\/svg><\/span>\n\t\t\t\t\t\t\t\t<span class=\"elementor-accordion-icon-opened\"><svg class=\"e-font-icon-svg e-fas-angle-up\" viewBox=\"0 0 320 512\" xmlns=\"http:\/\/www.w3.org\/2000\/svg\"><path d=\"M177 159.7l136 136c9.4 9.4 9.4 24.6 0 33.9l-22.6 22.6c-9.4 9.4-24.6 9.4-33.9 0L160 255.9l-96.4 96.4c-9.4 9.4-24.6 9.4-33.9 0L7 329.7c-9.4-9.4-9.4-24.6 0-33.9l136-136c9.4-9.5 24.6-9.5 34-.1z\"><\/path><\/svg><\/span>\n\t\t\t\t\t\t\t\t\t\t\t\t\t\t<\/span>\n\t\t\t\t\t\t\t\t\t\t\t\t<a class=\"elementor-accordion-title\" tabindex=\"0\">11:00 AM - 12:00 PM -  Bio textiles: Moda sustentable \/ Sustainable fashion<\/a>\n\t\t\t\t\t<\/div>\n\t\t\t\t\t<div id=\"elementor-tab-content-10712\" class=\"elementor-tab-content elementor-clearfix\" data-tab=\"12\" role=\"region\" aria-labelledby=\"elementor-tab-title-10712\"><p>Edgar Morej\u00f3n, destacado en ense\u00f1ar figur\u00edn avanzado y Dise\u00f1o Experimental, adapta sus clases a las tecnolog\u00edas actuales para cubrir las demandas del mercado laboral. Constantemente explora nuevos procesos y t\u00e9cnicas, como el uso de biopl\u00e1sticos, para innovar en siluetas y texturas. Orgulloso de sus alumnos, celebra sus \u00e9xitos: premios en a! dise\u00f1o, publicaciones en Harper\u2019s Bazaar, exposiciones en el Museo MARCO y participaciones destacadas en competencias internacionales, como la finalista en el concurso Dorothy Waxman en 2019.<\/p><p>Presentador: Edgar Morej\u00f3n<\/p><p>Ubicaci\u00f3n: CECUT \u2013 Foro Luna<\/p><\/div>\n\t\t\t\t<\/div>\n\t\t\t\t\t\t\t\t<\/div>\n\t\t\t\t<\/div>\n\t\t\t\t<\/div>\n\t\t\t\t<div class=\"elementor-element elementor-element-f454eb3 elementor-widget elementor-widget-n-accordion\" data-id=\"f454eb3\" data-element_type=\"widget\" data-settings=\"{&quot;default_state&quot;:&quot;all_collapsed&quot;,&quot;max_items_expended&quot;:&quot;one&quot;,&quot;n_accordion_animation_duration&quot;:{&quot;unit&quot;:&quot;ms&quot;,&quot;size&quot;:400,&quot;sizes&quot;:[]}}\" data-widget_type=\"nested-accordion.default\">\n\t\t\t\t<div class=\"elementor-widget-container\">\n\t\t\t\t\t<div class=\"e-n-accordion\" aria-label=\"Accordion. Open links with Enter or Space, close with Escape, and navigate with Arrow Keys\">\n\t\t\t\t\t\t<details id=\"e-n-accordion-item-2560\" class=\"e-n-accordion-item\" >\n\t\t\t\t<summary class=\"e-n-accordion-item-title\" data-accordion-index=\"1\" tabindex=\"0\" aria-expanded=\"false\" aria-controls=\"e-n-accordion-item-2560\" >\n\t\t\t\t\t<span class='e-n-accordion-item-title-header'><div class=\"e-n-accordion-item-title-text\"> Ver el programa completo para D\u00eda 4 <\/div><\/span>\n\t\t\t\t\t\t\t<span class='e-n-accordion-item-title-icon'>\n\t\t\t<span class='e-opened' ><svg aria-hidden=\"true\" class=\"e-font-icon-svg e-fas-chevron-up\" viewBox=\"0 0 448 512\" xmlns=\"http:\/\/www.w3.org\/2000\/svg\"><path d=\"M240.971 130.524l194.343 194.343c9.373 9.373 9.373 24.569 0 33.941l-22.667 22.667c-9.357 9.357-24.522 9.375-33.901.04L224 227.495 69.255 381.516c-9.379 9.335-24.544 9.317-33.901-.04l-22.667-22.667c-9.373-9.373-9.373-24.569 0-33.941L207.03 130.525c9.372-9.373 24.568-9.373 33.941-.001z\"><\/path><\/svg><\/span>\n\t\t\t<span class='e-closed'><svg aria-hidden=\"true\" class=\"e-font-icon-svg e-fas-chevron-down\" viewBox=\"0 0 448 512\" xmlns=\"http:\/\/www.w3.org\/2000\/svg\"><path d=\"M207.029 381.476L12.686 187.132c-9.373-9.373-9.373-24.569 0-33.941l22.667-22.667c9.357-9.357 24.522-9.375 33.901-.04L224 284.505l154.745-154.021c9.379-9.335 24.544-9.317 33.901.04l22.667 22.667c9.373 9.373 9.373 24.569 0 33.941L240.971 381.476c-9.373 9.372-24.569 9.372-33.942 0z\"><\/path><\/svg><\/span>\n\t\t<\/span>\n\n\t\t\t\t\t\t<\/summary>\n\t\t\t\t<div role=\"region\" aria-labelledby=\"e-n-accordion-item-2560\" class=\"elementor-element elementor-element-f958692 e-con-full e-flex e-con e-child\" data-id=\"f958692\" data-element_type=\"container\">\n\t\t\t\t<div class=\"elementor-element elementor-element-3c92470 faq elementor-widget elementor-widget-accordion\" data-id=\"3c92470\" data-element_type=\"widget\" data-widget_type=\"accordion.default\">\n\t\t\t\t<div class=\"elementor-widget-container\">\n\t\t\t\t\t<div class=\"elementor-accordion\">\n\t\t\t\t\t\t\t<div class=\"elementor-accordion-item\">\n\t\t\t\t\t<div id=\"elementor-tab-title-6351\" class=\"elementor-tab-title\" data-tab=\"1\" role=\"button\" aria-controls=\"elementor-tab-content-6351\" aria-expanded=\"false\">\n\t\t\t\t\t\t\t\t\t\t\t\t\t<span class=\"elementor-accordion-icon elementor-accordion-icon-left\" aria-hidden=\"true\">\n\t\t\t\t\t\t\t\t\t\t\t\t\t\t\t<span class=\"elementor-accordion-icon-closed\"><svg class=\"e-font-icon-svg e-fas-angle-down\" viewBox=\"0 0 320 512\" xmlns=\"http:\/\/www.w3.org\/2000\/svg\"><path d=\"M143 352.3L7 216.3c-9.4-9.4-9.4-24.6 0-33.9l22.6-22.6c9.4-9.4 24.6-9.4 33.9 0l96.4 96.4 96.4-96.4c9.4-9.4 24.6-9.4 33.9 0l22.6 22.6c9.4 9.4 9.4 24.6 0 33.9l-136 136c-9.2 9.4-24.4 9.4-33.8 0z\"><\/path><\/svg><\/span>\n\t\t\t\t\t\t\t\t<span class=\"elementor-accordion-icon-opened\"><svg class=\"e-font-icon-svg e-fas-angle-up\" viewBox=\"0 0 320 512\" xmlns=\"http:\/\/www.w3.org\/2000\/svg\"><path d=\"M177 159.7l136 136c9.4 9.4 9.4 24.6 0 33.9l-22.6 22.6c-9.4 9.4-24.6 9.4-33.9 0L160 255.9l-96.4 96.4c-9.4 9.4-24.6 9.4-33.9 0L7 329.7c-9.4-9.4-9.4-24.6 0-33.9l136-136c9.4-9.5 24.6-9.5 34-.1z\"><\/path><\/svg><\/span>\n\t\t\t\t\t\t\t\t\t\t\t\t\t\t<\/span>\n\t\t\t\t\t\t\t\t\t\t\t\t<a class=\"elementor-accordion-title\" tabindex=\"0\">11:00 AM \u2013 12:00 PM -  Hugo Abel Castro<\/a>\n\t\t\t\t\t<\/div>\n\t\t\t\t\t<div id=\"elementor-tab-content-6351\" class=\"elementor-tab-content elementor-clearfix\" data-tab=\"1\" role=\"region\" aria-labelledby=\"elementor-tab-title-6351\"><p>Apasionado de los videojuegos, Hugo Abel Castro lidera desde 2008 el impulso de la industria en M\u00e9xico, fundando Gamacon y la aceleradora BC Media Lab. Ha trabajado en promoci\u00f3n cultural y educativa en videojuegos, participado en la Comic Con de San Diego, y colaborado con ProM\u00e9xico en Los \u00c1ngeles enfoc\u00e1ndose en la industria de software, videojuegos, animaci\u00f3n y medios creativos. Recientemente, fue nombrado l\u00edder en Norteam\u00e9rica de la Incubadora SIG de la IGDA, que agrupa a 80 incubadoras y aceleradoras de 50 pa\u00edses diferentes.<\/p><p>Ubicaci\u00f3n: CECUT \u2013 Sala de video<\/p><\/div>\n\t\t\t\t<\/div>\n\t\t\t\t\t\t\t<div class=\"elementor-accordion-item\">\n\t\t\t\t\t<div id=\"elementor-tab-title-6352\" class=\"elementor-tab-title\" data-tab=\"2\" role=\"button\" aria-controls=\"elementor-tab-content-6352\" aria-expanded=\"false\">\n\t\t\t\t\t\t\t\t\t\t\t\t\t<span class=\"elementor-accordion-icon elementor-accordion-icon-left\" aria-hidden=\"true\">\n\t\t\t\t\t\t\t\t\t\t\t\t\t\t\t<span class=\"elementor-accordion-icon-closed\"><svg class=\"e-font-icon-svg e-fas-angle-down\" viewBox=\"0 0 320 512\" xmlns=\"http:\/\/www.w3.org\/2000\/svg\"><path d=\"M143 352.3L7 216.3c-9.4-9.4-9.4-24.6 0-33.9l22.6-22.6c9.4-9.4 24.6-9.4 33.9 0l96.4 96.4 96.4-96.4c9.4-9.4 24.6-9.4 33.9 0l22.6 22.6c9.4 9.4 9.4 24.6 0 33.9l-136 136c-9.2 9.4-24.4 9.4-33.8 0z\"><\/path><\/svg><\/span>\n\t\t\t\t\t\t\t\t<span class=\"elementor-accordion-icon-opened\"><svg class=\"e-font-icon-svg e-fas-angle-up\" viewBox=\"0 0 320 512\" xmlns=\"http:\/\/www.w3.org\/2000\/svg\"><path d=\"M177 159.7l136 136c9.4 9.4 9.4 24.6 0 33.9l-22.6 22.6c-9.4 9.4-24.6 9.4-33.9 0L160 255.9l-96.4 96.4c-9.4 9.4-24.6 9.4-33.9 0L7 329.7c-9.4-9.4-9.4-24.6 0-33.9l136-136c9.4-9.5 24.6-9.5 34-.1z\"><\/path><\/svg><\/span>\n\t\t\t\t\t\t\t\t\t\t\t\t\t\t<\/span>\n\t\t\t\t\t\t\t\t\t\t\t\t<a class=\"elementor-accordion-title\" tabindex=\"0\">11:00 AM \u2013 8:00 PM - Exhibici\u00f3n BOSQUE<\/a>\n\t\t\t\t\t<\/div>\n\t\t\t\t\t<div id=\"elementor-tab-content-6352\" class=\"elementor-tab-content elementor-clearfix\" data-tab=\"2\" role=\"region\" aria-labelledby=\"elementor-tab-title-6352\"><p>BOSQUE, creado por Fernanda Uribe, es m\u00e1s que una simple instalaci\u00f3n de jard\u00edn encantado; es una experiencia de dise\u00f1o envolvente donde la escultura y el dise\u00f1o funcional se fusionan en perfecta armon\u00eda. Conformado por esculturas de cer\u00e1mica hechas a mano en miniatura, esta instalaci\u00f3n inmersiva se inspira en la rica biodiversidad de los bosques y junglas. Aqu\u00ed, plantas imaginarias, flores, hongos e insectos cobran vida a trav\u00e9s de las esculturas, estimulando todos los sentidos.<\/p><p>Ubicaci\u00f3n: Observatorio<\/p><\/div>\n\t\t\t\t<\/div>\n\t\t\t\t\t\t\t<div class=\"elementor-accordion-item\">\n\t\t\t\t\t<div id=\"elementor-tab-title-6353\" class=\"elementor-tab-title\" data-tab=\"3\" role=\"button\" aria-controls=\"elementor-tab-content-6353\" aria-expanded=\"false\">\n\t\t\t\t\t\t\t\t\t\t\t\t\t<span class=\"elementor-accordion-icon elementor-accordion-icon-left\" aria-hidden=\"true\">\n\t\t\t\t\t\t\t\t\t\t\t\t\t\t\t<span class=\"elementor-accordion-icon-closed\"><svg class=\"e-font-icon-svg e-fas-angle-down\" viewBox=\"0 0 320 512\" xmlns=\"http:\/\/www.w3.org\/2000\/svg\"><path d=\"M143 352.3L7 216.3c-9.4-9.4-9.4-24.6 0-33.9l22.6-22.6c9.4-9.4 24.6-9.4 33.9 0l96.4 96.4 96.4-96.4c9.4-9.4 24.6-9.4 33.9 0l22.6 22.6c9.4 9.4 9.4 24.6 0 33.9l-136 136c-9.2 9.4-24.4 9.4-33.8 0z\"><\/path><\/svg><\/span>\n\t\t\t\t\t\t\t\t<span class=\"elementor-accordion-icon-opened\"><svg class=\"e-font-icon-svg e-fas-angle-up\" viewBox=\"0 0 320 512\" xmlns=\"http:\/\/www.w3.org\/2000\/svg\"><path d=\"M177 159.7l136 136c9.4 9.4 9.4 24.6 0 33.9l-22.6 22.6c-9.4 9.4-24.6 9.4-33.9 0L160 255.9l-96.4 96.4c-9.4 9.4-24.6 9.4-33.9 0L7 329.7c-9.4-9.4-9.4-24.6 0-33.9l136-136c9.4-9.5 24.6-9.5 34-.1z\"><\/path><\/svg><\/span>\n\t\t\t\t\t\t\t\t\t\t\t\t\t\t<\/span>\n\t\t\t\t\t\t\t\t\t\t\t\t<a class=\"elementor-accordion-title\" tabindex=\"0\">12:00 PM \u2013 1:00 PM -  Mariana Eidler<\/a>\n\t\t\t\t\t<\/div>\n\t\t\t\t\t<div id=\"elementor-tab-content-6353\" class=\"elementor-tab-content elementor-clearfix\" data-tab=\"3\" role=\"region\" aria-labelledby=\"elementor-tab-title-6353\"><p>Dise\u00f1adora de Alimentos, directora de arte y docente, dirige el Laboratorio de Dise\u00f1o de Alimentos y el programa de Estudios en el Extranjero en Elisava, Escuela de Dise\u00f1o e Ingenier\u00eda en Barcelona, Espa\u00f1a. Co-fundadora de FORK, la Organizaci\u00f3n de Dise\u00f1o de Alimentos, que proporciona alianzas entre proyectos de Dise\u00f1o de Alimentos e instituciones. Doctora en Dise\u00f1o de Alimentos por la Universidad de Lisboa. Graduada en Dise\u00f1o por Elisava y en Bellas Artes por la UB. M\u00e1ster en Branding en la Escuela de Dise\u00f1o Parsons, NY. M\u00e1ster Pedag\u00f3gico en la UPC y M\u00e1ster en Dise\u00f1o y Comunicaci\u00f3n en Elisava. Trabaj\u00f3 en NY con Milton Glaser y, en Barcelona, fund\u00f3 @tactica.barcelona para trabajar en proyectos de dise\u00f1o transdisciplinarios, sociales y sostenibles centrados en la alimentaci\u00f3n.<\/p><p>Ubicaci\u00f3n: CECUT \u2013 Sala Carlos Monsivais<\/p><\/div>\n\t\t\t\t<\/div>\n\t\t\t\t\t\t\t<div class=\"elementor-accordion-item\">\n\t\t\t\t\t<div id=\"elementor-tab-title-6354\" class=\"elementor-tab-title\" data-tab=\"4\" role=\"button\" aria-controls=\"elementor-tab-content-6354\" aria-expanded=\"false\">\n\t\t\t\t\t\t\t\t\t\t\t\t\t<span class=\"elementor-accordion-icon elementor-accordion-icon-left\" aria-hidden=\"true\">\n\t\t\t\t\t\t\t\t\t\t\t\t\t\t\t<span class=\"elementor-accordion-icon-closed\"><svg class=\"e-font-icon-svg e-fas-angle-down\" viewBox=\"0 0 320 512\" xmlns=\"http:\/\/www.w3.org\/2000\/svg\"><path d=\"M143 352.3L7 216.3c-9.4-9.4-9.4-24.6 0-33.9l22.6-22.6c9.4-9.4 24.6-9.4 33.9 0l96.4 96.4 96.4-96.4c9.4-9.4 24.6-9.4 33.9 0l22.6 22.6c9.4 9.4 9.4 24.6 0 33.9l-136 136c-9.2 9.4-24.4 9.4-33.8 0z\"><\/path><\/svg><\/span>\n\t\t\t\t\t\t\t\t<span class=\"elementor-accordion-icon-opened\"><svg class=\"e-font-icon-svg e-fas-angle-up\" viewBox=\"0 0 320 512\" xmlns=\"http:\/\/www.w3.org\/2000\/svg\"><path d=\"M177 159.7l136 136c9.4 9.4 9.4 24.6 0 33.9l-22.6 22.6c-9.4 9.4-24.6 9.4-33.9 0L160 255.9l-96.4 96.4c-9.4 9.4-24.6 9.4-33.9 0L7 329.7c-9.4-9.4-9.4-24.6 0-33.9l136-136c9.4-9.5 24.6-9.5 34-.1z\"><\/path><\/svg><\/span>\n\t\t\t\t\t\t\t\t\t\t\t\t\t\t<\/span>\n\t\t\t\t\t\t\t\t\t\t\t\t<a class=\"elementor-accordion-title\" tabindex=\"0\">12:00 PM \u2013 1:00 PM - Christian Mendez<\/a>\n\t\t\t\t\t<\/div>\n\t\t\t\t\t<div id=\"elementor-tab-content-6354\" class=\"elementor-tab-content elementor-clearfix\" data-tab=\"4\" role=\"region\" aria-labelledby=\"elementor-tab-title-6354\"><p>Artista 3D para Videojuegos, cine y publicidad. En su trayectoria, ha colaborado como 3D Artist para videojuegos AAA. Para Ubisoft, destac\u00f3 su Funci\u00f3n como Environment, Props &amp; leveling artist en mapas del titulo Roller Champions.<\/p><p>Ubicaci\u00f3n: CECUT \u2013 Foro Luna<\/p><\/div>\n\t\t\t\t<\/div>\n\t\t\t\t\t\t\t<div class=\"elementor-accordion-item\">\n\t\t\t\t\t<div id=\"elementor-tab-title-6355\" class=\"elementor-tab-title\" data-tab=\"5\" role=\"button\" aria-controls=\"elementor-tab-content-6355\" aria-expanded=\"false\">\n\t\t\t\t\t\t\t\t\t\t\t\t\t<span class=\"elementor-accordion-icon elementor-accordion-icon-left\" aria-hidden=\"true\">\n\t\t\t\t\t\t\t\t\t\t\t\t\t\t\t<span class=\"elementor-accordion-icon-closed\"><svg class=\"e-font-icon-svg e-fas-angle-down\" viewBox=\"0 0 320 512\" xmlns=\"http:\/\/www.w3.org\/2000\/svg\"><path d=\"M143 352.3L7 216.3c-9.4-9.4-9.4-24.6 0-33.9l22.6-22.6c9.4-9.4 24.6-9.4 33.9 0l96.4 96.4 96.4-96.4c9.4-9.4 24.6-9.4 33.9 0l22.6 22.6c9.4 9.4 9.4 24.6 0 33.9l-136 136c-9.2 9.4-24.4 9.4-33.8 0z\"><\/path><\/svg><\/span>\n\t\t\t\t\t\t\t\t<span class=\"elementor-accordion-icon-opened\"><svg class=\"e-font-icon-svg e-fas-angle-up\" viewBox=\"0 0 320 512\" xmlns=\"http:\/\/www.w3.org\/2000\/svg\"><path d=\"M177 159.7l136 136c9.4 9.4 9.4 24.6 0 33.9l-22.6 22.6c-9.4 9.4-24.6 9.4-33.9 0L160 255.9l-96.4 96.4c-9.4 9.4-24.6 9.4-33.9 0L7 329.7c-9.4-9.4-9.4-24.6 0-33.9l136-136c9.4-9.5 24.6-9.5 34-.1z\"><\/path><\/svg><\/span>\n\t\t\t\t\t\t\t\t\t\t\t\t\t\t<\/span>\n\t\t\t\t\t\t\t\t\t\t\t\t<a class=\"elementor-accordion-title\" tabindex=\"0\">12:00 PM \u2013 1:00 PM - Jorge Gracia<\/a>\n\t\t\t\t\t<\/div>\n\t\t\t\t\t<div id=\"elementor-tab-content-6355\" class=\"elementor-tab-content elementor-clearfix\" data-tab=\"5\" role=\"region\" aria-labelledby=\"elementor-tab-title-6355\"><p>Jorge Gracia es un arquitecto mexicano que se gradu\u00f3 de la Universidad Iberoamericana Noroeste en 1997. Es el fundador y director de graciastudio (fundado en 2004). Ha recibido m\u00faltiples premios y reconocimientos, tanto a nivel nacional como internacional, dentro de la pr\u00e1ctica de la arquitectura, incluyendo: &#8217;30 promesas 2009&#8242; de Grupo Expansi\u00f3n, &#8216;Design Vanguard 2012&#8217; de Architectural Record, &#8216;Emerging Voices 2013&#8217; de la Liga de Arquitectura de Nueva York, &#8216;Obra del A\u00f1o 2013&#8217; de ArchDaily, &#8216;Best of the Best&#8217; de Red Dot Awards 2014 y &#8217;10 Despachos generadores de cambio 2016&#8242; de Grupo Expansi\u00f3n Obras.<br \/><br \/>Sus conferencias internacionales incluyen &#8216;Virginia Tech&#8217; en Blacksburg, Virginia, &#8216;Australian Institute of Architects&#8217; (2013), &#8216;Architectural Record Innovation Conference&#8217; (2014) en Los \u00c1ngeles, California y &#8216;Cooper Union&#8217; (2013) en Nueva York. Fundador de la Escuela Libre de Arquitectura (2014), una escuela de Arquitectura en el centro de Tijuana, donde actualmente se desempe\u00f1a como Director.<\/p><p>Ubicaci\u00f3n: CECUT \u2013 Sala Federico Campbell<\/p><\/div>\n\t\t\t\t<\/div>\n\t\t\t\t\t\t\t<div class=\"elementor-accordion-item\">\n\t\t\t\t\t<div id=\"elementor-tab-title-6356\" class=\"elementor-tab-title\" data-tab=\"6\" role=\"button\" aria-controls=\"elementor-tab-content-6356\" aria-expanded=\"false\">\n\t\t\t\t\t\t\t\t\t\t\t\t\t<span class=\"elementor-accordion-icon elementor-accordion-icon-left\" aria-hidden=\"true\">\n\t\t\t\t\t\t\t\t\t\t\t\t\t\t\t<span class=\"elementor-accordion-icon-closed\"><svg class=\"e-font-icon-svg e-fas-angle-down\" viewBox=\"0 0 320 512\" xmlns=\"http:\/\/www.w3.org\/2000\/svg\"><path d=\"M143 352.3L7 216.3c-9.4-9.4-9.4-24.6 0-33.9l22.6-22.6c9.4-9.4 24.6-9.4 33.9 0l96.4 96.4 96.4-96.4c9.4-9.4 24.6-9.4 33.9 0l22.6 22.6c9.4 9.4 9.4 24.6 0 33.9l-136 136c-9.2 9.4-24.4 9.4-33.8 0z\"><\/path><\/svg><\/span>\n\t\t\t\t\t\t\t\t<span class=\"elementor-accordion-icon-opened\"><svg class=\"e-font-icon-svg e-fas-angle-up\" viewBox=\"0 0 320 512\" xmlns=\"http:\/\/www.w3.org\/2000\/svg\"><path d=\"M177 159.7l136 136c9.4 9.4 9.4 24.6 0 33.9l-22.6 22.6c-9.4 9.4-24.6 9.4-33.9 0L160 255.9l-96.4 96.4c-9.4 9.4-24.6 9.4-33.9 0L7 329.7c-9.4-9.4-9.4-24.6 0-33.9l136-136c9.4-9.5 24.6-9.5 34-.1z\"><\/path><\/svg><\/span>\n\t\t\t\t\t\t\t\t\t\t\t\t\t\t<\/span>\n\t\t\t\t\t\t\t\t\t\t\t\t<a class=\"elementor-accordion-title\" tabindex=\"0\">12:00 PM \u2013 1:00 PM - Fritz Torres<\/a>\n\t\t\t\t\t<\/div>\n\t\t\t\t\t<div id=\"elementor-tab-content-6356\" class=\"elementor-tab-content elementor-clearfix\" data-tab=\"6\" role=\"region\" aria-labelledby=\"elementor-tab-title-6356\"><p>Dise\u00f1ador y productor gr\u00e1fico independiente con trayectoria en proyectos para marcas como Levi\u2019s y Adidas. Destacado en el colectivo Nortec, fue nominado al Grammy por su dise\u00f1o para Nortec Collective y Bostich+Fussible. Editor de \u201cEl Paso del Nortec-This is Tijuana\u201d y galardonado por su direcci\u00f3n de arte con HIP entertainment group. Como director creativo, colabor\u00f3 en nuevas temporadas de Plaza S\u00e9samo para Latinoam\u00e9rica y trabaj\u00f3 en proyectos para Christina Aguilera y Bette Midler con Veneno Inc y Discovery Communications. Su obra se ha exhibido globalmente y figura en publicaciones como Flaunt Magazine y Latin American Graphic Designers de TASCHEN. Recientemente, lanz\u00f3 \u201cTIJUANA COVERS: Un Recorrido gr\u00e1fico por la m\u00fasica de Tijuana a trav\u00e9s de sus portadas\u201d, sumando a su distinguida carrera.<\/p><p>Ubicaci\u00f3n: CECUT \u2013 Sala Carlos Monsivais<\/p><\/div>\n\t\t\t\t<\/div>\n\t\t\t\t\t\t\t<div class=\"elementor-accordion-item\">\n\t\t\t\t\t<div id=\"elementor-tab-title-6357\" class=\"elementor-tab-title\" data-tab=\"7\" role=\"button\" aria-controls=\"elementor-tab-content-6357\" aria-expanded=\"false\">\n\t\t\t\t\t\t\t\t\t\t\t\t\t<span class=\"elementor-accordion-icon elementor-accordion-icon-left\" aria-hidden=\"true\">\n\t\t\t\t\t\t\t\t\t\t\t\t\t\t\t<span class=\"elementor-accordion-icon-closed\"><svg class=\"e-font-icon-svg e-fas-angle-down\" viewBox=\"0 0 320 512\" xmlns=\"http:\/\/www.w3.org\/2000\/svg\"><path d=\"M143 352.3L7 216.3c-9.4-9.4-9.4-24.6 0-33.9l22.6-22.6c9.4-9.4 24.6-9.4 33.9 0l96.4 96.4 96.4-96.4c9.4-9.4 24.6-9.4 33.9 0l22.6 22.6c9.4 9.4 9.4 24.6 0 33.9l-136 136c-9.2 9.4-24.4 9.4-33.8 0z\"><\/path><\/svg><\/span>\n\t\t\t\t\t\t\t\t<span class=\"elementor-accordion-icon-opened\"><svg class=\"e-font-icon-svg e-fas-angle-up\" viewBox=\"0 0 320 512\" xmlns=\"http:\/\/www.w3.org\/2000\/svg\"><path d=\"M177 159.7l136 136c9.4 9.4 9.4 24.6 0 33.9l-22.6 22.6c-9.4 9.4-24.6 9.4-33.9 0L160 255.9l-96.4 96.4c-9.4 9.4-24.6 9.4-33.9 0L7 329.7c-9.4-9.4-9.4-24.6 0-33.9l136-136c9.4-9.5 24.6-9.5 34-.1z\"><\/path><\/svg><\/span>\n\t\t\t\t\t\t\t\t\t\t\t\t\t\t<\/span>\n\t\t\t\t\t\t\t\t\t\t\t\t<a class=\"elementor-accordion-title\" tabindex=\"0\">12:00 PM - 6:00 PM - Showroom de Makario: Paisajes de la Baja<\/a>\n\t\t\t\t\t<\/div>\n\t\t\t\t\t<div id=\"elementor-tab-content-6357\" class=\"elementor-tab-content elementor-clearfix\" data-tab=\"7\" role=\"region\" aria-labelledby=\"elementor-tab-title-6357\"><p>Evento especial que resalta la influencia de los paisajes regionales en su colecci\u00f3n mediante la cer\u00e1mica artesanal de alta temperatura, una t\u00e9cnica perfeccionada en M\u00e9xico, se exploran texturas, formas y colores que evocan la esencia de la regi\u00f3n, subrayando el entrelazado de la cultura y el entorno natural a trav\u00e9s del arte.<\/p><p><a href=\"https:\/\/www.instagram.com\/makarioceramica\/\" target=\"_blank\" rel=\"noopener\">Makario<\/a> se distingue como un espacio con usos m\u00faltiples, destacando su Showroom que ofrece una experiencia \u00fanica en dise\u00f1o utilitario artesanal enfocado en la gastronom\u00eda.<\/p><p>Ubicado en <a href=\"https:\/\/www.google.com\/maps\/place\/Makario+Cer%C3%A1mica\/@32.5192174,-117.0197407,16z\/data=!3m1!4b1!4m6!3m5!1s0x80d9484815555555:0x4b47571e1bdde15c!8m2!3d32.5192174!4d-117.0197407!16s%2Fg%2F11qny50kyb?entry=ttu\" target=\"_blank\" rel=\"noopener\">Makario Stoneware<\/a>. Abierto de 12:00 PM a 6:00 PM del 2 al 4 de mayo.<\/p><\/div>\n\t\t\t\t<\/div>\n\t\t\t\t\t\t\t<div class=\"elementor-accordion-item\">\n\t\t\t\t\t<div id=\"elementor-tab-title-6358\" class=\"elementor-tab-title\" data-tab=\"8\" role=\"button\" aria-controls=\"elementor-tab-content-6358\" aria-expanded=\"false\">\n\t\t\t\t\t\t\t\t\t\t\t\t\t<span class=\"elementor-accordion-icon elementor-accordion-icon-left\" aria-hidden=\"true\">\n\t\t\t\t\t\t\t\t\t\t\t\t\t\t\t<span class=\"elementor-accordion-icon-closed\"><svg class=\"e-font-icon-svg e-fas-angle-down\" viewBox=\"0 0 320 512\" xmlns=\"http:\/\/www.w3.org\/2000\/svg\"><path d=\"M143 352.3L7 216.3c-9.4-9.4-9.4-24.6 0-33.9l22.6-22.6c9.4-9.4 24.6-9.4 33.9 0l96.4 96.4 96.4-96.4c9.4-9.4 24.6-9.4 33.9 0l22.6 22.6c9.4 9.4 9.4 24.6 0 33.9l-136 136c-9.2 9.4-24.4 9.4-33.8 0z\"><\/path><\/svg><\/span>\n\t\t\t\t\t\t\t\t<span class=\"elementor-accordion-icon-opened\"><svg class=\"e-font-icon-svg e-fas-angle-up\" viewBox=\"0 0 320 512\" xmlns=\"http:\/\/www.w3.org\/2000\/svg\"><path d=\"M177 159.7l136 136c9.4 9.4 9.4 24.6 0 33.9l-22.6 22.6c-9.4 9.4-24.6 9.4-33.9 0L160 255.9l-96.4 96.4c-9.4 9.4-24.6 9.4-33.9 0L7 329.7c-9.4-9.4-9.4-24.6 0-33.9l136-136c9.4-9.5 24.6-9.5 34-.1z\"><\/path><\/svg><\/span>\n\t\t\t\t\t\t\t\t\t\t\t\t\t\t<\/span>\n\t\t\t\t\t\t\t\t\t\t\t\t<a class=\"elementor-accordion-title\" tabindex=\"0\">12:00 PM - 7:00 PM - Matiz Showroom Exhibici\u00f3n<\/a>\n\t\t\t\t\t<\/div>\n\t\t\t\t\t<div id=\"elementor-tab-content-6358\" class=\"elementor-tab-content elementor-clearfix\" data-tab=\"8\" role=\"region\" aria-labelledby=\"elementor-tab-title-6358\"><p class=\"preFade fadeIn\"><span class=\"sqsrte-text-color--custom\">Reunimos a 20 dise\u00f1adores de diversas disciplinas, en la que se indaga e invita a reflexionar sobre el prop\u00f3sito del dise\u00f1o, nuestra regi\u00f3n y los nuevos caminos del dise\u00f1o por explorar. Curadur\u00eda por Matiz Estudio. <\/span><\/p><p class=\"preFade fadeIn\"><span class=\"sqsrte-text-color--custom\">Acompa\u00f1ados por nuestros amigos de Carmelita Molino y Cocina: el chef Jos\u00e9 Figueroa elaborar\u00e1 productos regionales utilizando el ma\u00edz aut\u00f3ctono de M\u00e9xico, de donde surge su pasi\u00f3n por la cocina casera y su af\u00e1n por resaltar lo mejor de la cocina de Baja California. <\/span><span class=\"sqsrte-text-color--custom\">Mezcal Yemanja mezcales y agaves silvestres de la regi\u00f3n de Oaxaca, un puente entre las comunidades productoras de mezcal y las personas que aman los buenos destilados. Presentes en nuestra exhibici\u00f3n durante Tijuana Design Week 2024 para compartir su experiencia.<\/span><\/p><p><a href=\"https:\/\/www.instagram.com\/matiz.mx\/\" target=\"_blank\" rel=\"noopener\">Matiz Estudio<\/a> es un espacio de dise\u00f1o multifac\u00e9tico donde se comparten causalidades, ense\u00f1anzas y observaciones de la materialidad.<br \/>Cada evento refleja nuestro compromiso con la innovaci\u00f3n y el di\u00e1logo en el dise\u00f1o.<\/p><p>Ubicado en <a href=\"https:\/\/www.google.com\/maps\/place\/Matiz+Estudio\/@32.5194103,-117.0227173,17z\/data=!3m1!4b1!4m6!3m5!1s0x80d949ee2f4b0d03:0xbfd758c470b3b2!8m2!3d32.5194103!4d-117.0227173!16s%2Fg%2F11mbs1lbkz?entry=ttu\" target=\"_blank\" rel=\"noopener\">Matiz Estudio.<\/a><\/p><\/div>\n\t\t\t\t<\/div>\n\t\t\t\t\t\t\t<div class=\"elementor-accordion-item\">\n\t\t\t\t\t<div id=\"elementor-tab-title-6359\" class=\"elementor-tab-title\" data-tab=\"9\" role=\"button\" aria-controls=\"elementor-tab-content-6359\" aria-expanded=\"false\">\n\t\t\t\t\t\t\t\t\t\t\t\t\t<span class=\"elementor-accordion-icon elementor-accordion-icon-left\" aria-hidden=\"true\">\n\t\t\t\t\t\t\t\t\t\t\t\t\t\t\t<span class=\"elementor-accordion-icon-closed\"><svg class=\"e-font-icon-svg e-fas-angle-down\" viewBox=\"0 0 320 512\" xmlns=\"http:\/\/www.w3.org\/2000\/svg\"><path d=\"M143 352.3L7 216.3c-9.4-9.4-9.4-24.6 0-33.9l22.6-22.6c9.4-9.4 24.6-9.4 33.9 0l96.4 96.4 96.4-96.4c9.4-9.4 24.6-9.4 33.9 0l22.6 22.6c9.4 9.4 9.4 24.6 0 33.9l-136 136c-9.2 9.4-24.4 9.4-33.8 0z\"><\/path><\/svg><\/span>\n\t\t\t\t\t\t\t\t<span class=\"elementor-accordion-icon-opened\"><svg class=\"e-font-icon-svg e-fas-angle-up\" viewBox=\"0 0 320 512\" xmlns=\"http:\/\/www.w3.org\/2000\/svg\"><path d=\"M177 159.7l136 136c9.4 9.4 9.4 24.6 0 33.9l-22.6 22.6c-9.4 9.4-24.6 9.4-33.9 0L160 255.9l-96.4 96.4c-9.4 9.4-24.6 9.4-33.9 0L7 329.7c-9.4-9.4-9.4-24.6 0-33.9l136-136c9.4-9.5 24.6-9.5 34-.1z\"><\/path><\/svg><\/span>\n\t\t\t\t\t\t\t\t\t\t\t\t\t\t<\/span>\n\t\t\t\t\t\t\t\t\t\t\t\t<a class=\"elementor-accordion-title\" tabindex=\"0\">12:00 PM - 7:00 PM - Matiz Showroom: Registro colectivo de retratos fotogr\u00e1ficos por Jeovanna P\u00e9rez<\/a>\n\t\t\t\t\t<\/div>\n\t\t\t\t\t<div id=\"elementor-tab-content-6359\" class=\"elementor-tab-content elementor-clearfix\" data-tab=\"9\" role=\"region\" aria-labelledby=\"elementor-tab-title-6359\"><p class=\"preFade fadeIn\"><span class=\"sqsrte-text-color--custom\">Esta din\u00e1mica consistir\u00e1 en la realizaci\u00f3n de retratos instant\u00e1neos utilizando un mismo fondo pintado a mano por Jeovanna P\u00e9rez. Cada registro tendr\u00e1 una duraci\u00f3n m\u00e1xima de 15 minutos. Para participar es necesario reservar su lugar previamente. El costo de recuperaci\u00f3n ser\u00e1 de $500 MN \u00f3 $30 USD (\u00fanicamente efectivo).<\/span><\/p><p><a href=\"https:\/\/www.instagram.com\/matiz.mx\/\" target=\"_blank\" rel=\"noopener\">Matiz Estudio<\/a> es un espacio de dise\u00f1o multifac\u00e9tico donde se comparten causalidades, ense\u00f1anzas y observaciones de la materialidad.<br \/>Cada evento refleja nuestro compromiso con la innovaci\u00f3n y el di\u00e1logo en el dise\u00f1o.<\/p><p>Ubicado en <a href=\"https:\/\/www.google.com\/maps\/place\/Matiz+Estudio\/@32.5194103,-117.0227173,17z\/data=!3m1!4b1!4m6!3m5!1s0x80d949ee2f4b0d03:0xbfd758c470b3b2!8m2!3d32.5194103!4d-117.0227173!16s%2Fg%2F11mbs1lbkz?entry=ttu\" target=\"_blank\" rel=\"noopener\">Matiz Estudio.<\/a><\/p><h5>POR FAVOR REG\u00cdSTRATE <a href=\"https:\/\/calendar.google.com\/calendar\/u\/0\/appointments\/schedules\/AcZssZ3pOStTM7tBQ4ZwCyC5wJhBq1jkrDDbsg4zZ4YCwQRMNN6nqaoQvydLE_6V6XcuSu9euuRp13-U\" target=\"_blank\" rel=\"noopener\">AQU\u00cd.<\/a><\/h5><\/div>\n\t\t\t\t<\/div>\n\t\t\t\t\t\t\t<div class=\"elementor-accordion-item\">\n\t\t\t\t\t<div id=\"elementor-tab-title-63510\" class=\"elementor-tab-title\" data-tab=\"10\" role=\"button\" aria-controls=\"elementor-tab-content-63510\" aria-expanded=\"false\">\n\t\t\t\t\t\t\t\t\t\t\t\t\t<span class=\"elementor-accordion-icon elementor-accordion-icon-left\" aria-hidden=\"true\">\n\t\t\t\t\t\t\t\t\t\t\t\t\t\t\t<span class=\"elementor-accordion-icon-closed\"><svg class=\"e-font-icon-svg e-fas-angle-down\" viewBox=\"0 0 320 512\" xmlns=\"http:\/\/www.w3.org\/2000\/svg\"><path d=\"M143 352.3L7 216.3c-9.4-9.4-9.4-24.6 0-33.9l22.6-22.6c9.4-9.4 24.6-9.4 33.9 0l96.4 96.4 96.4-96.4c9.4-9.4 24.6-9.4 33.9 0l22.6 22.6c9.4 9.4 9.4 24.6 0 33.9l-136 136c-9.2 9.4-24.4 9.4-33.8 0z\"><\/path><\/svg><\/span>\n\t\t\t\t\t\t\t\t<span class=\"elementor-accordion-icon-opened\"><svg class=\"e-font-icon-svg e-fas-angle-up\" viewBox=\"0 0 320 512\" xmlns=\"http:\/\/www.w3.org\/2000\/svg\"><path d=\"M177 159.7l136 136c9.4 9.4 9.4 24.6 0 33.9l-22.6 22.6c-9.4 9.4-24.6 9.4-33.9 0L160 255.9l-96.4 96.4c-9.4 9.4-24.6 9.4-33.9 0L7 329.7c-9.4-9.4-9.4-24.6 0-33.9l136-136c9.4-9.5 24.6-9.5 34-.1z\"><\/path><\/svg><\/span>\n\t\t\t\t\t\t\t\t\t\t\t\t\t\t<\/span>\n\t\t\t\t\t\t\t\t\t\t\t\t<a class=\"elementor-accordion-title\" tabindex=\"0\">1:00 PM \u2013 4:00 PM - Taller de \"Redisen\u0303o de balizas de rescate\"<\/a>\n\t\t\t\t\t<\/div>\n\t\t\t\t\t<div id=\"elementor-tab-content-63510\" class=\"elementor-tab-content elementor-clearfix\" data-tab=\"10\" role=\"region\" aria-labelledby=\"elementor-tab-title-63510\"><p>Hoy en d\u00eda, los prototipos de balizas de rescate son dise\u00f1ados y construidos por agentes de la patrulla fronteriza. Este taller, organizado por Redesigning Border Rescue Beacons (RBRB) propone a trav\u00e9s de generaci\u00f3n de ideas y datos, redise\u00f1ar un prototipo de baliza de rescate fronterizo para salvar vidas de manera m\u00e1s efectiva y desplegarlas en \u00e1reas remotas de la regi\u00f3n fronteriza que rodea a San Diego.<\/p><p>Ubicaci\u00f3n: Casa de la Cultura<\/p><\/div>\n\t\t\t\t<\/div>\n\t\t\t\t\t\t\t<div class=\"elementor-accordion-item\">\n\t\t\t\t\t<div id=\"elementor-tab-title-63511\" class=\"elementor-tab-title\" data-tab=\"11\" role=\"button\" aria-controls=\"elementor-tab-content-63511\" aria-expanded=\"false\">\n\t\t\t\t\t\t\t\t\t\t\t\t\t<span class=\"elementor-accordion-icon elementor-accordion-icon-left\" aria-hidden=\"true\">\n\t\t\t\t\t\t\t\t\t\t\t\t\t\t\t<span class=\"elementor-accordion-icon-closed\"><svg class=\"e-font-icon-svg e-fas-angle-down\" viewBox=\"0 0 320 512\" xmlns=\"http:\/\/www.w3.org\/2000\/svg\"><path d=\"M143 352.3L7 216.3c-9.4-9.4-9.4-24.6 0-33.9l22.6-22.6c9.4-9.4 24.6-9.4 33.9 0l96.4 96.4 96.4-96.4c9.4-9.4 24.6-9.4 33.9 0l22.6 22.6c9.4 9.4 9.4 24.6 0 33.9l-136 136c-9.2 9.4-24.4 9.4-33.8 0z\"><\/path><\/svg><\/span>\n\t\t\t\t\t\t\t\t<span class=\"elementor-accordion-icon-opened\"><svg class=\"e-font-icon-svg e-fas-angle-up\" viewBox=\"0 0 320 512\" xmlns=\"http:\/\/www.w3.org\/2000\/svg\"><path d=\"M177 159.7l136 136c9.4 9.4 9.4 24.6 0 33.9l-22.6 22.6c-9.4 9.4-24.6 9.4-33.9 0L160 255.9l-96.4 96.4c-9.4 9.4-24.6 9.4-33.9 0L7 329.7c-9.4-9.4-9.4-24.6 0-33.9l136-136c9.4-9.5 24.6-9.5 34-.1z\"><\/path><\/svg><\/span>\n\t\t\t\t\t\t\t\t\t\t\t\t\t\t<\/span>\n\t\t\t\t\t\t\t\t\t\t\t\t<a class=\"elementor-accordion-title\" tabindex=\"0\">1:00 PM \u2013 2:00 PM - Don Norman<\/a>\n\t\t\t\t\t<\/div>\n\t\t\t\t\t<div id=\"elementor-tab-content-63511\" class=\"elementor-tab-content elementor-clearfix\" data-tab=\"11\" role=\"region\" aria-labelledby=\"elementor-tab-title-63511\"><p>Don se ha jubilado cinco veces desde 1993, comenzando por fundar el Departamento de Ciencias Cognitivas en UC San Diego, luego trabajando en Apple como Arquitecto UX, y m\u00e1s tarde estableciendo el Laboratorio de Dise\u00f1o de UC San Diego en 2020. Actualmente, es miembro del consejo de NN\/g y de la organizaci\u00f3n ben\u00e9fica The Don Norman Design Award and Summit. La esencia del Premio de Dise\u00f1o Don Norman (DNDA) se basa en los principios del libro de Don Norman, \u201cDise\u00f1o para un Mundo Mejor: Significativo, Sostenible, Centrado en la Humanidad\u201d, publicado por MIT Press en 2023, lo cual fundamenta la filosof\u00eda de nuestra organizaci\u00f3n. S\u00f3lo tiene 88 a\u00f1os, as\u00ed que espera realizar muchas m\u00e1s actividades.<\/p><p>Ubicaci\u00f3n: CECUT \u2013 Sala Federico Campbell<\/p><\/div>\n\t\t\t\t<\/div>\n\t\t\t\t\t\t\t<div class=\"elementor-accordion-item\">\n\t\t\t\t\t<div id=\"elementor-tab-title-63512\" class=\"elementor-tab-title\" data-tab=\"12\" role=\"button\" aria-controls=\"elementor-tab-content-63512\" aria-expanded=\"false\">\n\t\t\t\t\t\t\t\t\t\t\t\t\t<span class=\"elementor-accordion-icon elementor-accordion-icon-left\" aria-hidden=\"true\">\n\t\t\t\t\t\t\t\t\t\t\t\t\t\t\t<span class=\"elementor-accordion-icon-closed\"><svg class=\"e-font-icon-svg e-fas-angle-down\" viewBox=\"0 0 320 512\" xmlns=\"http:\/\/www.w3.org\/2000\/svg\"><path d=\"M143 352.3L7 216.3c-9.4-9.4-9.4-24.6 0-33.9l22.6-22.6c9.4-9.4 24.6-9.4 33.9 0l96.4 96.4 96.4-96.4c9.4-9.4 24.6-9.4 33.9 0l22.6 22.6c9.4 9.4 9.4 24.6 0 33.9l-136 136c-9.2 9.4-24.4 9.4-33.8 0z\"><\/path><\/svg><\/span>\n\t\t\t\t\t\t\t\t<span class=\"elementor-accordion-icon-opened\"><svg class=\"e-font-icon-svg e-fas-angle-up\" viewBox=\"0 0 320 512\" xmlns=\"http:\/\/www.w3.org\/2000\/svg\"><path d=\"M177 159.7l136 136c9.4 9.4 9.4 24.6 0 33.9l-22.6 22.6c-9.4 9.4-24.6 9.4-33.9 0L160 255.9l-96.4 96.4c-9.4 9.4-24.6 9.4-33.9 0L7 329.7c-9.4-9.4-9.4-24.6 0-33.9l136-136c9.4-9.5 24.6-9.5 34-.1z\"><\/path><\/svg><\/span>\n\t\t\t\t\t\t\t\t\t\t\t\t\t\t<\/span>\n\t\t\t\t\t\t\t\t\t\t\t\t<a class=\"elementor-accordion-title\" tabindex=\"0\">1:00 PM \u2013 3:00 PM - El archivo vivo de INSITE<\/a>\n\t\t\t\t\t<\/div>\n\t\t\t\t\t<div id=\"elementor-tab-content-63512\" class=\"elementor-tab-content elementor-clearfix\" data-tab=\"12\" role=\"region\" aria-labelledby=\"elementor-tab-title-63512\"><p>Carmen Cuenca y Andrea Torreblanca, respectivas Directora Ejecutiva y Directora de Proyectos Curatoriales, presentar\u00e1n c\u00f3mo el archivo de Insiteart.org, lanzado al p\u00fablico en 2019, sirve como herramienta vital para la investigaci\u00f3n y la preservaci\u00f3n del arte. La charla destacar\u00e1 el uso del archivo para reexaminar m\u00e1s de 250 proyectos art\u00edsticos mediante nuevas producciones de v\u00eddeo y entrevistas, demostrando su rol en mantener viva la historia del arte y fomentar el di\u00e1logo cultural.<\/p><p>Ubicaci\u00f3n: Escuela Libre de Arquitectura<\/p><\/div>\n\t\t\t\t<\/div>\n\t\t\t\t\t\t\t<div class=\"elementor-accordion-item\">\n\t\t\t\t\t<div id=\"elementor-tab-title-63513\" class=\"elementor-tab-title\" data-tab=\"13\" role=\"button\" aria-controls=\"elementor-tab-content-63513\" aria-expanded=\"false\">\n\t\t\t\t\t\t\t\t\t\t\t\t\t<span class=\"elementor-accordion-icon elementor-accordion-icon-left\" aria-hidden=\"true\">\n\t\t\t\t\t\t\t\t\t\t\t\t\t\t\t<span class=\"elementor-accordion-icon-closed\"><svg class=\"e-font-icon-svg e-fas-angle-down\" viewBox=\"0 0 320 512\" xmlns=\"http:\/\/www.w3.org\/2000\/svg\"><path d=\"M143 352.3L7 216.3c-9.4-9.4-9.4-24.6 0-33.9l22.6-22.6c9.4-9.4 24.6-9.4 33.9 0l96.4 96.4 96.4-96.4c9.4-9.4 24.6-9.4 33.9 0l22.6 22.6c9.4 9.4 9.4 24.6 0 33.9l-136 136c-9.2 9.4-24.4 9.4-33.8 0z\"><\/path><\/svg><\/span>\n\t\t\t\t\t\t\t\t<span class=\"elementor-accordion-icon-opened\"><svg class=\"e-font-icon-svg e-fas-angle-up\" viewBox=\"0 0 320 512\" xmlns=\"http:\/\/www.w3.org\/2000\/svg\"><path d=\"M177 159.7l136 136c9.4 9.4 9.4 24.6 0 33.9l-22.6 22.6c-9.4 9.4-24.6 9.4-33.9 0L160 255.9l-96.4 96.4c-9.4 9.4-24.6 9.4-33.9 0L7 329.7c-9.4-9.4-9.4-24.6 0-33.9l136-136c9.4-9.5 24.6-9.5 34-.1z\"><\/path><\/svg><\/span>\n\t\t\t\t\t\t\t\t\t\t\t\t\t\t<\/span>\n\t\t\t\t\t\t\t\t\t\t\t\t<a class=\"elementor-accordion-title\" tabindex=\"0\">1:00 PM \u2013 3:00 PM - WEECA: Women Economic Empowerement and Climate Action<\/a>\n\t\t\t\t\t<\/div>\n\t\t\t\t\t<div id=\"elementor-tab-content-63513\" class=\"elementor-tab-content elementor-clearfix\" data-tab=\"13\" role=\"region\" aria-labelledby=\"elementor-tab-title-63513\"><p>Lorena Santana es coach y consultora organizacional certificada, docente e investigadora a nivel licenciatura y posgrado con m\u00e1s de 25 a\u00f1os de experiencia. Su \u00e1rea de especialidad es en estudios del trabajo, desarrollo organizacional, liderazgo, generaci\u00f3n de modelos de negocios y desarrollo de competencias para la industria 4.0.<\/p><p>Ubicaci\u00f3n: CECUT \u2013 Foro Luna<\/p><\/div>\n\t\t\t\t<\/div>\n\t\t\t\t\t\t\t<div class=\"elementor-accordion-item\">\n\t\t\t\t\t<div id=\"elementor-tab-title-63514\" class=\"elementor-tab-title\" data-tab=\"14\" role=\"button\" aria-controls=\"elementor-tab-content-63514\" aria-expanded=\"false\">\n\t\t\t\t\t\t\t\t\t\t\t\t\t<span class=\"elementor-accordion-icon elementor-accordion-icon-left\" aria-hidden=\"true\">\n\t\t\t\t\t\t\t\t\t\t\t\t\t\t\t<span class=\"elementor-accordion-icon-closed\"><svg class=\"e-font-icon-svg e-fas-angle-down\" viewBox=\"0 0 320 512\" xmlns=\"http:\/\/www.w3.org\/2000\/svg\"><path d=\"M143 352.3L7 216.3c-9.4-9.4-9.4-24.6 0-33.9l22.6-22.6c9.4-9.4 24.6-9.4 33.9 0l96.4 96.4 96.4-96.4c9.4-9.4 24.6-9.4 33.9 0l22.6 22.6c9.4 9.4 9.4 24.6 0 33.9l-136 136c-9.2 9.4-24.4 9.4-33.8 0z\"><\/path><\/svg><\/span>\n\t\t\t\t\t\t\t\t<span class=\"elementor-accordion-icon-opened\"><svg class=\"e-font-icon-svg e-fas-angle-up\" viewBox=\"0 0 320 512\" xmlns=\"http:\/\/www.w3.org\/2000\/svg\"><path d=\"M177 159.7l136 136c9.4 9.4 9.4 24.6 0 33.9l-22.6 22.6c-9.4 9.4-24.6 9.4-33.9 0L160 255.9l-96.4 96.4c-9.4 9.4-24.6 9.4-33.9 0L7 329.7c-9.4-9.4-9.4-24.6 0-33.9l136-136c9.4-9.5 24.6-9.5 34-.1z\"><\/path><\/svg><\/span>\n\t\t\t\t\t\t\t\t\t\t\t\t\t\t<\/span>\n\t\t\t\t\t\t\t\t\t\t\t\t<a class=\"elementor-accordion-title\" tabindex=\"0\">1:00 PM \u2013 2:00 PM - Sheba Najmi<\/a>\n\t\t\t\t\t<\/div>\n\t\t\t\t\t<div id=\"elementor-tab-content-63514\" class=\"elementor-tab-content elementor-clearfix\" data-tab=\"14\" role=\"region\" aria-labelledby=\"elementor-tab-title-63514\"><p>Sheba Najmi, Fundadora y Directora Ejecutiva de Tech for Change, ilustra c\u00f3mo los movimientos populares y el nacionalismo global revelan un amplio desencanto con los gobiernos, marcado por una profunda brecha de confianza. A pesar de los desaf\u00edos que enfrentan los desfavorecidos con los servicios gubernamentales, el trabajo de Sheba a trav\u00e9s de Code for Pakistan y diversas iniciativas de tecnolog\u00eda c\u00edvica muestra un faro de esperanza. A trav\u00e9s de su liderazgo, soluciones innovadoras est\u00e1n forjando conexiones entre ciudadanos y gobiernos, aprovechando habilidades para un impacto social significativo y desarrollando servicios adaptados a las necesidades de la comunidad. Sus esfuerzos ejemplifican c\u00f3mo el dise\u00f1o y la tecnolog\u00eda pueden cerrar la divisi\u00f3n, ofreciendo lecciones pr\u00e1cticas para marcar la diferencia en el sector p\u00fablico.<\/p><p>Ubicaci\u00f3n: CECUT \u2013 Sala de video<\/p><\/div>\n\t\t\t\t<\/div>\n\t\t\t\t\t\t\t<div class=\"elementor-accordion-item\">\n\t\t\t\t\t<div id=\"elementor-tab-title-63515\" class=\"elementor-tab-title\" data-tab=\"15\" role=\"button\" aria-controls=\"elementor-tab-content-63515\" aria-expanded=\"false\">\n\t\t\t\t\t\t\t\t\t\t\t\t\t<span class=\"elementor-accordion-icon elementor-accordion-icon-left\" aria-hidden=\"true\">\n\t\t\t\t\t\t\t\t\t\t\t\t\t\t\t<span class=\"elementor-accordion-icon-closed\"><svg class=\"e-font-icon-svg e-fas-angle-down\" viewBox=\"0 0 320 512\" xmlns=\"http:\/\/www.w3.org\/2000\/svg\"><path d=\"M143 352.3L7 216.3c-9.4-9.4-9.4-24.6 0-33.9l22.6-22.6c9.4-9.4 24.6-9.4 33.9 0l96.4 96.4 96.4-96.4c9.4-9.4 24.6-9.4 33.9 0l22.6 22.6c9.4 9.4 9.4 24.6 0 33.9l-136 136c-9.2 9.4-24.4 9.4-33.8 0z\"><\/path><\/svg><\/span>\n\t\t\t\t\t\t\t\t<span class=\"elementor-accordion-icon-opened\"><svg class=\"e-font-icon-svg e-fas-angle-up\" viewBox=\"0 0 320 512\" xmlns=\"http:\/\/www.w3.org\/2000\/svg\"><path d=\"M177 159.7l136 136c9.4 9.4 9.4 24.6 0 33.9l-22.6 22.6c-9.4 9.4-24.6 9.4-33.9 0L160 255.9l-96.4 96.4c-9.4 9.4-24.6 9.4-33.9 0L7 329.7c-9.4-9.4-9.4-24.6 0-33.9l136-136c9.4-9.5 24.6-9.5 34-.1z\"><\/path><\/svg><\/span>\n\t\t\t\t\t\t\t\t\t\t\t\t\t\t<\/span>\n\t\t\t\t\t\t\t\t\t\t\t\t<a class=\"elementor-accordion-title\" tabindex=\"0\">2:00 PM \u2013 3:00 PM - Mapa virtual de murales<\/a>\n\t\t\t\t\t<\/div>\n\t\t\t\t\t<div id=\"elementor-tab-content-63515\" class=\"elementor-tab-content elementor-clearfix\" data-tab=\"15\" role=\"region\" aria-labelledby=\"elementor-tab-title-63515\"><p>Una plataforma en l\u00ednea para mostrar la diversa escena de arte mural de Tijuana. La p\u00e1gina incluir\u00e1 un mapa interactivo que se\u00f1ala los murales significativos, ofreciendo detalles sobre cada obra de arte y el respectivo artista. Este proyecto tiene como objetivo mejorar la apreciaci\u00f3n del arte mural de Tijuana entre los turistas estadounidenses y los residentes locales.<\/p><p>Presentador: David Maung<\/p><p>Ubicaci\u00f3n: CECUT \u2013 Sala de video<\/p><\/div>\n\t\t\t\t<\/div>\n\t\t\t\t\t\t\t<div class=\"elementor-accordion-item\">\n\t\t\t\t\t<div id=\"elementor-tab-title-63516\" class=\"elementor-tab-title\" data-tab=\"16\" role=\"button\" aria-controls=\"elementor-tab-content-63516\" aria-expanded=\"false\">\n\t\t\t\t\t\t\t\t\t\t\t\t\t<span class=\"elementor-accordion-icon elementor-accordion-icon-left\" aria-hidden=\"true\">\n\t\t\t\t\t\t\t\t\t\t\t\t\t\t\t<span class=\"elementor-accordion-icon-closed\"><svg class=\"e-font-icon-svg e-fas-angle-down\" viewBox=\"0 0 320 512\" xmlns=\"http:\/\/www.w3.org\/2000\/svg\"><path d=\"M143 352.3L7 216.3c-9.4-9.4-9.4-24.6 0-33.9l22.6-22.6c9.4-9.4 24.6-9.4 33.9 0l96.4 96.4 96.4-96.4c9.4-9.4 24.6-9.4 33.9 0l22.6 22.6c9.4 9.4 9.4 24.6 0 33.9l-136 136c-9.2 9.4-24.4 9.4-33.8 0z\"><\/path><\/svg><\/span>\n\t\t\t\t\t\t\t\t<span class=\"elementor-accordion-icon-opened\"><svg class=\"e-font-icon-svg e-fas-angle-up\" viewBox=\"0 0 320 512\" xmlns=\"http:\/\/www.w3.org\/2000\/svg\"><path d=\"M177 159.7l136 136c9.4 9.4 9.4 24.6 0 33.9l-22.6 22.6c-9.4 9.4-24.6 9.4-33.9 0L160 255.9l-96.4 96.4c-9.4 9.4-24.6 9.4-33.9 0L7 329.7c-9.4-9.4-9.4-24.6 0-33.9l136-136c9.4-9.5 24.6-9.5 34-.1z\"><\/path><\/svg><\/span>\n\t\t\t\t\t\t\t\t\t\t\t\t\t\t<\/span>\n\t\t\t\t\t\t\t\t\t\t\t\t<a class=\"elementor-accordion-title\" tabindex=\"0\">4:00 PM \u2013 5:00 PM - Yee Foo: Two-Fold Encounters<\/a>\n\t\t\t\t\t<\/div>\n\t\t\t\t\t<div id=\"elementor-tab-content-63516\" class=\"elementor-tab-content elementor-clearfix\" data-tab=\"16\" role=\"region\" aria-labelledby=\"elementor-tab-title-63516\"><p>Yee Foo Lai (Vincent) es un dise\u00f1ador arquitect\u00f3nico\/industrial singapurense radicado en Nueva York, cofundador de Temporary Office, un colectivo de dise\u00f1o multidisciplinario conocido por \u2018Touch the Valley\u2019, un proyecto que gan\u00f3 el Lexus Design Award 2023. Su trabajo en arquitectura incluye \u2018common-sky\u2019, presentado en el simposio del Museo de Arquitectura Suizo. Actualmente, Lai es Dise\u00f1ador de Proyectos en Trahan Architects y tiene un M\u00e1ster en Arquitectura por UC Berkeley y un Bachelor de Artes por la NUS Singapur, donde recibi\u00f3 la Medalla de Oro AKZO Nobel. Ha trabajado en firmas internacionales como Adjaye Associates y SOM.<\/p><p>Ubicaci\u00f3n: CECUT \u2013 Sala de video<\/p><\/div>\n\t\t\t\t<\/div>\n\t\t\t\t\t\t\t<div class=\"elementor-accordion-item\">\n\t\t\t\t\t<div id=\"elementor-tab-title-63517\" class=\"elementor-tab-title\" data-tab=\"17\" role=\"button\" aria-controls=\"elementor-tab-content-63517\" aria-expanded=\"false\">\n\t\t\t\t\t\t\t\t\t\t\t\t\t<span class=\"elementor-accordion-icon elementor-accordion-icon-left\" aria-hidden=\"true\">\n\t\t\t\t\t\t\t\t\t\t\t\t\t\t\t<span class=\"elementor-accordion-icon-closed\"><svg class=\"e-font-icon-svg e-fas-angle-down\" viewBox=\"0 0 320 512\" xmlns=\"http:\/\/www.w3.org\/2000\/svg\"><path d=\"M143 352.3L7 216.3c-9.4-9.4-9.4-24.6 0-33.9l22.6-22.6c9.4-9.4 24.6-9.4 33.9 0l96.4 96.4 96.4-96.4c9.4-9.4 24.6-9.4 33.9 0l22.6 22.6c9.4 9.4 9.4 24.6 0 33.9l-136 136c-9.2 9.4-24.4 9.4-33.8 0z\"><\/path><\/svg><\/span>\n\t\t\t\t\t\t\t\t<span class=\"elementor-accordion-icon-opened\"><svg class=\"e-font-icon-svg e-fas-angle-up\" viewBox=\"0 0 320 512\" xmlns=\"http:\/\/www.w3.org\/2000\/svg\"><path d=\"M177 159.7l136 136c9.4 9.4 9.4 24.6 0 33.9l-22.6 22.6c-9.4 9.4-24.6 9.4-33.9 0L160 255.9l-96.4 96.4c-9.4 9.4-24.6 9.4-33.9 0L7 329.7c-9.4-9.4-9.4-24.6 0-33.9l136-136c9.4-9.5 24.6-9.5 34-.1z\"><\/path><\/svg><\/span>\n\t\t\t\t\t\t\t\t\t\t\t\t\t\t<\/span>\n\t\t\t\t\t\t\t\t\t\t\t\t<a class=\"elementor-accordion-title\" tabindex=\"0\">4:00 PM \u2013 5:00 PM - Transborder Type: Dise\u00f1o tipogr\u00e1fico de colaboraci\u00f3n transfronteriza<\/a>\n\t\t\t\t\t<\/div>\n\t\t\t\t\t<div id=\"elementor-tab-content-63517\" class=\"elementor-tab-content elementor-clearfix\" data-tab=\"17\" role=\"region\" aria-labelledby=\"elementor-tab-title-63517\"><p>\u00abTransborder Type\u00bb emerge como un emblema del dise\u00f1o colaborativo transfronterizo, una creaci\u00f3n para la Capital Mundial del Dise\u00f1o Tijuana San Diego 2024. Esta familia tipogr\u00e1fica, dise\u00f1ada por Diego Negrete (Tijuana) y Sean Kelley (San Diego), simboliza no solo una uni\u00f3n geogr\u00e1fica, sino tambi\u00e9n una fusi\u00f3n cultural, creativa y de innovaci\u00f3n, reforzando el mensaje de que el dise\u00f1o no conoce fronteras. Presentada por el festival Tijuana Design Week y la plataforma Tipograf\u00eda M\u00e9xico (TMX), destacando su accesibilidad gratuita bajo licencias SIL OFL y Creative Commons.<\/p><p>Presentadores: Diego Negrete and Sean Kelley<\/p><p>Ubicaci\u00f3n: CECUT \u2013 Sala Federico Campbell<\/p><\/div>\n\t\t\t\t<\/div>\n\t\t\t\t\t\t\t<div class=\"elementor-accordion-item\">\n\t\t\t\t\t<div id=\"elementor-tab-title-63518\" class=\"elementor-tab-title\" data-tab=\"18\" role=\"button\" aria-controls=\"elementor-tab-content-63518\" aria-expanded=\"false\">\n\t\t\t\t\t\t\t\t\t\t\t\t\t<span class=\"elementor-accordion-icon elementor-accordion-icon-left\" aria-hidden=\"true\">\n\t\t\t\t\t\t\t\t\t\t\t\t\t\t\t<span class=\"elementor-accordion-icon-closed\"><svg class=\"e-font-icon-svg e-fas-angle-down\" viewBox=\"0 0 320 512\" xmlns=\"http:\/\/www.w3.org\/2000\/svg\"><path d=\"M143 352.3L7 216.3c-9.4-9.4-9.4-24.6 0-33.9l22.6-22.6c9.4-9.4 24.6-9.4 33.9 0l96.4 96.4 96.4-96.4c9.4-9.4 24.6-9.4 33.9 0l22.6 22.6c9.4 9.4 9.4 24.6 0 33.9l-136 136c-9.2 9.4-24.4 9.4-33.8 0z\"><\/path><\/svg><\/span>\n\t\t\t\t\t\t\t\t<span class=\"elementor-accordion-icon-opened\"><svg class=\"e-font-icon-svg e-fas-angle-up\" viewBox=\"0 0 320 512\" xmlns=\"http:\/\/www.w3.org\/2000\/svg\"><path d=\"M177 159.7l136 136c9.4 9.4 9.4 24.6 0 33.9l-22.6 22.6c-9.4 9.4-24.6 9.4-33.9 0L160 255.9l-96.4 96.4c-9.4 9.4-24.6 9.4-33.9 0L7 329.7c-9.4-9.4-9.4-24.6 0-33.9l136-136c9.4-9.5 24.6-9.5 34-.1z\"><\/path><\/svg><\/span>\n\t\t\t\t\t\t\t\t\t\t\t\t\t\t<\/span>\n\t\t\t\t\t\t\t\t\t\t\t\t<a class=\"elementor-accordion-title\" tabindex=\"0\">4:00 PM \u2013 5:00 PM - CONVERSATORIOS- Dise\u00f1o de producci\u00f3n de arte<\/a>\n\t\t\t\t\t<\/div>\n\t\t\t\t\t<div id=\"elementor-tab-content-63518\" class=\"elementor-tab-content elementor-clearfix\" data-tab=\"18\" role=\"region\" aria-labelledby=\"elementor-tab-title-63518\"><p>Este panel invita a los expertos a compartir c\u00f3mo conceptualizan visualmente sus proyectos, destacando el dise\u00f1o de producci\u00f3n como elemento crucial de la narrativa audiovisual. Se enfocar\u00e1 en c\u00f3mo el dise\u00f1o contribuye a contar historias, crear mundos y evocar emociones, analizando el tratamiento de temas emocionales, psicol\u00f3gicos, sociol\u00f3gicos e hist\u00f3ricos desde el gui\u00f3n para lograr una est\u00e9tica unificada y coherencia visual en las obras cinematogr\u00e1ficas.\u00a0<\/p><p>Presentadores:<\/p><ul><li>Daniela Schneider<\/li><li>Linda Ruiz<\/li><li>Elmer Figueroa F\u00e9lix<\/li><\/ul><p>Ubicaci\u00f3n: CECUT \u2013 Sala Carlos Monsivais<\/p><\/div>\n\t\t\t\t<\/div>\n\t\t\t\t\t\t\t<div class=\"elementor-accordion-item\">\n\t\t\t\t\t<div id=\"elementor-tab-title-63519\" class=\"elementor-tab-title\" data-tab=\"19\" role=\"button\" aria-controls=\"elementor-tab-content-63519\" aria-expanded=\"false\">\n\t\t\t\t\t\t\t\t\t\t\t\t\t<span class=\"elementor-accordion-icon elementor-accordion-icon-left\" aria-hidden=\"true\">\n\t\t\t\t\t\t\t\t\t\t\t\t\t\t\t<span class=\"elementor-accordion-icon-closed\"><svg class=\"e-font-icon-svg e-fas-angle-down\" viewBox=\"0 0 320 512\" xmlns=\"http:\/\/www.w3.org\/2000\/svg\"><path d=\"M143 352.3L7 216.3c-9.4-9.4-9.4-24.6 0-33.9l22.6-22.6c9.4-9.4 24.6-9.4 33.9 0l96.4 96.4 96.4-96.4c9.4-9.4 24.6-9.4 33.9 0l22.6 22.6c9.4 9.4 9.4 24.6 0 33.9l-136 136c-9.2 9.4-24.4 9.4-33.8 0z\"><\/path><\/svg><\/span>\n\t\t\t\t\t\t\t\t<span class=\"elementor-accordion-icon-opened\"><svg class=\"e-font-icon-svg e-fas-angle-up\" viewBox=\"0 0 320 512\" xmlns=\"http:\/\/www.w3.org\/2000\/svg\"><path d=\"M177 159.7l136 136c9.4 9.4 9.4 24.6 0 33.9l-22.6 22.6c-9.4 9.4-24.6 9.4-33.9 0L160 255.9l-96.4 96.4c-9.4 9.4-24.6 9.4-33.9 0L7 329.7c-9.4-9.4-9.4-24.6 0-33.9l136-136c9.4-9.5 24.6-9.5 34-.1z\"><\/path><\/svg><\/span>\n\t\t\t\t\t\t\t\t\t\t\t\t\t\t<\/span>\n\t\t\t\t\t\t\t\t\t\t\t\t<a class=\"elementor-accordion-title\" tabindex=\"0\">4:00 PM \u2013 6:00 PM - Acelerart: Cetys<\/a>\n\t\t\t\t\t<\/div>\n\t\t\t\t\t<div id=\"elementor-tab-content-63519\" class=\"elementor-tab-content elementor-clearfix\" data-tab=\"19\" role=\"region\" aria-labelledby=\"elementor-tab-title-63519\"><p>Acelerart es un programa permanente que busca impulsar a las Industrias Culturales y Creativas(ICC) en Tijuana, promovido por el Centro Internacional de la Empresa Privada (CIPE por sus siglas en ingl\u00e9s) y CETYS Universidad.<\/p><p>Ubicaci\u00f3n: CECUT \u2013 Foro Luna<\/p><\/div>\n\t\t\t\t<\/div>\n\t\t\t\t\t\t\t<div class=\"elementor-accordion-item\">\n\t\t\t\t\t<div id=\"elementor-tab-title-63520\" class=\"elementor-tab-title\" data-tab=\"20\" role=\"button\" aria-controls=\"elementor-tab-content-63520\" aria-expanded=\"false\">\n\t\t\t\t\t\t\t\t\t\t\t\t\t<span class=\"elementor-accordion-icon elementor-accordion-icon-left\" aria-hidden=\"true\">\n\t\t\t\t\t\t\t\t\t\t\t\t\t\t\t<span class=\"elementor-accordion-icon-closed\"><svg class=\"e-font-icon-svg e-fas-angle-down\" viewBox=\"0 0 320 512\" xmlns=\"http:\/\/www.w3.org\/2000\/svg\"><path d=\"M143 352.3L7 216.3c-9.4-9.4-9.4-24.6 0-33.9l22.6-22.6c9.4-9.4 24.6-9.4 33.9 0l96.4 96.4 96.4-96.4c9.4-9.4 24.6-9.4 33.9 0l22.6 22.6c9.4 9.4 9.4 24.6 0 33.9l-136 136c-9.2 9.4-24.4 9.4-33.8 0z\"><\/path><\/svg><\/span>\n\t\t\t\t\t\t\t\t<span class=\"elementor-accordion-icon-opened\"><svg class=\"e-font-icon-svg e-fas-angle-up\" viewBox=\"0 0 320 512\" xmlns=\"http:\/\/www.w3.org\/2000\/svg\"><path d=\"M177 159.7l136 136c9.4 9.4 9.4 24.6 0 33.9l-22.6 22.6c-9.4 9.4-24.6 9.4-33.9 0L160 255.9l-96.4 96.4c-9.4 9.4-24.6 9.4-33.9 0L7 329.7c-9.4-9.4-9.4-24.6 0-33.9l136-136c9.4-9.5 24.6-9.5 34-.1z\"><\/path><\/svg><\/span>\n\t\t\t\t\t\t\t\t\t\t\t\t\t\t<\/span>\n\t\t\t\t\t\t\t\t\t\t\t\t<a class=\"elementor-accordion-title\" tabindex=\"0\">4:00 PM \u2013 8:00 PM - Pop-up: El humano y sus cuevas: interpretaciones sobre el humano transitando en el tiempo<\/a>\n\t\t\t\t\t<\/div>\n\t\t\t\t\t<div id=\"elementor-tab-content-63520\" class=\"elementor-tab-content elementor-clearfix\" data-tab=\"20\" role=\"region\" aria-labelledby=\"elementor-tab-title-63520\"><p>Como colectivo integrado por PAAT, Perro y Arena, Hola Vicu y Clever Studio, queremos proponernos, primeramente, la migraci\u00f3n de nuestras ideas a trav\u00e9s de los l\u00edmites de otras mentes creativas (transfronterizas). En el pasado, antes de las fronteras legales, los habitantes compart\u00edan saberes, productos y emociones, caminando a lo largo de la costa. Queremos sembrar esa idea desde el interior para que los frutos germinen en un futuro cercano y podamos transitar entre fronteras creativas resolviendo en comunidad.<\/p><p>Ubicaci\u00f3n: Restaurante Bhumi<\/p><\/div>\n\t\t\t\t<\/div>\n\t\t\t\t\t\t\t<div class=\"elementor-accordion-item\">\n\t\t\t\t\t<div id=\"elementor-tab-title-63521\" class=\"elementor-tab-title\" data-tab=\"21\" role=\"button\" aria-controls=\"elementor-tab-content-63521\" aria-expanded=\"false\">\n\t\t\t\t\t\t\t\t\t\t\t\t\t<span class=\"elementor-accordion-icon elementor-accordion-icon-left\" aria-hidden=\"true\">\n\t\t\t\t\t\t\t\t\t\t\t\t\t\t\t<span class=\"elementor-accordion-icon-closed\"><svg class=\"e-font-icon-svg e-fas-angle-down\" viewBox=\"0 0 320 512\" xmlns=\"http:\/\/www.w3.org\/2000\/svg\"><path d=\"M143 352.3L7 216.3c-9.4-9.4-9.4-24.6 0-33.9l22.6-22.6c9.4-9.4 24.6-9.4 33.9 0l96.4 96.4 96.4-96.4c9.4-9.4 24.6-9.4 33.9 0l22.6 22.6c9.4 9.4 9.4 24.6 0 33.9l-136 136c-9.2 9.4-24.4 9.4-33.8 0z\"><\/path><\/svg><\/span>\n\t\t\t\t\t\t\t\t<span class=\"elementor-accordion-icon-opened\"><svg class=\"e-font-icon-svg e-fas-angle-up\" viewBox=\"0 0 320 512\" xmlns=\"http:\/\/www.w3.org\/2000\/svg\"><path d=\"M177 159.7l136 136c9.4 9.4 9.4 24.6 0 33.9l-22.6 22.6c-9.4 9.4-24.6 9.4-33.9 0L160 255.9l-96.4 96.4c-9.4 9.4-24.6 9.4-33.9 0L7 329.7c-9.4-9.4-9.4-24.6 0-33.9l136-136c9.4-9.5 24.6-9.5 34-.1z\"><\/path><\/svg><\/span>\n\t\t\t\t\t\t\t\t\t\t\t\t\t\t<\/span>\n\t\t\t\t\t\t\t\t\t\t\t\t<a class=\"elementor-accordion-title\" tabindex=\"0\">5:00 PM \u2013 8:00 PM - Exposici\u00f3n de Lizzie Zelter<\/a>\n\t\t\t\t\t<\/div>\n\t\t\t\t\t<div id=\"elementor-tab-content-63521\" class=\"elementor-tab-content elementor-clearfix\" data-tab=\"21\" role=\"region\" aria-labelledby=\"elementor-tab-title-63521\"><p>Lizzie Zelter, nacida en 1996 en Nueva York y actualmente basada en San Diego, es una artista que dirige Two Rooms, un espacio galer\u00edstico y de proyectos. Su obra, que incluye pinturas e instalaciones, investiga la arquitectura cotidiana y los espacios interiores a trav\u00e9s de perspectivas inusuales, reflexi\u00f3n y fragmentaci\u00f3n. Graduada en Artes Visuales por la Universidad de Columbia (2022) y en Estudios Culturales Globales por la Universidad de Duke (2018), Zelter ha expuesto tanto en Estados Unidos como internacionalmente, destac\u00e1ndose su primera exposici\u00f3n individual en Tijuana, M\u00e9xico.<\/p><p>Ubicaci\u00f3n: Sala de Espera<\/p><\/div>\n\t\t\t\t<\/div>\n\t\t\t\t\t\t\t<div class=\"elementor-accordion-item\">\n\t\t\t\t\t<div id=\"elementor-tab-title-63522\" class=\"elementor-tab-title\" data-tab=\"22\" role=\"button\" aria-controls=\"elementor-tab-content-63522\" aria-expanded=\"false\">\n\t\t\t\t\t\t\t\t\t\t\t\t\t<span class=\"elementor-accordion-icon elementor-accordion-icon-left\" aria-hidden=\"true\">\n\t\t\t\t\t\t\t\t\t\t\t\t\t\t\t<span class=\"elementor-accordion-icon-closed\"><svg class=\"e-font-icon-svg e-fas-angle-down\" viewBox=\"0 0 320 512\" xmlns=\"http:\/\/www.w3.org\/2000\/svg\"><path d=\"M143 352.3L7 216.3c-9.4-9.4-9.4-24.6 0-33.9l22.6-22.6c9.4-9.4 24.6-9.4 33.9 0l96.4 96.4 96.4-96.4c9.4-9.4 24.6-9.4 33.9 0l22.6 22.6c9.4 9.4 9.4 24.6 0 33.9l-136 136c-9.2 9.4-24.4 9.4-33.8 0z\"><\/path><\/svg><\/span>\n\t\t\t\t\t\t\t\t<span class=\"elementor-accordion-icon-opened\"><svg class=\"e-font-icon-svg e-fas-angle-up\" viewBox=\"0 0 320 512\" xmlns=\"http:\/\/www.w3.org\/2000\/svg\"><path d=\"M177 159.7l136 136c9.4 9.4 9.4 24.6 0 33.9l-22.6 22.6c-9.4 9.4-24.6 9.4-33.9 0L160 255.9l-96.4 96.4c-9.4 9.4-24.6 9.4-33.9 0L7 329.7c-9.4-9.4-9.4-24.6 0-33.9l136-136c9.4-9.5 24.6-9.5 34-.1z\"><\/path><\/svg><\/span>\n\t\t\t\t\t\t\t\t\t\t\t\t\t\t<\/span>\n\t\t\t\t\t\t\t\t\t\t\t\t<a class=\"elementor-accordion-title\" tabindex=\"0\">5:00 PM \u2013 6:00 PM - \u201c\u00c9rase una vez en la l\u00ednea\u201d arte y c\u00f3mics de la frontera.<\/a>\n\t\t\t\t\t<\/div>\n\t\t\t\t\t<div id=\"elementor-tab-content-63522\" class=\"elementor-tab-content elementor-clearfix\" data-tab=\"22\" role=\"region\" aria-labelledby=\"elementor-tab-title-63522\"><p>Exploraci\u00f3n del proceso de Charles Glaubitz que lleva de la idea a lo visual, lo visual a la pintura, y la pintura a la narrativa gr\u00e1fica. Las historias nos ayudan a interpretar la realidad, los s\u00edmbolos y met\u00e1foras nos expanden lo invisible y al enmarcar nuestros intereses en vi\u00f1etas de c\u00f3mics, podemos crear relatos reveladores de lo interno a lo visible, a algo un poco m\u00e1s all\u00e1 de la letra e imagen.<\/p><p>Presentador: Charles Glaubitz<br \/>Ubicaci\u00f3n: CECUT \u2013 Sala Federico Campbell<\/p><\/div>\n\t\t\t\t<\/div>\n\t\t\t\t\t\t\t<div class=\"elementor-accordion-item\">\n\t\t\t\t\t<div id=\"elementor-tab-title-63523\" class=\"elementor-tab-title\" data-tab=\"23\" role=\"button\" aria-controls=\"elementor-tab-content-63523\" aria-expanded=\"false\">\n\t\t\t\t\t\t\t\t\t\t\t\t\t<span class=\"elementor-accordion-icon elementor-accordion-icon-left\" aria-hidden=\"true\">\n\t\t\t\t\t\t\t\t\t\t\t\t\t\t\t<span class=\"elementor-accordion-icon-closed\"><svg class=\"e-font-icon-svg e-fas-angle-down\" viewBox=\"0 0 320 512\" xmlns=\"http:\/\/www.w3.org\/2000\/svg\"><path d=\"M143 352.3L7 216.3c-9.4-9.4-9.4-24.6 0-33.9l22.6-22.6c9.4-9.4 24.6-9.4 33.9 0l96.4 96.4 96.4-96.4c9.4-9.4 24.6-9.4 33.9 0l22.6 22.6c9.4 9.4 9.4 24.6 0 33.9l-136 136c-9.2 9.4-24.4 9.4-33.8 0z\"><\/path><\/svg><\/span>\n\t\t\t\t\t\t\t\t<span class=\"elementor-accordion-icon-opened\"><svg class=\"e-font-icon-svg e-fas-angle-up\" viewBox=\"0 0 320 512\" xmlns=\"http:\/\/www.w3.org\/2000\/svg\"><path d=\"M177 159.7l136 136c9.4 9.4 9.4 24.6 0 33.9l-22.6 22.6c-9.4 9.4-24.6 9.4-33.9 0L160 255.9l-96.4 96.4c-9.4 9.4-24.6 9.4-33.9 0L7 329.7c-9.4-9.4-9.4-24.6 0-33.9l136-136c9.4-9.5 24.6-9.5 34-.1z\"><\/path><\/svg><\/span>\n\t\t\t\t\t\t\t\t\t\t\t\t\t\t<\/span>\n\t\t\t\t\t\t\t\t\t\t\t\t<a class=\"elementor-accordion-title\" tabindex=\"0\">5:00 PM \u2013 6:00 PM - CONVERSATORIOS- Cinematograf\u00eda<\/a>\n\t\t\t\t\t<\/div>\n\t\t\t\t\t<div id=\"elementor-tab-content-63523\" class=\"elementor-tab-content elementor-clearfix\" data-tab=\"23\" role=\"region\" aria-labelledby=\"elementor-tab-title-63523\"><p>\u00danete a un panel inspirador donde se explorar\u00e1 el poder transformador del dise\u00f1o de iluminaci\u00f3n en la narrativa audiovisual. Esta discusi\u00f3n iluminar\u00e1 c\u00f3mo la iluminaci\u00f3n, cuidadosamente dise\u00f1ada, no es solo un requisito t\u00e9cnico, sino una fuerza narrativa profunda que moldea emociones, define personajes y construye mundos inmersivos. Descubre el arte y la ciencia detr\u00e1s del dise\u00f1o de iluminaci\u00f3n y c\u00f3mo se convierte en un elemento pivotal para dar vida a las historias en pantalla. Participan Adrian Durazo, Marco Celis, Aleck Guzm\u00e1n y Bianca Arvizu.<\/p><p>Ubicaci\u00f3n: CECUT &#8211; Sala Carlos Monsivais<\/p><\/div>\n\t\t\t\t<\/div>\n\t\t\t\t\t\t\t<div class=\"elementor-accordion-item\">\n\t\t\t\t\t<div id=\"elementor-tab-title-63524\" class=\"elementor-tab-title\" data-tab=\"24\" role=\"button\" aria-controls=\"elementor-tab-content-63524\" aria-expanded=\"false\">\n\t\t\t\t\t\t\t\t\t\t\t\t\t<span class=\"elementor-accordion-icon elementor-accordion-icon-left\" aria-hidden=\"true\">\n\t\t\t\t\t\t\t\t\t\t\t\t\t\t\t<span class=\"elementor-accordion-icon-closed\"><svg class=\"e-font-icon-svg e-fas-angle-down\" viewBox=\"0 0 320 512\" xmlns=\"http:\/\/www.w3.org\/2000\/svg\"><path d=\"M143 352.3L7 216.3c-9.4-9.4-9.4-24.6 0-33.9l22.6-22.6c9.4-9.4 24.6-9.4 33.9 0l96.4 96.4 96.4-96.4c9.4-9.4 24.6-9.4 33.9 0l22.6 22.6c9.4 9.4 9.4 24.6 0 33.9l-136 136c-9.2 9.4-24.4 9.4-33.8 0z\"><\/path><\/svg><\/span>\n\t\t\t\t\t\t\t\t<span class=\"elementor-accordion-icon-opened\"><svg class=\"e-font-icon-svg e-fas-angle-up\" viewBox=\"0 0 320 512\" xmlns=\"http:\/\/www.w3.org\/2000\/svg\"><path d=\"M177 159.7l136 136c9.4 9.4 9.4 24.6 0 33.9l-22.6 22.6c-9.4 9.4-24.6 9.4-33.9 0L160 255.9l-96.4 96.4c-9.4 9.4-24.6 9.4-33.9 0L7 329.7c-9.4-9.4-9.4-24.6 0-33.9l136-136c9.4-9.5 24.6-9.5 34-.1z\"><\/path><\/svg><\/span>\n\t\t\t\t\t\t\t\t\t\t\t\t\t\t<\/span>\n\t\t\t\t\t\t\t\t\t\t\t\t<a class=\"elementor-accordion-title\" tabindex=\"0\">6:00 PM \u2013 7:00 PM - Podcast Todos Somos Dise\u00f1o<\/a>\n\t\t\t\t\t<\/div>\n\t\t\t\t\t<div id=\"elementor-tab-content-63524\" class=\"elementor-tab-content elementor-clearfix\" data-tab=\"24\" role=\"region\" aria-labelledby=\"elementor-tab-title-63524\"><p>Todos Somos Dise\u00f1o es una plataforma multidisciplinaria para la industria creativa de habla hispana, principalmente enfocada en la difusi\u00f3n de nuevas mentes creativas. A trav\u00e9s de su oferta se ha colocado como un promotor y creador de contenidos que encuentran salida en su propio festival anual y su formato de podcast.<\/p><p>Ubicaci\u00f3n: CECUT \u2013 Sala de video<\/p><\/div>\n\t\t\t\t<\/div>\n\t\t\t\t\t\t\t<div class=\"elementor-accordion-item\">\n\t\t\t\t\t<div id=\"elementor-tab-title-63525\" class=\"elementor-tab-title\" data-tab=\"25\" role=\"button\" aria-controls=\"elementor-tab-content-63525\" aria-expanded=\"false\">\n\t\t\t\t\t\t\t\t\t\t\t\t\t<span class=\"elementor-accordion-icon elementor-accordion-icon-left\" aria-hidden=\"true\">\n\t\t\t\t\t\t\t\t\t\t\t\t\t\t\t<span class=\"elementor-accordion-icon-closed\"><svg class=\"e-font-icon-svg e-fas-angle-down\" viewBox=\"0 0 320 512\" xmlns=\"http:\/\/www.w3.org\/2000\/svg\"><path d=\"M143 352.3L7 216.3c-9.4-9.4-9.4-24.6 0-33.9l22.6-22.6c9.4-9.4 24.6-9.4 33.9 0l96.4 96.4 96.4-96.4c9.4-9.4 24.6-9.4 33.9 0l22.6 22.6c9.4 9.4 9.4 24.6 0 33.9l-136 136c-9.2 9.4-24.4 9.4-33.8 0z\"><\/path><\/svg><\/span>\n\t\t\t\t\t\t\t\t<span class=\"elementor-accordion-icon-opened\"><svg class=\"e-font-icon-svg e-fas-angle-up\" viewBox=\"0 0 320 512\" xmlns=\"http:\/\/www.w3.org\/2000\/svg\"><path d=\"M177 159.7l136 136c9.4 9.4 9.4 24.6 0 33.9l-22.6 22.6c-9.4 9.4-24.6 9.4-33.9 0L160 255.9l-96.4 96.4c-9.4 9.4-24.6 9.4-33.9 0L7 329.7c-9.4-9.4-9.4-24.6 0-33.9l136-136c9.4-9.5 24.6-9.5 34-.1z\"><\/path><\/svg><\/span>\n\t\t\t\t\t\t\t\t\t\t\t\t\t\t<\/span>\n\t\t\t\t\t\t\t\t\t\t\t\t<a class=\"elementor-accordion-title\" tabindex=\"0\">6:00 PM \u2013 8:00 PM - SyNc to the happyxsnacks.<\/a>\n\t\t\t\t\t<\/div>\n\t\t\t\t\t<div id=\"elementor-tab-content-63525\" class=\"elementor-tab-content elementor-clearfix\" data-tab=\"25\" role=\"region\" aria-labelledby=\"elementor-tab-title-63525\"><p>Luis Fernando S\u00e1nchez Reyna, conocido como happyxsnacks, es un artista visual nacido en Tijuana, B.C., cuya creatividad ha florecido a trav\u00e9s de un viaje art\u00edstico. Utiliza el arte como un lente para explorar su identidad, emociones y experiencias de vida, con el apoyo de su experiencia en edici\u00f3n de video y creaci\u00f3n de contenido. La pandemia marc\u00f3 un punto de inflexi\u00f3n para Luis, empuj\u00e1ndolo hacia un enfoque del arte m\u00e1s introspectivo y expresivo, explorando temas de transici\u00f3n, relaciones y significado.<\/p><p>Ubicaci\u00f3n: Observatorio<\/p><\/div>\n\t\t\t\t<\/div>\n\t\t\t\t\t\t\t<div class=\"elementor-accordion-item\">\n\t\t\t\t\t<div id=\"elementor-tab-title-63526\" class=\"elementor-tab-title\" data-tab=\"26\" role=\"button\" aria-controls=\"elementor-tab-content-63526\" aria-expanded=\"false\">\n\t\t\t\t\t\t\t\t\t\t\t\t\t<span class=\"elementor-accordion-icon elementor-accordion-icon-left\" aria-hidden=\"true\">\n\t\t\t\t\t\t\t\t\t\t\t\t\t\t\t<span class=\"elementor-accordion-icon-closed\"><svg class=\"e-font-icon-svg e-fas-angle-down\" viewBox=\"0 0 320 512\" xmlns=\"http:\/\/www.w3.org\/2000\/svg\"><path d=\"M143 352.3L7 216.3c-9.4-9.4-9.4-24.6 0-33.9l22.6-22.6c9.4-9.4 24.6-9.4 33.9 0l96.4 96.4 96.4-96.4c9.4-9.4 24.6-9.4 33.9 0l22.6 22.6c9.4 9.4 9.4 24.6 0 33.9l-136 136c-9.2 9.4-24.4 9.4-33.8 0z\"><\/path><\/svg><\/span>\n\t\t\t\t\t\t\t\t<span class=\"elementor-accordion-icon-opened\"><svg class=\"e-font-icon-svg e-fas-angle-up\" viewBox=\"0 0 320 512\" xmlns=\"http:\/\/www.w3.org\/2000\/svg\"><path d=\"M177 159.7l136 136c9.4 9.4 9.4 24.6 0 33.9l-22.6 22.6c-9.4 9.4-24.6 9.4-33.9 0L160 255.9l-96.4 96.4c-9.4 9.4-24.6 9.4-33.9 0L7 329.7c-9.4-9.4-9.4-24.6 0-33.9l136-136c9.4-9.5 24.6-9.5 34-.1z\"><\/path><\/svg><\/span>\n\t\t\t\t\t\t\t\t\t\t\t\t\t\t<\/span>\n\t\t\t\t\t\t\t\t\t\t\t\t<a class=\"elementor-accordion-title\" tabindex=\"0\">8:30 PM \u2013 9:45 PM - Noche de silencio<\/a>\n\t\t\t\t\t<\/div>\n\t\t\t\t\t<div id=\"elementor-tab-content-63526\" class=\"elementor-tab-content elementor-clearfix\" data-tab=\"26\" role=\"region\" aria-labelledby=\"elementor-tab-title-63526\"><p>Habitamos el espacio del Conservatorio de Danza M\u00e9xico mediante el cuerpo, la danza y la cer\u00e1mica. Buscamos activar los sentidos a trav\u00e9s de la observaci\u00f3n. Una colaboraci\u00f3n art\u00edstica entre Tijuana Dance Company, Manuella Dalle y Dimitri Chamblas.<\/p><p>Location: Conservatorio de Danza M\u00e9xico<\/p><\/div>\n\t\t\t\t<\/div>\n\t\t\t\t\t\t\t\t<\/div>\n\t\t\t\t<\/div>\n\t\t\t\t<\/div>\n\t\t\t\t<\/div>\n\t\t\t\t\t<\/details>\n\t\t\t\t\t<\/div>\n\t\t\t\t<\/div>\n\t\t\t\t<\/div>\n\t\t\t\t\t<\/div>\n\t\t\t\t<\/div>\n\t\t<div class=\"elementor-element elementor-element-40411ba e-flex e-con-boxed e-con e-parent\" data-id=\"40411ba\" data-element_type=\"container\">\n\t\t\t\t\t<div class=\"e-con-inner\">\n\t\t<div class=\"elementor-element elementor-element-0487710 e-flex e-con-boxed e-con e-child\" data-id=\"0487710\" data-element_type=\"container\">\n\t\t\t\t\t<div class=\"e-con-inner\">\n\t\t<div class=\"elementor-element elementor-element-e86a45e e-flex e-con-boxed e-con e-child\" data-id=\"e86a45e\" data-element_type=\"container\" data-settings=\"{&quot;background_background&quot;:&quot;classic&quot;}\">\n\t\t\t\t\t<div class=\"e-con-inner\">\n\t\t\t\t<div class=\"elementor-element elementor-element-64d963d elementor-widget elementor-widget-heading\" data-id=\"64d963d\" data-element_type=\"widget\" data-widget_type=\"heading.default\">\n\t\t\t\t<div class=\"elementor-widget-container\">\n\t\t\t<h2 class=\"elementor-heading-title elementor-size-default\">D\u00cdA 5<\/h2>\t\t<\/div>\n\t\t\t\t<\/div>\n\t\t\t\t<div class=\"elementor-element elementor-element-5112872 elementor-widget elementor-widget-heading\" data-id=\"5112872\" data-element_type=\"widget\" data-widget_type=\"heading.default\">\n\t\t\t\t<div class=\"elementor-widget-container\">\n\t\t\t<h2 class=\"elementor-heading-title elementor-size-default\">Domingo 5 de mayo, 2024<\/h2>\t\t<\/div>\n\t\t\t\t<\/div>\n\t\t\t\t<div class=\"elementor-element elementor-element-e4aef32 elementor-absolute elementor-widget elementor-widget-image\" data-id=\"e4aef32\" data-element_type=\"widget\" data-settings=\"{&quot;_position&quot;:&quot;absolute&quot;}\" data-widget_type=\"image.default\">\n\t\t\t\t<div class=\"elementor-widget-container\">\n\t\t\t\t\t\t\t\t\t\t\t\t\t<img decoding=\"async\" src=\"https:\/\/wdc2024.org\/es\/wp-content\/uploads\/sites\/2\/elementor\/thumbs\/TJDW_24-Social-IG-FondosStories-08-r82a0zcvdkygo5p7rsds574kq8ysaex8uhlxdtl3vu.png\" title=\"TJDW_24-Social-IG-FondosStories-08.png\" alt=\"TJDW_24-Social-IG-FondosStories-08.png\" loading=\"lazy\" \/>\t\t\t\t\t\t\t\t\t\t\t\t\t<\/div>\n\t\t\t\t<\/div>\n\t\t\t\t\t<\/div>\n\t\t\t\t<\/div>\n\t\t\t\t\t<\/div>\n\t\t\t\t<\/div>\n\t\t\t\t<div class=\"elementor-element elementor-element-3605124 faq agenda elementor-widget elementor-widget-accordion\" data-id=\"3605124\" data-element_type=\"widget\" data-widget_type=\"accordion.default\">\n\t\t\t\t<div class=\"elementor-widget-container\">\n\t\t\t\t\t<div class=\"elementor-accordion\">\n\t\t\t\t\t\t\t<div class=\"elementor-accordion-item\">\n\t\t\t\t\t<div id=\"elementor-tab-title-5661\" class=\"elementor-tab-title\" data-tab=\"1\" role=\"button\" aria-controls=\"elementor-tab-content-5661\" aria-expanded=\"false\">\n\t\t\t\t\t\t\t\t\t\t\t\t\t<span class=\"elementor-accordion-icon elementor-accordion-icon-left\" aria-hidden=\"true\">\n\t\t\t\t\t\t\t\t\t\t\t\t\t\t\t<span class=\"elementor-accordion-icon-closed\"><svg class=\"e-font-icon-svg e-fas-angle-down\" viewBox=\"0 0 320 512\" xmlns=\"http:\/\/www.w3.org\/2000\/svg\"><path d=\"M143 352.3L7 216.3c-9.4-9.4-9.4-24.6 0-33.9l22.6-22.6c9.4-9.4 24.6-9.4 33.9 0l96.4 96.4 96.4-96.4c9.4-9.4 24.6-9.4 33.9 0l22.6 22.6c9.4 9.4 9.4 24.6 0 33.9l-136 136c-9.2 9.4-24.4 9.4-33.8 0z\"><\/path><\/svg><\/span>\n\t\t\t\t\t\t\t\t<span class=\"elementor-accordion-icon-opened\"><svg class=\"e-font-icon-svg e-fas-angle-up\" viewBox=\"0 0 320 512\" xmlns=\"http:\/\/www.w3.org\/2000\/svg\"><path d=\"M177 159.7l136 136c9.4 9.4 9.4 24.6 0 33.9l-22.6 22.6c-9.4 9.4-24.6 9.4-33.9 0L160 255.9l-96.4 96.4c-9.4 9.4-24.6 9.4-33.9 0L7 329.7c-9.4-9.4-9.4-24.6 0-33.9l136-136c9.4-9.5 24.6-9.5 34-.1z\"><\/path><\/svg><\/span>\n\t\t\t\t\t\t\t\t\t\t\t\t\t\t<\/span>\n\t\t\t\t\t\t\t\t\t\t\t\t<a class=\"elementor-accordion-title\" tabindex=\"0\">9:00 AM - 10:00 AM -  Check-in \/ Registro<\/a>\n\t\t\t\t\t<\/div>\n\t\t\t\t\t<div id=\"elementor-tab-content-5661\" class=\"elementor-tab-content elementor-clearfix\" data-tab=\"1\" role=\"region\" aria-labelledby=\"elementor-tab-title-5661\"><\/div>\n\t\t\t\t<\/div>\n\t\t\t\t\t\t\t<div class=\"elementor-accordion-item\">\n\t\t\t\t\t<div id=\"elementor-tab-title-5662\" class=\"elementor-tab-title\" data-tab=\"2\" role=\"button\" aria-controls=\"elementor-tab-content-5662\" aria-expanded=\"false\">\n\t\t\t\t\t\t\t\t\t\t\t\t\t<span class=\"elementor-accordion-icon elementor-accordion-icon-left\" aria-hidden=\"true\">\n\t\t\t\t\t\t\t\t\t\t\t\t\t\t\t<span class=\"elementor-accordion-icon-closed\"><svg class=\"e-font-icon-svg e-fas-angle-down\" viewBox=\"0 0 320 512\" xmlns=\"http:\/\/www.w3.org\/2000\/svg\"><path d=\"M143 352.3L7 216.3c-9.4-9.4-9.4-24.6 0-33.9l22.6-22.6c9.4-9.4 24.6-9.4 33.9 0l96.4 96.4 96.4-96.4c9.4-9.4 24.6-9.4 33.9 0l22.6 22.6c9.4 9.4 9.4 24.6 0 33.9l-136 136c-9.2 9.4-24.4 9.4-33.8 0z\"><\/path><\/svg><\/span>\n\t\t\t\t\t\t\t\t<span class=\"elementor-accordion-icon-opened\"><svg class=\"e-font-icon-svg e-fas-angle-up\" viewBox=\"0 0 320 512\" xmlns=\"http:\/\/www.w3.org\/2000\/svg\"><path d=\"M177 159.7l136 136c9.4 9.4 9.4 24.6 0 33.9l-22.6 22.6c-9.4 9.4-24.6 9.4-33.9 0L160 255.9l-96.4 96.4c-9.4 9.4-24.6 9.4-33.9 0L7 329.7c-9.4-9.4-9.4-24.6 0-33.9l136-136c9.4-9.5 24.6-9.5 34-.1z\"><\/path><\/svg><\/span>\n\t\t\t\t\t\t\t\t\t\t\t\t\t\t<\/span>\n\t\t\t\t\t\t\t\t\t\t\t\t<a class=\"elementor-accordion-title\" tabindex=\"0\">10:00 AM \u2013 11:00 AM -  Christopher Hawthorne<\/a>\n\t\t\t\t\t<\/div>\n\t\t\t\t\t<div id=\"elementor-tab-content-5662\" class=\"elementor-tab-content elementor-clearfix\" data-tab=\"2\" role=\"region\" aria-labelledby=\"elementor-tab-title-5662\"><p>Christopher Hawthorne es un cr\u00edtico de arquitectura, educador y cineasta destacado. De 2018 a 2022, se desempe\u00f1\u00f3 como el primer Director de Dise\u00f1o de la ciudad de Los \u00c1ngeles, supervisando el dise\u00f1o de importantes proyectos de construcci\u00f3n e infraestructura y lanzando iniciativas en vivienda, urbanismo, memoria c\u00edvica y arte p\u00fablico. Cr\u00edtico de arquitectura para el Los Angeles Times de 2004 a 2018, su trabajo tambi\u00e9n ha sido publicado en The New York Times, The New Yorker y The Atlantic, entre otros. Coautor del libro \u201cThe Green House: New Directions in Sustainable Architecture\u201d, Hawthorne ha ense\u00f1ado en instituciones prestigiosas y colaborado con KCET-TV, ganando dos Emmys por sus documentales sobre arquitectura y urbanismo en Los \u00c1ngeles.<\/p><p>Ubicaci\u00f3n: CECUT \u2013 Sala Federico Campbell<\/p><\/div>\n\t\t\t\t<\/div>\n\t\t\t\t\t\t\t<div class=\"elementor-accordion-item\">\n\t\t\t\t\t<div id=\"elementor-tab-title-5663\" class=\"elementor-tab-title\" data-tab=\"3\" role=\"button\" aria-controls=\"elementor-tab-content-5663\" aria-expanded=\"false\">\n\t\t\t\t\t\t\t\t\t\t\t\t\t<span class=\"elementor-accordion-icon elementor-accordion-icon-left\" aria-hidden=\"true\">\n\t\t\t\t\t\t\t\t\t\t\t\t\t\t\t<span class=\"elementor-accordion-icon-closed\"><svg class=\"e-font-icon-svg e-fas-angle-down\" viewBox=\"0 0 320 512\" xmlns=\"http:\/\/www.w3.org\/2000\/svg\"><path d=\"M143 352.3L7 216.3c-9.4-9.4-9.4-24.6 0-33.9l22.6-22.6c9.4-9.4 24.6-9.4 33.9 0l96.4 96.4 96.4-96.4c9.4-9.4 24.6-9.4 33.9 0l22.6 22.6c9.4 9.4 9.4 24.6 0 33.9l-136 136c-9.2 9.4-24.4 9.4-33.8 0z\"><\/path><\/svg><\/span>\n\t\t\t\t\t\t\t\t<span class=\"elementor-accordion-icon-opened\"><svg class=\"e-font-icon-svg e-fas-angle-up\" viewBox=\"0 0 320 512\" xmlns=\"http:\/\/www.w3.org\/2000\/svg\"><path d=\"M177 159.7l136 136c9.4 9.4 9.4 24.6 0 33.9l-22.6 22.6c-9.4 9.4-24.6 9.4-33.9 0L160 255.9l-96.4 96.4c-9.4 9.4-24.6 9.4-33.9 0L7 329.7c-9.4-9.4-9.4-24.6 0-33.9l136-136c9.4-9.5 24.6-9.5 34-.1z\"><\/path><\/svg><\/span>\n\t\t\t\t\t\t\t\t\t\t\t\t\t\t<\/span>\n\t\t\t\t\t\t\t\t\t\t\t\t<a class=\"elementor-accordion-title\" tabindex=\"0\">11:00 AM - 12:00 PM -  Alejandro Magallanes<\/a>\n\t\t\t\t\t<\/div>\n\t\t\t\t\t<div id=\"elementor-tab-content-5663\" class=\"elementor-tab-content elementor-clearfix\" data-tab=\"3\" role=\"region\" aria-labelledby=\"elementor-tab-title-5663\"><p>Alejandro Magallanes es oriundo de la Ciudad de M\u00e9xico y egresado de la Escuela Nacional de Artes Pl\u00e1sticas, se especializa en la fusi\u00f3n creativa de letras e im\u00e1genes, tanto por encargo como por placer. Autor de diez libros infantiles, dos de poes\u00eda y libros de artista, su obra abarca desde el dise\u00f1o de libros y carteles hasta animaciones y collages, con reconocimiento internacional y monograf\u00edas publicadas en China, Espa\u00f1a y Alemania. Miembro de la Alianza Gr\u00e1fica Internacional desde 2004, su trabajo desaf\u00eda la idea de que una imagen vale m\u00e1s que mil palabras, explorando la profunda conexi\u00f3n entre im\u00e1genes y emociones.<\/p><p>Ubicaci\u00f3n: CECUT \u2013 Sala Federico Campbell<\/p><\/div>\n\t\t\t\t<\/div>\n\t\t\t\t\t\t\t<div class=\"elementor-accordion-item\">\n\t\t\t\t\t<div id=\"elementor-tab-title-5664\" class=\"elementor-tab-title\" data-tab=\"4\" role=\"button\" aria-controls=\"elementor-tab-content-5664\" aria-expanded=\"false\">\n\t\t\t\t\t\t\t\t\t\t\t\t\t<span class=\"elementor-accordion-icon elementor-accordion-icon-left\" aria-hidden=\"true\">\n\t\t\t\t\t\t\t\t\t\t\t\t\t\t\t<span class=\"elementor-accordion-icon-closed\"><svg class=\"e-font-icon-svg e-fas-angle-down\" viewBox=\"0 0 320 512\" xmlns=\"http:\/\/www.w3.org\/2000\/svg\"><path d=\"M143 352.3L7 216.3c-9.4-9.4-9.4-24.6 0-33.9l22.6-22.6c9.4-9.4 24.6-9.4 33.9 0l96.4 96.4 96.4-96.4c9.4-9.4 24.6-9.4 33.9 0l22.6 22.6c9.4 9.4 9.4 24.6 0 33.9l-136 136c-9.2 9.4-24.4 9.4-33.8 0z\"><\/path><\/svg><\/span>\n\t\t\t\t\t\t\t\t<span class=\"elementor-accordion-icon-opened\"><svg class=\"e-font-icon-svg e-fas-angle-up\" viewBox=\"0 0 320 512\" xmlns=\"http:\/\/www.w3.org\/2000\/svg\"><path d=\"M177 159.7l136 136c9.4 9.4 9.4 24.6 0 33.9l-22.6 22.6c-9.4 9.4-24.6 9.4-33.9 0L160 255.9l-96.4 96.4c-9.4 9.4-24.6 9.4-33.9 0L7 329.7c-9.4-9.4-9.4-24.6 0-33.9l136-136c9.4-9.5 24.6-9.5 34-.1z\"><\/path><\/svg><\/span>\n\t\t\t\t\t\t\t\t\t\t\t\t\t\t<\/span>\n\t\t\t\t\t\t\t\t\t\t\t\t<a class=\"elementor-accordion-title\" tabindex=\"0\">11:00 AM - 8:00 PM -  Exhibici\u00f3n BOSQUE<\/a>\n\t\t\t\t\t<\/div>\n\t\t\t\t\t<div id=\"elementor-tab-content-5664\" class=\"elementor-tab-content elementor-clearfix\" data-tab=\"4\" role=\"region\" aria-labelledby=\"elementor-tab-title-5664\"><p>BOSQUE, creado por Fernanda Uribe, es m\u00e1s que una simple instalaci\u00f3n de jard\u00edn encantado; es una experiencia de dise\u00f1o envolvente donde la escultura y el dise\u00f1o funcional se fusionan en perfecta armon\u00eda. Conformado por esculturas de cer\u00e1mica hechas a mano en miniatura, esta instalaci\u00f3n inmersiva se inspira en la rica biodiversidad de los bosques y junglas. Aqu\u00ed, plantas imaginarias, flores, hongos e insectos cobran vida a trav\u00e9s de las esculturas, estimulando todos los sentidos.<\/p><p>Ubicaci\u00f3n: Observatorio<\/p><\/div>\n\t\t\t\t<\/div>\n\t\t\t\t\t\t\t<div class=\"elementor-accordion-item\">\n\t\t\t\t\t<div id=\"elementor-tab-title-5665\" class=\"elementor-tab-title\" data-tab=\"5\" role=\"button\" aria-controls=\"elementor-tab-content-5665\" aria-expanded=\"false\">\n\t\t\t\t\t\t\t\t\t\t\t\t\t<span class=\"elementor-accordion-icon elementor-accordion-icon-left\" aria-hidden=\"true\">\n\t\t\t\t\t\t\t\t\t\t\t\t\t\t\t<span class=\"elementor-accordion-icon-closed\"><svg class=\"e-font-icon-svg e-fas-angle-down\" viewBox=\"0 0 320 512\" xmlns=\"http:\/\/www.w3.org\/2000\/svg\"><path d=\"M143 352.3L7 216.3c-9.4-9.4-9.4-24.6 0-33.9l22.6-22.6c9.4-9.4 24.6-9.4 33.9 0l96.4 96.4 96.4-96.4c9.4-9.4 24.6-9.4 33.9 0l22.6 22.6c9.4 9.4 9.4 24.6 0 33.9l-136 136c-9.2 9.4-24.4 9.4-33.8 0z\"><\/path><\/svg><\/span>\n\t\t\t\t\t\t\t\t<span class=\"elementor-accordion-icon-opened\"><svg class=\"e-font-icon-svg e-fas-angle-up\" viewBox=\"0 0 320 512\" xmlns=\"http:\/\/www.w3.org\/2000\/svg\"><path d=\"M177 159.7l136 136c9.4 9.4 9.4 24.6 0 33.9l-22.6 22.6c-9.4 9.4-24.6 9.4-33.9 0L160 255.9l-96.4 96.4c-9.4 9.4-24.6 9.4-33.9 0L7 329.7c-9.4-9.4-9.4-24.6 0-33.9l136-136c9.4-9.5 24.6-9.5 34-.1z\"><\/path><\/svg><\/span>\n\t\t\t\t\t\t\t\t\t\t\t\t\t\t<\/span>\n\t\t\t\t\t\t\t\t\t\t\t\t<a class=\"elementor-accordion-title\" tabindex=\"0\">11:00 AM - 12:00 PM -  Design technology, digital production and architecture anthology<\/a>\n\t\t\t\t\t<\/div>\n\t\t\t\t\t<div id=\"elementor-tab-content-5665\" class=\"elementor-tab-content elementor-clearfix\" data-tab=\"5\" role=\"region\" aria-labelledby=\"elementor-tab-title-5665\"><p>\u201cDesign Technology and Digital Production, An Architecture Anthology\u201d es presentado por Gabriel Esquivel, una publicaci\u00f3n de Routledge Taylor and Francis Group. Se trata de un an\u00e1lisis detallado realizado sobre las inquietudes te\u00f3ricas y tecnol\u00f3gicas en la arquitectura de la \u00faltima d\u00e9cada, compilando proyectos y ensayos que demarcan la transici\u00f3n del primer al segundo giro digital. La obra incluye contribuciones de arquitectos, acad\u00e9micos y cr\u00edticos destacados, ofreciendo una visi\u00f3n rigurosa y actualizada de la disciplina, especialmente a trav\u00e9s de la reciente perspectiva postdigital.<br \/><br \/>Sobre este, se dialogar\u00e1 entre Gabriel Esquivel, Denise Luna Acevedo, y Alejandro Santander Amaya, abordando temas como la inteligencia artificial, la rob\u00f3tica, y la relevancia de diversas pedagog\u00edas en la arquitectura. Con su cap\u00edtulo \u201cArchitecture as Worldmaking\u201d, Denise y Alejandro contribuyen a la obra, explorando las maneras en que las nuevas arquitecturas dar\u00e1n forma a nuestro futuro.<\/p><p>Speakers:<\/p><ul><li>Gabriel Esquivel<\/li><li>Denise Luna Acevedo<\/li><li>Alejandro Santander Amaya<\/li><\/ul><p>Ubicaci\u00f3n: CECUT \u2013 Sala de video<\/p><\/div>\n\t\t\t\t<\/div>\n\t\t\t\t\t\t\t<div class=\"elementor-accordion-item\">\n\t\t\t\t\t<div id=\"elementor-tab-title-5666\" class=\"elementor-tab-title\" data-tab=\"6\" role=\"button\" aria-controls=\"elementor-tab-content-5666\" aria-expanded=\"false\">\n\t\t\t\t\t\t\t\t\t\t\t\t\t<span class=\"elementor-accordion-icon elementor-accordion-icon-left\" aria-hidden=\"true\">\n\t\t\t\t\t\t\t\t\t\t\t\t\t\t\t<span class=\"elementor-accordion-icon-closed\"><svg class=\"e-font-icon-svg e-fas-angle-down\" viewBox=\"0 0 320 512\" xmlns=\"http:\/\/www.w3.org\/2000\/svg\"><path d=\"M143 352.3L7 216.3c-9.4-9.4-9.4-24.6 0-33.9l22.6-22.6c9.4-9.4 24.6-9.4 33.9 0l96.4 96.4 96.4-96.4c9.4-9.4 24.6-9.4 33.9 0l22.6 22.6c9.4 9.4 9.4 24.6 0 33.9l-136 136c-9.2 9.4-24.4 9.4-33.8 0z\"><\/path><\/svg><\/span>\n\t\t\t\t\t\t\t\t<span class=\"elementor-accordion-icon-opened\"><svg class=\"e-font-icon-svg e-fas-angle-up\" viewBox=\"0 0 320 512\" xmlns=\"http:\/\/www.w3.org\/2000\/svg\"><path d=\"M177 159.7l136 136c9.4 9.4 9.4 24.6 0 33.9l-22.6 22.6c-9.4 9.4-24.6 9.4-33.9 0L160 255.9l-96.4 96.4c-9.4 9.4-24.6 9.4-33.9 0L7 329.7c-9.4-9.4-9.4-24.6 0-33.9l136-136c9.4-9.5 24.6-9.5 34-.1z\"><\/path><\/svg><\/span>\n\t\t\t\t\t\t\t\t\t\t\t\t\t\t<\/span>\n\t\t\t\t\t\t\t\t\t\t\t\t<a class=\"elementor-accordion-title\" tabindex=\"0\">11:00 AM - 12:00 PM -  Democracia Conectada \/ Plugin Democracy<\/a>\n\t\t\t\t\t<\/div>\n\t\t\t\t\t<div id=\"elementor-tab-content-5666\" class=\"elementor-tab-content elementor-clearfix\" data-tab=\"6\" role=\"region\" aria-labelledby=\"elementor-tab-title-5666\"><p>Imagina un mundo donde los ciudadanos tienen una voz real y directa en las decisiones que moldean sus vidas. \u00bfC\u00f3mo ser\u00eda tu comunidad si los residentes locales decidieran sobre el dise\u00f1o de los parques, el color de las calles o la calidad de la educaci\u00f3n? Democracia Conectada (Plugin Democracy) representa un experimento de c\u00f3digo abierto para la gobernanza. Esta plataforma otorga a las comunidades las herramientas necesarias para superar las limitaciones de los sistemas representativos tradicionales, adoptando el poder de una democracia directa y participativa. El prop\u00f3sito de Democracia Conectada (Plugin Democracy) es ofrecer esas herramientas para explorar ese mundo posible.<\/p><p>Presentador: Joseph Gregory Mart\u00ednez<\/p><p>Ubicaci\u00f3n: CECUT \u2013 Foro Luna<\/p><\/div>\n\t\t\t\t<\/div>\n\t\t\t\t\t\t\t<div class=\"elementor-accordion-item\">\n\t\t\t\t\t<div id=\"elementor-tab-title-5667\" class=\"elementor-tab-title\" data-tab=\"7\" role=\"button\" aria-controls=\"elementor-tab-content-5667\" aria-expanded=\"false\">\n\t\t\t\t\t\t\t\t\t\t\t\t\t<span class=\"elementor-accordion-icon elementor-accordion-icon-left\" aria-hidden=\"true\">\n\t\t\t\t\t\t\t\t\t\t\t\t\t\t\t<span class=\"elementor-accordion-icon-closed\"><svg class=\"e-font-icon-svg e-fas-angle-down\" viewBox=\"0 0 320 512\" xmlns=\"http:\/\/www.w3.org\/2000\/svg\"><path d=\"M143 352.3L7 216.3c-9.4-9.4-9.4-24.6 0-33.9l22.6-22.6c9.4-9.4 24.6-9.4 33.9 0l96.4 96.4 96.4-96.4c9.4-9.4 24.6-9.4 33.9 0l22.6 22.6c9.4 9.4 9.4 24.6 0 33.9l-136 136c-9.2 9.4-24.4 9.4-33.8 0z\"><\/path><\/svg><\/span>\n\t\t\t\t\t\t\t\t<span class=\"elementor-accordion-icon-opened\"><svg class=\"e-font-icon-svg e-fas-angle-up\" viewBox=\"0 0 320 512\" xmlns=\"http:\/\/www.w3.org\/2000\/svg\"><path d=\"M177 159.7l136 136c9.4 9.4 9.4 24.6 0 33.9l-22.6 22.6c-9.4 9.4-24.6 9.4-33.9 0L160 255.9l-96.4 96.4c-9.4 9.4-24.6 9.4-33.9 0L7 329.7c-9.4-9.4-9.4-24.6 0-33.9l136-136c9.4-9.5 24.6-9.5 34-.1z\"><\/path><\/svg><\/span>\n\t\t\t\t\t\t\t\t\t\t\t\t\t\t<\/span>\n\t\t\t\t\t\t\t\t\t\t\t\t<a class=\"elementor-accordion-title\" tabindex=\"0\">11:00 AM - 12:00 PM -  Carlos S\u00e1nchez<\/a>\n\t\t\t\t\t<\/div>\n\t\t\t\t\t<div id=\"elementor-tab-content-5667\" class=\"elementor-tab-content elementor-clearfix\" data-tab=\"7\" role=\"region\" aria-labelledby=\"elementor-tab-title-5667\"><p>Carlos S\u00e1nchez, destacado dise\u00f1ador de autom\u00f3viles mexicano, con ra\u00edces en Ciudad de M\u00e9xico y Tijuana, ha cimentado su carrera en Europa, especialmente en Tur\u00edn, Italia. Formado en el Art Center College of Design y con inicios en Volkswagen M\u00e9xico, se destac\u00f3 en dise\u00f1o automotriz tanto en Alemania como en M\u00e9xico. En Tur\u00edn, trabaj\u00f3 en el IDEA Design Institute y como assistant Chief Designer en Italdesign-Giugiaro, contribuyendo en proyectos notables como el Lamborghini Gallardo. Actualmente es Design Project Manager en Pininfarina SpA, estudio detr\u00e1s de Ferrari. Apasionado del automovilismo, ha participado en importantes eventos deportivos y contribuido en la pel\u00edcula SENNA y en la publicaci\u00f3n de un libro premiado.<\/p><p>Ubicaci\u00f3n: CECUT \u2013 Sala Carlos Monsivais<\/p><\/div>\n\t\t\t\t<\/div>\n\t\t\t\t\t\t\t<div class=\"elementor-accordion-item\">\n\t\t\t\t\t<div id=\"elementor-tab-title-5668\" class=\"elementor-tab-title\" data-tab=\"8\" role=\"button\" aria-controls=\"elementor-tab-content-5668\" aria-expanded=\"false\">\n\t\t\t\t\t\t\t\t\t\t\t\t\t<span class=\"elementor-accordion-icon elementor-accordion-icon-left\" aria-hidden=\"true\">\n\t\t\t\t\t\t\t\t\t\t\t\t\t\t\t<span class=\"elementor-accordion-icon-closed\"><svg class=\"e-font-icon-svg e-fas-angle-down\" viewBox=\"0 0 320 512\" xmlns=\"http:\/\/www.w3.org\/2000\/svg\"><path d=\"M143 352.3L7 216.3c-9.4-9.4-9.4-24.6 0-33.9l22.6-22.6c9.4-9.4 24.6-9.4 33.9 0l96.4 96.4 96.4-96.4c9.4-9.4 24.6-9.4 33.9 0l22.6 22.6c9.4 9.4 9.4 24.6 0 33.9l-136 136c-9.2 9.4-24.4 9.4-33.8 0z\"><\/path><\/svg><\/span>\n\t\t\t\t\t\t\t\t<span class=\"elementor-accordion-icon-opened\"><svg class=\"e-font-icon-svg e-fas-angle-up\" viewBox=\"0 0 320 512\" xmlns=\"http:\/\/www.w3.org\/2000\/svg\"><path d=\"M177 159.7l136 136c9.4 9.4 9.4 24.6 0 33.9l-22.6 22.6c-9.4 9.4-24.6 9.4-33.9 0L160 255.9l-96.4 96.4c-9.4 9.4-24.6 9.4-33.9 0L7 329.7c-9.4-9.4-9.4-24.6 0-33.9l136-136c9.4-9.5 24.6-9.5 34-.1z\"><\/path><\/svg><\/span>\n\t\t\t\t\t\t\t\t\t\t\t\t\t\t<\/span>\n\t\t\t\t\t\t\t\t\t\t\t\t<a class=\"elementor-accordion-title\" tabindex=\"0\">12:00 PM - 1:00 PM -  Planetary Frontlines: \u00bfC\u00f3mo se dise\u00f1a la tecnolog\u00eda desde Latinoam\u00e9rica?<\/a>\n\t\t\t\t\t<\/div>\n\t\t\t\t\t<div id=\"elementor-tab-content-5668\" class=\"elementor-tab-content elementor-clearfix\" data-tab=\"8\" role=\"region\" aria-labelledby=\"elementor-tab-title-5668\"><p>Planetary Frontlines: \u00bfC\u00f3mo se dise\u00f1a la tecnolog\u00eda desde Latinoam\u00e9rica?\u201d aborda el papel crucial de Am\u00e9rica Latina frente a las emergencias globales. Esta regi\u00f3n, epicentro de crisis planetarias, demuestra c\u00f3mo las pr\u00e1cticas actuales est\u00e1n moviliz\u00e1ndose en la vanguardia del cambio.<br \/><br \/>La discusi\u00f3n se centra en dise\u00f1ar mundos mejores y en la sanaci\u00f3n de nuestro planeta, iniciando y concluyendo en Am\u00e9rica Latina.<br \/><br \/>Acompa\u00f1a a los ponentes Juaniko Moreno (Bogot\u00e1), Carolina Crespo &#8211; ORU (Ciudad de M\u00e9xico) y Max Matus (Tijuana), moderados por Alejandro Santander, en un di\u00e1logo que busca invocar y provocar reflexiones sobre la tecnolog\u00eda desde perspectivas latinoamericanas.<\/p><p><br \/>Presentadores<\/p><ul><li>Juaniko Moreno<\/li><li>Carolina Crespo (ORU)<\/li><li>Max Matus<\/li><\/ul><p>Moderador por Alejandro Santander<\/p><p>Ubicaci\u00f3n:\u00a0<br \/>CECUT &#8211; Sala de video<\/p><\/div>\n\t\t\t\t<\/div>\n\t\t\t\t\t\t\t<div class=\"elementor-accordion-item\">\n\t\t\t\t\t<div id=\"elementor-tab-title-5669\" class=\"elementor-tab-title\" data-tab=\"9\" role=\"button\" aria-controls=\"elementor-tab-content-5669\" aria-expanded=\"false\">\n\t\t\t\t\t\t\t\t\t\t\t\t\t<span class=\"elementor-accordion-icon elementor-accordion-icon-left\" aria-hidden=\"true\">\n\t\t\t\t\t\t\t\t\t\t\t\t\t\t\t<span class=\"elementor-accordion-icon-closed\"><svg class=\"e-font-icon-svg e-fas-angle-down\" viewBox=\"0 0 320 512\" xmlns=\"http:\/\/www.w3.org\/2000\/svg\"><path d=\"M143 352.3L7 216.3c-9.4-9.4-9.4-24.6 0-33.9l22.6-22.6c9.4-9.4 24.6-9.4 33.9 0l96.4 96.4 96.4-96.4c9.4-9.4 24.6-9.4 33.9 0l22.6 22.6c9.4 9.4 9.4 24.6 0 33.9l-136 136c-9.2 9.4-24.4 9.4-33.8 0z\"><\/path><\/svg><\/span>\n\t\t\t\t\t\t\t\t<span class=\"elementor-accordion-icon-opened\"><svg class=\"e-font-icon-svg e-fas-angle-up\" viewBox=\"0 0 320 512\" xmlns=\"http:\/\/www.w3.org\/2000\/svg\"><path d=\"M177 159.7l136 136c9.4 9.4 9.4 24.6 0 33.9l-22.6 22.6c-9.4 9.4-24.6 9.4-33.9 0L160 255.9l-96.4 96.4c-9.4 9.4-24.6 9.4-33.9 0L7 329.7c-9.4-9.4-9.4-24.6 0-33.9l136-136c9.4-9.5 24.6-9.5 34-.1z\"><\/path><\/svg><\/span>\n\t\t\t\t\t\t\t\t\t\t\t\t\t\t<\/span>\n\t\t\t\t\t\t\t\t\t\t\t\t<a class=\"elementor-accordion-title\" tabindex=\"0\">12:00 PM - 1:00 PM -  Giacomo Castagnola<\/a>\n\t\t\t\t\t<\/div>\n\t\t\t\t\t<div id=\"elementor-tab-content-5669\" class=\"elementor-tab-content elementor-clearfix\" data-tab=\"9\" role=\"region\" aria-labelledby=\"elementor-tab-title-5669\"><p>Giacomo Castagnola es fundador de Germen Estudio y experto en creaci\u00f3n de experiencias museogr\u00e1ficas. Con estudios en MIT y proveniente de Lima, Castagnola ha explorado desde Tijuana\/San Diego hasta Ciudad de M\u00e9xico, desafiando los l\u00edmites de la museograf\u00eda tradicional. Su enfoque transforma las visitas a museos en experiencias din\u00e1micas y memorables, mediante el uso innovador de materialidades y sistemas constructivos que enriquecen la interacci\u00f3n entre la obra, el espectador, y el espacio muse\u00edstico. Germen Estudio especializa en exhibiciones de arte, antropolog\u00eda y narrativas comunitarias, promoviendo museograf\u00edas activas y vers\u00e1tiles.<\/p><p>Ubicaci\u00f3n: CECUT \u2013 Sala Federico Campbell<\/p><\/div>\n\t\t\t\t<\/div>\n\t\t\t\t\t\t\t<div class=\"elementor-accordion-item\">\n\t\t\t\t\t<div id=\"elementor-tab-title-56610\" class=\"elementor-tab-title\" data-tab=\"10\" role=\"button\" aria-controls=\"elementor-tab-content-56610\" aria-expanded=\"false\">\n\t\t\t\t\t\t\t\t\t\t\t\t\t<span class=\"elementor-accordion-icon elementor-accordion-icon-left\" aria-hidden=\"true\">\n\t\t\t\t\t\t\t\t\t\t\t\t\t\t\t<span class=\"elementor-accordion-icon-closed\"><svg class=\"e-font-icon-svg e-fas-angle-down\" viewBox=\"0 0 320 512\" xmlns=\"http:\/\/www.w3.org\/2000\/svg\"><path d=\"M143 352.3L7 216.3c-9.4-9.4-9.4-24.6 0-33.9l22.6-22.6c9.4-9.4 24.6-9.4 33.9 0l96.4 96.4 96.4-96.4c9.4-9.4 24.6-9.4 33.9 0l22.6 22.6c9.4 9.4 9.4 24.6 0 33.9l-136 136c-9.2 9.4-24.4 9.4-33.8 0z\"><\/path><\/svg><\/span>\n\t\t\t\t\t\t\t\t<span class=\"elementor-accordion-icon-opened\"><svg class=\"e-font-icon-svg e-fas-angle-up\" viewBox=\"0 0 320 512\" xmlns=\"http:\/\/www.w3.org\/2000\/svg\"><path d=\"M177 159.7l136 136c9.4 9.4 9.4 24.6 0 33.9l-22.6 22.6c-9.4 9.4-24.6 9.4-33.9 0L160 255.9l-96.4 96.4c-9.4 9.4-24.6 9.4-33.9 0L7 329.7c-9.4-9.4-9.4-24.6 0-33.9l136-136c9.4-9.5 24.6-9.5 34-.1z\"><\/path><\/svg><\/span>\n\t\t\t\t\t\t\t\t\t\t\t\t\t\t<\/span>\n\t\t\t\t\t\t\t\t\t\t\t\t<a class=\"elementor-accordion-title\" tabindex=\"0\">1:00 PM \u2013 2:00 PM -  Temporary Paradise?<\/a>\n\t\t\t\t\t<\/div>\n\t\t\t\t\t<div id=\"elementor-tab-content-56610\" class=\"elementor-tab-content elementor-clearfix\" data-tab=\"10\" role=\"region\" aria-labelledby=\"elementor-tab-title-56610\"><p>En 1974, en medio de retos ambientales y urbanos, Donald Appleyard y Kevin Lynch presentaron &#8220;\u00bfPara\u00edso Temporal?&#8221;\u2014un plan visionario para la regi\u00f3n San Diego-Tijuana, advirtiendo sobre su belleza potencialmente ef\u00edmera sin una gesti\u00f3n cuidadosa. A lo largo de 50 a\u00f1os, este plan ha orientado el crecimiento hacia la sostenibilidad, habitabilidad y equidad. Al conmemorar su 50\u00ba aniversario, coincidiendo con la designaci\u00f3n de San Diego-Tijuana como Capital Mundial del Dise\u00f1o 2024, el Dr. Bruce Appleyard, hijo de Donald, reflexiona sobre su impacto perdurable y su papel en las iniciativas actuales de planificaci\u00f3n urbana transfronteriza.<\/p><p>Ubicaci\u00f3n: CECUT \u2013 Foro Luna<\/p><\/div>\n\t\t\t\t<\/div>\n\t\t\t\t\t\t\t<div class=\"elementor-accordion-item\">\n\t\t\t\t\t<div id=\"elementor-tab-title-56611\" class=\"elementor-tab-title\" data-tab=\"11\" role=\"button\" aria-controls=\"elementor-tab-content-56611\" aria-expanded=\"false\">\n\t\t\t\t\t\t\t\t\t\t\t\t\t<span class=\"elementor-accordion-icon elementor-accordion-icon-left\" aria-hidden=\"true\">\n\t\t\t\t\t\t\t\t\t\t\t\t\t\t\t<span class=\"elementor-accordion-icon-closed\"><svg class=\"e-font-icon-svg e-fas-angle-down\" viewBox=\"0 0 320 512\" xmlns=\"http:\/\/www.w3.org\/2000\/svg\"><path d=\"M143 352.3L7 216.3c-9.4-9.4-9.4-24.6 0-33.9l22.6-22.6c9.4-9.4 24.6-9.4 33.9 0l96.4 96.4 96.4-96.4c9.4-9.4 24.6-9.4 33.9 0l22.6 22.6c9.4 9.4 9.4 24.6 0 33.9l-136 136c-9.2 9.4-24.4 9.4-33.8 0z\"><\/path><\/svg><\/span>\n\t\t\t\t\t\t\t\t<span class=\"elementor-accordion-icon-opened\"><svg class=\"e-font-icon-svg e-fas-angle-up\" viewBox=\"0 0 320 512\" xmlns=\"http:\/\/www.w3.org\/2000\/svg\"><path d=\"M177 159.7l136 136c9.4 9.4 9.4 24.6 0 33.9l-22.6 22.6c-9.4 9.4-24.6 9.4-33.9 0L160 255.9l-96.4 96.4c-9.4 9.4-24.6 9.4-33.9 0L7 329.7c-9.4-9.4-9.4-24.6 0-33.9l136-136c9.4-9.5 24.6-9.5 34-.1z\"><\/path><\/svg><\/span>\n\t\t\t\t\t\t\t\t\t\t\t\t\t\t<\/span>\n\t\t\t\t\t\t\t\t\t\t\t\t<a class=\"elementor-accordion-title\" tabindex=\"0\">2:00 PM \u2013 3:00 PM -  Young Guns<\/a>\n\t\t\t\t\t<\/div>\n\t\t\t\t\t<div id=\"elementor-tab-content-56611\" class=\"elementor-tab-content elementor-clearfix\" data-tab=\"11\" role=\"region\" aria-labelledby=\"elementor-tab-title-56611\"><p>Este panel de discusi\u00f3n se presenta como una ventana abierta a los proyectos y aspiraciones de cuatro j\u00f3venes emprendedores. Es una invitaci\u00f3n a reflexionar sobre el papel fundamental del dise\u00f1o en la forja de un futuro m\u00e1s sostenible, inclusivo y lleno de creatividad. A trav\u00e9s de sus historias personales, enfrentamientos a desaf\u00edos y visiones de futuro, descubriremos c\u00f3mo el dise\u00f1o est\u00e1 esculpiendo el mundo que nos rodea.<br \/><br \/>Presentadores: Elia Figueroa, de Dear Honey; Emiliano Gonz\u00e1lez, de Proyecto Anda; Victoria Rangel, de Paper Panas; y Ana Jocelyn Reyes, de Proyecto Lunamoto.<\/p><p>Ubicaci\u00f3n: CECUT \u2013 Sala de video<\/p><\/div>\n\t\t\t\t<\/div>\n\t\t\t\t\t\t\t<div class=\"elementor-accordion-item\">\n\t\t\t\t\t<div id=\"elementor-tab-title-56612\" class=\"elementor-tab-title\" data-tab=\"12\" role=\"button\" aria-controls=\"elementor-tab-content-56612\" aria-expanded=\"false\">\n\t\t\t\t\t\t\t\t\t\t\t\t\t<span class=\"elementor-accordion-icon elementor-accordion-icon-left\" aria-hidden=\"true\">\n\t\t\t\t\t\t\t\t\t\t\t\t\t\t\t<span class=\"elementor-accordion-icon-closed\"><svg class=\"e-font-icon-svg e-fas-angle-down\" viewBox=\"0 0 320 512\" xmlns=\"http:\/\/www.w3.org\/2000\/svg\"><path d=\"M143 352.3L7 216.3c-9.4-9.4-9.4-24.6 0-33.9l22.6-22.6c9.4-9.4 24.6-9.4 33.9 0l96.4 96.4 96.4-96.4c9.4-9.4 24.6-9.4 33.9 0l22.6 22.6c9.4 9.4 9.4 24.6 0 33.9l-136 136c-9.2 9.4-24.4 9.4-33.8 0z\"><\/path><\/svg><\/span>\n\t\t\t\t\t\t\t\t<span class=\"elementor-accordion-icon-opened\"><svg class=\"e-font-icon-svg e-fas-angle-up\" viewBox=\"0 0 320 512\" xmlns=\"http:\/\/www.w3.org\/2000\/svg\"><path d=\"M177 159.7l136 136c9.4 9.4 9.4 24.6 0 33.9l-22.6 22.6c-9.4 9.4-24.6 9.4-33.9 0L160 255.9l-96.4 96.4c-9.4 9.4-24.6 9.4-33.9 0L7 329.7c-9.4-9.4-9.4-24.6 0-33.9l136-136c9.4-9.5 24.6-9.5 34-.1z\"><\/path><\/svg><\/span>\n\t\t\t\t\t\t\t\t\t\t\t\t\t\t<\/span>\n\t\t\t\t\t\t\t\t\t\t\t\t<a class=\"elementor-accordion-title\" tabindex=\"0\">4:00 PM \u2013 8:00 PM -  Pop-up: El humano y sus cuevas: interpretaciones sobre el humano transitando en el tiempo<\/a>\n\t\t\t\t\t<\/div>\n\t\t\t\t\t<div id=\"elementor-tab-content-56612\" class=\"elementor-tab-content elementor-clearfix\" data-tab=\"12\" role=\"region\" aria-labelledby=\"elementor-tab-title-56612\"><p>Como colectivo integrado por PAAT, Perro y Arena, Hola Vicu y Clever Studio, queremos proponernos, primeramente, la migraci\u00f3n de nuestras ideas a trav\u00e9s de los l\u00edmites de otras mentes creativas (transfronterizas). En el pasado, antes de las fronteras legales, los habitantes compart\u00edan saberes, productos y emociones, caminando a lo largo de la costa. Queremos sembrar esa idea desde el interior para que los frutos germinen en un futuro cercano y podamos transitar entre fronteras creComo colectivo integrado por PAAT, Perro y Arena, Hola Vicu y Clever Studio, queremos proponer, en primer lugar, la migraci\u00f3n de nuestras ideas a trav\u00e9s de los l\u00edmites de otras mentes creativas (cross-border). En el pasado, antes de las fronteras legales, la gente compart\u00eda conocimientos, productos y emociones, caminando por la costa. Queremos sembrar esta idea desde el interior para que los frutos germinen en un futuro pr\u00f3ximo y podamos movernos entre fronteras creativas resolviendo en comunidad.ativas resolviendo en comunidad.<\/p><p>Ubicaci\u00f3n:Restaurante Bhumi<\/p><\/div>\n\t\t\t\t<\/div>\n\t\t\t\t\t\t\t\t<\/div>\n\t\t\t\t<\/div>\n\t\t\t\t<\/div>\n\t\t\t\t\t<\/div>\n\t\t\t\t<\/div>\n\t\t<div class=\"elementor-element elementor-element-cceabce e-flex e-con-boxed e-con e-parent\" data-id=\"cceabce\" data-element_type=\"container\">\n\t\t\t\t\t<div class=\"e-con-inner\">\n\t\t\t\t<div class=\"elementor-element elementor-element-60612f8 elementor-widget elementor-widget-text-editor\" data-id=\"60612f8\" data-element_type=\"widget\" data-widget_type=\"text-editor.default\">\n\t\t\t\t<div class=\"elementor-widget-container\">\n\t\t\t\t\t\t\t<p><strong>Aviso Legal<\/strong>: Los eventos y horarios est\u00e1n sujetos a cambios. Te recomendamos que consultes y descargues el app del evento para estar al tanto de las actualizaciones.<\/p>\t\t\t\t\t\t<\/div>\n\t\t\t\t<\/div>\n\t\t\t\t\t<\/div>\n\t\t\t\t<\/div>\n\t\t<div class=\"elementor-element elementor-element-1479831 e-flex e-con-boxed e-con e-parent\" data-id=\"1479831\" data-element_type=\"container\">\n\t\t\t\t\t<div class=\"e-con-inner\">\n\t\t<div class=\"elementor-element elementor-element-a14d815 e-con-full e-flex e-con e-child\" data-id=\"a14d815\" data-element_type=\"container\">\n\t\t\t\t<div class=\"elementor-element elementor-element-04c6cb6 h2-display elementor-widget elementor-widget-heading\" data-id=\"04c6cb6\" data-element_type=\"widget\" data-widget_type=\"heading.default\">\n\t\t\t\t<div class=\"elementor-widget-container\">\n\t\t\t<h2 class=\"elementor-heading-title elementor-size-default\">Escucha los testimonios  <br>\ndel a\u00f1o pasado\u2026<\/h2>\t\t<\/div>\n\t\t\t\t<\/div>\n\t\t\t\t<div class=\"elementor-element elementor-element-1156cb4 elementor-align-left elementor-widget elementor-widget-button\" data-id=\"1156cb4\" data-element_type=\"widget\" data-widget_type=\"button.default\">\n\t\t\t\t<div class=\"elementor-widget-container\">\n\t\t\t\t\t<div class=\"elementor-button-wrapper\">\n\t\t\t<a class=\"elementor-button elementor-button-link elementor-size-sm\" href=\"https:\/\/whova.com\/portal\/registration\/world1_202407\/\" target=\"_blank\">\n\t\t\t\t\t\t<span class=\"elementor-button-content-wrapper\">\n\t\t\t\t\t\t\t\t\t<span class=\"elementor-button-text\">Registro<\/span>\n\t\t\t\t\t<\/span>\n\t\t\t\t\t<\/a>\n\t\t<\/div>\n\t\t\t\t<\/div>\n\t\t\t\t<\/div>\n\t\t\t\t<\/div>\n\t\t<div class=\"elementor-element elementor-element-3aeb272 e-con-full e-flex e-con e-child\" data-id=\"3aeb272\" data-element_type=\"container\">\n\t\t\t\t<div class=\"elementor-element elementor-element-cf13770 elementor-widget elementor-widget-video\" data-id=\"cf13770\" data-element_type=\"widget\" data-settings=\"{&quot;video_type&quot;:&quot;vimeo&quot;}\" data-widget_type=\"video.default\">\n\t\t\t\t<div class=\"elementor-widget-container\">\n\t\t\t\t\t<div class=\"elementor-wrapper elementor-open-inline\">\n\t\t\t<iframe class=\"elementor-video-iframe\" allowfullscreen allow=\"clipboard-write\" title=\"Reproductor de video vimeo\" src=\"https:\/\/player.vimeo.com\/video\/935176299?color&amp;autopause=0&amp;loop=0&amp;muted=0&amp;title=1&amp;portrait=1&amp;byline=1#t=\"><\/iframe>\t\t<\/div>\n\t\t\t\t<\/div>\n\t\t\t\t<\/div>\n\t\t\t\t<\/div>\n\t\t\t\t\t<\/div>\n\t\t\t\t<\/div>\n\t\t<div class=\"elementor-element elementor-element-d5b63b9 e-flex e-con-boxed e-con e-parent\" data-id=\"d5b63b9\" data-element_type=\"container\" id=\"eventapp\">\n\t\t\t\t\t<div class=\"e-con-inner\">\n\t\t<div class=\"elementor-element elementor-element-b1e7163 e-con-full e-flex e-con e-child\" data-id=\"b1e7163\" data-element_type=\"container\">\n\t\t\t\t<div class=\"elementor-element elementor-element-2f2c106 elementor-widget elementor-widget-image\" data-id=\"2f2c106\" data-element_type=\"widget\" data-widget_type=\"image.default\">\n\t\t\t\t<div class=\"elementor-widget-container\">\n\t\t\t\t\t\t\t\t\t\t\t\t\t<img loading=\"lazy\" decoding=\"async\" width=\"361\" height=\"716\" src=\"https:\/\/wdc2024.org\/es\/wp-content\/uploads\/sites\/2\/2024\/04\/World-Design-Festival-Powered-by-Tijuana-Design-Week-2.png\" class=\"attachment-large size-large wp-image-1087\" alt=\"\" srcset=\"https:\/\/wdc2024.org\/es\/wp-content\/uploads\/sites\/2\/2024\/04\/World-Design-Festival-Powered-by-Tijuana-Design-Week-2.png 361w, https:\/\/wdc2024.org\/es\/wp-content\/uploads\/sites\/2\/2024\/04\/World-Design-Festival-Powered-by-Tijuana-Design-Week-2-250x496.png 250w, https:\/\/wdc2024.org\/es\/wp-content\/uploads\/sites\/2\/2024\/04\/World-Design-Festival-Powered-by-Tijuana-Design-Week-2-120x238.png 120w\" sizes=\"(max-width: 361px) 100vw, 361px\" \/>\t\t\t\t\t\t\t\t\t\t\t\t\t<\/div>\n\t\t\t\t<\/div>\n\t\t\t\t<\/div>\n\t\t<div class=\"elementor-element elementor-element-994e4ed e-con-full e-flex e-con e-child\" data-id=\"994e4ed\" data-element_type=\"container\">\n\t\t\t\t<div class=\"elementor-element elementor-element-9c64437 elementor-widget elementor-widget-heading\" data-id=\"9c64437\" data-element_type=\"widget\" data-widget_type=\"heading.default\">\n\t\t\t\t<div class=\"elementor-widget-container\">\n\t\t\t<h3 class=\"elementor-heading-title elementor-size-default\">\u00a1Consigue la aplicaci\u00f3n para eventos World Design Festival Powered by TJDW!<\/h3>\t\t<\/div>\n\t\t\t\t<\/div>\n\t\t\t\t<div class=\"elementor-element elementor-element-e21d133 elementor-widget elementor-widget-text-editor\" data-id=\"e21d133\" data-element_type=\"widget\" data-widget_type=\"text-editor.default\">\n\t\t\t\t<div class=\"elementor-widget-container\">\n\t\t\t\t\t\t\t<p>Aprovecha al m\u00e1ximo tu experiencia en el World Design Festival. Descargue la aplicaci\u00f3n del World Design Festival Powered by TJDW y acceda a funciones exclusivas.<\/p><ul><li>Navegue por la agenda y la log\u00edstica del evento, incluso sin Wi-Fi ni datos.<\/li><li>Accede a informaci\u00f3n \u00fatil como viajes compartidos y atracciones locales a trav\u00e9s del Community Board.<\/li><li>Con\u00e9ctese eficazmente. Planifique con qui\u00e9n quedar explorando los perfiles de los asistentes y enviando mensajes.<\/li><li>Participe en las actividades del evento a trav\u00e9s de los &#8220;me gusta&#8221; de las sesiones, los comentarios, las valoraciones, las encuestas en directo, los tweets, etc.<\/li><\/ul>\t\t\t\t\t\t<\/div>\n\t\t\t\t<\/div>\n\t\t\t\t<div class=\"elementor-element elementor-element-09ae710 elementor-align-left elementor-widget elementor-widget-button\" data-id=\"09ae710\" data-element_type=\"widget\" data-widget_type=\"button.default\">\n\t\t\t\t<div class=\"elementor-widget-container\">\n\t\t\t\t\t<div class=\"elementor-button-wrapper\">\n\t\t\t<a class=\"elementor-button elementor-button-link elementor-size-sm\" href=\"https:\/\/whova.com\/portal\/world1_202407\/?source=download_page\" target=\"_blank\">\n\t\t\t\t\t\t<span class=\"elementor-button-content-wrapper\">\n\t\t\t\t\t\t\t\t\t<span class=\"elementor-button-text\">Descargar la aplicaci\u00f3n<\/span>\n\t\t\t\t\t<\/span>\n\t\t\t\t\t<\/a>\n\t\t<\/div>\n\t\t\t\t<\/div>\n\t\t\t\t<\/div>\n\t\t\t\t<\/div>\n\t\t\t\t\t<\/div>\n\t\t\t\t<\/div>\n\t\t<div class=\"elementor-element elementor-element-ebe0936 e-flex e-con-boxed e-con e-parent\" data-id=\"ebe0936\" data-element_type=\"container\" id=\"tjdw\">\n\t\t\t\t\t<div class=\"e-con-inner\">\n\t\t<div class=\"elementor-element elementor-element-77e5edc e-con-full e-flex e-con e-child\" data-id=\"77e5edc\" data-element_type=\"container\">\n\t\t\t\t<div class=\"elementor-element elementor-element-c4482ac elementor-widget elementor-widget-heading\" data-id=\"c4482ac\" data-element_type=\"widget\" data-widget_type=\"heading.default\">\n\t\t\t\t<div class=\"elementor-widget-container\">\n\t\t\t<h3 class=\"elementor-heading-title elementor-size-default\">World Design Festival est\u00e1 impulsado por la Tijuana Design Week<\/h3>\t\t<\/div>\n\t\t\t\t<\/div>\n\t\t\t\t<div class=\"elementor-element elementor-element-e62693f elementor-widget elementor-widget-text-editor\" data-id=\"e62693f\" data-element_type=\"widget\" data-widget_type=\"text-editor.default\">\n\t\t\t\t<div class=\"elementor-widget-container\">\n\t\t\t\t\t\t\tLa Tijuana Design Week (TJDW) es una organizaci\u00f3n con sede en Tijuana, M\u00e9xico, la cual re\u00fane a dise\u00f1adores, artistas, arquitectos, animadores, ilustradores y l\u00edderes en dise\u00f1o para un evento anual con duraci\u00f3n de una semana. A trav\u00e9s de talleres innovadores, conferencias magistrales, exposiciones y activaciones en la ciudad, TJDW tiene como objetivo destacar el incre\u00edble talento y la comunidad tijuanense, as\u00ed como crear un espacio para el intercambio de ideas.\t\t\t\t\t\t<\/div>\n\t\t\t\t<\/div>\n\t\t\t\t<div class=\"elementor-element elementor-element-01d272b elementor-align-left elementor-widget elementor-widget-button\" data-id=\"01d272b\" data-element_type=\"widget\" data-widget_type=\"button.default\">\n\t\t\t\t<div class=\"elementor-widget-container\">\n\t\t\t\t\t<div class=\"elementor-button-wrapper\">\n\t\t\t<a class=\"elementor-button elementor-button-link elementor-size-sm\" href=\"https:\/\/www.tijuanadesignweek.com\/\" target=\"_blank\">\n\t\t\t\t\t\t<span class=\"elementor-button-content-wrapper\">\n\t\t\t\t\t\t\t\t\t<span class=\"elementor-button-text\">Conoce m\u00e1s sobre TJDW<\/span>\n\t\t\t\t\t<\/span>\n\t\t\t\t\t<\/a>\n\t\t<\/div>\n\t\t\t\t<\/div>\n\t\t\t\t<\/div>\n\t\t\t\t<\/div>\n\t\t<div class=\"elementor-element elementor-element-232ac3f e-con-full e-flex e-con e-child\" data-id=\"232ac3f\" data-element_type=\"container\">\n\t\t\t\t<div class=\"elementor-element elementor-element-8473cc1 elementor-widget elementor-widget-image\" data-id=\"8473cc1\" data-element_type=\"widget\" data-widget_type=\"image.default\">\n\t\t\t\t<div class=\"elementor-widget-container\">\n\t\t\t\t\t\t\t\t\t\t\t\t\t<img loading=\"lazy\" decoding=\"async\" width=\"493\" height=\"430\" src=\"https:\/\/wdc2024.org\/es\/wp-content\/uploads\/sites\/2\/2024\/04\/TDW.jpg\" class=\"attachment-large size-large wp-image-1088\" alt=\"\" srcset=\"https:\/\/wdc2024.org\/es\/wp-content\/uploads\/sites\/2\/2024\/04\/TDW.jpg 493w, https:\/\/wdc2024.org\/es\/wp-content\/uploads\/sites\/2\/2024\/04\/TDW-250x218.jpg 250w, https:\/\/wdc2024.org\/es\/wp-content\/uploads\/sites\/2\/2024\/04\/TDW-120x105.jpg 120w\" sizes=\"(max-width: 493px) 100vw, 493px\" \/>\t\t\t\t\t\t\t\t\t\t\t\t\t<\/div>\n\t\t\t\t<\/div>\n\t\t\t\t<\/div>\n\t\t\t\t\t<\/div>\n\t\t\t\t<\/div>\n\t\t<div class=\"elementor-element elementor-element-d12fc01 e-flex e-con-boxed e-con e-parent\" data-id=\"d12fc01\" data-element_type=\"container\" id=\"travel\">\n\t\t\t\t\t<div class=\"e-con-inner\">\n\t\t<div class=\"elementor-element elementor-element-c4a692a e-con-full e-flex e-con e-child\" data-id=\"c4a692a\" data-element_type=\"container\">\n\t\t\t\t<div class=\"elementor-element elementor-element-dcbb58d elementor-widget elementor-widget-image\" data-id=\"dcbb58d\" data-element_type=\"widget\" data-widget_type=\"image.default\">\n\t\t\t\t<div class=\"elementor-widget-container\">\n\t\t\t\t\t\t\t\t\t\t\t\t\t<img loading=\"lazy\" decoding=\"async\" width=\"464\" height=\"485\" src=\"https:\/\/wdc2024.org\/es\/wp-content\/uploads\/sites\/2\/2024\/04\/How-to-get-there-image.jpg\" class=\"attachment-full size-full wp-image-1089\" alt=\"\" srcset=\"https:\/\/wdc2024.org\/es\/wp-content\/uploads\/sites\/2\/2024\/04\/How-to-get-there-image.jpg 464w, https:\/\/wdc2024.org\/es\/wp-content\/uploads\/sites\/2\/2024\/04\/How-to-get-there-image-250x261.jpg 250w, https:\/\/wdc2024.org\/es\/wp-content\/uploads\/sites\/2\/2024\/04\/How-to-get-there-image-120x125.jpg 120w\" sizes=\"(max-width: 464px) 100vw, 464px\" \/>\t\t\t\t\t\t\t\t\t\t\t\t\t<\/div>\n\t\t\t\t<\/div>\n\t\t\t\t<\/div>\n\t\t<div class=\"elementor-element elementor-element-47a9fcc e-con-full e-flex e-con e-child\" data-id=\"47a9fcc\" data-element_type=\"container\">\n\t\t\t\t<div class=\"elementor-element elementor-element-d2c7dd9 elementor-widget elementor-widget-heading\" data-id=\"d2c7dd9\" data-element_type=\"widget\" data-widget_type=\"heading.default\">\n\t\t\t\t<div class=\"elementor-widget-container\">\n\t\t\t<h3 class=\"elementor-heading-title elementor-size-default\">\u00bfC\u00f3mo llegar a Tijuana?<\/h3>\t\t<\/div>\n\t\t\t\t<\/div>\n\t\t\t\t<div class=\"elementor-element elementor-element-e92e80a elementor-widget elementor-widget-text-editor\" data-id=\"e92e80a\" data-element_type=\"widget\" data-widget_type=\"text-editor.default\">\n\t\t\t\t<div class=\"elementor-widget-container\">\n\t\t\t\t\t\t\tTijuana se encuentra en el noroeste de M\u00e9xico, en el estado de Baja California. Tijuana ofrece una variedad de paisajes que van desde monta\u00f1as imponentes hasta desiertos serenos, junto con una escena gastron\u00f3mica y comercial vibrante. Esta ciudad est\u00e1 repleta de talento y oportunidades. Con la cercan\u00eda de dos aeropuertos importantes, el Aeropuerto Internacional de Tijuana y el Aeropuerto Internacional de San Diego, adem\u00e1s de un acceso transfronterizo, viajar a Tijuana y participar en el World Design Festival impulsado por TJDW es sumamente accesible. Descubre c\u00f3mo llegar a Tijuana y encontrar el alojamiento perfecto para ti y tu equipo.\t\t\t\t\t\t<\/div>\n\t\t\t\t<\/div>\n\t\t\t\t<div class=\"elementor-element elementor-element-c7a4e19 elementor-align-left elementor-widget elementor-widget-button\" data-id=\"c7a4e19\" data-element_type=\"widget\" data-widget_type=\"button.default\">\n\t\t\t\t<div class=\"elementor-widget-container\">\n\t\t\t\t\t<div class=\"elementor-button-wrapper\">\n\t\t\t<a class=\"elementor-button elementor-button-link elementor-size-sm\" href=\"https:\/\/wdc2024.org\/es\/blog\/how-to-get-to-world-design-festival\/\">\n\t\t\t\t\t\t<span class=\"elementor-button-content-wrapper\">\n\t\t\t\t\t\t\t\t\t<span class=\"elementor-button-text\">Descubre c\u00f3mo viajar a Tijuana<\/span>\n\t\t\t\t\t<\/span>\n\t\t\t\t\t<\/a>\n\t\t<\/div>\n\t\t\t\t<\/div>\n\t\t\t\t<\/div>\n\t\t\t\t<\/div>\n\t\t\t\t\t<\/div>\n\t\t\t\t<\/div>\n\t\t<div class=\"elementor-element elementor-element-1235c55 e-flex e-con-boxed e-con e-parent\" data-id=\"1235c55\" data-element_type=\"container\" id=\"faq\">\n\t\t\t\t\t<div class=\"e-con-inner\">\n\t\t\t\t<div class=\"elementor-element elementor-element-9b9b18a elementor-widget elementor-widget-heading\" data-id=\"9b9b18a\" data-element_type=\"widget\" data-widget_type=\"heading.default\">\n\t\t\t\t<div class=\"elementor-widget-container\">\n\t\t\t<h2 class=\"elementor-heading-title elementor-size-default\">Preguntas Frecuentes<\/h2>\t\t<\/div>\n\t\t\t\t<\/div>\n\t\t\t\t<div class=\"elementor-element elementor-element-15dd5bc faq elementor-widget elementor-widget-accordion\" data-id=\"15dd5bc\" data-element_type=\"widget\" data-widget_type=\"accordion.default\">\n\t\t\t\t<div class=\"elementor-widget-container\">\n\t\t\t\t\t<div class=\"elementor-accordion\">\n\t\t\t\t\t\t\t<div class=\"elementor-accordion-item\">\n\t\t\t\t\t<div id=\"elementor-tab-title-2291\" class=\"elementor-tab-title\" data-tab=\"1\" role=\"button\" aria-controls=\"elementor-tab-content-2291\" aria-expanded=\"false\">\n\t\t\t\t\t\t\t\t\t\t\t\t\t<span class=\"elementor-accordion-icon elementor-accordion-icon-left\" aria-hidden=\"true\">\n\t\t\t\t\t\t\t\t\t\t\t\t\t\t\t<span class=\"elementor-accordion-icon-closed\"><svg class=\"e-font-icon-svg e-fas-angle-down\" viewBox=\"0 0 320 512\" xmlns=\"http:\/\/www.w3.org\/2000\/svg\"><path d=\"M143 352.3L7 216.3c-9.4-9.4-9.4-24.6 0-33.9l22.6-22.6c9.4-9.4 24.6-9.4 33.9 0l96.4 96.4 96.4-96.4c9.4-9.4 24.6-9.4 33.9 0l22.6 22.6c9.4 9.4 9.4 24.6 0 33.9l-136 136c-9.2 9.4-24.4 9.4-33.8 0z\"><\/path><\/svg><\/span>\n\t\t\t\t\t\t\t\t<span class=\"elementor-accordion-icon-opened\"><svg class=\"e-font-icon-svg e-fas-angle-up\" viewBox=\"0 0 320 512\" xmlns=\"http:\/\/www.w3.org\/2000\/svg\"><path d=\"M177 159.7l136 136c9.4 9.4 9.4 24.6 0 33.9l-22.6 22.6c-9.4 9.4-24.6 9.4-33.9 0L160 255.9l-96.4 96.4c-9.4 9.4-24.6 9.4-33.9 0L7 329.7c-9.4-9.4-9.4-24.6 0-33.9l136-136c9.4-9.5 24.6-9.5 34-.1z\"><\/path><\/svg><\/span>\n\t\t\t\t\t\t\t\t\t\t\t\t\t\t<\/span>\n\t\t\t\t\t\t\t\t\t\t\t\t<a class=\"elementor-accordion-title\" tabindex=\"0\">\u00bfTengo que asistir a todas las sesiones?<\/a>\n\t\t\t\t\t<\/div>\n\t\t\t\t\t<div id=\"elementor-tab-content-2291\" class=\"elementor-tab-content elementor-clearfix\" data-tab=\"1\" role=\"region\" aria-labelledby=\"elementor-tab-title-2291\"><p><span data-sheets-root=\"1\" data-sheets-value=\"{&quot;1&quot;:2,&quot;2&quot;:&quot;\\&quot;No, puedes asistir a cualquier d\u00eda o sesi\u00f3n que desees con registro y confirmaci\u00f3n de asistencia que puedes realizar a trav\u00e9s de la app del evento Whova.  Es importante considerar que todos los eventos est\u00e1n sujetos a la capacidad del espacio por orden de llegada. Les notificaremos a los asistentes a trav\u00e9s de la app Whova cuando los espacios hayan alcanzado su m\u00e1xima capacidad.\\&quot;\\n&quot;}\" data-sheets-userformat=\"{&quot;2&quot;:4865,&quot;3&quot;:{&quot;1&quot;:0},&quot;11&quot;:0,&quot;12&quot;:0,&quot;15&quot;:&quot;Barlow Semi Condensed&quot;}\">No, puedes asistir a cualquier d\u00eda o sesi\u00f3n que desees con registro y confirmaci\u00f3n de asistencia que puedes realizar a trav\u00e9s de la app del evento Whova. Es importante considerar que todos los eventos est\u00e1n sujetos a la capacidad del espacio por orden de llegada. Les notificaremos a los asistentes a trav\u00e9s de la app Whova cuando los espacios hayan alcanzado su m\u00e1xima capacidad.<br \/><\/span><\/p><\/div>\n\t\t\t\t<\/div>\n\t\t\t\t\t\t\t<div class=\"elementor-accordion-item\">\n\t\t\t\t\t<div id=\"elementor-tab-title-2292\" class=\"elementor-tab-title\" data-tab=\"2\" role=\"button\" aria-controls=\"elementor-tab-content-2292\" aria-expanded=\"false\">\n\t\t\t\t\t\t\t\t\t\t\t\t\t<span class=\"elementor-accordion-icon elementor-accordion-icon-left\" aria-hidden=\"true\">\n\t\t\t\t\t\t\t\t\t\t\t\t\t\t\t<span class=\"elementor-accordion-icon-closed\"><svg class=\"e-font-icon-svg e-fas-angle-down\" viewBox=\"0 0 320 512\" xmlns=\"http:\/\/www.w3.org\/2000\/svg\"><path d=\"M143 352.3L7 216.3c-9.4-9.4-9.4-24.6 0-33.9l22.6-22.6c9.4-9.4 24.6-9.4 33.9 0l96.4 96.4 96.4-96.4c9.4-9.4 24.6-9.4 33.9 0l22.6 22.6c9.4 9.4 9.4 24.6 0 33.9l-136 136c-9.2 9.4-24.4 9.4-33.8 0z\"><\/path><\/svg><\/span>\n\t\t\t\t\t\t\t\t<span class=\"elementor-accordion-icon-opened\"><svg class=\"e-font-icon-svg e-fas-angle-up\" viewBox=\"0 0 320 512\" xmlns=\"http:\/\/www.w3.org\/2000\/svg\"><path d=\"M177 159.7l136 136c9.4 9.4 9.4 24.6 0 33.9l-22.6 22.6c-9.4 9.4-24.6 9.4-33.9 0L160 255.9l-96.4 96.4c-9.4 9.4-24.6 9.4-33.9 0L7 329.7c-9.4-9.4-9.4-24.6 0-33.9l136-136c9.4-9.5 24.6-9.5 34-.1z\"><\/path><\/svg><\/span>\n\t\t\t\t\t\t\t\t\t\t\t\t\t\t<\/span>\n\t\t\t\t\t\t\t\t\t\t\t\t<a class=\"elementor-accordion-title\" tabindex=\"0\">\u00bfSe proporcionar\u00e1 transporte si se viene de San Diego?<\/a>\n\t\t\t\t\t<\/div>\n\t\t\t\t\t<div id=\"elementor-tab-content-2292\" class=\"elementor-tab-content elementor-clearfix\" data-tab=\"2\" role=\"region\" aria-labelledby=\"elementor-tab-title-2292\"><p>En colaboraci\u00f3n con <a href=\"https:\/\/mexicoach.com\/\" target=\"_blank\" rel=\"noopener\">MexiCoach<\/a>, ofreceremos dos servicios de transporte:<\/p><p>1.<strong>Servicio de transporte limitado desde San Diego al CECUT <\/strong>(Tijuana, MX) disponible el viernes (5\/3), s\u00e1bado (5\/4) y domingo (5\/5). S\u00f3lo hay 45 lugares disponibles por d\u00eda, la hora de salida est\u00e1 programada ta las 9 AM en SD y el regreso a SD es a las 6 PM. Debes contar un pasaporte vigente, $20\/persona de ida y vuelta.<\/p><p>2. <strong>Servicio de transporte en la frontera del lado de Tijuana hacia el CECUT.<\/strong> Esta es una excelente opci\u00f3n para los asistentes que prefieran dejar estacionado su veh\u00edculo en San Diego o que decidan tomar el trolley para cruzar la frontera a pie. Los viajes estar\u00e1n operando cada 2 horas a partir e las 8:30 AM hasta las 5 PM, $10\/persona de ida y vuelta.<\/p><p>Horarios de transporte<\/p><p>Transporte en la frontera del lado de Tijuana: 8:30 AM, 11:00 AM, 1:00 PM, 3:00 PM, 5:00 PM<\/p><p>Transporte en CECUT para Ped East Crossing: 10:00AM, 12:00 PM, 2:00 PM, 4:00 PM, 6:00 PM<\/p><p class=\"last-child\">El punto de recogida ser\u00e1 al otro lado de la frontera de Tijuana, en el estacionamiento de la\u00a0<a href=\"https:\/\/www.google.com\/maps\/search\/32.541704,+-117.025568?entry=tts\" target=\"_blank\" rel=\"noopener\">Compa\u00f1\u00eda de Ferrocarriles de Baja California<\/a>\u00a0(<a href=\"https:\/\/wdc2024.org\/wp-content\/uploads\/2024\/05\/Key.png\" target=\"_blank\" rel=\"noopener\">haga clic aqu\u00ed para saber c\u00f3mo llegar a pie desde Ped Este<\/a>) y el punto de entrega en el\u00a0<a href=\"https:\/\/maps.app.goo.gl\/FDYdKWzYJbBwi3z99\" target=\"_blank\" rel=\"noopener\">CECUT<\/a>.<\/p><p class=\"last-child\"><strong><br \/>Para garantizar tu lugar,<a href=\"https:\/\/whova.com\/portal\/registration\/world1_202407\/\" target=\"_blank\" rel=\"noopener\"> compra un boleto<\/a> de ida y vuelta. Si tienes m\u00e1s preguntas, consulta nuestra p\u00e1gina de preguntas frecuentes.\u00a0<\/strong><\/p><p>\u00a0<\/p><\/div>\n\t\t\t\t<\/div>\n\t\t\t\t\t\t\t<div class=\"elementor-accordion-item\">\n\t\t\t\t\t<div id=\"elementor-tab-title-2293\" class=\"elementor-tab-title\" data-tab=\"3\" role=\"button\" aria-controls=\"elementor-tab-content-2293\" aria-expanded=\"false\">\n\t\t\t\t\t\t\t\t\t\t\t\t\t<span class=\"elementor-accordion-icon elementor-accordion-icon-left\" aria-hidden=\"true\">\n\t\t\t\t\t\t\t\t\t\t\t\t\t\t\t<span class=\"elementor-accordion-icon-closed\"><svg class=\"e-font-icon-svg e-fas-angle-down\" viewBox=\"0 0 320 512\" xmlns=\"http:\/\/www.w3.org\/2000\/svg\"><path d=\"M143 352.3L7 216.3c-9.4-9.4-9.4-24.6 0-33.9l22.6-22.6c9.4-9.4 24.6-9.4 33.9 0l96.4 96.4 96.4-96.4c9.4-9.4 24.6-9.4 33.9 0l22.6 22.6c9.4 9.4 9.4 24.6 0 33.9l-136 136c-9.2 9.4-24.4 9.4-33.8 0z\"><\/path><\/svg><\/span>\n\t\t\t\t\t\t\t\t<span class=\"elementor-accordion-icon-opened\"><svg class=\"e-font-icon-svg e-fas-angle-up\" viewBox=\"0 0 320 512\" xmlns=\"http:\/\/www.w3.org\/2000\/svg\"><path d=\"M177 159.7l136 136c9.4 9.4 9.4 24.6 0 33.9l-22.6 22.6c-9.4 9.4-24.6 9.4-33.9 0L160 255.9l-96.4 96.4c-9.4 9.4-24.6 9.4-33.9 0L7 329.7c-9.4-9.4-9.4-24.6 0-33.9l136-136c9.4-9.5 24.6-9.5 34-.1z\"><\/path><\/svg><\/span>\n\t\t\t\t\t\t\t\t\t\t\t\t\t\t<\/span>\n\t\t\t\t\t\t\t\t\t\t\t\t<a class=\"elementor-accordion-title\" tabindex=\"0\">\u00bfPuedo pagar mis boletos con pesos mexicanos o d\u00f3lares estadounidenses?<\/a>\n\t\t\t\t\t<\/div>\n\t\t\t\t\t<div id=\"elementor-tab-content-2293\" class=\"elementor-tab-content elementor-clearfix\" data-tab=\"3\" role=\"region\" aria-labelledby=\"elementor-tab-title-2293\"><p><span data-sheets-root=\"1\" data-sheets-value=\"{&quot;1&quot;:2,&quot;2&quot;:&quot;S\u00ed, se aceptan pesos mexicanos y d\u00f3lares estadounidenses. Si pagas con pesos mexicanos, se convertir\u00e1 a d\u00f3lares estadounidenses seg\u00fan la tasa de cambio m\u00e1s actual.&quot;}\" data-sheets-userformat=\"{&quot;2&quot;:4609,&quot;3&quot;:{&quot;1&quot;:0},&quot;12&quot;:0,&quot;15&quot;:&quot;Barlow Semi Condensed&quot;}\">S\u00ed, se aceptan pesos mexicanos y d\u00f3lares estadounidenses. Si pagas con pesos mexicanos, se convertir\u00e1 a d\u00f3lares estadounidenses seg\u00fan la tasa de cambio m\u00e1s actual.<\/span><\/p><\/div>\n\t\t\t\t<\/div>\n\t\t\t\t\t\t\t<div class=\"elementor-accordion-item\">\n\t\t\t\t\t<div id=\"elementor-tab-title-2294\" class=\"elementor-tab-title\" data-tab=\"4\" role=\"button\" aria-controls=\"elementor-tab-content-2294\" aria-expanded=\"false\">\n\t\t\t\t\t\t\t\t\t\t\t\t\t<span class=\"elementor-accordion-icon elementor-accordion-icon-left\" aria-hidden=\"true\">\n\t\t\t\t\t\t\t\t\t\t\t\t\t\t\t<span class=\"elementor-accordion-icon-closed\"><svg class=\"e-font-icon-svg e-fas-angle-down\" viewBox=\"0 0 320 512\" xmlns=\"http:\/\/www.w3.org\/2000\/svg\"><path d=\"M143 352.3L7 216.3c-9.4-9.4-9.4-24.6 0-33.9l22.6-22.6c9.4-9.4 24.6-9.4 33.9 0l96.4 96.4 96.4-96.4c9.4-9.4 24.6-9.4 33.9 0l22.6 22.6c9.4 9.4 9.4 24.6 0 33.9l-136 136c-9.2 9.4-24.4 9.4-33.8 0z\"><\/path><\/svg><\/span>\n\t\t\t\t\t\t\t\t<span class=\"elementor-accordion-icon-opened\"><svg class=\"e-font-icon-svg e-fas-angle-up\" viewBox=\"0 0 320 512\" xmlns=\"http:\/\/www.w3.org\/2000\/svg\"><path d=\"M177 159.7l136 136c9.4 9.4 9.4 24.6 0 33.9l-22.6 22.6c-9.4 9.4-24.6 9.4-33.9 0L160 255.9l-96.4 96.4c-9.4 9.4-24.6 9.4-33.9 0L7 329.7c-9.4-9.4-9.4-24.6 0-33.9l136-136c9.4-9.5 24.6-9.5 34-.1z\"><\/path><\/svg><\/span>\n\t\t\t\t\t\t\t\t\t\t\t\t\t\t<\/span>\n\t\t\t\t\t\t\t\t\t\t\t\t<a class=\"elementor-accordion-title\" tabindex=\"0\">\u00bfQu\u00e9 incluye el boleto del World Design Festival Powered by TJDW?<\/a>\n\t\t\t\t\t<\/div>\n\t\t\t\t\t<div id=\"elementor-tab-content-2294\" class=\"elementor-tab-content elementor-clearfix\" data-tab=\"4\" role=\"region\" aria-labelledby=\"elementor-tab-title-2294\"><p><span data-sheets-root=\"1\" data-sheets-value=\"{&quot;1&quot;:2,&quot;2&quot;:&quot;Al registrarte, podr\u00e1s conocer a diversos dise\u00f1adores reconocidos de M\u00e9xico, Estados Unidos y otros lugares del mundo. Cada boleto te dar\u00e1 acceso a las sesiones del d\u00eda que elijas, pero recuerda que la disponibilidad es limitada y ser\u00e1 por orden de llegada. Te recomendamos llegar temprano para asegurar tu lugar.&quot;}\" data-sheets-userformat=\"{&quot;2&quot;:4609,&quot;3&quot;:{&quot;1&quot;:0},&quot;12&quot;:0,&quot;15&quot;:&quot;Barlow Semi Condensed&quot;}\">Al registrarte, podr\u00e1s conocer a diversos dise\u00f1adores reconocidos de M\u00e9xico, Estados Unidos y otros lugares del mundo. Cada boleto te dar\u00e1 acceso a las sesiones del d\u00eda que elijas, pero recuerda que la disponibilidad es limitada y ser\u00e1 por orden de llegada. Te recomendamos llegar temprano para asegurar tu lugar.<\/span><\/p><\/div>\n\t\t\t\t<\/div>\n\t\t\t\t\t\t\t<div class=\"elementor-accordion-item\">\n\t\t\t\t\t<div id=\"elementor-tab-title-2295\" class=\"elementor-tab-title\" data-tab=\"5\" role=\"button\" aria-controls=\"elementor-tab-content-2295\" aria-expanded=\"false\">\n\t\t\t\t\t\t\t\t\t\t\t\t\t<span class=\"elementor-accordion-icon elementor-accordion-icon-left\" aria-hidden=\"true\">\n\t\t\t\t\t\t\t\t\t\t\t\t\t\t\t<span class=\"elementor-accordion-icon-closed\"><svg class=\"e-font-icon-svg e-fas-angle-down\" viewBox=\"0 0 320 512\" xmlns=\"http:\/\/www.w3.org\/2000\/svg\"><path d=\"M143 352.3L7 216.3c-9.4-9.4-9.4-24.6 0-33.9l22.6-22.6c9.4-9.4 24.6-9.4 33.9 0l96.4 96.4 96.4-96.4c9.4-9.4 24.6-9.4 33.9 0l22.6 22.6c9.4 9.4 9.4 24.6 0 33.9l-136 136c-9.2 9.4-24.4 9.4-33.8 0z\"><\/path><\/svg><\/span>\n\t\t\t\t\t\t\t\t<span class=\"elementor-accordion-icon-opened\"><svg class=\"e-font-icon-svg e-fas-angle-up\" viewBox=\"0 0 320 512\" xmlns=\"http:\/\/www.w3.org\/2000\/svg\"><path d=\"M177 159.7l136 136c9.4 9.4 9.4 24.6 0 33.9l-22.6 22.6c-9.4 9.4-24.6 9.4-33.9 0L160 255.9l-96.4 96.4c-9.4 9.4-24.6 9.4-33.9 0L7 329.7c-9.4-9.4-9.4-24.6 0-33.9l136-136c9.4-9.5 24.6-9.5 34-.1z\"><\/path><\/svg><\/span>\n\t\t\t\t\t\t\t\t\t\t\t\t\t\t<\/span>\n\t\t\t\t\t\t\t\t\t\t\t\t<a class=\"elementor-accordion-title\" tabindex=\"0\">\u00bfC\u00f3mo llego a Tijuana?<\/a>\n\t\t\t\t\t<\/div>\n\t\t\t\t\t<div id=\"elementor-tab-content-2295\" class=\"elementor-tab-content elementor-clearfix\" data-tab=\"5\" role=\"region\" aria-labelledby=\"elementor-tab-title-2295\"><div class=\"result-frame svelte-c8l22j\" dir=\"ltr\"><span data-sheets-root=\"1\" data-sheets-value=\"{&quot;1&quot;:2,&quot;2&quot;:&quot;Consulta nuestro blog \\&quot;C\u00f3mo llegar a World Design Festival impulsado por TJDW\\&quot; para obtener todos los detalles sobre las diferentes opciones de transporte, recomendaciones de hoteles y consejos de viaje.&quot;}\" data-sheets-userformat=\"{&quot;2&quot;:4609,&quot;3&quot;:{&quot;1&quot;:0},&quot;12&quot;:0,&quot;15&quot;:&quot;Barlow Semi Condensed&quot;}\">Consulta nuestro blog &#8220;<a href=\"https:\/\/wdc2024.org\/es\/blog\/how-to-get-to-world-design-festival\/\" target=\"_blank\" rel=\"noopener\">C\u00f3mo llegar a World Design Festival impulsado por TJDW<\/a>&#8221; para obtener todos los detalles sobre las diferentes opciones de transporte, recomendaciones de hoteles y consejos de viaje.<\/span><\/div><div class=\"dl-toolbar svelte-13rnuff\"><div class=\"dl-link-container\">\u00a0<\/div><\/div><\/div>\n\t\t\t\t<\/div>\n\t\t\t\t\t\t\t<div class=\"elementor-accordion-item\">\n\t\t\t\t\t<div id=\"elementor-tab-title-2296\" class=\"elementor-tab-title\" data-tab=\"6\" role=\"button\" aria-controls=\"elementor-tab-content-2296\" aria-expanded=\"false\">\n\t\t\t\t\t\t\t\t\t\t\t\t\t<span class=\"elementor-accordion-icon elementor-accordion-icon-left\" aria-hidden=\"true\">\n\t\t\t\t\t\t\t\t\t\t\t\t\t\t\t<span class=\"elementor-accordion-icon-closed\"><svg class=\"e-font-icon-svg e-fas-angle-down\" viewBox=\"0 0 320 512\" xmlns=\"http:\/\/www.w3.org\/2000\/svg\"><path d=\"M143 352.3L7 216.3c-9.4-9.4-9.4-24.6 0-33.9l22.6-22.6c9.4-9.4 24.6-9.4 33.9 0l96.4 96.4 96.4-96.4c9.4-9.4 24.6-9.4 33.9 0l22.6 22.6c9.4 9.4 9.4 24.6 0 33.9l-136 136c-9.2 9.4-24.4 9.4-33.8 0z\"><\/path><\/svg><\/span>\n\t\t\t\t\t\t\t\t<span class=\"elementor-accordion-icon-opened\"><svg class=\"e-font-icon-svg e-fas-angle-up\" viewBox=\"0 0 320 512\" xmlns=\"http:\/\/www.w3.org\/2000\/svg\"><path d=\"M177 159.7l136 136c9.4 9.4 9.4 24.6 0 33.9l-22.6 22.6c-9.4 9.4-24.6 9.4-33.9 0L160 255.9l-96.4 96.4c-9.4 9.4-24.6 9.4-33.9 0L7 329.7c-9.4-9.4-9.4-24.6 0-33.9l136-136c9.4-9.5 24.6-9.5 34-.1z\"><\/path><\/svg><\/span>\n\t\t\t\t\t\t\t\t\t\t\t\t\t\t<\/span>\n\t\t\t\t\t\t\t\t\t\t\t\t<a class=\"elementor-accordion-title\" tabindex=\"0\">\u00bfTengo que descargar la app de Whova?<\/a>\n\t\t\t\t\t<\/div>\n\t\t\t\t\t<div id=\"elementor-tab-content-2296\" class=\"elementor-tab-content elementor-clearfix\" data-tab=\"6\" role=\"region\" aria-labelledby=\"elementor-tab-title-2296\"><p><span data-sheets-root=\"1\" data-sheets-value=\"{&quot;1&quot;:2,&quot;2&quot;:&quot;Te recomendamos que descargues la app de Whova. As\u00ed, podr\u00e1s recibir las \u00faltimas actualizaciones del noticias de World Design Festival impulsado por TJDW, podr\u00e1s crear tu propio itinerario, chatear en l\u00ednea con los ponentes y otros asistentes, y ver lo que sucede en el World Design Festival. Tambi\u00e9n puedes consultar los horarios en la versi\u00f3n web de Whova.&quot;}\" data-sheets-userformat=\"{&quot;2&quot;:513,&quot;3&quot;:{&quot;1&quot;:0},&quot;12&quot;:0}\">Te recomendamos que descargues la app de Whova. As\u00ed, podr\u00e1s recibir las \u00faltimas actualizaciones del noticias de World Design Festival impulsado por TJDW, podr\u00e1s crear tu propio itinerario, chatear en l\u00ednea con los ponentes y otros asistentes, y ver lo que sucede en el World Design Festival. Tambi\u00e9n puedes consultar los horarios en la versi\u00f3n web de Whova.<\/span><\/p><\/div>\n\t\t\t\t<\/div>\n\t\t\t\t\t\t\t\t<\/div>\n\t\t\t\t<\/div>\n\t\t\t\t<\/div>\n\t\t\t\t<div class=\"elementor-element elementor-element-ce41020 elementor-align-left elementor-widget elementor-widget-button\" data-id=\"ce41020\" data-element_type=\"widget\" data-widget_type=\"button.default\">\n\t\t\t\t<div class=\"elementor-widget-container\">\n\t\t\t\t\t<div class=\"elementor-button-wrapper\">\n\t\t\t<a class=\"elementor-button elementor-button-link elementor-size-sm\" href=\"\/es\/world-design-festival\/faq\/\">\n\t\t\t\t\t\t<span class=\"elementor-button-content-wrapper\">\n\t\t\t\t\t\t\t\t\t<span class=\"elementor-button-text\">Leer m\u00e1s preguntas frecuentes<\/span>\n\t\t\t\t\t<\/span>\n\t\t\t\t\t<\/a>\n\t\t<\/div>\n\t\t\t\t<\/div>\n\t\t\t\t<\/div>\n\t\t\t\t\t<\/div>\n\t\t\t\t<\/div>\n\t\t<div class=\"elementor-element elementor-element-1a51994 e-flex e-con-boxed e-con e-parent\" data-id=\"1a51994\" data-element_type=\"container\" id=\"sponsors\">\n\t\t\t\t\t<div class=\"e-con-inner\">\n\t\t\t\t<div class=\"elementor-element elementor-element-9971dda elementor-widget elementor-widget-heading\" data-id=\"9971dda\" data-element_type=\"widget\" data-widget_type=\"heading.default\">\n\t\t\t\t<div class=\"elementor-widget-container\">\n\t\t\t<h1 class=\"elementor-heading-title elementor-size-default\">Gracias a nuestros patrocinadores<\/h1>\t\t<\/div>\n\t\t\t\t<\/div>\n\t\t<div class=\"elementor-element elementor-element-549941a brands tier1 e-con-full e-flex e-con e-child\" data-id=\"549941a\" data-element_type=\"container\">\n\t\t\t\t<div class=\"elementor-element elementor-element-5ced2f2 elementor-widget elementor-widget-image\" data-id=\"5ced2f2\" data-element_type=\"widget\" data-widget_type=\"image.default\">\n\t\t\t\t<div class=\"elementor-widget-container\">\n\t\t\t\t\t\t\t\t\t\t\t\t\t<img loading=\"lazy\" decoding=\"async\" width=\"2400\" height=\"562\" src=\"https:\/\/wdc2024.org\/es\/wp-content\/uploads\/sites\/2\/2024\/04\/cosd-logo-primary-full-color-300ppi.png\" class=\"attachment-full size-full wp-image-1150\" alt=\"\" srcset=\"https:\/\/wdc2024.org\/es\/wp-content\/uploads\/sites\/2\/2024\/04\/cosd-logo-primary-full-color-300ppi.png 2400w, https:\/\/wdc2024.org\/es\/wp-content\/uploads\/sites\/2\/2024\/04\/cosd-logo-primary-full-color-300ppi-250x59.png 250w, https:\/\/wdc2024.org\/es\/wp-content\/uploads\/sites\/2\/2024\/04\/cosd-logo-primary-full-color-300ppi-700x164.png 700w, https:\/\/wdc2024.org\/es\/wp-content\/uploads\/sites\/2\/2024\/04\/cosd-logo-primary-full-color-300ppi-768x180.png 768w, https:\/\/wdc2024.org\/es\/wp-content\/uploads\/sites\/2\/2024\/04\/cosd-logo-primary-full-color-300ppi-1536x360.png 1536w, https:\/\/wdc2024.org\/es\/wp-content\/uploads\/sites\/2\/2024\/04\/cosd-logo-primary-full-color-300ppi-2048x480.png 2048w, https:\/\/wdc2024.org\/es\/wp-content\/uploads\/sites\/2\/2024\/04\/cosd-logo-primary-full-color-300ppi-120x28.png 120w\" sizes=\"(max-width: 2400px) 100vw, 2400px\" \/>\t\t\t\t\t\t\t\t\t\t\t\t\t<\/div>\n\t\t\t\t<\/div>\n\t\t\t\t<div class=\"elementor-element elementor-element-3dc1766 elementor-widget elementor-widget-image\" data-id=\"3dc1766\" data-element_type=\"widget\" data-widget_type=\"image.default\">\n\t\t\t\t<div class=\"elementor-widget-container\">\n\t\t\t\t\t\t\t\t\t\t\t\t\t<img loading=\"lazy\" decoding=\"async\" width=\"510\" height=\"102\" src=\"https:\/\/wdc2024.org\/es\/wp-content\/uploads\/sites\/2\/2024\/04\/logo_UCSD-1.png\" class=\"attachment-full size-full wp-image-1151\" alt=\"\" srcset=\"https:\/\/wdc2024.org\/es\/wp-content\/uploads\/sites\/2\/2024\/04\/logo_UCSD-1.png 510w, https:\/\/wdc2024.org\/es\/wp-content\/uploads\/sites\/2\/2024\/04\/logo_UCSD-1-250x50.png 250w, https:\/\/wdc2024.org\/es\/wp-content\/uploads\/sites\/2\/2024\/04\/logo_UCSD-1-120x24.png 120w\" sizes=\"(max-width: 510px) 100vw, 510px\" \/>\t\t\t\t\t\t\t\t\t\t\t\t\t<\/div>\n\t\t\t\t<\/div>\n\t\t\t\t<div class=\"elementor-element elementor-element-6f693a1 elementor-widget elementor-widget-image\" data-id=\"6f693a1\" data-element_type=\"widget\" data-widget_type=\"image.default\">\n\t\t\t\t<div class=\"elementor-widget-container\">\n\t\t\t\t\t\t\t\t\t\t\t\t\t<img loading=\"lazy\" decoding=\"async\" width=\"400\" height=\"150\" src=\"https:\/\/wdc2024.org\/es\/wp-content\/uploads\/sites\/2\/2024\/04\/World-Design-Organization-1.png\" class=\"attachment-full size-full wp-image-1247\" alt=\"\" srcset=\"https:\/\/wdc2024.org\/es\/wp-content\/uploads\/sites\/2\/2024\/04\/World-Design-Organization-1.png 400w, https:\/\/wdc2024.org\/es\/wp-content\/uploads\/sites\/2\/2024\/04\/World-Design-Organization-1-250x94.png 250w, https:\/\/wdc2024.org\/es\/wp-content\/uploads\/sites\/2\/2024\/04\/World-Design-Organization-1-120x45.png 120w\" sizes=\"(max-width: 400px) 100vw, 400px\" \/>\t\t\t\t\t\t\t\t\t\t\t\t\t<\/div>\n\t\t\t\t<\/div>\n\t\t\t\t<\/div>\n\t\t<div class=\"elementor-element elementor-element-edb4037 brands tier2 e-con-full e-flex e-con e-child\" data-id=\"edb4037\" data-element_type=\"container\">\n\t\t\t\t<div class=\"elementor-element elementor-element-87aec00 elementor-widget elementor-widget-image\" data-id=\"87aec00\" data-element_type=\"widget\" data-widget_type=\"image.default\">\n\t\t\t\t<div class=\"elementor-widget-container\">\n\t\t\t\t\t\t\t\t\t\t\t\t\t<img loading=\"lazy\" decoding=\"async\" width=\"1000\" height=\"250\" src=\"https:\/\/wdc2024.org\/es\/wp-content\/uploads\/sites\/2\/2024\/04\/Prebys-Foundation-Logo-png.png\" class=\"attachment-full size-full wp-image-1152\" alt=\"\" srcset=\"https:\/\/wdc2024.org\/es\/wp-content\/uploads\/sites\/2\/2024\/04\/Prebys-Foundation-Logo-png.png 1000w, https:\/\/wdc2024.org\/es\/wp-content\/uploads\/sites\/2\/2024\/04\/Prebys-Foundation-Logo-png-250x63.png 250w, https:\/\/wdc2024.org\/es\/wp-content\/uploads\/sites\/2\/2024\/04\/Prebys-Foundation-Logo-png-700x175.png 700w, https:\/\/wdc2024.org\/es\/wp-content\/uploads\/sites\/2\/2024\/04\/Prebys-Foundation-Logo-png-768x192.png 768w, https:\/\/wdc2024.org\/es\/wp-content\/uploads\/sites\/2\/2024\/04\/Prebys-Foundation-Logo-png-120x30.png 120w\" sizes=\"(max-width: 1000px) 100vw, 1000px\" \/>\t\t\t\t\t\t\t\t\t\t\t\t\t<\/div>\n\t\t\t\t<\/div>\n\t\t\t\t<div class=\"elementor-element elementor-element-72ad663 elementor-widget elementor-widget-image\" data-id=\"72ad663\" data-element_type=\"widget\" data-widget_type=\"image.default\">\n\t\t\t\t<div class=\"elementor-widget-container\">\n\t\t\t\t\t\t\t\t\t\t\t\t\t<img loading=\"lazy\" decoding=\"async\" width=\"250\" height=\"156\" src=\"https:\/\/wdc2024.org\/es\/wp-content\/uploads\/sites\/2\/2024\/04\/Burnham-1-1-250x156-1.png\" class=\"attachment-full size-full wp-image-1153\" alt=\"\" srcset=\"https:\/\/wdc2024.org\/es\/wp-content\/uploads\/sites\/2\/2024\/04\/Burnham-1-1-250x156-1.png 250w, https:\/\/wdc2024.org\/es\/wp-content\/uploads\/sites\/2\/2024\/04\/Burnham-1-1-250x156-1-120x75.png 120w\" sizes=\"(max-width: 250px) 100vw, 250px\" \/>\t\t\t\t\t\t\t\t\t\t\t\t\t<\/div>\n\t\t\t\t<\/div>\n\t\t\t\t<\/div>\n\t\t<div class=\"elementor-element elementor-element-368af18 brands tier3 e-con-full e-flex e-con e-child\" data-id=\"368af18\" data-element_type=\"container\">\n\t\t\t\t<div class=\"elementor-element elementor-element-2c89fcd elementor-widget elementor-widget-image\" data-id=\"2c89fcd\" data-element_type=\"widget\" data-widget_type=\"image.default\">\n\t\t\t\t<div class=\"elementor-widget-container\">\n\t\t\t\t\t\t\t\t\t\t\t\t\t<img loading=\"lazy\" decoding=\"async\" width=\"257\" height=\"250\" src=\"https:\/\/wdc2024.org\/es\/wp-content\/uploads\/sites\/2\/2024\/04\/SanDiegToursimAuthority-2.png\" class=\"attachment-full size-full wp-image-1154\" alt=\"\" srcset=\"https:\/\/wdc2024.org\/es\/wp-content\/uploads\/sites\/2\/2024\/04\/SanDiegToursimAuthority-2.png 257w, https:\/\/wdc2024.org\/es\/wp-content\/uploads\/sites\/2\/2024\/04\/SanDiegToursimAuthority-2-250x243.png 250w, https:\/\/wdc2024.org\/es\/wp-content\/uploads\/sites\/2\/2024\/04\/SanDiegToursimAuthority-2-120x117.png 120w\" sizes=\"(max-width: 257px) 100vw, 257px\" \/>\t\t\t\t\t\t\t\t\t\t\t\t\t<\/div>\n\t\t\t\t<\/div>\n\t\t\t\t<\/div>\n\t\t<div class=\"elementor-element elementor-element-48b0cca brands tier4 e-con-full e-flex e-con e-child\" data-id=\"48b0cca\" data-element_type=\"container\">\n\t\t\t\t<div class=\"elementor-element elementor-element-018d80c elementor-widget elementor-widget-image\" data-id=\"018d80c\" data-element_type=\"widget\" data-widget_type=\"image.default\">\n\t\t\t\t<div class=\"elementor-widget-container\">\n\t\t\t\t\t\t\t\t\t\t\t\t\t<img decoding=\"async\" src=\"https:\/\/wdc2024.org\/es\/wp-content\/uploads\/sites\/2\/elementor\/thumbs\/MalinBurnham-r82a0xh5s245sb4bu6o09qsi6iafkyr4pk4p6qh728.png\" title=\"MalinBurnham.png\" alt=\"MalinBurnham.png\" loading=\"lazy\" \/>\t\t\t\t\t\t\t\t\t\t\t\t\t<\/div>\n\t\t\t\t<\/div>\n\t\t\t\t<div class=\"elementor-element elementor-element-02edaa9 elementor-widget elementor-widget-image\" data-id=\"02edaa9\" data-element_type=\"widget\" data-widget_type=\"image.default\">\n\t\t\t\t<div class=\"elementor-widget-container\">\n\t\t\t\t\t\t\t\t\t\t\t\t\t<img decoding=\"async\" src=\"https:\/\/wdc2024.org\/es\/wp-content\/uploads\/sites\/2\/elementor\/thumbs\/wtf-logo-2020-r82a1346x2c1g7qxqjxnoalo93hetlj1uws7fmh0qo.png\" title=\"wtf-logo-2020.png\" alt=\"wtf-logo-2020.png\" loading=\"lazy\" \/>\t\t\t\t\t\t\t\t\t\t\t\t\t<\/div>\n\t\t\t\t<\/div>\n\t\t\t\t<div class=\"elementor-element elementor-element-bba9257 elementor-widget elementor-widget-image\" data-id=\"bba9257\" data-element_type=\"widget\" data-widget_type=\"image.default\">\n\t\t\t\t<div class=\"elementor-widget-container\">\n\t\t\t\t\t\t\t\t\t\t\t\t\t<img decoding=\"async\" src=\"https:\/\/wdc2024.org\/es\/wp-content\/uploads\/sites\/2\/elementor\/thumbs\/dfa_logo_black-r82a126cq8ar4lsaw1j13su7npm1lwfbis4pycieww.png\" title=\"dfa_logo_black.png\" alt=\"dfa_logo_black.png\" loading=\"lazy\" \/>\t\t\t\t\t\t\t\t\t\t\t\t\t<\/div>\n\t\t\t\t<\/div>\n\t\t\t\t<div class=\"elementor-element elementor-element-704f619 elementor-widget elementor-widget-image\" data-id=\"704f619\" data-element_type=\"widget\" data-widget_type=\"image.default\">\n\t\t\t\t<div class=\"elementor-widget-container\">\n\t\t\t\t\t\t\t\t\t\t\t\t\t<img decoding=\"async\" src=\"https:\/\/wdc2024.org\/es\/wp-content\/uploads\/sites\/2\/elementor\/thumbs\/cbx-r82a126cq8axobc2odwm8h3tdqpsezghyaotsw775s.png\" title=\"cbx.png\" alt=\"cbx.png\" loading=\"lazy\" \/>\t\t\t\t\t\t\t\t\t\t\t\t\t<\/div>\n\t\t\t\t<\/div>\n\t\t\t\t<\/div>\n\t\t<div class=\"elementor-element elementor-element-f6e9327 brands tier5 e-con-full e-flex e-con e-child\" data-id=\"f6e9327\" data-element_type=\"container\">\n\t\t\t\t<div class=\"elementor-element elementor-element-f22c76e elementor-widget elementor-widget-image\" data-id=\"f22c76e\" data-element_type=\"widget\" data-widget_type=\"image.default\">\n\t\t\t\t<div class=\"elementor-widget-container\">\n\t\t\t\t\t\t\t\t\t\t\t\t\t<img loading=\"lazy\" decoding=\"async\" width=\"250\" height=\"49\" src=\"https:\/\/wdc2024.org\/es\/wp-content\/uploads\/sites\/2\/2024\/04\/qc_logo_flt_rgb_blu_pos-250x49-1.png\" class=\"attachment-full size-full wp-image-1158\" alt=\"\" srcset=\"https:\/\/wdc2024.org\/es\/wp-content\/uploads\/sites\/2\/2024\/04\/qc_logo_flt_rgb_blu_pos-250x49-1.png 250w, https:\/\/wdc2024.org\/es\/wp-content\/uploads\/sites\/2\/2024\/04\/qc_logo_flt_rgb_blu_pos-250x49-1-120x24.png 120w\" sizes=\"(max-width: 250px) 100vw, 250px\" \/>\t\t\t\t\t\t\t\t\t\t\t\t\t<\/div>\n\t\t\t\t<\/div>\n\t\t\t\t<div class=\"elementor-element elementor-element-240c8e4 elementor-widget elementor-widget-image\" data-id=\"240c8e4\" data-element_type=\"widget\" data-widget_type=\"image.default\">\n\t\t\t\t<div class=\"elementor-widget-container\">\n\t\t\t\t\t\t\t\t\t\t\t\t\t<img loading=\"lazy\" decoding=\"async\" width=\"1046\" height=\"875\" src=\"https:\/\/wdc2024.org\/es\/wp-content\/uploads\/sites\/2\/2024\/04\/image-e1710283769152.png\" class=\"attachment-full size-full wp-image-1159\" alt=\"\" srcset=\"https:\/\/wdc2024.org\/es\/wp-content\/uploads\/sites\/2\/2024\/04\/image-e1710283769152.png 1046w, https:\/\/wdc2024.org\/es\/wp-content\/uploads\/sites\/2\/2024\/04\/image-e1710283769152-250x209.png 250w, https:\/\/wdc2024.org\/es\/wp-content\/uploads\/sites\/2\/2024\/04\/image-e1710283769152-700x586.png 700w, https:\/\/wdc2024.org\/es\/wp-content\/uploads\/sites\/2\/2024\/04\/image-e1710283769152-768x642.png 768w, https:\/\/wdc2024.org\/es\/wp-content\/uploads\/sites\/2\/2024\/04\/image-e1710283769152-120x100.png 120w\" sizes=\"(max-width: 1046px) 100vw, 1046px\" \/>\t\t\t\t\t\t\t\t\t\t\t\t\t<\/div>\n\t\t\t\t<\/div>\n\t\t\t\t<div class=\"elementor-element elementor-element-a2e4c0e elementor-widget elementor-widget-image\" data-id=\"a2e4c0e\" data-element_type=\"widget\" data-widget_type=\"image.default\">\n\t\t\t\t<div class=\"elementor-widget-container\">\n\t\t\t\t\t\t\t\t\t\t\t\t\t<img loading=\"lazy\" decoding=\"async\" width=\"244\" height=\"56\" src=\"https:\/\/wdc2024.org\/es\/wp-content\/uploads\/sites\/2\/2024\/04\/proccopio.png\" class=\"attachment-full size-full wp-image-1160\" alt=\"\" srcset=\"https:\/\/wdc2024.org\/es\/wp-content\/uploads\/sites\/2\/2024\/04\/proccopio.png 244w, https:\/\/wdc2024.org\/es\/wp-content\/uploads\/sites\/2\/2024\/04\/proccopio-120x28.png 120w\" sizes=\"(max-width: 244px) 100vw, 244px\" \/>\t\t\t\t\t\t\t\t\t\t\t\t\t<\/div>\n\t\t\t\t<\/div>\n\t\t\t\t<div class=\"elementor-element elementor-element-0cc7731 elementor-widget elementor-widget-image\" data-id=\"0cc7731\" data-element_type=\"widget\" data-widget_type=\"image.default\">\n\t\t\t\t<div class=\"elementor-widget-container\">\n\t\t\t\t\t\t\t\t\t\t\t\t\t<img loading=\"lazy\" decoding=\"async\" width=\"450\" height=\"94\" src=\"https:\/\/wdc2024.org\/es\/wp-content\/uploads\/sites\/2\/2024\/04\/ff-logo-horizontal-BLACK.png\" class=\"attachment-full size-full wp-image-1161\" alt=\"\" srcset=\"https:\/\/wdc2024.org\/es\/wp-content\/uploads\/sites\/2\/2024\/04\/ff-logo-horizontal-BLACK.png 450w, https:\/\/wdc2024.org\/es\/wp-content\/uploads\/sites\/2\/2024\/04\/ff-logo-horizontal-BLACK-250x52.png 250w, https:\/\/wdc2024.org\/es\/wp-content\/uploads\/sites\/2\/2024\/04\/ff-logo-horizontal-BLACK-120x25.png 120w\" sizes=\"(max-width: 450px) 100vw, 450px\" \/>\t\t\t\t\t\t\t\t\t\t\t\t\t<\/div>\n\t\t\t\t<\/div>\n\t\t\t\t<div class=\"elementor-element elementor-element-d60d5cf elementor-widget elementor-widget-image\" data-id=\"d60d5cf\" data-element_type=\"widget\" data-widget_type=\"image.default\">\n\t\t\t\t<div class=\"elementor-widget-container\">\n\t\t\t\t\t\t\t\t\t\t\t\t\t<img loading=\"lazy\" decoding=\"async\" width=\"1280\" height=\"420\" src=\"https:\/\/wdc2024.org\/es\/wp-content\/uploads\/sites\/2\/2024\/04\/large-ARE_Brand_Lockup.png\" class=\"attachment-full size-full wp-image-1162\" alt=\"\" srcset=\"https:\/\/wdc2024.org\/es\/wp-content\/uploads\/sites\/2\/2024\/04\/large-ARE_Brand_Lockup.png 1280w, https:\/\/wdc2024.org\/es\/wp-content\/uploads\/sites\/2\/2024\/04\/large-ARE_Brand_Lockup-250x82.png 250w, https:\/\/wdc2024.org\/es\/wp-content\/uploads\/sites\/2\/2024\/04\/large-ARE_Brand_Lockup-700x230.png 700w, https:\/\/wdc2024.org\/es\/wp-content\/uploads\/sites\/2\/2024\/04\/large-ARE_Brand_Lockup-768x252.png 768w, https:\/\/wdc2024.org\/es\/wp-content\/uploads\/sites\/2\/2024\/04\/large-ARE_Brand_Lockup-120x39.png 120w\" sizes=\"(max-width: 1280px) 100vw, 1280px\" \/>\t\t\t\t\t\t\t\t\t\t\t\t\t<\/div>\n\t\t\t\t<\/div>\n\t\t\t\t<\/div>\n\t\t<div class=\"elementor-element elementor-element-a47602f brands tier5 e-con-full e-flex e-con e-child\" data-id=\"a47602f\" data-element_type=\"container\">\n\t\t\t\t<div class=\"elementor-element elementor-element-cb5e597 elementor-widget elementor-widget-image\" data-id=\"cb5e597\" data-element_type=\"widget\" data-widget_type=\"image.default\">\n\t\t\t\t<div class=\"elementor-widget-container\">\n\t\t\t\t\t\t\t\t\t\t\t\t\t<img loading=\"lazy\" decoding=\"async\" width=\"341\" height=\"143\" src=\"https:\/\/wdc2024.org\/es\/wp-content\/uploads\/sites\/2\/2024\/04\/Vesta.png\" class=\"attachment-full size-full wp-image-1163\" alt=\"\" srcset=\"https:\/\/wdc2024.org\/es\/wp-content\/uploads\/sites\/2\/2024\/04\/Vesta.png 341w, https:\/\/wdc2024.org\/es\/wp-content\/uploads\/sites\/2\/2024\/04\/Vesta-250x105.png 250w, https:\/\/wdc2024.org\/es\/wp-content\/uploads\/sites\/2\/2024\/04\/Vesta-120x50.png 120w\" sizes=\"(max-width: 341px) 100vw, 341px\" \/>\t\t\t\t\t\t\t\t\t\t\t\t\t<\/div>\n\t\t\t\t<\/div>\n\t\t\t\t<\/div>\n\t\t<div class=\"elementor-element elementor-element-c786d35 brands tier5 e-con-full e-flex e-con e-child\" data-id=\"c786d35\" data-element_type=\"container\">\n\t\t\t\t<div class=\"elementor-element elementor-element-5923c8a elementor-widget elementor-widget-image\" data-id=\"5923c8a\" data-element_type=\"widget\" data-widget_type=\"image.default\">\n\t\t\t\t<div class=\"elementor-widget-container\">\n\t\t\t\t\t\t\t\t\t\t\t\t\t<img loading=\"lazy\" decoding=\"async\" width=\"400\" height=\"58\" src=\"https:\/\/wdc2024.org\/es\/wp-content\/uploads\/sites\/2\/2024\/04\/carleton.png\" class=\"attachment-full size-full wp-image-1248\" alt=\"\" srcset=\"https:\/\/wdc2024.org\/es\/wp-content\/uploads\/sites\/2\/2024\/04\/carleton.png 400w, https:\/\/wdc2024.org\/es\/wp-content\/uploads\/sites\/2\/2024\/04\/carleton-250x36.png 250w, https:\/\/wdc2024.org\/es\/wp-content\/uploads\/sites\/2\/2024\/04\/carleton-120x17.png 120w\" sizes=\"(max-width: 400px) 100vw, 400px\" \/>\t\t\t\t\t\t\t\t\t\t\t\t\t<\/div>\n\t\t\t\t<\/div>\n\t\t\t\t<div class=\"elementor-element elementor-element-54f1f99 elementor-widget elementor-widget-image\" data-id=\"54f1f99\" data-element_type=\"widget\" data-widget_type=\"image.default\">\n\t\t\t\t<div class=\"elementor-widget-container\">\n\t\t\t\t\t\t\t\t\t\t\t\t\t<img loading=\"lazy\" decoding=\"async\" width=\"2651\" height=\"638\" src=\"https:\/\/wdc2024.org\/es\/wp-content\/uploads\/sites\/2\/2024\/04\/illumina-full_logo.png\" class=\"attachment-full size-full wp-image-1249\" alt=\"\" srcset=\"https:\/\/wdc2024.org\/es\/wp-content\/uploads\/sites\/2\/2024\/04\/illumina-full_logo.png 2651w, https:\/\/wdc2024.org\/es\/wp-content\/uploads\/sites\/2\/2024\/04\/illumina-full_logo-250x60.png 250w, https:\/\/wdc2024.org\/es\/wp-content\/uploads\/sites\/2\/2024\/04\/illumina-full_logo-700x168.png 700w, https:\/\/wdc2024.org\/es\/wp-content\/uploads\/sites\/2\/2024\/04\/illumina-full_logo-768x185.png 768w, https:\/\/wdc2024.org\/es\/wp-content\/uploads\/sites\/2\/2024\/04\/illumina-full_logo-1536x370.png 1536w, https:\/\/wdc2024.org\/es\/wp-content\/uploads\/sites\/2\/2024\/04\/illumina-full_logo-2048x493.png 2048w, https:\/\/wdc2024.org\/es\/wp-content\/uploads\/sites\/2\/2024\/04\/illumina-full_logo-120x29.png 120w\" sizes=\"(max-width: 2651px) 100vw, 2651px\" \/>\t\t\t\t\t\t\t\t\t\t\t\t\t<\/div>\n\t\t\t\t<\/div>\n\t\t\t\t<div class=\"elementor-element elementor-element-e5fe11d elementor-widget elementor-widget-image\" data-id=\"e5fe11d\" data-element_type=\"widget\" data-widget_type=\"image.default\">\n\t\t\t\t<div class=\"elementor-widget-container\">\n\t\t\t\t\t\t\t\t\t\t\t\t\t<img decoding=\"async\" src=\"https:\/\/wdc2024.org\/es\/wp-content\/uploads\/sites\/2\/elementor\/thumbs\/SteveStephanieWilliams-1-r82a0zcu5q712k286rlc8tr162tr2me0c13cefe6m8.png\" title=\"SteveStephanieWilliams-1.png\" alt=\"SteveStephanieWilliams-1.png\" loading=\"lazy\" \/>\t\t\t\t\t\t\t\t\t\t\t\t\t<\/div>\n\t\t\t\t<\/div>\n\t\t\t\t<div class=\"elementor-element elementor-element-071c876 elementor-widget elementor-widget-image\" data-id=\"071c876\" data-element_type=\"widget\" data-widget_type=\"image.default\">\n\t\t\t\t<div class=\"elementor-widget-container\">\n\t\t\t\t\t\t\t\t\t\t\t\t\t<img loading=\"lazy\" decoding=\"async\" width=\"2560\" height=\"523\" src=\"https:\/\/wdc2024.org\/es\/wp-content\/uploads\/sites\/2\/2024\/04\/TippettFdnLogo-scaled-1.jpg\" class=\"attachment-full size-full wp-image-1251\" alt=\"\" srcset=\"https:\/\/wdc2024.org\/es\/wp-content\/uploads\/sites\/2\/2024\/04\/TippettFdnLogo-scaled-1.jpg 2560w, https:\/\/wdc2024.org\/es\/wp-content\/uploads\/sites\/2\/2024\/04\/TippettFdnLogo-scaled-1-250x51.jpg 250w, https:\/\/wdc2024.org\/es\/wp-content\/uploads\/sites\/2\/2024\/04\/TippettFdnLogo-scaled-1-700x143.jpg 700w, https:\/\/wdc2024.org\/es\/wp-content\/uploads\/sites\/2\/2024\/04\/TippettFdnLogo-scaled-1-768x157.jpg 768w, https:\/\/wdc2024.org\/es\/wp-content\/uploads\/sites\/2\/2024\/04\/TippettFdnLogo-scaled-1-1536x314.jpg 1536w, https:\/\/wdc2024.org\/es\/wp-content\/uploads\/sites\/2\/2024\/04\/TippettFdnLogo-scaled-1-2048x418.jpg 2048w, https:\/\/wdc2024.org\/es\/wp-content\/uploads\/sites\/2\/2024\/04\/TippettFdnLogo-scaled-1-120x25.jpg 120w\" sizes=\"(max-width: 2560px) 100vw, 2560px\" \/>\t\t\t\t\t\t\t\t\t\t\t\t\t<\/div>\n\t\t\t\t<\/div>\n\t\t\t\t<\/div>\n\t\t<div class=\"elementor-element elementor-element-29b1159 brands tier5 e-con-full e-flex e-con e-child\" data-id=\"29b1159\" data-element_type=\"container\">\n\t\t\t\t<div class=\"elementor-element elementor-element-873d0b5 elementor-widget elementor-widget-image\" data-id=\"873d0b5\" data-element_type=\"widget\" data-widget_type=\"image.default\">\n\t\t\t\t<div class=\"elementor-widget-container\">\n\t\t\t\t\t\t\t\t\t\t\t\t\t<img loading=\"lazy\" decoding=\"async\" width=\"459\" height=\"205\" src=\"https:\/\/wdc2024.org\/es\/wp-content\/uploads\/sites\/2\/2024\/04\/MaryWalshok-1.png\" class=\"attachment-full size-full wp-image-1252\" alt=\"\" srcset=\"https:\/\/wdc2024.org\/es\/wp-content\/uploads\/sites\/2\/2024\/04\/MaryWalshok-1.png 459w, https:\/\/wdc2024.org\/es\/wp-content\/uploads\/sites\/2\/2024\/04\/MaryWalshok-1-250x112.png 250w, https:\/\/wdc2024.org\/es\/wp-content\/uploads\/sites\/2\/2024\/04\/MaryWalshok-1-120x54.png 120w\" sizes=\"(max-width: 459px) 100vw, 459px\" \/>\t\t\t\t\t\t\t\t\t\t\t\t\t<\/div>\n\t\t\t\t<\/div>\n\t\t\t\t<div class=\"elementor-element elementor-element-d0943cf elementor-widget elementor-widget-image\" data-id=\"d0943cf\" data-element_type=\"widget\" data-widget_type=\"image.default\">\n\t\t\t\t<div class=\"elementor-widget-container\">\n\t\t\t\t\t\t\t\t\t\t\t\t\t<img loading=\"lazy\" decoding=\"async\" width=\"459\" height=\"205\" src=\"https:\/\/wdc2024.org\/es\/wp-content\/uploads\/sites\/2\/2024\/04\/DowntownSDPartnership.png\" class=\"attachment-full size-full wp-image-1253\" alt=\"\" srcset=\"https:\/\/wdc2024.org\/es\/wp-content\/uploads\/sites\/2\/2024\/04\/DowntownSDPartnership.png 459w, https:\/\/wdc2024.org\/es\/wp-content\/uploads\/sites\/2\/2024\/04\/DowntownSDPartnership-250x112.png 250w, https:\/\/wdc2024.org\/es\/wp-content\/uploads\/sites\/2\/2024\/04\/DowntownSDPartnership-120x54.png 120w\" sizes=\"(max-width: 459px) 100vw, 459px\" \/>\t\t\t\t\t\t\t\t\t\t\t\t\t<\/div>\n\t\t\t\t<\/div>\n\t\t\t\t<div class=\"elementor-element elementor-element-9d45739 elementor-widget elementor-widget-image\" data-id=\"9d45739\" data-element_type=\"widget\" data-widget_type=\"image.default\">\n\t\t\t\t<div class=\"elementor-widget-container\">\n\t\t\t\t\t\t\t\t\t\t\t\t\t<img loading=\"lazy\" decoding=\"async\" width=\"400\" height=\"198\" src=\"https:\/\/wdc2024.org\/es\/wp-content\/uploads\/sites\/2\/2024\/04\/Fusion.png\" class=\"attachment-full size-full wp-image-1254\" alt=\"\" srcset=\"https:\/\/wdc2024.org\/es\/wp-content\/uploads\/sites\/2\/2024\/04\/Fusion.png 400w, https:\/\/wdc2024.org\/es\/wp-content\/uploads\/sites\/2\/2024\/04\/Fusion-250x124.png 250w, https:\/\/wdc2024.org\/es\/wp-content\/uploads\/sites\/2\/2024\/04\/Fusion-120x59.png 120w\" sizes=\"(max-width: 400px) 100vw, 400px\" \/>\t\t\t\t\t\t\t\t\t\t\t\t\t<\/div>\n\t\t\t\t<\/div>\n\t\t\t\t<div class=\"elementor-element elementor-element-2422b4d elementor-widget elementor-widget-image\" data-id=\"2422b4d\" data-element_type=\"widget\" data-widget_type=\"image.default\">\n\t\t\t\t<div class=\"elementor-widget-container\">\n\t\t\t\t\t\t\t\t\t\t\t\t\t<img loading=\"lazy\" decoding=\"async\" width=\"201\" height=\"198\" src=\"https:\/\/wdc2024.org\/es\/wp-content\/uploads\/sites\/2\/2024\/04\/Lattatore.png\" class=\"attachment-full size-full wp-image-1255\" alt=\"\" srcset=\"https:\/\/wdc2024.org\/es\/wp-content\/uploads\/sites\/2\/2024\/04\/Lattatore.png 201w, https:\/\/wdc2024.org\/es\/wp-content\/uploads\/sites\/2\/2024\/04\/Lattatore-120x118.png 120w\" sizes=\"(max-width: 201px) 100vw, 201px\" \/>\t\t\t\t\t\t\t\t\t\t\t\t\t<\/div>\n\t\t\t\t<\/div>\n\t\t\t\t<div class=\"elementor-element elementor-element-0a0e48e elementor-widget elementor-widget-image\" data-id=\"0a0e48e\" data-element_type=\"widget\" data-widget_type=\"image.default\">\n\t\t\t\t<div class=\"elementor-widget-container\">\n\t\t\t\t\t\t\t\t\t\t\t\t\t<img loading=\"lazy\" decoding=\"async\" width=\"469\" height=\"107\" src=\"https:\/\/wdc2024.org\/es\/wp-content\/uploads\/sites\/2\/2024\/04\/Gensler.png\" class=\"attachment-full size-full wp-image-1256\" alt=\"\" srcset=\"https:\/\/wdc2024.org\/es\/wp-content\/uploads\/sites\/2\/2024\/04\/Gensler.png 469w, https:\/\/wdc2024.org\/es\/wp-content\/uploads\/sites\/2\/2024\/04\/Gensler-250x57.png 250w, https:\/\/wdc2024.org\/es\/wp-content\/uploads\/sites\/2\/2024\/04\/Gensler-120x27.png 120w\" sizes=\"(max-width: 469px) 100vw, 469px\" \/>\t\t\t\t\t\t\t\t\t\t\t\t\t<\/div>\n\t\t\t\t<\/div>\n\t\t\t\t<div class=\"elementor-element elementor-element-afe59f5 elementor-widget elementor-widget-image\" data-id=\"afe59f5\" data-element_type=\"widget\" data-widget_type=\"image.default\">\n\t\t\t\t<div class=\"elementor-widget-container\">\n\t\t\t\t\t\t\t\t\t\t\t\t\t<img loading=\"lazy\" decoding=\"async\" width=\"201\" height=\"80\" src=\"https:\/\/wdc2024.org\/es\/wp-content\/uploads\/sites\/2\/2024\/04\/GoFundMe.png\" class=\"attachment-full size-full wp-image-1257\" alt=\"\" srcset=\"https:\/\/wdc2024.org\/es\/wp-content\/uploads\/sites\/2\/2024\/04\/GoFundMe.png 201w, https:\/\/wdc2024.org\/es\/wp-content\/uploads\/sites\/2\/2024\/04\/GoFundMe-120x48.png 120w\" sizes=\"(max-width: 201px) 100vw, 201px\" \/>\t\t\t\t\t\t\t\t\t\t\t\t\t<\/div>\n\t\t\t\t<\/div>\n\t\t\t\t<\/div>\n\t\t<div class=\"elementor-element elementor-element-ca5afcd brands tier5 e-con-full e-flex e-con e-child\" data-id=\"ca5afcd\" data-element_type=\"container\">\n\t\t\t\t<div class=\"elementor-element elementor-element-da70f37 elementor-widget elementor-widget-image\" data-id=\"da70f37\" data-element_type=\"widget\" data-widget_type=\"image.default\">\n\t\t\t\t<div class=\"elementor-widget-container\">\n\t\t\t\t\t\t\t\t\t\t\t\t\t<img loading=\"lazy\" decoding=\"async\" width=\"464\" height=\"108\" src=\"https:\/\/wdc2024.org\/es\/wp-content\/uploads\/sites\/2\/2024\/04\/MyPoint.png\" class=\"attachment-full size-full wp-image-1258\" alt=\"\" srcset=\"https:\/\/wdc2024.org\/es\/wp-content\/uploads\/sites\/2\/2024\/04\/MyPoint.png 464w, https:\/\/wdc2024.org\/es\/wp-content\/uploads\/sites\/2\/2024\/04\/MyPoint-250x58.png 250w, https:\/\/wdc2024.org\/es\/wp-content\/uploads\/sites\/2\/2024\/04\/MyPoint-120x28.png 120w\" sizes=\"(max-width: 464px) 100vw, 464px\" \/>\t\t\t\t\t\t\t\t\t\t\t\t\t<\/div>\n\t\t\t\t<\/div>\n\t\t\t\t<div class=\"elementor-element elementor-element-5abca29 elementor-widget elementor-widget-image\" data-id=\"5abca29\" data-element_type=\"widget\" data-widget_type=\"image.default\">\n\t\t\t\t<div class=\"elementor-widget-container\">\n\t\t\t\t\t\t\t\t\t\t\t\t\t<img loading=\"lazy\" decoding=\"async\" width=\"767\" height=\"257\" src=\"https:\/\/wdc2024.org\/es\/wp-content\/uploads\/sites\/2\/2024\/04\/UCSanDiegoExtensionLogoHorizWeb.png\" class=\"attachment-full size-full wp-image-1259\" alt=\"\" srcset=\"https:\/\/wdc2024.org\/es\/wp-content\/uploads\/sites\/2\/2024\/04\/UCSanDiegoExtensionLogoHorizWeb.png 767w, https:\/\/wdc2024.org\/es\/wp-content\/uploads\/sites\/2\/2024\/04\/UCSanDiegoExtensionLogoHorizWeb-250x84.png 250w, https:\/\/wdc2024.org\/es\/wp-content\/uploads\/sites\/2\/2024\/04\/UCSanDiegoExtensionLogoHorizWeb-700x235.png 700w, https:\/\/wdc2024.org\/es\/wp-content\/uploads\/sites\/2\/2024\/04\/UCSanDiegoExtensionLogoHorizWeb-120x40.png 120w\" sizes=\"(max-width: 767px) 100vw, 767px\" \/>\t\t\t\t\t\t\t\t\t\t\t\t\t<\/div>\n\t\t\t\t<\/div>\n\t\t\t\t<div class=\"elementor-element elementor-element-a58a244 elementor-widget elementor-widget-image\" data-id=\"a58a244\" data-element_type=\"widget\" data-widget_type=\"image.default\">\n\t\t\t\t<div class=\"elementor-widget-container\">\n\t\t\t\t\t\t\t\t\t\t\t\t\t<img decoding=\"async\" src=\"https:\/\/wdc2024.org\/es\/wp-content\/uploads\/sites\/2\/elementor\/thumbs\/BakerMcKenzie-r82a0tpt0pz938jzo3abz5l9kdr4nuki1wmnbgz1ts.png\" title=\"BakerMcKenzie.png\" alt=\"BakerMcKenzie.png\" loading=\"lazy\" \/>\t\t\t\t\t\t\t\t\t\t\t\t\t<\/div>\n\t\t\t\t<\/div>\n\t\t\t\t<div class=\"elementor-element elementor-element-d9c9364 elementor-widget elementor-widget-image\" data-id=\"d9c9364\" data-element_type=\"widget\" data-widget_type=\"image.default\">\n\t\t\t\t<div class=\"elementor-widget-container\">\n\t\t\t\t\t\t\t\t\t\t\t\t\t<img decoding=\"async\" src=\"https:\/\/wdc2024.org\/es\/wp-content\/uploads\/sites\/2\/elementor\/thumbs\/JulieDon-r82a0wjbl8320epgs0mytxanb5it6coksy1bk07dhc.png\" title=\"JulieDon.png\" alt=\"JulieDon.png\" loading=\"lazy\" \/>\t\t\t\t\t\t\t\t\t\t\t\t\t<\/div>\n\t\t\t\t<\/div>\n\t\t\t\t<div class=\"elementor-element elementor-element-7a4db40 elementor-widget elementor-widget-image\" data-id=\"7a4db40\" data-element_type=\"widget\" data-widget_type=\"image.default\">\n\t\t\t\t<div class=\"elementor-widget-container\">\n\t\t\t\t\t\t\t\t\t\t\t\t\t<img loading=\"lazy\" decoding=\"async\" width=\"118\" height=\"80\" src=\"https:\/\/wdc2024.org\/es\/wp-content\/uploads\/sites\/2\/2024\/04\/CaliBaja.png\" class=\"attachment-full size-full wp-image-1262\" alt=\"\" \/>\t\t\t\t\t\t\t\t\t\t\t\t\t<\/div>\n\t\t\t\t<\/div>\n\t\t\t\t<div class=\"elementor-element elementor-element-10ad956 elementor-widget elementor-widget-image\" data-id=\"10ad956\" data-element_type=\"widget\" data-widget_type=\"image.default\">\n\t\t\t\t<div class=\"elementor-widget-container\">\n\t\t\t\t\t\t\t\t\t\t\t\t\t<img loading=\"lazy\" decoding=\"async\" width=\"250\" height=\"70\" src=\"https:\/\/wdc2024.org\/es\/wp-content\/uploads\/sites\/2\/2024\/04\/AndreuWorld-cropped.png\" class=\"attachment-full size-full wp-image-1263\" alt=\"\" srcset=\"https:\/\/wdc2024.org\/es\/wp-content\/uploads\/sites\/2\/2024\/04\/AndreuWorld-cropped.png 250w, https:\/\/wdc2024.org\/es\/wp-content\/uploads\/sites\/2\/2024\/04\/AndreuWorld-cropped-120x34.png 120w\" sizes=\"(max-width: 250px) 100vw, 250px\" \/>\t\t\t\t\t\t\t\t\t\t\t\t\t<\/div>\n\t\t\t\t<\/div>\n\t\t\t\t<div class=\"elementor-element elementor-element-8d88bfc elementor-widget elementor-widget-image\" data-id=\"8d88bfc\" data-element_type=\"widget\" data-widget_type=\"image.default\">\n\t\t\t\t<div class=\"elementor-widget-container\">\n\t\t\t\t\t\t\t\t\t\t\t\t\t<img decoding=\"async\" src=\"https:\/\/wdc2024.org\/es\/wp-content\/uploads\/sites\/2\/elementor\/thumbs\/Logo-OXXOmr-e1713182413259-r82a0wjbl83422fw7mi7omvncjd8axvp2al3rauvb4.png\" title=\"Logo-OXXOmr-e1713182413259.png\" alt=\"Logo-OXXOmr-e1713182413259.png\" loading=\"lazy\" \/>\t\t\t\t\t\t\t\t\t\t\t\t\t<\/div>\n\t\t\t\t<\/div>\n\t\t\t\t<\/div>\n\t\t<div class=\"elementor-element elementor-element-d2e4189 e-con-full brands tier5 e-flex e-con e-child\" data-id=\"d2e4189\" data-element_type=\"container\">\n\t\t\t\t<div class=\"elementor-element elementor-element-61aca87 elementor-widget elementor-widget-image\" data-id=\"61aca87\" data-element_type=\"widget\" data-widget_type=\"image.default\">\n\t\t\t\t<div class=\"elementor-widget-container\">\n\t\t\t\t\t\t\t\t\t\t\t\t\t<img decoding=\"async\" src=\"https:\/\/wdc2024.org\/es\/wp-content\/uploads\/sites\/2\/elementor\/thumbs\/ehdd-r82a126cq8ary2h9v32q8vvevgr0gjaytpy8fnz0g0.png\" title=\"ehdd.png\" alt=\"ehdd.png\" loading=\"lazy\" \/>\t\t\t\t\t\t\t\t\t\t\t\t\t<\/div>\n\t\t\t\t<\/div>\n\t\t\t\t<div class=\"elementor-element elementor-element-4c4637f elementor-widget elementor-widget-image\" data-id=\"4c4637f\" data-element_type=\"widget\" data-widget_type=\"image.default\">\n\t\t\t\t<div class=\"elementor-widget-container\">\n\t\t\t\t\t\t\t\t\t\t\t\t\t<img loading=\"lazy\" decoding=\"async\" width=\"273\" height=\"38\" src=\"https:\/\/wdc2024.org\/es\/wp-content\/uploads\/sites\/2\/2024\/04\/JRoberts.png\" class=\"attachment-full size-full wp-image-1266\" alt=\"\" srcset=\"https:\/\/wdc2024.org\/es\/wp-content\/uploads\/sites\/2\/2024\/04\/JRoberts.png 273w, https:\/\/wdc2024.org\/es\/wp-content\/uploads\/sites\/2\/2024\/04\/JRoberts-250x35.png 250w, https:\/\/wdc2024.org\/es\/wp-content\/uploads\/sites\/2\/2024\/04\/JRoberts-120x17.png 120w\" sizes=\"(max-width: 273px) 100vw, 273px\" \/>\t\t\t\t\t\t\t\t\t\t\t\t\t<\/div>\n\t\t\t\t<\/div>\n\t\t\t\t<div class=\"elementor-element elementor-element-5ee068e elementor-widget elementor-widget-image\" data-id=\"5ee068e\" data-element_type=\"widget\" data-widget_type=\"image.default\">\n\t\t\t\t<div class=\"elementor-widget-container\">\n\t\t\t\t\t\t\t\t\t\t\t\t\t<img decoding=\"async\" src=\"https:\/\/wdc2024.org\/es\/wp-content\/uploads\/sites\/2\/elementor\/thumbs\/robert-gleason-and-marc-matys-r82a1346x2c6czwrkt7uissvjmb7xesxojpabj8lxc.png\" title=\"robert-gleason-and-marc-matys.png\" alt=\"robert-gleason-and-marc-matys.png\" loading=\"lazy\" \/>\t\t\t\t\t\t\t\t\t\t\t\t\t<\/div>\n\t\t\t\t<\/div>\n\t\t\t\t<div class=\"elementor-element elementor-element-b00d334 elementor-widget elementor-widget-image\" data-id=\"b00d334\" data-element_type=\"widget\" data-widget_type=\"image.default\">\n\t\t\t\t<div class=\"elementor-widget-container\">\n\t\t\t\t\t\t\t\t\t\t\t\t\t<img loading=\"lazy\" decoding=\"async\" width=\"226\" height=\"223\" src=\"https:\/\/wdc2024.org\/es\/wp-content\/uploads\/sites\/2\/2024\/04\/NewChildrensMuseum.png\" class=\"attachment-full size-full wp-image-1184\" alt=\"\" srcset=\"https:\/\/wdc2024.org\/es\/wp-content\/uploads\/sites\/2\/2024\/04\/NewChildrensMuseum.png 226w, https:\/\/wdc2024.org\/es\/wp-content\/uploads\/sites\/2\/2024\/04\/NewChildrensMuseum-120x118.png 120w\" sizes=\"(max-width: 226px) 100vw, 226px\" \/>\t\t\t\t\t\t\t\t\t\t\t\t\t<\/div>\n\t\t\t\t<\/div>\n\t\t\t\t<div class=\"elementor-element elementor-element-d19c307 elementor-widget elementor-widget-image\" data-id=\"d19c307\" data-element_type=\"widget\" data-widget_type=\"image.default\">\n\t\t\t\t<div class=\"elementor-widget-container\">\n\t\t\t\t\t\t\t\t\t\t\t\t\t<img loading=\"lazy\" decoding=\"async\" width=\"398\" height=\"149\" src=\"https:\/\/wdc2024.org\/es\/wp-content\/uploads\/sites\/2\/2024\/04\/calprivate-bank-logo.png\" class=\"attachment-full size-full wp-image-1268\" alt=\"\" srcset=\"https:\/\/wdc2024.org\/es\/wp-content\/uploads\/sites\/2\/2024\/04\/calprivate-bank-logo.png 398w, https:\/\/wdc2024.org\/es\/wp-content\/uploads\/sites\/2\/2024\/04\/calprivate-bank-logo-250x94.png 250w, https:\/\/wdc2024.org\/es\/wp-content\/uploads\/sites\/2\/2024\/04\/calprivate-bank-logo-120x45.png 120w\" sizes=\"(max-width: 398px) 100vw, 398px\" \/>\t\t\t\t\t\t\t\t\t\t\t\t\t<\/div>\n\t\t\t\t<\/div>\n\t\t\t\t<div class=\"elementor-element elementor-element-a3e57d8 elementor-widget elementor-widget-image\" data-id=\"a3e57d8\" data-element_type=\"widget\" data-widget_type=\"image.default\">\n\t\t\t\t<div class=\"elementor-widget-container\">\n\t\t\t\t\t\t\t\t\t\t\t\t\t<img decoding=\"async\" src=\"https:\/\/wdc2024.org\/es\/wp-content\/uploads\/sites\/2\/elementor\/thumbs\/MichaelFlaster-r82a0xh5s24cc0o3mj1lef23wje6e1sb52ot1a5zb4.png\" title=\"MichaelFlaster.png\" alt=\"MichaelFlaster.png\" loading=\"lazy\" \/>\t\t\t\t\t\t\t\t\t\t\t\t\t<\/div>\n\t\t\t\t<\/div>\n\t\t\t\t<div class=\"elementor-element elementor-element-7669f20 elementor-widget elementor-widget-image\" data-id=\"7669f20\" data-element_type=\"widget\" data-widget_type=\"image.default\">\n\t\t\t\t<div class=\"elementor-widget-container\">\n\t\t\t\t\t\t\t\t\t\t\t\t\t<img loading=\"lazy\" decoding=\"async\" width=\"6000\" height=\"6000\" src=\"https:\/\/wdc2024.org\/es\/wp-content\/uploads\/sites\/2\/2024\/04\/CETYS-Universidad-LOGO.png\" class=\"attachment-full size-full wp-image-1187\" alt=\"\" srcset=\"https:\/\/wdc2024.org\/es\/wp-content\/uploads\/sites\/2\/2024\/04\/CETYS-Universidad-LOGO.png 6000w, https:\/\/wdc2024.org\/es\/wp-content\/uploads\/sites\/2\/2024\/04\/CETYS-Universidad-LOGO-250x250.png 250w, https:\/\/wdc2024.org\/es\/wp-content\/uploads\/sites\/2\/2024\/04\/CETYS-Universidad-LOGO-700x700.png 700w, https:\/\/wdc2024.org\/es\/wp-content\/uploads\/sites\/2\/2024\/04\/CETYS-Universidad-LOGO-150x150.png 150w, https:\/\/wdc2024.org\/es\/wp-content\/uploads\/sites\/2\/2024\/04\/CETYS-Universidad-LOGO-768x768.png 768w, https:\/\/wdc2024.org\/es\/wp-content\/uploads\/sites\/2\/2024\/04\/CETYS-Universidad-LOGO-1536x1536.png 1536w, https:\/\/wdc2024.org\/es\/wp-content\/uploads\/sites\/2\/2024\/04\/CETYS-Universidad-LOGO-2048x2048.png 2048w, https:\/\/wdc2024.org\/es\/wp-content\/uploads\/sites\/2\/2024\/04\/CETYS-Universidad-LOGO-120x120.png 120w\" sizes=\"(max-width: 6000px) 100vw, 6000px\" \/>\t\t\t\t\t\t\t\t\t\t\t\t\t<\/div>\n\t\t\t\t<\/div>\n\t\t\t\t<div class=\"elementor-element elementor-element-e853867 elementor-widget elementor-widget-image\" data-id=\"e853867\" data-element_type=\"widget\" data-widget_type=\"image.default\">\n\t\t\t\t<div class=\"elementor-widget-container\">\n\t\t\t\t\t\t\t\t\t\t\t\t\t<img loading=\"lazy\" decoding=\"async\" width=\"2200\" height=\"2200\" src=\"https:\/\/wdc2024.org\/es\/wp-content\/uploads\/sites\/2\/2024\/04\/Alan-Miranda-Larger.png\" class=\"attachment-full size-full wp-image-1188\" alt=\"\" srcset=\"https:\/\/wdc2024.org\/es\/wp-content\/uploads\/sites\/2\/2024\/04\/Alan-Miranda-Larger.png 2200w, https:\/\/wdc2024.org\/es\/wp-content\/uploads\/sites\/2\/2024\/04\/Alan-Miranda-Larger-250x250.png 250w, https:\/\/wdc2024.org\/es\/wp-content\/uploads\/sites\/2\/2024\/04\/Alan-Miranda-Larger-700x700.png 700w, https:\/\/wdc2024.org\/es\/wp-content\/uploads\/sites\/2\/2024\/04\/Alan-Miranda-Larger-150x150.png 150w, https:\/\/wdc2024.org\/es\/wp-content\/uploads\/sites\/2\/2024\/04\/Alan-Miranda-Larger-768x768.png 768w, https:\/\/wdc2024.org\/es\/wp-content\/uploads\/sites\/2\/2024\/04\/Alan-Miranda-Larger-1536x1536.png 1536w, https:\/\/wdc2024.org\/es\/wp-content\/uploads\/sites\/2\/2024\/04\/Alan-Miranda-Larger-2048x2048.png 2048w, https:\/\/wdc2024.org\/es\/wp-content\/uploads\/sites\/2\/2024\/04\/Alan-Miranda-Larger-120x120.png 120w\" sizes=\"(max-width: 2200px) 100vw, 2200px\" \/>\t\t\t\t\t\t\t\t\t\t\t\t\t<\/div>\n\t\t\t\t<\/div>\n\t\t\t\t<div class=\"elementor-element elementor-element-24613b7 elementor-widget elementor-widget-image\" data-id=\"24613b7\" data-element_type=\"widget\" data-widget_type=\"image.default\">\n\t\t\t\t<div class=\"elementor-widget-container\">\n\t\t\t\t\t\t\t\t\t\t\t\t\t<img loading=\"lazy\" decoding=\"async\" width=\"132\" height=\"85\" src=\"https:\/\/wdc2024.org\/es\/wp-content\/uploads\/sites\/2\/2024\/04\/Screenshot-2024-04-15-051455.png\" class=\"attachment-full size-full wp-image-1189\" alt=\"\" srcset=\"https:\/\/wdc2024.org\/es\/wp-content\/uploads\/sites\/2\/2024\/04\/Screenshot-2024-04-15-051455.png 132w, https:\/\/wdc2024.org\/es\/wp-content\/uploads\/sites\/2\/2024\/04\/Screenshot-2024-04-15-051455-120x77.png 120w\" sizes=\"(max-width: 132px) 100vw, 132px\" \/>\t\t\t\t\t\t\t\t\t\t\t\t\t<\/div>\n\t\t\t\t<\/div>\n\t\t\t\t<div class=\"elementor-element elementor-element-9d3858a elementor-widget elementor-widget-image\" data-id=\"9d3858a\" data-element_type=\"widget\" data-widget_type=\"image.default\">\n\t\t\t\t<div class=\"elementor-widget-container\">\n\t\t\t\t\t\t\t\t\t\t\t\t\t<img loading=\"lazy\" decoding=\"async\" width=\"414\" height=\"180\" src=\"https:\/\/wdc2024.org\/es\/wp-content\/uploads\/sites\/2\/2024\/04\/samuel-lawrence-foundation.png\" class=\"attachment-full size-full wp-image-1270\" alt=\"\" srcset=\"https:\/\/wdc2024.org\/es\/wp-content\/uploads\/sites\/2\/2024\/04\/samuel-lawrence-foundation.png 414w, https:\/\/wdc2024.org\/es\/wp-content\/uploads\/sites\/2\/2024\/04\/samuel-lawrence-foundation-250x109.png 250w, https:\/\/wdc2024.org\/es\/wp-content\/uploads\/sites\/2\/2024\/04\/samuel-lawrence-foundation-120x52.png 120w\" sizes=\"(max-width: 414px) 100vw, 414px\" \/>\t\t\t\t\t\t\t\t\t\t\t\t\t<\/div>\n\t\t\t\t<\/div>\n\t\t\t\t<div class=\"elementor-element elementor-element-fd32a08 elementor-widget elementor-widget-image\" data-id=\"fd32a08\" data-element_type=\"widget\" data-widget_type=\"image.default\">\n\t\t\t\t<div class=\"elementor-widget-container\">\n\t\t\t\t\t\t\t\t\t\t\t\t\t<img loading=\"lazy\" decoding=\"async\" width=\"511\" height=\"128\" src=\"https:\/\/wdc2024.org\/es\/wp-content\/uploads\/sites\/2\/2024\/04\/tecnologico-de-monterrey-cropped.jpg\" class=\"attachment-full size-full wp-image-1271\" alt=\"\" srcset=\"https:\/\/wdc2024.org\/es\/wp-content\/uploads\/sites\/2\/2024\/04\/tecnologico-de-monterrey-cropped.jpg 511w, https:\/\/wdc2024.org\/es\/wp-content\/uploads\/sites\/2\/2024\/04\/tecnologico-de-monterrey-cropped-250x63.jpg 250w, https:\/\/wdc2024.org\/es\/wp-content\/uploads\/sites\/2\/2024\/04\/tecnologico-de-monterrey-cropped-120x30.jpg 120w\" sizes=\"(max-width: 511px) 100vw, 511px\" \/>\t\t\t\t\t\t\t\t\t\t\t\t\t<\/div>\n\t\t\t\t<\/div>\n\t\t\t\t<div class=\"elementor-element elementor-element-49c7045 elementor-widget elementor-widget-image\" data-id=\"49c7045\" data-element_type=\"widget\" data-widget_type=\"image.default\">\n\t\t\t\t<div class=\"elementor-widget-container\">\n\t\t\t\t\t\t\t\t\t\t\t\t\t<img loading=\"lazy\" decoding=\"async\" width=\"419\" height=\"120\" src=\"https:\/\/wdc2024.org\/es\/wp-content\/uploads\/sites\/2\/2024\/04\/smurfit-kappa.png\" class=\"attachment-full size-full wp-image-1272\" alt=\"\" srcset=\"https:\/\/wdc2024.org\/es\/wp-content\/uploads\/sites\/2\/2024\/04\/smurfit-kappa.png 419w, https:\/\/wdc2024.org\/es\/wp-content\/uploads\/sites\/2\/2024\/04\/smurfit-kappa-250x72.png 250w, https:\/\/wdc2024.org\/es\/wp-content\/uploads\/sites\/2\/2024\/04\/smurfit-kappa-120x34.png 120w\" sizes=\"(max-width: 419px) 100vw, 419px\" \/>\t\t\t\t\t\t\t\t\t\t\t\t\t<\/div>\n\t\t\t\t<\/div>\n\t\t\t\t<div class=\"elementor-element elementor-element-df97467 elementor-widget elementor-widget-image\" data-id=\"df97467\" data-element_type=\"widget\" data-widget_type=\"image.default\">\n\t\t\t\t<div class=\"elementor-widget-container\">\n\t\t\t\t\t\t\t\t\t\t\t\t\t<img loading=\"lazy\" decoding=\"async\" width=\"1575\" height=\"552\" src=\"https:\/\/wdc2024.org\/es\/wp-content\/uploads\/sites\/2\/2024\/05\/coca.png\" class=\"attachment-full size-full wp-image-1309\" alt=\"\" srcset=\"https:\/\/wdc2024.org\/es\/wp-content\/uploads\/sites\/2\/2024\/05\/coca.png 1575w, https:\/\/wdc2024.org\/es\/wp-content\/uploads\/sites\/2\/2024\/05\/coca-250x88.png 250w, https:\/\/wdc2024.org\/es\/wp-content\/uploads\/sites\/2\/2024\/05\/coca-700x245.png 700w, https:\/\/wdc2024.org\/es\/wp-content\/uploads\/sites\/2\/2024\/05\/coca-768x269.png 768w, https:\/\/wdc2024.org\/es\/wp-content\/uploads\/sites\/2\/2024\/05\/coca-1536x538.png 1536w, https:\/\/wdc2024.org\/es\/wp-content\/uploads\/sites\/2\/2024\/05\/coca-120x42.png 120w\" sizes=\"(max-width: 1575px) 100vw, 1575px\" \/>\t\t\t\t\t\t\t\t\t\t\t\t\t<\/div>\n\t\t\t\t<\/div>\n\t\t\t\t<div class=\"elementor-element elementor-element-8533303 elementor-widget elementor-widget-image\" data-id=\"8533303\" data-element_type=\"widget\" data-widget_type=\"image.default\">\n\t\t\t\t<div class=\"elementor-widget-container\">\n\t\t\t\t\t\t\t\t\t\t\t\t\t<img loading=\"lazy\" decoding=\"async\" width=\"846\" height=\"471\" src=\"https:\/\/wdc2024.org\/es\/wp-content\/uploads\/sites\/2\/2024\/05\/Screenshot-2024-05-02-121849.png\" class=\"attachment-full size-full wp-image-1310\" alt=\"\" srcset=\"https:\/\/wdc2024.org\/es\/wp-content\/uploads\/sites\/2\/2024\/05\/Screenshot-2024-05-02-121849.png 846w, https:\/\/wdc2024.org\/es\/wp-content\/uploads\/sites\/2\/2024\/05\/Screenshot-2024-05-02-121849-250x139.png 250w, https:\/\/wdc2024.org\/es\/wp-content\/uploads\/sites\/2\/2024\/05\/Screenshot-2024-05-02-121849-700x390.png 700w, https:\/\/wdc2024.org\/es\/wp-content\/uploads\/sites\/2\/2024\/05\/Screenshot-2024-05-02-121849-768x428.png 768w, https:\/\/wdc2024.org\/es\/wp-content\/uploads\/sites\/2\/2024\/05\/Screenshot-2024-05-02-121849-120x67.png 120w\" sizes=\"(max-width: 846px) 100vw, 846px\" \/>\t\t\t\t\t\t\t\t\t\t\t\t\t<\/div>\n\t\t\t\t<\/div>\n\t\t\t\t<div class=\"elementor-element elementor-element-f168114 elementor-widget elementor-widget-image\" data-id=\"f168114\" data-element_type=\"widget\" data-widget_type=\"image.default\">\n\t\t\t\t<div class=\"elementor-widget-container\">\n\t\t\t\t\t\t\t\t\t\t\t\t\t<img loading=\"lazy\" decoding=\"async\" width=\"1417\" height=\"386\" src=\"https:\/\/wdc2024.org\/es\/wp-content\/uploads\/sites\/2\/2024\/05\/Logo-Calimax-Color-Corp-1.png\" class=\"attachment-full size-full wp-image-1312\" alt=\"\" srcset=\"https:\/\/wdc2024.org\/es\/wp-content\/uploads\/sites\/2\/2024\/05\/Logo-Calimax-Color-Corp-1.png 1417w, https:\/\/wdc2024.org\/es\/wp-content\/uploads\/sites\/2\/2024\/05\/Logo-Calimax-Color-Corp-1-250x68.png 250w, https:\/\/wdc2024.org\/es\/wp-content\/uploads\/sites\/2\/2024\/05\/Logo-Calimax-Color-Corp-1-700x191.png 700w, https:\/\/wdc2024.org\/es\/wp-content\/uploads\/sites\/2\/2024\/05\/Logo-Calimax-Color-Corp-1-768x209.png 768w, https:\/\/wdc2024.org\/es\/wp-content\/uploads\/sites\/2\/2024\/05\/Logo-Calimax-Color-Corp-1-120x33.png 120w\" sizes=\"(max-width: 1417px) 100vw, 1417px\" \/>\t\t\t\t\t\t\t\t\t\t\t\t\t<\/div>\n\t\t\t\t<\/div>\n\t\t\t\t<div class=\"elementor-element elementor-element-bb89808 elementor-widget elementor-widget-image\" data-id=\"bb89808\" data-element_type=\"widget\" data-widget_type=\"image.default\">\n\t\t\t\t<div class=\"elementor-widget-container\">\n\t\t\t\t\t\t\t\t\t\t\t\t\t<img loading=\"lazy\" decoding=\"async\" width=\"2550\" height=\"2338\" src=\"https:\/\/wdc2024.org\/es\/wp-content\/uploads\/sites\/2\/2024\/05\/Bol-Corona-Logo-Kit-Vector-01.png\" class=\"attachment-full size-full wp-image-1313\" alt=\"\" srcset=\"https:\/\/wdc2024.org\/es\/wp-content\/uploads\/sites\/2\/2024\/05\/Bol-Corona-Logo-Kit-Vector-01.png 2550w, https:\/\/wdc2024.org\/es\/wp-content\/uploads\/sites\/2\/2024\/05\/Bol-Corona-Logo-Kit-Vector-01-250x229.png 250w, https:\/\/wdc2024.org\/es\/wp-content\/uploads\/sites\/2\/2024\/05\/Bol-Corona-Logo-Kit-Vector-01-700x642.png 700w, https:\/\/wdc2024.org\/es\/wp-content\/uploads\/sites\/2\/2024\/05\/Bol-Corona-Logo-Kit-Vector-01-768x704.png 768w, https:\/\/wdc2024.org\/es\/wp-content\/uploads\/sites\/2\/2024\/05\/Bol-Corona-Logo-Kit-Vector-01-1536x1408.png 1536w, https:\/\/wdc2024.org\/es\/wp-content\/uploads\/sites\/2\/2024\/05\/Bol-Corona-Logo-Kit-Vector-01-2048x1878.png 2048w, https:\/\/wdc2024.org\/es\/wp-content\/uploads\/sites\/2\/2024\/05\/Bol-Corona-Logo-Kit-Vector-01-120x110.png 120w\" sizes=\"(max-width: 2550px) 100vw, 2550px\" \/>\t\t\t\t\t\t\t\t\t\t\t\t\t<\/div>\n\t\t\t\t<\/div>\n\t\t\t\t<div class=\"elementor-element elementor-element-4158965 elementor-widget elementor-widget-image\" data-id=\"4158965\" data-element_type=\"widget\" data-widget_type=\"image.default\">\n\t\t\t\t<div class=\"elementor-widget-container\">\n\t\t\t\t\t\t\t\t\t\t\t\t\t<img loading=\"lazy\" decoding=\"async\" width=\"960\" height=\"288\" src=\"https:\/\/wdc2024.org\/es\/wp-content\/uploads\/sites\/2\/2024\/05\/logo-cenaduria.jpg\" class=\"attachment-full size-full wp-image-1314\" alt=\"\" srcset=\"https:\/\/wdc2024.org\/es\/wp-content\/uploads\/sites\/2\/2024\/05\/logo-cenaduria.jpg 960w, https:\/\/wdc2024.org\/es\/wp-content\/uploads\/sites\/2\/2024\/05\/logo-cenaduria-250x75.jpg 250w, https:\/\/wdc2024.org\/es\/wp-content\/uploads\/sites\/2\/2024\/05\/logo-cenaduria-700x210.jpg 700w, https:\/\/wdc2024.org\/es\/wp-content\/uploads\/sites\/2\/2024\/05\/logo-cenaduria-768x230.jpg 768w, https:\/\/wdc2024.org\/es\/wp-content\/uploads\/sites\/2\/2024\/05\/logo-cenaduria-120x36.jpg 120w\" sizes=\"(max-width: 960px) 100vw, 960px\" \/>\t\t\t\t\t\t\t\t\t\t\t\t\t<\/div>\n\t\t\t\t<\/div>\n\t\t\t\t<div class=\"elementor-element elementor-element-bc6fe8c elementor-widget elementor-widget-image\" data-id=\"bc6fe8c\" data-element_type=\"widget\" data-widget_type=\"image.default\">\n\t\t\t\t<div class=\"elementor-widget-container\">\n\t\t\t\t\t\t\t\t\t\t\t\t\t<img loading=\"lazy\" decoding=\"async\" width=\"3000\" height=\"3000\" src=\"https:\/\/wdc2024.org\/es\/wp-content\/uploads\/sites\/2\/2024\/05\/UploadedFile-Cypress-Vertical-FondoBlanco.png\" class=\"attachment-full size-full wp-image-1315\" alt=\"\" srcset=\"https:\/\/wdc2024.org\/es\/wp-content\/uploads\/sites\/2\/2024\/05\/UploadedFile-Cypress-Vertical-FondoBlanco.png 3000w, https:\/\/wdc2024.org\/es\/wp-content\/uploads\/sites\/2\/2024\/05\/UploadedFile-Cypress-Vertical-FondoBlanco-250x250.png 250w, https:\/\/wdc2024.org\/es\/wp-content\/uploads\/sites\/2\/2024\/05\/UploadedFile-Cypress-Vertical-FondoBlanco-700x700.png 700w, https:\/\/wdc2024.org\/es\/wp-content\/uploads\/sites\/2\/2024\/05\/UploadedFile-Cypress-Vertical-FondoBlanco-150x150.png 150w, https:\/\/wdc2024.org\/es\/wp-content\/uploads\/sites\/2\/2024\/05\/UploadedFile-Cypress-Vertical-FondoBlanco-768x768.png 768w, https:\/\/wdc2024.org\/es\/wp-content\/uploads\/sites\/2\/2024\/05\/UploadedFile-Cypress-Vertical-FondoBlanco-1536x1536.png 1536w, https:\/\/wdc2024.org\/es\/wp-content\/uploads\/sites\/2\/2024\/05\/UploadedFile-Cypress-Vertical-FondoBlanco-2048x2048.png 2048w, https:\/\/wdc2024.org\/es\/wp-content\/uploads\/sites\/2\/2024\/05\/UploadedFile-Cypress-Vertical-FondoBlanco-120x120.png 120w\" sizes=\"(max-width: 3000px) 100vw, 3000px\" \/>\t\t\t\t\t\t\t\t\t\t\t\t\t<\/div>\n\t\t\t\t<\/div>\n\t\t\t\t<div class=\"elementor-element elementor-element-2a587ff elementor-widget elementor-widget-image\" data-id=\"2a587ff\" data-element_type=\"widget\" data-widget_type=\"image.default\">\n\t\t\t\t<div class=\"elementor-widget-container\">\n\t\t\t\t\t\t\t\t\t\t\t\t\t<img loading=\"lazy\" decoding=\"async\" width=\"6245\" height=\"1841\" src=\"https:\/\/wdc2024.org\/es\/wp-content\/uploads\/sites\/2\/2024\/05\/quartzdorado-03.png\" class=\"attachment-full size-full wp-image-1316\" alt=\"\" srcset=\"https:\/\/wdc2024.org\/es\/wp-content\/uploads\/sites\/2\/2024\/05\/quartzdorado-03.png 6245w, https:\/\/wdc2024.org\/es\/wp-content\/uploads\/sites\/2\/2024\/05\/quartzdorado-03-250x74.png 250w, https:\/\/wdc2024.org\/es\/wp-content\/uploads\/sites\/2\/2024\/05\/quartzdorado-03-700x206.png 700w, https:\/\/wdc2024.org\/es\/wp-content\/uploads\/sites\/2\/2024\/05\/quartzdorado-03-768x226.png 768w, https:\/\/wdc2024.org\/es\/wp-content\/uploads\/sites\/2\/2024\/05\/quartzdorado-03-1536x453.png 1536w, https:\/\/wdc2024.org\/es\/wp-content\/uploads\/sites\/2\/2024\/05\/quartzdorado-03-2048x604.png 2048w, https:\/\/wdc2024.org\/es\/wp-content\/uploads\/sites\/2\/2024\/05\/quartzdorado-03-120x35.png 120w\" sizes=\"(max-width: 6245px) 100vw, 6245px\" \/>\t\t\t\t\t\t\t\t\t\t\t\t\t<\/div>\n\t\t\t\t<\/div>\n\t\t\t\t<div class=\"elementor-element elementor-element-0bb6074 elementor-widget elementor-widget-image\" data-id=\"0bb6074\" data-element_type=\"widget\" data-widget_type=\"image.default\">\n\t\t\t\t<div class=\"elementor-widget-container\">\n\t\t\t\t\t\t\t\t\t\t\t\t\t<img loading=\"lazy\" decoding=\"async\" width=\"2310\" height=\"1258\" src=\"https:\/\/wdc2024.org\/es\/wp-content\/uploads\/sites\/2\/2024\/05\/cecut-solo-png.png\" class=\"attachment-full size-full wp-image-1324\" alt=\"\" srcset=\"https:\/\/wdc2024.org\/es\/wp-content\/uploads\/sites\/2\/2024\/05\/cecut-solo-png.png 2310w, https:\/\/wdc2024.org\/es\/wp-content\/uploads\/sites\/2\/2024\/05\/cecut-solo-png-250x136.png 250w, https:\/\/wdc2024.org\/es\/wp-content\/uploads\/sites\/2\/2024\/05\/cecut-solo-png-700x381.png 700w, https:\/\/wdc2024.org\/es\/wp-content\/uploads\/sites\/2\/2024\/05\/cecut-solo-png-768x418.png 768w, https:\/\/wdc2024.org\/es\/wp-content\/uploads\/sites\/2\/2024\/05\/cecut-solo-png-1536x836.png 1536w, https:\/\/wdc2024.org\/es\/wp-content\/uploads\/sites\/2\/2024\/05\/cecut-solo-png-2048x1115.png 2048w, https:\/\/wdc2024.org\/es\/wp-content\/uploads\/sites\/2\/2024\/05\/cecut-solo-png-120x65.png 120w\" sizes=\"(max-width: 2310px) 100vw, 2310px\" \/>\t\t\t\t\t\t\t\t\t\t\t\t\t<\/div>\n\t\t\t\t<\/div>\n\t\t\t\t<div class=\"elementor-element elementor-element-e999b46 elementor-widget elementor-widget-image\" data-id=\"e999b46\" data-element_type=\"widget\" data-widget_type=\"image.default\">\n\t\t\t\t<div class=\"elementor-widget-container\">\n\t\t\t\t\t\t\t\t\t\t\t\t\t<img loading=\"lazy\" decoding=\"async\" width=\"3771\" height=\"1000\" src=\"https:\/\/wdc2024.org\/es\/wp-content\/uploads\/sites\/2\/2024\/05\/logo-cdt-1.svg\" class=\"attachment-full size-full wp-image-1325\" alt=\"\" \/>\t\t\t\t\t\t\t\t\t\t\t\t\t<\/div>\n\t\t\t\t<\/div>\n\t\t\t\t<div class=\"elementor-element elementor-element-16ad9fc elementor-widget elementor-widget-image\" data-id=\"16ad9fc\" data-element_type=\"widget\" data-widget_type=\"image.default\">\n\t\t\t\t<div class=\"elementor-widget-container\">\n\t\t\t\t\t\t\t\t\t\t\t\t\t<img loading=\"lazy\" decoding=\"async\" width=\"1296\" height=\"864\" src=\"https:\/\/wdc2024.org\/es\/wp-content\/uploads\/sites\/2\/2024\/05\/2022_GHT_Logo_Color-002.png\" class=\"attachment-full size-full wp-image-1323\" alt=\"\" srcset=\"https:\/\/wdc2024.org\/es\/wp-content\/uploads\/sites\/2\/2024\/05\/2022_GHT_Logo_Color-002.png 1296w, https:\/\/wdc2024.org\/es\/wp-content\/uploads\/sites\/2\/2024\/05\/2022_GHT_Logo_Color-002-250x167.png 250w, https:\/\/wdc2024.org\/es\/wp-content\/uploads\/sites\/2\/2024\/05\/2022_GHT_Logo_Color-002-700x467.png 700w, https:\/\/wdc2024.org\/es\/wp-content\/uploads\/sites\/2\/2024\/05\/2022_GHT_Logo_Color-002-768x512.png 768w, https:\/\/wdc2024.org\/es\/wp-content\/uploads\/sites\/2\/2024\/05\/2022_GHT_Logo_Color-002-120x80.png 120w\" sizes=\"(max-width: 1296px) 100vw, 1296px\" \/>\t\t\t\t\t\t\t\t\t\t\t\t\t<\/div>\n\t\t\t\t<\/div>\n\t\t\t\t<\/div>\n\t\t\t\t\t<\/div>\n\t\t\t\t<\/div>\n\t\t\t\t<\/div>\n\t\t","protected":false},"excerpt":{"rendered":"World Design Festival Programa Ponentes Agenda App TJDW Viajes FAQ Patrocinadores Registro World Design Festival Programa Ponentes Agenda App TJDW Viajes FAQ Patrocinadores Registro 300+ Dise\u00f1adores 100+ Eventos 40+ Ubicaciones 5 D\u00edas ENTRELAZANDO EL PASADO, PRESENTE Y FUTURO A TRAV\u00c9S DEL DISE\u00d1O El Festival Mundial de Dise\u00f1o, impulsado por la Tijuana Design Week 2024, te [&hellip;]","protected":false},"author":5,"featured_media":1146,"parent":0,"menu_order":0,"comment_status":"closed","ping_status":"closed","template":"elementor_header_footer","meta":{"inline_featured_image":false,"footnotes":""},"class_list":["post-1097","page","type-page","status-publish","has-post-thumbnail","hentry","template-_header_fo"],"acf":[],"yoast_head":"<!-- This site is optimized with the Yoast SEO Premium plugin v22.1 (Yoast SEO v22.1) - https:\/\/yoast.com\/wordpress\/plugins\/seo\/ -->\n<title>World Design Festival Por TJDW - WDC2024 ES<\/title>\n<meta name=\"description\" content=\"El Festival Mundial de Dise\u00f1o, impulsado por la Tijuana Design Week 2024, te invita a sumarte a un programa din\u00e1mico que explora temas emergentes de manera creativa e innovadora.\" \/>\n<meta name=\"robots\" content=\"index, follow, max-snippet:-1, max-image-preview:large, max-video-preview:-1\" \/>\n<link rel=\"canonical\" href=\"https:\/\/wdc2024.org\/es\/world-design-festival\/\" \/>\n<meta property=\"og:locale\" content=\"es_MX\" \/>\n<meta property=\"og:type\" content=\"article\" \/>\n<meta property=\"og:title\" content=\"World Design Festival Por TJDW - WDC2024 ES\" \/>\n<meta property=\"og:description\" content=\"El Festival Mundial de Dise\u00f1o, impulsado por la Tijuana Design Week 2024, te invita a sumarte a un programa din\u00e1mico que explora temas emergentes de manera creativa e innovadora.\" \/>\n<meta property=\"og:url\" content=\"https:\/\/wdc2024.org\/es\/world-design-festival\/\" \/>\n<meta property=\"og:site_name\" content=\"WDC2024 ES\" \/>\n<meta property=\"article:modified_time\" content=\"2024-06-13T18:55:17+00:00\" \/>\n<meta property=\"og:image\" content=\"https:\/\/wdc2024.org\/es\/wp-content\/uploads\/sites\/2\/2024\/04\/HERO-IMAGE-WDF.jpeg\" \/>\n\t<meta property=\"og:image:width\" content=\"2560\" \/>\n\t<meta property=\"og:image:height\" content=\"1440\" \/>\n\t<meta property=\"og:image:type\" content=\"image\/jpeg\" \/>\n<meta name=\"twitter:card\" content=\"summary_large_image\" \/>\n<meta name=\"twitter:title\" content=\"World Design Festival Por TJDW - WDC2024 ES\" \/>\n<meta name=\"twitter:description\" content=\"El Festival Mundial de Dise\u00f1o, impulsado por la Tijuana Design Week 2024, te invita a sumarte a un programa din\u00e1mico que explora temas emergentes de manera creativa e innovadora.\" \/>\n<meta name=\"twitter:label1\" content=\"Tiempo de lectura\" \/>\n\t<meta name=\"twitter:data1\" content=\"115 minutos\" \/>\n<script type=\"application\/ld+json\" class=\"yoast-schema-graph\">{\"@context\":\"https:\/\/schema.org\",\"@graph\":[{\"@type\":\"WebPage\",\"@id\":\"https:\/\/wdc2024.org\/es\/world-design-festival\/\",\"url\":\"https:\/\/wdc2024.org\/es\/world-design-festival\/\",\"name\":\"World Design Festival Por TJDW - WDC2024 ES\",\"isPartOf\":{\"@id\":\"https:\/\/wdc2024.org\/es\/#website\"},\"datePublished\":\"2024-04-12T17:14:08+00:00\",\"dateModified\":\"2024-06-13T18:55:17+00:00\",\"description\":\"El Festival Mundial de Dise\u00f1o, impulsado por la Tijuana Design Week 2024, te invita a sumarte a un programa din\u00e1mico que explora temas emergentes de manera creativa e innovadora.\",\"breadcrumb\":{\"@id\":\"https:\/\/wdc2024.org\/es\/world-design-festival\/#breadcrumb\"},\"inLanguage\":\"es-MX\",\"potentialAction\":[{\"@type\":\"ReadAction\",\"target\":[\"https:\/\/wdc2024.org\/es\/world-design-festival\/\"]}]},{\"@type\":\"BreadcrumbList\",\"@id\":\"https:\/\/wdc2024.org\/es\/world-design-festival\/#breadcrumb\",\"itemListElement\":[{\"@type\":\"ListItem\",\"position\":1,\"name\":\"Home\",\"item\":\"https:\/\/wdc2024.org\/es\/\"},{\"@type\":\"ListItem\",\"position\":2,\"name\":\"World Design Festival Por TJDW\"}]},{\"@type\":\"WebSite\",\"@id\":\"https:\/\/wdc2024.org\/es\/#website\",\"url\":\"https:\/\/wdc2024.org\/es\/\",\"name\":\"WDC2024 ES\",\"description\":\"Your SUPER-powered WP Engine Site\",\"potentialAction\":[{\"@type\":\"SearchAction\",\"target\":{\"@type\":\"EntryPoint\",\"urlTemplate\":\"https:\/\/wdc2024.org\/es\/?s={search_term_string}\"},\"query-input\":\"required name=search_term_string\"}],\"inLanguage\":\"es-MX\"}]}<\/script>\n<!-- \/ Yoast SEO Premium plugin. -->","yoast_head_json":{"title":"World Design Festival Por TJDW - WDC2024 ES","description":"El Festival Mundial de Dise\u00f1o, impulsado por la Tijuana Design Week 2024, te invita a sumarte a un programa din\u00e1mico que explora temas emergentes de manera creativa e innovadora.","robots":{"index":"index","follow":"follow","max-snippet":"max-snippet:-1","max-image-preview":"max-image-preview:large","max-video-preview":"max-video-preview:-1"},"canonical":"https:\/\/wdc2024.org\/es\/world-design-festival\/","og_locale":"es_MX","og_type":"article","og_title":"World Design Festival Por TJDW - WDC2024 ES","og_description":"El Festival Mundial de Dise\u00f1o, impulsado por la Tijuana Design Week 2024, te invita a sumarte a un programa din\u00e1mico que explora temas emergentes de manera creativa e innovadora.","og_url":"https:\/\/wdc2024.org\/es\/world-design-festival\/","og_site_name":"WDC2024 ES","article_modified_time":"2024-06-13T18:55:17+00:00","og_image":[{"width":2560,"height":1440,"url":"https:\/\/wdc2024.org\/es\/wp-content\/uploads\/sites\/2\/2024\/04\/HERO-IMAGE-WDF.jpeg","type":"image\/jpeg"}],"twitter_card":"summary_large_image","twitter_title":"World Design Festival Por TJDW - WDC2024 ES","twitter_description":"El Festival Mundial de Dise\u00f1o, impulsado por la Tijuana Design Week 2024, te invita a sumarte a un programa din\u00e1mico que explora temas emergentes de manera creativa e innovadora.","twitter_misc":{"Tiempo de lectura":"115 minutos"},"schema":{"@context":"https:\/\/schema.org","@graph":[{"@type":"WebPage","@id":"https:\/\/wdc2024.org\/es\/world-design-festival\/","url":"https:\/\/wdc2024.org\/es\/world-design-festival\/","name":"World Design Festival Por TJDW - WDC2024 ES","isPartOf":{"@id":"https:\/\/wdc2024.org\/es\/#website"},"datePublished":"2024-04-12T17:14:08+00:00","dateModified":"2024-06-13T18:55:17+00:00","description":"El Festival Mundial de Dise\u00f1o, impulsado por la Tijuana Design Week 2024, te invita a sumarte a un programa din\u00e1mico que explora temas emergentes de manera creativa e innovadora.","breadcrumb":{"@id":"https:\/\/wdc2024.org\/es\/world-design-festival\/#breadcrumb"},"inLanguage":"es-MX","potentialAction":[{"@type":"ReadAction","target":["https:\/\/wdc2024.org\/es\/world-design-festival\/"]}]},{"@type":"BreadcrumbList","@id":"https:\/\/wdc2024.org\/es\/world-design-festival\/#breadcrumb","itemListElement":[{"@type":"ListItem","position":1,"name":"Home","item":"https:\/\/wdc2024.org\/es\/"},{"@type":"ListItem","position":2,"name":"World Design Festival Por TJDW"}]},{"@type":"WebSite","@id":"https:\/\/wdc2024.org\/es\/#website","url":"https:\/\/wdc2024.org\/es\/","name":"WDC2024 ES","description":"Your SUPER-powered WP Engine Site","potentialAction":[{"@type":"SearchAction","target":{"@type":"EntryPoint","urlTemplate":"https:\/\/wdc2024.org\/es\/?s={search_term_string}"},"query-input":"required name=search_term_string"}],"inLanguage":"es-MX"}]}},"_links":{"self":[{"href":"https:\/\/wdc2024.org\/es\/wp-json\/wp\/v2\/pages\/1097"}],"collection":[{"href":"https:\/\/wdc2024.org\/es\/wp-json\/wp\/v2\/pages"}],"about":[{"href":"https:\/\/wdc2024.org\/es\/wp-json\/wp\/v2\/types\/page"}],"author":[{"embeddable":true,"href":"https:\/\/wdc2024.org\/es\/wp-json\/wp\/v2\/users\/5"}],"replies":[{"embeddable":true,"href":"https:\/\/wdc2024.org\/es\/wp-json\/wp\/v2\/comments?post=1097"}],"version-history":[{"count":0,"href":"https:\/\/wdc2024.org\/es\/wp-json\/wp\/v2\/pages\/1097\/revisions"}],"wp:featuredmedia":[{"embeddable":true,"href":"https:\/\/wdc2024.org\/es\/wp-json\/wp\/v2\/media\/1146"}],"wp:attachment":[{"href":"https:\/\/wdc2024.org\/es\/wp-json\/wp\/v2\/media?parent=1097"}],"curies":[{"name":"wp","href":"https:\/\/api.w.org\/{rel}","templated":true}]}}