{"id":1396,"date":"2024-06-04T23:37:25","date_gmt":"2024-06-04T23:37:25","guid":{"rendered":"https:\/\/wdc2024.org\/es\/?post_type=events&#038;p=1396"},"modified":"2024-06-06T22:36:13","modified_gmt":"2024-06-06T22:36:13","slug":"environment-day-celebration-by-restoring-callejon-rio-bravo","status":"publish","type":"events","link":"https:\/\/wdc2024.org\/es\/events\/environment-day-celebration-by-restoring-callejon-rio-bravo\/","title":{"rendered":"CELEBRAR\u00c1N EL D\u00cdA DEL MEDIO AMBIENTE  RESTAURANDO EL CALLEJ\u00d3N R\u00cdO BRAVO\ud83c\udf43\u267b\ufe0f"},"template":"","event-tag":[33,31],"class_list":["post-1396","events","type-events","status-publish","hentry","event-tag-arte-y-cultura","event-tag-impacto"],"acf":[],"yoast_head":"<!-- This site is optimized with the Yoast SEO Premium plugin v22.1 (Yoast SEO v22.1) - https:\/\/yoast.com\/wordpress\/plugins\/seo\/ -->\n<title>CELEBRAR\u00c1N EL D\u00cdA DEL MEDIO AMBIENTE RESTAURANDO EL CALLEJ\u00d3N R\u00cdO BRAVO\ud83c\udf43\u267b\ufe0f - WDC2024 ES<\/title>\n<meta name=\"description\" content=\"La iniciativa Callej\u00f3n Cultural R\u00edo Bravo, liderada por CZ GREEN A.C., se origin\u00f3 de la necesidad de restaurar espacios p\u00fablicos para beneficio de la comunidad. El callej\u00f3n, anteriormente un espacio urbano olvidado y mal utilizado, ha sido transformado en un vibrante centro cultural gracias a la intervenci\u00f3n del equipo y la colaboraci\u00f3n con las autoridades municipales de la Delegaci\u00f3n Zona Centro de la Ciudad de Tijuana.\" \/>\n<meta name=\"robots\" content=\"index, follow, max-snippet:-1, max-image-preview:large, max-video-preview:-1\" \/>\n<link rel=\"canonical\" href=\"https:\/\/wdc2024.org\/es\/events\/environment-day-celebration-by-restoring-callejon-rio-bravo\/\" \/>\n<meta property=\"og:locale\" content=\"es_MX\" \/>\n<meta property=\"og:type\" content=\"article\" \/>\n<meta property=\"og:title\" content=\"CELEBRAR\u00c1N EL D\u00cdA DEL MEDIO AMBIENTE RESTAURANDO EL CALLEJ\u00d3N R\u00cdO BRAVO\ud83c\udf43\u267b\ufe0f - WDC2024 ES\" \/>\n<meta property=\"og:description\" content=\"La iniciativa Callej\u00f3n Cultural R\u00edo Bravo, liderada por CZ GREEN A.C., se origin\u00f3 de la necesidad de restaurar espacios p\u00fablicos para beneficio de la comunidad. El callej\u00f3n, anteriormente un espacio urbano olvidado y mal utilizado, ha sido transformado en un vibrante centro cultural gracias a la intervenci\u00f3n del equipo y la colaboraci\u00f3n con las autoridades municipales de la Delegaci\u00f3n Zona Centro de la Ciudad de Tijuana.\" \/>\n<meta property=\"og:url\" content=\"https:\/\/wdc2024.org\/es\/events\/environment-day-celebration-by-restoring-callejon-rio-bravo\/\" \/>\n<meta property=\"og:site_name\" content=\"WDC2024 ES\" \/>\n<meta property=\"article:modified_time\" content=\"2024-06-06T22:36:13+00:00\" \/>\n<meta property=\"og:image\" content=\"https:\/\/wdc2024.org\/es\/wp-content\/uploads\/sites\/2\/2024\/06\/441903251_980666997394155_7169987265820125608_n.jpg\" \/>\n\t<meta property=\"og:image:width\" content=\"1164\" \/>\n\t<meta property=\"og:image:height\" content=\"1600\" \/>\n\t<meta property=\"og:image:type\" content=\"image\/jpeg\" \/>\n<meta name=\"twitter:card\" content=\"summary_large_image\" \/>\n<meta name=\"twitter:title\" content=\"CELEBRAR\u00c1N EL D\u00cdA DEL MEDIO AMBIENTE RESTAURANDO EL CALLEJ\u00d3N R\u00cdO BRAVO\ud83c\udf43\u267b\ufe0f - WDC2024 ES\" \/>\n<meta name=\"twitter:description\" content=\"La iniciativa Callej\u00f3n Cultural R\u00edo Bravo, liderada por CZ GREEN A.C., se origin\u00f3 de la necesidad de restaurar espacios p\u00fablicos para beneficio de la comunidad. El callej\u00f3n, anteriormente un espacio urbano olvidado y mal utilizado, ha sido transformado en un vibrante centro cultural gracias a la intervenci\u00f3n del equipo y la colaboraci\u00f3n con las autoridades municipales de la Delegaci\u00f3n Zona Centro de la Ciudad de Tijuana.\" \/>\n<meta name=\"twitter:image\" content=\"https:\/\/wdc2024.org\/es\/wp-content\/uploads\/sites\/2\/2024\/06\/441903251_980666997394155_7169987265820125608_n.jpg\" \/>\n<script type=\"application\/ld+json\" class=\"yoast-schema-graph\">{\"@context\":\"https:\/\/schema.org\",\"@graph\":[{\"@type\":\"WebPage\",\"@id\":\"https:\/\/wdc2024.org\/es\/events\/environment-day-celebration-by-restoring-callejon-rio-bravo\/\",\"url\":\"https:\/\/wdc2024.org\/es\/events\/environment-day-celebration-by-restoring-callejon-rio-bravo\/\",\"name\":\"CELEBRAR\u00c1N EL D\u00cdA DEL MEDIO AMBIENTE RESTAURANDO EL CALLEJ\u00d3N R\u00cdO BRAVO\ud83c\udf43\u267b\ufe0f - WDC2024 ES\",\"isPartOf\":{\"@id\":\"https:\/\/wdc2024.org\/es\/#website\"},\"datePublished\":\"2024-06-04T23:37:25+00:00\",\"dateModified\":\"2024-06-06T22:36:13+00:00\",\"description\":\"La iniciativa Callej\u00f3n Cultural R\u00edo Bravo, liderada por CZ GREEN A.C., se origin\u00f3 de la necesidad de restaurar espacios p\u00fablicos para beneficio de la comunidad. El callej\u00f3n, anteriormente un espacio urbano olvidado y mal utilizado, ha sido transformado en un vibrante centro cultural gracias a la intervenci\u00f3n del equipo y la colaboraci\u00f3n con las autoridades municipales de la Delegaci\u00f3n Zona Centro de la Ciudad de Tijuana.\",\"breadcrumb\":{\"@id\":\"https:\/\/wdc2024.org\/es\/events\/environment-day-celebration-by-restoring-callejon-rio-bravo\/#breadcrumb\"},\"inLanguage\":\"es-MX\",\"potentialAction\":[{\"@type\":\"ReadAction\",\"target\":[\"https:\/\/wdc2024.org\/es\/events\/environment-day-celebration-by-restoring-callejon-rio-bravo\/\"]}]},{\"@type\":\"BreadcrumbList\",\"@id\":\"https:\/\/wdc2024.org\/es\/events\/environment-day-celebration-by-restoring-callejon-rio-bravo\/#breadcrumb\",\"itemListElement\":[{\"@type\":\"ListItem\",\"position\":1,\"name\":\"Home\",\"item\":\"https:\/\/wdc2024.org\/es\/\"},{\"@type\":\"ListItem\",\"position\":2,\"name\":\"CELEBRAR\u00c1N EL D\u00cdA DEL MEDIO AMBIENTE RESTAURANDO EL CALLEJ\u00d3N R\u00cdO BRAVO\ud83c\udf43\u267b\ufe0f\"}]},{\"@type\":\"WebSite\",\"@id\":\"https:\/\/wdc2024.org\/es\/#website\",\"url\":\"https:\/\/wdc2024.org\/es\/\",\"name\":\"WDC2024 ES\",\"description\":\"Your SUPER-powered WP Engine Site\",\"potentialAction\":[{\"@type\":\"SearchAction\",\"target\":{\"@type\":\"EntryPoint\",\"urlTemplate\":\"https:\/\/wdc2024.org\/es\/?s={search_term_string}\"},\"query-input\":\"required name=search_term_string\"}],\"inLanguage\":\"es-MX\"}]}<\/script>\n<!-- \/ Yoast SEO Premium plugin. -->","yoast_head_json":{"title":"CELEBRAR\u00c1N EL D\u00cdA DEL MEDIO AMBIENTE RESTAURANDO EL CALLEJ\u00d3N R\u00cdO BRAVO\ud83c\udf43\u267b\ufe0f - WDC2024 ES","description":"La iniciativa Callej\u00f3n Cultural R\u00edo Bravo, liderada por CZ GREEN A.C., se origin\u00f3 de la necesidad de restaurar espacios p\u00fablicos para beneficio de la comunidad. El callej\u00f3n, anteriormente un espacio urbano olvidado y mal utilizado, ha sido transformado en un vibrante centro cultural gracias a la intervenci\u00f3n del equipo y la colaboraci\u00f3n con las autoridades municipales de la Delegaci\u00f3n Zona Centro de la Ciudad de Tijuana.","robots":{"index":"index","follow":"follow","max-snippet":"max-snippet:-1","max-image-preview":"max-image-preview:large","max-video-preview":"max-video-preview:-1"},"canonical":"https:\/\/wdc2024.org\/es\/events\/environment-day-celebration-by-restoring-callejon-rio-bravo\/","og_locale":"es_MX","og_type":"article","og_title":"CELEBRAR\u00c1N EL D\u00cdA DEL MEDIO AMBIENTE RESTAURANDO EL CALLEJ\u00d3N R\u00cdO BRAVO\ud83c\udf43\u267b\ufe0f - WDC2024 ES","og_description":"La iniciativa Callej\u00f3n Cultural R\u00edo Bravo, liderada por CZ GREEN A.C., se origin\u00f3 de la necesidad de restaurar espacios p\u00fablicos para beneficio de la comunidad. El callej\u00f3n, anteriormente un espacio urbano olvidado y mal utilizado, ha sido transformado en un vibrante centro cultural gracias a la intervenci\u00f3n del equipo y la colaboraci\u00f3n con las autoridades municipales de la Delegaci\u00f3n Zona Centro de la Ciudad de Tijuana.","og_url":"https:\/\/wdc2024.org\/es\/events\/environment-day-celebration-by-restoring-callejon-rio-bravo\/","og_site_name":"WDC2024 ES","article_modified_time":"2024-06-06T22:36:13+00:00","og_image":[{"width":1164,"height":1600,"url":"https:\/\/wdc2024.org\/es\/wp-content\/uploads\/sites\/2\/2024\/06\/441903251_980666997394155_7169987265820125608_n.jpg","type":"image\/jpeg"}],"twitter_card":"summary_large_image","twitter_title":"CELEBRAR\u00c1N EL D\u00cdA DEL MEDIO AMBIENTE RESTAURANDO EL CALLEJ\u00d3N R\u00cdO BRAVO\ud83c\udf43\u267b\ufe0f - WDC2024 ES","twitter_description":"La iniciativa Callej\u00f3n Cultural R\u00edo Bravo, liderada por CZ GREEN A.C., se origin\u00f3 de la necesidad de restaurar espacios p\u00fablicos para beneficio de la comunidad. El callej\u00f3n, anteriormente un espacio urbano olvidado y mal utilizado, ha sido transformado en un vibrante centro cultural gracias a la intervenci\u00f3n del equipo y la colaboraci\u00f3n con las autoridades municipales de la Delegaci\u00f3n Zona Centro de la Ciudad de Tijuana.","twitter_image":"https:\/\/wdc2024.org\/es\/wp-content\/uploads\/sites\/2\/2024\/06\/441903251_980666997394155_7169987265820125608_n.jpg","schema":{"@context":"https:\/\/schema.org","@graph":[{"@type":"WebPage","@id":"https:\/\/wdc2024.org\/es\/events\/environment-day-celebration-by-restoring-callejon-rio-bravo\/","url":"https:\/\/wdc2024.org\/es\/events\/environment-day-celebration-by-restoring-callejon-rio-bravo\/","name":"CELEBRAR\u00c1N EL D\u00cdA DEL MEDIO AMBIENTE RESTAURANDO EL CALLEJ\u00d3N R\u00cdO BRAVO\ud83c\udf43\u267b\ufe0f - WDC2024 ES","isPartOf":{"@id":"https:\/\/wdc2024.org\/es\/#website"},"datePublished":"2024-06-04T23:37:25+00:00","dateModified":"2024-06-06T22:36:13+00:00","description":"La iniciativa Callej\u00f3n Cultural R\u00edo Bravo, liderada por CZ GREEN A.C., se origin\u00f3 de la necesidad de restaurar espacios p\u00fablicos para beneficio de la comunidad. El callej\u00f3n, anteriormente un espacio urbano olvidado y mal utilizado, ha sido transformado en un vibrante centro cultural gracias a la intervenci\u00f3n del equipo y la colaboraci\u00f3n con las autoridades municipales de la Delegaci\u00f3n Zona Centro de la Ciudad de Tijuana.","breadcrumb":{"@id":"https:\/\/wdc2024.org\/es\/events\/environment-day-celebration-by-restoring-callejon-rio-bravo\/#breadcrumb"},"inLanguage":"es-MX","potentialAction":[{"@type":"ReadAction","target":["https:\/\/wdc2024.org\/es\/events\/environment-day-celebration-by-restoring-callejon-rio-bravo\/"]}]},{"@type":"BreadcrumbList","@id":"https:\/\/wdc2024.org\/es\/events\/environment-day-celebration-by-restoring-callejon-rio-bravo\/#breadcrumb","itemListElement":[{"@type":"ListItem","position":1,"name":"Home","item":"https:\/\/wdc2024.org\/es\/"},{"@type":"ListItem","position":2,"name":"CELEBRAR\u00c1N EL D\u00cdA DEL MEDIO AMBIENTE RESTAURANDO EL CALLEJ\u00d3N R\u00cdO BRAVO\ud83c\udf43\u267b\ufe0f"}]},{"@type":"WebSite","@id":"https:\/\/wdc2024.org\/es\/#website","url":"https:\/\/wdc2024.org\/es\/","name":"WDC2024 ES","description":"Your SUPER-powered WP Engine Site","potentialAction":[{"@type":"SearchAction","target":{"@type":"EntryPoint","urlTemplate":"https:\/\/wdc2024.org\/es\/?s={search_term_string}"},"query-input":"required name=search_term_string"}],"inLanguage":"es-MX"}]}},"_links":{"self":[{"href":"https:\/\/wdc2024.org\/es\/wp-json\/wp\/v2\/events\/1396"}],"collection":[{"href":"https:\/\/wdc2024.org\/es\/wp-json\/wp\/v2\/events"}],"about":[{"href":"https:\/\/wdc2024.org\/es\/wp-json\/wp\/v2\/types\/events"}],"wp:attachment":[{"href":"https:\/\/wdc2024.org\/es\/wp-json\/wp\/v2\/media?parent=1396"}],"wp:term":[{"taxonomy":"event-tag","embeddable":true,"href":"https:\/\/wdc2024.org\/es\/wp-json\/wp\/v2\/event-tag?post=1396"}],"curies":[{"name":"wp","href":"https:\/\/api.w.org\/{rel}","templated":true}]}}