{"version":"1.0","provider_name":"WDC2024 ES","provider_url":"https:\/\/wdc2024.org\/es","author_name":"oliviagale","author_url":"https:\/\/wdc2024.org\/es\/author\/oliviagale\/","title":"CELEBRAR\u00c1N EL D\u00cdA DEL MEDIO AMBIENTE RESTAURANDO EL CALLEJ\u00d3N R\u00cdO BRAVO\ud83c\udf43\u267b\ufe0f - WDC2024 ES","type":"rich","width":600,"height":338,"html":"<blockquote class=\"wp-embedded-content\" data-secret=\"4pZYwOVdAK\"><a href=\"https:\/\/wdc2024.org\/es\/events\/environment-day-celebration-by-restoring-callejon-rio-bravo\/\">CELEBRAR\u00c1N EL D\u00cdA DEL MEDIO AMBIENTE  RESTAURANDO EL CALLEJ\u00d3N R\u00cdO BRAVO\ud83c\udf43\u267b\ufe0f<\/a><\/blockquote><iframe sandbox=\"allow-scripts\" security=\"restricted\" src=\"https:\/\/wdc2024.org\/es\/events\/environment-day-celebration-by-restoring-callejon-rio-bravo\/embed\/#?secret=4pZYwOVdAK\" width=\"600\" height=\"338\" title=\"&#8220;CELEBRAR\u00c1N EL D\u00cdA DEL MEDIO AMBIENTE  RESTAURANDO EL CALLEJ\u00d3N R\u00cdO BRAVO\ud83c\udf43\u267b\ufe0f&#8221; &#8212; WDC2024 ES\" data-secret=\"4pZYwOVdAK\" frameborder=\"0\" marginwidth=\"0\" marginheight=\"0\" scrolling=\"no\" class=\"wp-embedded-content\"><\/iframe><script type=\"text\/javascript\">\n\/* <![CDATA[ *\/\n\/*! This file is auto-generated *\/\n!function(d,l){\"use strict\";l.querySelector&&d.addEventListener&&\"undefined\"!=typeof URL&&(d.wp=d.wp||{},d.wp.receiveEmbedMessage||(d.wp.receiveEmbedMessage=function(e){var t=e.data;if((t||t.secret||t.message||t.value)&&!\/[^a-zA-Z0-9]\/.test(t.secret)){for(var s,r,n,a=l.querySelectorAll('iframe[data-secret=\"'+t.secret+'\"]'),o=l.querySelectorAll('blockquote[data-secret=\"'+t.secret+'\"]'),c=new RegExp(\"^https?:$\",\"i\"),i=0;i<o.length;i++)o[i].style.display=\"none\";for(i=0;i<a.length;i++)s=a[i],e.source===s.contentWindow&&(s.removeAttribute(\"style\"),\"height\"===t.message?(1e3<(r=parseInt(t.value,10))?r=1e3:~~r<200&&(r=200),s.height=r):\"link\"===t.message&&(r=new URL(s.getAttribute(\"src\")),n=new URL(t.value),c.test(n.protocol))&&n.host===r.host&&l.activeElement===s&&(d.top.location.href=t.value))}},d.addEventListener(\"message\",d.wp.receiveEmbedMessage,!1),l.addEventListener(\"DOMContentLoaded\",function(){for(var e,t,s=l.querySelectorAll(\"iframe.wp-embedded-content\"),r=0;r<s.length;r++)(t=(e=s[r]).getAttribute(\"data-secret\"))||(t=Math.random().toString(36).substring(2,12),e.src+=\"#?secret=\"+t,e.setAttribute(\"data-secret\",t)),e.contentWindow.postMessage({message:\"ready\",secret:t},\"*\")},!1)))}(window,document);\n\/* ]]> *\/\n<\/script>\n","description":"La iniciativa Callej\u00f3n Cultural R\u00edo Bravo, liderada por CZ GREEN A.C., se origin\u00f3 de la necesidad de restaurar espacios p\u00fablicos para beneficio de la comunidad. El callej\u00f3n, anteriormente un espacio urbano olvidado y mal utilizado, ha sido transformado en un vibrante centro cultural gracias a la intervenci\u00f3n del equipo y la colaboraci\u00f3n con las autoridades municipales de la Delegaci\u00f3n Zona Centro de la Ciudad de Tijuana.","thumbnail_url":"https:\/\/wdc2024.org\/es\/wp-content\/uploads\/sites\/2\/2024\/06\/441903251_980666997394155_7169987265820125608_n.jpg","thumbnail_width":1164,"thumbnail_height":1600}